{"id":143,"date":"2012-02-06T21:48:01","date_gmt":"2012-02-06T21:48:01","guid":{"rendered":"http:\/\/www.circo212.org.mx\/circo2\/?page_id=143"},"modified":"2016-09-01T18:39:57","modified_gmt":"2016-09-01T23:39:57","slug":"ciclos-de-cine","status":"publish","type":"page","link":"https:\/\/circo212.org.mx\/circo2\/?page_id=143","title":{"rendered":"Cineclubes y Sociedades de Cine"},"content":{"rendered":"<p><span style=\"color: #000000;\"><div class='divider-border' style='margin-top: 5px; margin-bottom: 5px'><\/div><\/span><\/p>\n<p><span style=\"color: #000000;\">En Circo 2.12 tenemos lo siguientes proyectos:<\/span><\/p>\n<div class=\"one-third\">\n<h4><a title=\"Cineclub Condesa D.F.\" href=\"http:\/\/www.circo212.org.mx\/circo2\/?page_id=258\">Cineclub Condesa D.F.<\/a><\/h4>\n<p><a title=\"Cineclub Condesa D.F.\" href=\"http:\/\/www.circo212.org.mx\/circo2\/?page_id=258\"><img loading=\"lazy\" decoding=\"async\" class=\"alignnone size-full wp-image-511\" title=\"\" src=\"http:\/\/www.circo212.org.mx\/circo2\/wp-content\/uploads\/2012\/02\/condesadf.png\" alt=\"\" width=\"150\" height=\"150\" \/><\/a><\/div> <div class=\"two-third last\">\n<h3><span style=\"color: #000000;\">Ciclo actual:\u00a0<\/span><span style=\"color: #993300;\"><a style=\"color: #993300;\" href=\"http:\/\/www.circo212.org.mx\/circo2\/?page_id=258\">Festivales y muestras de cortometraje<\/a><\/span><\/h3>\n<p><span style=\"color: #000000;\">El cortometraje es un formato audiovisual de gran importancia,\u00a0generalmente es el primer paso de muchos creadores en la industria\u00a0cinematogr\u00e1fica. Aunque no abundan circuitos de exhibici\u00f3n dedicados\u00a0estrictamente a este tipo de producci\u00f3n, cada vez tiene m\u00e1s cabida en\u00a0la programaci\u00f3n y competencias de festivales de cine a nivel\u00a0internacional.<\/span><\/p>\n<p><span style=\"color: #000000;\">Los esperamos en el s\u00f3tano del Hotel Condesa DF.<br \/>\nEntrada libre.<\/span><\/p>\n<p><span style=\"color: #000000;\"><\/div><\/span><\/p>\n<div class='divider-border' style='margin-top: 5px; margin-bottom: 5px'><\/div>\n<div class=\"one-third\">\n<h4><a title=\"Cineclub Revoluci\u00f3n\" href=\"http:\/\/www.circo212.org.mx\/circo2\/?page_id=252\">Cineclub Revoluci\u00f3n<\/a><\/h4>\n<p><a title=\"Cineclub Revoluci\u00f3n\" href=\"http:\/\/www.circo212.org.mx\/circo2\/?page_id=252\"><img loading=\"lazy\" decoding=\"async\" class=\"alignleft wp-image-223\" src=\"http:\/\/www.circo212.org.mx\/circo2\/wp-content\/uploads\/2012\/02\/cineclubrevolucion.png\" alt=\"\" width=\"165\" height=\"87\" srcset=\"https:\/\/circo212.org.mx\/circo2\/wp-content\/uploads\/2012\/02\/cineclubrevolucion.png 342w, https:\/\/circo212.org.mx\/circo2\/wp-content\/uploads\/2012\/02\/cineclubrevolucion-300x158.png 300w\" sizes=\"auto, (max-width: 165px) 100vw, 165px\" \/><\/a><\/p>\n<p>&nbsp;<\/p>\n<p>&nbsp;<\/p>\n<\/div> <div class=\"two-third last\">\n<h2><\/h2>\n<p><span style=\"color: #000000;\">Los esperamos en el Museo de Arte Carrillo Gil.<\/span><br \/>\n<span style=\"color: #000000;\">Entrada libre.<\/span><\/p>\n<p>&nbsp;<\/p>\n<\/div><\/p>\n<div class='divider-border' style='margin-top: 10px; margin-bottom: 10px'><\/div>\n<div class=\"one-third\">\n<h4><a href=\"http:\/\/distritalmx\">Distrital<\/a><\/h4>\n<p><a title=\"Distrital\" href=\"http:\/\/distrital.mx\"><img loading=\"lazy\" decoding=\"async\" class=\"alignnone size-full wp-image-512\" title=\"\" src=\"http:\/\/www.circo212.org.mx\/circo2\/wp-content\/uploads\/2012\/02\/distrital.png\" alt=\"\" width=\"150\" height=\"150\" \/><\/a><\/div> <div class=\"two-third last\">\n<h3><span style=\"color: #993300;\"><a style=\"color: #993300;\" href=\"http:\/\/distrital.mx\">\u00a1Nos vemos en la pr\u00f3xima edici\u00f3n!<\/a><\/span><\/h3>\n<p><span style=\"color: #000000;\"><\/div><\/span><\/p>\n<div class='divider-border' style='margin-top: 5px; margin-bottom: 5px'><\/div>\n<div class=\"one-third\">\n<h4><a title=\"La Linterna M\u00e1gica\" href=\"http:\/\/www.circo212.org.mx\/circo2\/?page_id=385\">La\u00a0Linterna M\u00e1gica<\/a><\/h4>\n<p><a title=\"Linterna M\u00e1gica\" href=\"http:\/\/www.circo212.org.mx\/circo2\/?page_id=385\"><img loading=\"lazy\" decoding=\"async\" class=\"alignnone size-thumbnail wp-image-214\" src=\"http:\/\/www.circo212.org.mx\/circo2\/wp-content\/uploads\/2012\/02\/linternamagica-150x150.jpg\" alt=\"\" width=\"150\" height=\"150\" \/><\/a><\/div> <div class=\"two-third last\">\n<p><span style=\"color: #000000;\">La Linterna M\u00e1gica DF se presenta en el <span style=\"color: #993300;\"><a style=\"color: #993300;\" href=\"http:\/\/www.tlatelolco.unam.mx\/lalinternamagica.html\">Centro Cultural Universitario Tlatelolco<\/a><\/span><\/span><\/p>\n<p><span style=\"color: #000000;\"><em>(Av. Ricardo Flores Mag\u00f3n #1, Col. Nonoalco &#8211; Tlatelolco)<\/em><\/span><\/p>\n<p><span style=\"color: #993300;\"><a style=\"color: #993300;\" title=\"Linterna M\u00e1gica\" href=\"http:\/\/www.circo212.org.mx\/circo2\/?page_id=385\">M\u00e1s informaci\u00f3n.<\/a>..<\/span> <\/div><\/p>\n<p>&nbsp;<\/p>\n<div class='divider-border' style='margin-top: 5px; margin-bottom: 5px'><\/div>\n<div class=\"one-third\">\n<h4><a title=\"Sprockets\" href=\"http:\/\/www.circo212.org.mx\/circo2\/?page_id=260\">Sprockets<\/a><\/h4>\n<p><a title=\"Sprockets\" href=\"http:\/\/www.circo212.org.mx\/circo2\/?page_id=260\"><img loading=\"lazy\" decoding=\"async\" src=\"http:\/\/www.circo212.org.mx\/circo2\/wp-content\/uploads\/2012\/02\/sprocketsnegro-300x284.jpg\" alt=\"\" width=\"150\" height=\"142\" \/><\/a><\/div> <div class=\"two-third last\">\n<h3><span style=\"color: #000000;\">\u00a1Buscando casa!<\/span><\/h3>\n<\/div><\/p>\n<div class='divider-border' style='margin-top: 5px; margin-bottom: 5px'><\/div>\n<div class=\"one-third\">\n<h4><a href=\"http:\/\/www.circo212.org.mx\/circo2\/?page_id=2990\">Cineclub Futurama<\/a><\/h4>\n<p><a href=\"http:\/\/www.circo212.org.mx\/circo2\/wp-content\/uploads\/2012\/02\/FuturamaLogo-FondoNegro.jpg\"><img loading=\"lazy\" decoding=\"async\" class=\"alignnone wp-image-3097\" src=\"http:\/\/www.circo212.org.mx\/circo2\/wp-content\/uploads\/2012\/02\/FuturamaLogo-FondoNegro-300x300.jpg\" alt=\"FuturamaLogo-FondoNegro\" width=\"164\" height=\"164\" srcset=\"https:\/\/circo212.org.mx\/circo2\/wp-content\/uploads\/2012\/02\/FuturamaLogo-FondoNegro-300x300.jpg 300w, https:\/\/circo212.org.mx\/circo2\/wp-content\/uploads\/2012\/02\/FuturamaLogo-FondoNegro-150x150.jpg 150w, https:\/\/circo212.org.mx\/circo2\/wp-content\/uploads\/2012\/02\/FuturamaLogo-FondoNegro-1024x1024.jpg 1024w, https:\/\/circo212.org.mx\/circo2\/wp-content\/uploads\/2012\/02\/FuturamaLogo-FondoNegro.jpg 1181w\" sizes=\"auto, (max-width: 164px) 100vw, 164px\" \/><\/a>\u00a0<\/div> <div class=\"two-third last\">\n<h3><span style=\"color: #000000;\">\u00a1M\u00e1s funciones pr\u00f3ximamente!<\/span><\/h3>\n<p>&nbsp;<\/p>\n<\/div><\/p>\n<div class='divider-border' style='margin-top: 5px; margin-bottom: 5px'><\/div>\n<div class=\"one-third\">\n<h4><a title=\"Cinema Global\" href=\"http:\/\/cinemaglobalmx.wordpress.com\/\">Cinema Global<\/a><\/h4>\n<p><a title=\"Cinema Global\" href=\"http:\/\/cinemaglobalmx.wordpress.com\/\"><img loading=\"lazy\" decoding=\"async\" class=\"alignnone size-thumbnail wp-image-206\" src=\"http:\/\/www.circo212.org.mx\/circo2\/wp-content\/uploads\/2012\/02\/logo-cinema-global-miniweb-150x150.jpg\" alt=\"\" width=\"150\" height=\"150\" \/><\/a>\u00a0<\/div> <div class=\"two-third last\">\n<h3><span style=\"color: #000000;\">\u00a1Atentos a la edici\u00f3n 2016!<\/span><\/h3>\n<\/div><\/p>\n<p>&nbsp;<\/p>\n<div class='divider-border' style='margin-top: 10px; margin-bottom: 10px'><\/div>\n<div class=\"one-third\">\n<h4>Aqu\u00ed se Film\u00f3<\/h4>\n<p><a title=\"Aqu\u00ed se Film\u00f3\" href=\"http:\/\/www.circo212.org.mx\/circo2\/?page_id=262\"><img loading=\"lazy\" decoding=\"async\" class=\"alignnone size-full wp-image-515\" title=\"\" src=\"http:\/\/www.circo212.org.mx\/circo2\/wp-content\/uploads\/2012\/02\/aquisefilmo.png\" alt=\"\" width=\"150\" height=\"150\" \/><\/a><\/div> <div class=\"two-third last\">\n<h3><span style=\"color: #000000;\">Pr\u00f3xima temporada<\/span><\/h3>\n<p><span style=\"color: #000000;\">Est\u00e9n pendientes porque este a\u00f1o habr\u00e1 Aqu\u00ed se Film\u00f3&#8230; \u00a1No se lo pueden perder!<\/span><\/p>\n<\/div><\/p>\n<div class='divider-border' style='margin-top: 10px; margin-bottom: 10px'><\/div>\n<p>&nbsp;<\/p>\n","protected":false},"excerpt":{"rendered":"<p>En Circo 2.12 tenemos lo siguientes proyectos: &nbsp; &nbsp; &nbsp;<\/p>\n","protected":false},"author":1,"featured_media":0,"parent":110,"menu_order":0,"comment_status":"open","ping_status":"open","template":"","meta":{"jetpack_post_was_ever_published":false,"footnotes":""},"class_list":["post-143","page","type-page","status-publish","hentry"],"aioseo_notices":[],"jetpack_sharing_enabled":true,"jetpack_shortlink":"https:\/\/wp.me\/P3e33F-2j","_links":{"self":[{"href":"https:\/\/circo212.org.mx\/circo2\/index.php?rest_route=\/wp\/v2\/pages\/143","targetHints":{"allow":["GET"]}}],"collection":[{"href":"https:\/\/circo212.org.mx\/circo2\/index.php?rest_route=\/wp\/v2\/pages"}],"about":[{"href":"https:\/\/circo212.org.mx\/circo2\/index.php?rest_route=\/wp\/v2\/types\/page"}],"author":[{"embeddable":true,"href":"https:\/\/circo212.org.mx\/circo2\/index.php?rest_route=\/wp\/v2\/users\/1"}],"replies":[{"embeddable":true,"href":"https:\/\/circo212.org.mx\/circo2\/index.php?rest_route=%2Fwp%2Fv2%2Fcomments&post=143"}],"version-history":[{"count":60,"href":"https:\/\/circo212.org.mx\/circo2\/index.php?rest_route=\/wp\/v2\/pages\/143\/revisions"}],"predecessor-version":[{"id":3992,"href":"https:\/\/circo212.org.mx\/circo2\/index.php?rest_route=\/wp\/v2\/pages\/143\/revisions\/3992"}],"up":[{"embeddable":true,"href":"https:\/\/circo212.org.mx\/circo2\/index.php?rest_route=\/wp\/v2\/pages\/110"}],"wp:attachment":[{"href":"https:\/\/circo212.org.mx\/circo2\/index.php?rest_route=%2Fwp%2Fv2%2Fmedia&parent=143"}],"curies":[{"name":"wp","href":"https:\/\/api.w.org\/{rel}","templated":true}]}}