{"id":252,"date":"2012-02-18T00:49:21","date_gmt":"2012-02-18T00:49:21","guid":{"rendered":"http:\/\/www.circo212.org.mx\/circo2\/?page_id=252"},"modified":"2016-01-15T13:45:13","modified_gmt":"2016-01-15T18:45:13","slug":"cineclub-revolucion","status":"publish","type":"page","link":"https:\/\/circo212.org.mx\/circo2\/?page_id=252","title":{"rendered":"Cineclub Revoluci\u00f3n"},"content":{"rendered":"<p>&nbsp;<\/p>\n<h1 style=\"text-align: center;\"><span style=\"color: #000000;\">Distrital Festival<\/span><\/h1>\n<p>&nbsp;<\/p>\n<h1 style=\"text-align: center;\"><span style=\"color: #000000;\">en<\/span><\/h1>\n<p>&nbsp;<\/p>\n<h1 style=\"text-align: center;\"><span style=\"color: #000000;\">Cineclub Revoluci\u00f3n<\/span><\/h1>\n<p>&nbsp;<\/p>\n<p style=\"text-align: justify;\"><span style=\"color: #000000;\">Con un \u00e1nimo que apuesta por lo multidisciplinario DISTRITAL FESTIVAL sigue una l\u00ednea que los ha caracterizado por incluir un cine que va m\u00e1s all\u00e1 de los g\u00e9neros tradicionales y qu\u00e9 se relaciona con otras expresiones. Sobre esta l\u00ednea fundamental, la transformaci\u00f3n de sus premisas e inter\u00e9s por mantener un espacio que se dibuja sobre la diversidad y los mecanismos creativos del audiovisual y sus nuevas formas sociales de consumo; les permite redefinir y compartir un nuevo espacio al que nos da la m\u00e1s cordial bienvenida.<\/span><\/p>\n<p style=\"text-align: justify;\"><span style=\"color: #000000;\">Este 2016 volvemos a ser sede de DISTRITAL FESTIVAL, los invitamos a explorar esta sexta edici\u00f3n desde una ciudad audiovisual creada especialmente para todo M\u00e9xico, y de una manera presencial en el Cineclub Revoluci\u00f3n.<\/span><\/p>\n<p style=\"text-align: justify;\"><span style=\"color: #000000;\">Indudablemente este a\u00f1o Distrital apuesta por cinematograf\u00edas que rompen las formas; a veces por la tem\u00e1tica, a veces por el formato, mucho por una b\u00fasqueda art\u00edstica o discursiva que va m\u00e1s all\u00e1 de lo tradicional. Hay un alto nivel de provocaci\u00f3n en la selecci\u00f3n de este a\u00f1o, los esperamos en el Museo de Arte Carrillo Gil (Av Revoluci\u00f3n 1608, San \u00c1ngel) para disfrutar pel\u00edculas que conforman todas las secciones del festival: Movimientos Manifiestos, El cine que somos, Estrenos Mexicanos, Cuadrante, En Femenino.<\/span><\/p>\n<p style=\"text-align: center;\"><span style=\"color: #000000;\">\u00a1Como siempre la entrada es libre!<\/span><\/p>\n<p style=\"text-align: center;\">\n<p>&nbsp;<\/p>\n<h3><span style=\"color: #000000;\"><strong>Viernes 22 de enero \/ 16:00 hrs.<\/strong><\/span><\/h3>\n<p><a href=\"http:\/\/www.circo212.org.mx\/circo2\/wp-content\/uploads\/2016\/01\/lucifer-movie-circle.jpg\"><img loading=\"lazy\" decoding=\"async\" class=\"alignnone size-medium wp-image-3852\" src=\"http:\/\/www.circo212.org.mx\/circo2\/wp-content\/uploads\/2016\/01\/lucifer-movie-circle-300x169.jpg\" alt=\"lucifer-movie-circle\" width=\"300\" height=\"169\" srcset=\"https:\/\/circo212.org.mx\/circo2\/wp-content\/uploads\/2016\/01\/lucifer-movie-circle-300x169.jpg 300w, https:\/\/circo212.org.mx\/circo2\/wp-content\/uploads\/2016\/01\/lucifer-movie-circle.jpg 670w\" sizes=\"auto, (max-width: 300px) 100vw, 300px\" \/><\/a><\/p>\n<p><span style=\"color: #000000;\"><strong>LUCIFER con presencia de Gust Van den Berghe.<br \/>\n<\/strong><\/span><span style=\"color: #000000;\">Dir. Gust van Den Berghe \/ B\u00e9lgica \/ M\u00e9xico \/ 2014 \/ 108\u00b4<\/span><\/p>\n<p style=\"text-align: justify;\"><span style=\"color: #000000;\">Una pel\u00edcula visionaria y delirante sobre \u201cel \u00e1ngel ca\u00eddo\u201d o la \u201cestrella de la ma\u00f1ana\u201d. Tras un breve pr\u00f3logo, la historia se divide en tres cap\u00edtulos -Para\u00edso, Pecado y Milagro- por los que transitan, como desencarnados, sus bizarros personajes. La anciana Lupita, sus dos nietos hu\u00e9rfanos, su marido, el misterioso hombre que cae del cielo, el sacrist\u00e1n que desconf\u00eda de \u00e9l y un joven actor. Lucifer fue filmado en una zona rural de M\u00e9xico utilizando el Tondoscope, una t\u00e9cnica desarrollada por el director de fotograf\u00eda de la pel\u00edcula y que retoma experimentos en la visi\u00f3n implementados desde la pintura renacentista. El resultado es la imagen en un perfecto c\u00edrculo semejante a un iris donde\u00a0 se pierden el sentido habitual de los bordes de la pantalla, o las nociones de arriba y abajo. Esta pel\u00edcula, con un pie en lo m\u00edstico y otro en lo absurdo, ofrece momentos sugerentes y bellos y desaf\u00eda abiertamente al espectador. Se completa as\u00ed una inclasificable trilog\u00eda del mismo director de Little Baby Jesus of Flandr y Blue Bird El director belga Gust Van den Berghe, abstrae con rigurosidad algunas de las tradiciones de la provincia mexicana en un idioma que le es ajeno, traspasando as\u00ed sus propias fronteras cinematogr\u00e1ficas, en cuanto a nacionalidad, identidad e idea.<\/span><\/p>\n<h3><span style=\"color: #000000;\"><strong>Martes 26 de enero \/ 20:00 hrs.<\/strong><\/span><\/h3>\n<p><a href=\"http:\/\/www.circo212.org.mx\/circo2\/wp-content\/uploads\/2016\/01\/santa-teresa-4-700x472.jpg\"><img loading=\"lazy\" decoding=\"async\" class=\"alignnone size-medium wp-image-3853\" src=\"http:\/\/www.circo212.org.mx\/circo2\/wp-content\/uploads\/2016\/01\/santa-teresa-4-700x472-300x202.jpg\" alt=\"santa-teresa-4-700x472\" width=\"300\" height=\"202\" srcset=\"https:\/\/circo212.org.mx\/circo2\/wp-content\/uploads\/2016\/01\/santa-teresa-4-700x472-300x202.jpg 300w, https:\/\/circo212.org.mx\/circo2\/wp-content\/uploads\/2016\/01\/santa-teresa-4-700x472.jpg 700w\" sizes=\"auto, (max-width: 300px) 100vw, 300px\" \/><\/a><\/p>\n<p><span style=\"color: #000000;\"><strong>Santa Teresa y otras Historias con presencia de Nelson Carlo.<br \/>\n<\/strong><\/span><span style=\"color: #000000;\">Dir.\u00a0Nelson Carlo De Los Santos Arias \/ EUA \/ M\u00e9xico\/ Rep\u00fablica Dominicana \/ 2015 \/ 65\u00b4<\/span><\/p>\n<p><span style=\"color: #000000;\">En la ciudad ficticia \u2013aunque protot\u00edpica en su universalidad\u2013 de Santa Teresa, ubicada en la frontera entre M\u00e9xico y Estados Unidos, el investigador Juan de Dios Mart\u00ednez se para en la l\u00ednea divisoria entre el periodismo y el quehacer detectivesco para llevar adelante una pesquisa que gira en torno a un pu\u00f1ado de cr\u00edmenes y abusos perpetuados a mujeres y trabajadores de la zona.<\/span><strong>\u00a0<\/strong><\/p>\n<h3><span style=\"color: #000000;\"><strong>Mi\u00e9rcoles 27 de enero \/ 19:00 hrs.<\/strong><\/span><\/h3>\n<p><a href=\"http:\/\/www.circo212.org.mx\/circo2\/wp-content\/uploads\/2016\/01\/y-our-music_970_1.jpg\"><img loading=\"lazy\" decoding=\"async\" class=\"alignnone size-medium wp-image-3855\" src=\"http:\/\/www.circo212.org.mx\/circo2\/wp-content\/uploads\/2016\/01\/y-our-music_970_1-300x169.jpg\" alt=\"y-our-music_970_1\" width=\"300\" height=\"169\" srcset=\"https:\/\/circo212.org.mx\/circo2\/wp-content\/uploads\/2016\/01\/y-our-music_970_1-300x169.jpg 300w, https:\/\/circo212.org.mx\/circo2\/wp-content\/uploads\/2016\/01\/y-our-music_970_1.jpg 970w\" sizes=\"auto, (max-width: 300px) 100vw, 300px\" \/><\/a><\/p>\n<p><span style=\"color: #000000;\"><strong>Y\/our music<br \/>\n<\/strong><\/span><span style=\"color: #000000;\">Dir. Waraluck Hiransrettawat Every &amp; David Reeve \/<strong>\u00a0<\/strong>Tailandia, Reino Unido \/ 2014 \/ 81\u00b4<\/span><\/p>\n<p style=\"text-align: justify;\"><span style=\"color: #000000;\">Y\/OUR MUSIC se sumerge en el mundo de la m\u00fasica Thai, desde m\u00fasica tradicional, a canciones laborales y pop cl\u00e1sico, a m\u00fasica urbana independiente, abarcando a diferentes generaciones. Cada uno de los nueve m\u00fasicos, su m\u00fasica, y el ambiente rural o urbano que influenci\u00f3 su sonido son explorados. Las manos que tocan instrumentos tradicionales entre nubes de polvo rojizo, las canciones laborales siendo murmuradas enfrente de granos esperando su cosecha y la m\u00fasica independiente nacida de s\u00f3tanos de concreto crean un melodioso ecosistema. Mientras ellos habitan diferentes mundos musicales, los m\u00fasicos est\u00e1n conectados por la misma pasi\u00f3n para sacar sus aspiraciones art\u00edsticas a la palestra y sobrevivir en las afueras del \u2018mainstream\u2019.<\/span><\/p>\n<h3><span style=\"color: #000000;\"><strong>Jueves 28 de enero \/ 16:00 hrs.<\/strong><\/span><\/h3>\n<p><a href=\"http:\/\/www.circo212.org.mx\/circo2\/wp-content\/uploads\/2016\/01\/sangre.png\"><img loading=\"lazy\" decoding=\"async\" class=\"alignnone size-medium wp-image-3856\" src=\"http:\/\/www.circo212.org.mx\/circo2\/wp-content\/uploads\/2016\/01\/sangre-300x143.png\" alt=\"sangre\" width=\"300\" height=\"143\" srcset=\"https:\/\/circo212.org.mx\/circo2\/wp-content\/uploads\/2016\/01\/sangre-300x143.png 300w, https:\/\/circo212.org.mx\/circo2\/wp-content\/uploads\/2016\/01\/sangre-1024x489.png 1024w, https:\/\/circo212.org.mx\/circo2\/wp-content\/uploads\/2016\/01\/sangre.png 1581w\" sizes=\"auto, (max-width: 300px) 100vw, 300px\" \/><\/a><\/p>\n<p><span style=\"color: #000000;\"><strong>En Femenino con\u00a0presencia de Marie Losier<\/strong><\/span><\/p>\n<p><span style=\"color: #000000;\"><strong>&#8211; Bloodbath parade (Desfile de sangre)<br \/>\n<\/strong><\/span><span style=\"color: #000000;\">Dir.<strong>\u00a0<\/strong>Pauline Curnier Jardin \/ Francia \/ 2015 \/\u00a037 \u00b4<\/span><\/p>\n<p style=\"text-align: justify;\"><span style=\"color: #000000;\">Es la historia de un circo fantasma: regresa cada cien a\u00f1os para funcionar nuevamente en el sitio de violencia original, relacionando con su p\u00fablico un poco de las hip\u00e9rboles de aquel fat\u00eddico d\u00eda. En su forma est\u00e9tica, la pel\u00edcula posa el acertijo de la monstruosa simultaneidad de tres nociones: guerra, el avant-garde art\u00edstico, y revoluci\u00f3n. El circo cuenta del gran circo \u2013 una met\u00e1fora para el colapso, oleada y explosi\u00f3n cat\u00e1rtica.<\/span><\/p>\n<p><span style=\"color: #000000;\"><strong>&#8211; Countdown to Nothing (Cuenta regresiva para nada)<br \/>\n<\/strong><\/span><span style=\"color: #000000;\">Dir. Lucille Desamory, Kevin Blechdom \/ B\u00e9lgica \/ 2005 \/ 3\u00b4<\/span><\/p>\n<p><span style=\"color: #000000;\">El musical Countdown to Nothing narra la historia de dos mujeres sentadas alrededor de un \u00e1rbol, en alg\u00fan lugar, tal vez en un parque. Una de ellas est\u00e1 volando alrededor, no puede poner sus pies en el suelo mientras la otra est\u00e1 enredada en una red de carne. Con ayuda de la hipnosis, ellas resolver\u00e1n sus problemas viajando a trav\u00e9s de su subconsciente sicod\u00e9lico.<\/span><\/p>\n<p><span style=\"color: #000000;\"><strong>&#8211; FACE B (CARA B)<br \/>\n<\/strong><\/span><span style=\"color: #000000;\">Direcci\u00f3n: Leila Albayaty \/<strong>\u00a0<\/strong>B\u00e9gica, Alemania<b>\u00a0\/\u00a0<\/b>2014 \/ 39\u00b4<\/span><\/p>\n<p style=\"text-align: justify;\"><span style=\"color: #000000;\">El lado b de un disco seguido contiene tesoros y secretos escondidos. Cuando Leila, actriz, cantante y directora, decide hacer su primer largometraje, <em>Berlin Telegram<\/em>, mucho sucede entre l\u00edneas. Ella dice que est\u00e1 audicionando para la pel\u00edcula, mientras de hecho ella es la directora y la protagonista principal. Con un malet\u00edn lleno de m\u00fasica, ella viaja entre Berl\u00edn y Par\u00eds y conoce m\u00fasicos y actores en el camino. Su historia es contada como un misterioso h\u00edbrido en alg\u00fan lugar entre la autobiograf\u00eda y la ficci\u00f3n \u2013 poes\u00eda, tal vez. Leila decide robar sus propias im\u00e1genes, para embolsarse sus lados B para editar una nueva, todav\u00eda m\u00e1s ambigua, pel\u00edcula. \u00bfQu\u00e9 tan seguido tienes permitido contar una historia? \u00bfQu\u00e9 tan seguido puedes rearmar tu material? No hay respuesta a esas preguntas. En cambio, hay una pel\u00edcula nueva. (Toby Sharaf)<\/span><\/p>\n<p style=\"text-align: justify;\"><span style=\"color: #000000;\"><strong>&#8211; Kata\u00ef (Kata\u00ef)<br \/>\n<\/strong><\/span><span style=\"color: #000000;\">Dir. Claire Doyon \/ Francia \/ 2010 \/ 30\u00b4<\/span><\/p>\n<p><span style=\"color: #000000;\">Kata\u00ef es una \u00e9xitosa presentadora de televisi\u00f3n que es especialmente adulada por Lucie. La estrella de televisi\u00f3n no consigue \u201cdomar\u201d a este monstruo que aparece reflejado cada vez que se mira en el espejo.<\/span><\/p>\n<p><span style=\"color: #000000;\"><strong>&#8211;<\/strong><strong> L\u2019Ann\u00e9e pass\u00e9e (El A\u00f1o Pasado)<br \/>\n<\/strong><\/span><span style=\"color: #000000;\">Dir. Vali\u00e9re Mr\u00e9jen, Bertrand Schefer \/ Francia \/ 2015 \/ 3\u00b440\u00b4\u00b4<\/span><\/p>\n<p><span style=\"color: #000000;\">Un hombre y una mujer est\u00e1n hablando entre ellos en una sala. Ellos rememoran partes de sus vidas mientras miran fotograf\u00edas que parecen ser de un \u00e1lbum fotogr\u00e1fico com\u00fan de sus vidas.<\/span><\/p>\n<p><span style=\"color: #000000;\"><strong>&#8211; Lands\u00a0close\u00a0to\u00a0Paterson\u00a0\u00a0(<\/strong><strong>Tierras cerca de Paterson)<br \/>\n<\/strong><\/span><span style=\"color: #000000;\">Dir. Joana Preiss \/ Francia \/ 2013 \/ 35\u00b4<\/span><\/p>\n<p><span style=\"color: #000000;\">En Nueva York donde ella vino a presentar su pel\u00edcula Siberia, Joana Preiss document\u00f3 la ciudad de sus pasos y sus encuentros. Se envuelve en un viaje misterioso a trav\u00e9s de su imaginaci\u00f3n, que deja sin aliento e hipn\u00f3tico.<\/span><\/p>\n<h3><span style=\"color: #000000;\"><strong>Martes 2 febrero \/ 20:00 hrs.<\/strong><\/span><\/h3>\n<p><a href=\"http:\/\/www.circo212.org.mx\/circo2\/wp-content\/uploads\/2016\/01\/Mad-Max-2.jpg\"><img loading=\"lazy\" decoding=\"async\" class=\"alignnone size-medium wp-image-3858\" src=\"http:\/\/www.circo212.org.mx\/circo2\/wp-content\/uploads\/2016\/01\/Mad-Max-2-300x202.jpg\" alt=\"Mad-Max-2\" width=\"300\" height=\"202\" srcset=\"https:\/\/circo212.org.mx\/circo2\/wp-content\/uploads\/2016\/01\/Mad-Max-2-300x202.jpg 300w, https:\/\/circo212.org.mx\/circo2\/wp-content\/uploads\/2016\/01\/Mad-Max-2.jpg 640w\" sizes=\"auto, (max-width: 300px) 100vw, 300px\" \/><\/a><\/p>\n<p><span style=\"color: #000000;\"><strong>Mad Max 2: El guerrero de la carretera.<br \/>\n<\/strong><\/span><span style=\"color: #000000;\">Dir. George Miller \/ Australia \/ 1981 \/ 92\u00b4<\/span><\/p>\n<p style=\"text-align: justify;\"><span style=\"color: #000000;\">En un mundo post-apocal\u00edptico donde la ley y el orden han desaparecido. Max, un h\u00e9roe solitario viaja por las carreteras despobladas del interior de Australia en una interminable b\u00fasqueda de gasolina. Ayuda a una colonia de supervivientes constantemente atacada por un grupo de violentos guerreros que intenta arrebatarles la gasolina.<\/span><\/p>\n<h3><span style=\"color: #000000;\"><strong>Mi\u00e9rcoles 3 febrero \/ 19:00 hrs.<\/strong><\/span><\/h3>\n<p><a href=\"http:\/\/www.circo212.org.mx\/circo2\/wp-content\/uploads\/2016\/01\/infinit-dreams.jpg\"><img loading=\"lazy\" decoding=\"async\" class=\"alignnone size-medium wp-image-3859\" src=\"http:\/\/www.circo212.org.mx\/circo2\/wp-content\/uploads\/2016\/01\/infinit-dreams-300x225.jpg\" alt=\"infinit dreams\" width=\"300\" height=\"225\" srcset=\"https:\/\/circo212.org.mx\/circo2\/wp-content\/uploads\/2016\/01\/infinit-dreams-300x225.jpg 300w, https:\/\/circo212.org.mx\/circo2\/wp-content\/uploads\/2016\/01\/infinit-dreams.jpg 480w\" sizes=\"auto, (max-width: 300px) 100vw, 300px\" \/><\/a><\/p>\n<p><span style=\"color: #000000;\"><strong>Infinite Dreamers (<\/strong><strong>So\u00f1adores Infinitos)<br \/>\n<\/strong><\/span><span style=\"color: #000000;\">Dir. Marc Hurtado \/ Francia \/ 2015 \/ 82\u00b4<\/span><\/p>\n<p style=\"text-align: justify;\"><span style=\"color: #000000;\">Retrato de los dos artistas Alan Vega y Martin Rev, fundadores de la banda de rock neoyorquina <em>Suicide<\/em>. Esta pel\u00edcula fue filmada en Nueva York, Par\u00eds, Lyon, Marsella y las Islas Frioul. Entre 2007 y 2014, Marc Hurtado sigui\u00f3 a Alan Vega y Martin Rev a sus conciertos, exhibiciones, hogares y estudios. Los dos artistas hablan acerca de sus obras, sus visiones de la vida y sus sue\u00f1os.<\/span><\/p>\n<h3><span style=\"color: #000000;\"><strong>Jueves 4 febrero \/ 18:00 hrs.<\/strong><\/span><\/h3>\n<p><a href=\"http:\/\/www.circo212.org.mx\/circo2\/wp-content\/uploads\/2016\/01\/1_e_V\u00e9r\u00e9na-Paravel-Lucien-Castaing-Taylor-_Leviathan.jpg\"><img loading=\"lazy\" decoding=\"async\" class=\"alignnone size-medium wp-image-3860\" src=\"http:\/\/www.circo212.org.mx\/circo2\/wp-content\/uploads\/2016\/01\/1_e_V\u00e9r\u00e9na-Paravel-Lucien-Castaing-Taylor-_Leviathan-300x169.jpg\" alt=\"1_e_V\u00e9r\u00e9na-Paravel-Lucien-Castaing-Taylor-_Leviathan\" width=\"300\" height=\"169\" srcset=\"https:\/\/circo212.org.mx\/circo2\/wp-content\/uploads\/2016\/01\/1_e_V\u00e9r\u00e9na-Paravel-Lucien-Castaing-Taylor-_Leviathan-300x169.jpg 300w, https:\/\/circo212.org.mx\/circo2\/wp-content\/uploads\/2016\/01\/1_e_V\u00e9r\u00e9na-Paravel-Lucien-Castaing-Taylor-_Leviathan.jpg 900w\" sizes=\"auto, (max-width: 300px) 100vw, 300px\" \/><\/a><\/p>\n<p><span style=\"color: #000000;\"><strong>Leviathan (Leviat\u00e1n)<br \/>\n<\/strong><\/span><span style=\"color: #000000;\">Dir. Lucien Castaing-Taylor, V\u00e9r\u00e9na Paravel \/ Gran Breta\u00f1a, Francia, EUA \/ 2012 \/ 87\u00b4<\/span><\/p>\n<p style=\"text-align: justify;\"><span style=\"color: #000000;\">Un barco que se dedica a la pesca de arrastre cumple con su rutina: lanza redes, arrastra y sube a cubierta cuanto encuentra a su paso, divide, desecha o selecciona y trocea la mercanc\u00eda. Con esta sencilla premisa, Lucien Castaing-Taylor y V\u00e9r\u00e9na Paravel consiguen encerrar al espectador en una instant\u00e1nea apocal\u00edptica. Parecer\u00eda que fuesen conocedores del secreto para invocar a la naturaleza y lograr que interprete, para ellos, los que podr\u00edan ser sus gestos en un hipot\u00e9tico d\u00eda del juicio final.<\/span><\/p>\n<h1 style=\"text-align: center;\"><span style=\"color: #000000;\">Cineclub Revoluci\u00f3n<\/span><\/h1>\n<p>&nbsp;<\/p>\n<h1 style=\"text-align: center;\"><\/h1>\n<h1 style=\"text-align: center;\"><span style=\"color: #000000;\">DISTRITAL 6 <\/span><\/h1>\n<p>&nbsp;<\/p>\n<h2 style=\"text-align: center;\"><span style=\"color: #000000;\">presenta <\/span><\/h2>\n<p>&nbsp;<\/p>\n<h1 style=\"text-align: center;\"><span style=\"color: #000000;\">M\u00e9xico Reciente 2015<\/span><\/h1>\n<p>&nbsp;<\/p>\n<p style=\"text-align: justify;\"><span style=\"color: #000000;\">\u00abM\u00e9xico\u00a0Reciente\u00bb es un ciclo de pel\u00edculas mexicanas independientes que se exhibe con bastante \u00e9xito desde hace varios a\u00f1os en el Cineclub Revoluci\u00f3n, un proyecto dise\u00f1ado por Circo 2.12 y el Museo de Arte Carrillo Gil.<\/span><\/p>\n<p style=\"text-align: justify;\"><span style=\"color: #000000;\">La importancia de dicho ciclo es que trata de filmes que, al margen de su paso por los festivales, dif\u00edcilmente encuentran un lugar en las carteleras comerciales o de plano no han sido estrenados.<\/span><\/p>\n<p style=\"text-align: justify;\"><span style=\"color: #000000;\">Este a\u00f1o la selecci\u00f3n de M\u00e9xico\u00a0Reciente es una compilaci\u00f3n de pel\u00edculas que han formado parte de la secci\u00f3n \u00abEstrenos Mexicanos\u00bb a lo largo de las \u00a0ediciones anteriores del Festival Distrital, que se ha posicionado como el Festival Internacional de Cine Independiente de la Ciudad de M\u00e9xico.<\/span><\/p>\n<p style=\"text-align: justify;\"><span style=\"color: #000000;\">DISTRITAL responde al compromiso de consolidar un contexto respetuoso para el an\u00e1lisis y la difusi\u00f3n de la producci\u00f3n cinematogr\u00e1fica de calidad y ofrece una visi\u00f3n \u00fanica y revigorizada del cine mexicano contempor\u00e1neo, abriendo espacios para formatos y g\u00e9neros que experimentan y exploran nuevas formas, enalteciendo la cultura cinematogr\u00e1fica.<\/span><\/p>\n<p style=\"text-align: justify;\"><span style=\"color: #000000;\">Con cada edici\u00f3n se reafirma su compromiso fundamental por generar pensamiento y reflexi\u00f3n en torno a la creaci\u00f3n audiovisual y sigue activamente procurando espacios de di\u00e1logo y descubrimiento que tengan una noci\u00f3n de permanencia, es por esto que este a\u00f1o el Centro de Cultura Digital se suma a esta iniciativa.<\/span><\/p>\n<p style=\"text-align: center;\"><span style=\"color: #000000;\">Todas las funciones ser\u00e1n gratuitas y contar\u00e1n con la presencia de los directores.<\/span><\/p>\n<h4><span style=\"color: #000000;\">Jueves 3 de diciembre &#8211; 20:00 hrs. &#8211;\u00a0Museo de Arte Carrillo Gil<\/span><\/h4>\n<p><a href=\"http:\/\/www.circo212.org.mx\/circo2\/wp-content\/uploads\/2015\/12\/tesis.jpg\"><img loading=\"lazy\" decoding=\"async\" class=\"alignnone size-medium wp-image-3800\" src=\"http:\/\/www.circo212.org.mx\/circo2\/wp-content\/uploads\/2015\/12\/tesis-300x169.jpg\" alt=\"tesis\" width=\"300\" height=\"169\" srcset=\"https:\/\/circo212.org.mx\/circo2\/wp-content\/uploads\/2015\/12\/tesis-300x169.jpg 300w, https:\/\/circo212.org.mx\/circo2\/wp-content\/uploads\/2015\/12\/tesis.jpg 480w\" sizes=\"auto, (max-width: 300px) 100vw, 300px\" \/><\/a><\/p>\n<p><span style=\"color: #000000;\"><strong>Tesis Laboral<\/strong><br \/>\n<\/span><span style=\"color: #000000;\">Dir. Jos\u00e9 Antonio Hern\u00e1ndez \/<\/span><span style=\"color: #000000;\">\u00a0M\u00e9xico \/<\/span><span style=\"color: #000000;\">\u00a02010 \/<\/span><span style=\"color: #000000;\">\u00a068 min.<\/span><\/p>\n<p style=\"text-align: justify;\"><span style=\"color: #000000;\">Ensayo visual que cuestiona las relaciones sociales hacia dentro del sistema laboral en el pa\u00eds. Tomando cuatro f\u00e1bricas distintas del \u00e1rea metropolitana de la Ciudad de M\u00e9xico como puntos de exploraci\u00f3n antropol\u00f3gica, Tesis Laboral documenta paisajes industriales, f\u00e1bricas, jefes, obreros, m\u00e1quinas y productos, reflexionando acerca de c\u00f3mos estas relaciones influyen en la sociedad fuera de las f\u00e1bricas. Es un testimonio que dignifica a los obreros y su trabajo cotidiano, con todo el esfuerzo que este significa y que la sociedad de consumo vuelve invisible.<\/span><\/p>\n<h4><span style=\"color: #000000;\">Viernes 4 de diciembre &#8211; 18:00 hrs. &#8211;\u00a0<\/span><span style=\"color: #000000;\">Centro de Cultura Digital<\/span><\/h4>\n<p><a href=\"http:\/\/www.circo212.org.mx\/circo2\/wp-content\/uploads\/2015\/12\/hamster.jpg\"><img loading=\"lazy\" decoding=\"async\" class=\"alignnone size-medium wp-image-3801\" src=\"http:\/\/www.circo212.org.mx\/circo2\/wp-content\/uploads\/2015\/12\/hamster-300x168.jpg\" alt=\"hamster\" width=\"300\" height=\"168\" \/><\/a><\/p>\n<p><span style=\"color: #000000;\"><strong>Los H\u00e1msters<\/strong><br \/>\n<\/span><span style=\"color: #000000;\">Dir. Gilberto Gonz\u00e1lez Penilla \/<\/span><span style=\"color: #000000;\">\u00a0M\u00e9xico \/\u00a0<\/span><span style=\"color: #000000;\">2014 \/<\/span><span style=\"color: #000000;\">\u00a071 min<\/span><\/p>\n<p style=\"text-align: justify;\"><span style=\"color: #000000;\">Rodolfo y Beatriz son padres de dos j\u00f3venes: Jessica y Juan, juntos forman la perfecta familia disfuncional. Rodolfo sale todos los d\u00edas como si fuera al trabajo, pero en realidad est\u00e1 desempleado. Beatriz, quien se encuentra en medio de una crisis por la edad, es seducida en el gimnasio. Jessica juega un tri\u00e1ngulo amoroso entre su novio y su mejor amiga. Y Juan, se entera que ser\u00e1 pap\u00e1. Una familia com\u00fan tijuanense en la que cada uno esconde sus secretos a pesar de vivir bajo el mismo techo.<\/span><\/p>\n<h4 style=\"text-align: left;\"><span style=\"color: #000000;\">Domingo 6 de diciembre &#8211; 18:00 hrs. &#8211;\u00a0<\/span><span style=\"color: #000000;\">Centro de Cultura Digital<\/span><\/h4>\n<p><a href=\"http:\/\/www.circo212.org.mx\/circo2\/wp-content\/uploads\/2015\/12\/trazando.jpg\"><img loading=\"lazy\" decoding=\"async\" class=\"alignnone size-medium wp-image-3802\" src=\"http:\/\/www.circo212.org.mx\/circo2\/wp-content\/uploads\/2015\/12\/trazando-300x225.jpg\" alt=\"trazando\" width=\"300\" height=\"225\" srcset=\"https:\/\/circo212.org.mx\/circo2\/wp-content\/uploads\/2015\/12\/trazando-300x225.jpg 300w, https:\/\/circo212.org.mx\/circo2\/wp-content\/uploads\/2015\/12\/trazando.jpg 500w\" sizes=\"auto, (max-width: 300px) 100vw, 300px\" \/><\/a><\/p>\n<p><span style=\"color: #000000;\"><strong>Trazando Aleida<\/strong><br \/>\n<\/span><span style=\"color: #000000;\">Dir. Christiane Burkhard \/<\/span><span style=\"color: #000000;\">\u00a0M\u00e9xico \/\u00a0<\/span><span style=\"color: #000000;\">2007 \/<\/span><span style=\"color: #000000;\">\u00a088 min.<\/span><\/p>\n<p style=\"text-align: justify;\"><span style=\"color: #000000;\">Aleida Gallangos tiene apenas cinco a\u00f1os de conocer su verdadera identidad. Sus padres fueron desaparecidos en 1975 durante la llamada Guerra Sucia en M\u00e9xico. Ella y su hermano mayor fueron adoptados por familias diferentes y se perdieron la pista durante casi 30 a\u00f1os. Desde que descubri\u00f3 la verdad sobre su pasado, Aleida se ha dedicado a reconstruir su historia familiar y a buscar a su hermano y a sus padres. El documental se acerca de manera \u00edntima al proceso de la b\u00fasqueda del hermano, as\u00ed como al seguimiento de su relaci\u00f3n despu\u00e9s de su inesperado encuentro en Washington D.C. Se descubre parte de una de las \u00e9pocas m\u00e1s ocultas de la historia reciente de M\u00e9xico ?el documental busca darle rostro y voz a uno de los numerosos casos de desaparecidos en M\u00e9xico en los a\u00f1os 70.<\/span><\/p>\n<h4><span style=\"color: #000000;\">Martes 8 de diciembre &#8211; 20:00 hrs. &#8211;\u00a0<\/span><span style=\"color: #000000;\">Museo de Arte Carrillo Gil<\/span><\/h4>\n<p><a href=\"http:\/\/www.circo212.org.mx\/circo2\/wp-content\/uploads\/2015\/12\/Cefal\u00f3podo-2.jpg\"><img loading=\"lazy\" decoding=\"async\" class=\"alignnone size-medium wp-image-3803\" src=\"http:\/\/www.circo212.org.mx\/circo2\/wp-content\/uploads\/2015\/12\/Cefal\u00f3podo-2-300x200.jpg\" alt=\"Cefal\u00f3podo-2\" width=\"300\" height=\"200\" srcset=\"https:\/\/circo212.org.mx\/circo2\/wp-content\/uploads\/2015\/12\/Cefal\u00f3podo-2-300x200.jpg 300w, https:\/\/circo212.org.mx\/circo2\/wp-content\/uploads\/2015\/12\/Cefal\u00f3podo-2-1024x681.jpg 1024w, https:\/\/circo212.org.mx\/circo2\/wp-content\/uploads\/2015\/12\/Cefal\u00f3podo-2.jpg 1600w\" sizes=\"auto, (max-width: 300px) 100vw, 300px\" \/><\/a><\/p>\n<p><span style=\"color: #000000;\"><strong>Cef\u00e1lopodo<\/strong><br \/>\n<\/span><span style=\"color: #000000;\">Dir. Rub\u00e9n Imaz \/<\/span><span style=\"color: #000000;\">\u00a0M\u00e9xico \/<\/span><span style=\"color: #000000;\">\u00a02010 \/<\/span><span style=\"color: #000000;\">\u00a090 min.<\/span><\/p>\n<p style=\"text-align: justify;\"><span style=\"color: #000000;\">Sebasti\u00e1n es un pintor vasco que, tras la muerte de su novia, viaja a M\u00e9xico para reencontrarse con sus ra\u00edces. Su b\u00fasqueda lo lleva a Sonora, donde bajo la poderosa uni\u00f3n del mar con el desierto podr\u00eda encontrar respuestas fundamentales para superar el dolor.\u00a0<\/span><\/p>\n<h4><span style=\"color: #000000;\">Mi\u00e9rcoles 9 de diciembre &#8211; 19:00 hrs. &#8211;\u00a0<\/span><span style=\"color: #000000;\">Museo de Arte Carrillo Gil<\/span><\/h4>\n<p><a href=\"http:\/\/www.circo212.org.mx\/circo2\/wp-content\/uploads\/2015\/12\/Tijuaneados-an\u00f3nimos.jpg\"><img loading=\"lazy\" decoding=\"async\" class=\"alignnone size-medium wp-image-3804\" src=\"http:\/\/www.circo212.org.mx\/circo2\/wp-content\/uploads\/2015\/12\/Tijuaneados-an\u00f3nimos-300x202.jpg\" alt=\"Tijuaneados-an\u00f3nimos\" width=\"300\" height=\"202\" srcset=\"https:\/\/circo212.org.mx\/circo2\/wp-content\/uploads\/2015\/12\/Tijuaneados-an\u00f3nimos-300x202.jpg 300w, https:\/\/circo212.org.mx\/circo2\/wp-content\/uploads\/2015\/12\/Tijuaneados-an\u00f3nimos.jpg 430w\" sizes=\"auto, (max-width: 300px) 100vw, 300px\" \/><\/a><\/p>\n<p><strong><span style=\"color: #000000;\">Tijuaneados an\u00f3nimos: una l\u00e1grima, una sonrisa.<br \/>\n<\/span><\/strong><span style=\"color: #000000;\">Dir. Ana Paola Rodr\u00edguez \/ Jos\u00e9 Luis Figueroa \/<\/span><span style=\"color: #000000;\">\u00a0M\u00e9xico \/<\/span><span style=\"color: #000000;\">\u00a02009 \/<\/span><span style=\"color: #000000;\">\u00a081 min.<\/span><\/p>\n<p style=\"text-align: justify;\"><span style=\"color: #000000;\">Cada se<\/span><span style=\"color: #000000;\">mana, un grupo de personas se re\u00fane en Tijuaneados An\u00f3nimos para compartir experiencias y detener el fen\u00f3meno social que los aqueja: lo Tijuaneado. Entre historias dolorosas, divertidas, absurdas tragedias y heroicas haza\u00f1as, los personajes reflexionan e imaginan c\u00f3mo quieren que sea Tijuana y c\u00f3mo quieren ser ellos mismos.<\/span><\/p>\n<h4><span style=\"color: #000000;\">Jueves 10 de diciembre &#8211; 20:00 hrs. &#8211;\u00a0<\/span><span style=\"color: #000000;\">Museo de Arte Carrillo Gil<\/span><\/h4>\n<p><a href=\"http:\/\/www.circo212.org.mx\/circo2\/wp-content\/uploads\/2015\/12\/a\u00f1o-bici.jpg\"><img loading=\"lazy\" decoding=\"async\" class=\"alignnone size-medium wp-image-3805\" src=\"http:\/\/www.circo212.org.mx\/circo2\/wp-content\/uploads\/2015\/12\/a\u00f1o-bici-300x200.jpg\" alt=\"a\u00f1o bici\" width=\"300\" height=\"200\" srcset=\"https:\/\/circo212.org.mx\/circo2\/wp-content\/uploads\/2015\/12\/a\u00f1o-bici-300x200.jpg 300w, https:\/\/circo212.org.mx\/circo2\/wp-content\/uploads\/2015\/12\/a\u00f1o-bici.jpg 640w\" sizes=\"auto, (max-width: 300px) 100vw, 300px\" \/><\/a><\/p>\n<p><span style=\"color: #000000;\"><strong>A\u00f1o Bisiesto<\/strong><br \/>\n<\/span><span style=\"color: #000000;\">Dir. Michel Rowe \/<\/span><span style=\"color: #000000;\">\u00a0M\u00e9xico \/\u00a0<\/span><span style=\"color: #000000;\">2010 \/\u00a0<\/span><span style=\"color: #000000;\">92 min.<\/span><\/p>\n<p style=\"text-align: justify;\"><span style=\"color: #000000;\">Laura tiene 25 a\u00f1os,\u00a0es periodista, est\u00e1 soltera y vive en un apartamento en M\u00e9xico D.F. Despu\u00e9s de una larga serie de aventuras amorosas sin futuro, conoce a Arturo. La primera vez que hacen el amor, los gestos de Arturo la conmueven profundamente. Entonces comienza una relaci\u00f3n intensa, apasionada y sexual en la que se mezclan el placer, el dolor y el amor. Pasan los d\u00edas, que Laura tacha uno a uno en un calendario, y el pasado de la mujer vuelve a surgir, acosando a Arturo.<\/span><\/p>\n<h4 style=\"text-align: left;\"><span style=\"color: #000000;\">Viernes 11 de diciembre &#8211; 18:00 hrs. &#8211;\u00a0<\/span><span style=\"color: #000000;\">Centro de Cultura Digital<\/span><\/h4>\n<p><a href=\"http:\/\/www.circo212.org.mx\/circo2\/wp-content\/uploads\/2015\/12\/vaho.jpg\"><img loading=\"lazy\" decoding=\"async\" class=\"alignnone size-medium wp-image-3806\" src=\"http:\/\/www.circo212.org.mx\/circo2\/wp-content\/uploads\/2015\/12\/vaho-300x225.jpg\" alt=\"vaho\" width=\"300\" height=\"225\" srcset=\"https:\/\/circo212.org.mx\/circo2\/wp-content\/uploads\/2015\/12\/vaho-300x225.jpg 300w, https:\/\/circo212.org.mx\/circo2\/wp-content\/uploads\/2015\/12\/vaho.jpg 500w\" sizes=\"auto, (max-width: 300px) 100vw, 300px\" \/><\/a><\/p>\n<p><span style=\"color: #000000;\"><strong>Vaho<\/strong><br \/>\n<\/span><span style=\"color: #000000;\">Dir. Alejandro Gerber Bicecci \/<\/span><span style=\"color: #000000;\">\u00a0M\u00e9xico \/\u00a0<\/span><span style=\"color: #000000;\">2010 \/<\/span><span style=\"color: #000000;\">\u00a0115 min.<\/span><\/p>\n<p style=\"text-align: justify;\"><span style=\"color: #000000;\">Es la historia de Andr\u00e9s, Jos\u00e9 y Felipe, tres j\u00f3venes que se enfrentan al limbo post-adolescente. El recuerdo del linchamiento de un hombre, provocado indirectamente por ellos durante su infancia, los une al mismo tiempo que impide su reencuentro. La historia ocurre en Iztapalapa, una zona humilde y olvidada, pr\u00f3diga en fervorosas manifestaciones de fe y, sin duda, la m\u00e1s sedienta de la Ciudad de M\u00e9xico.<\/span><\/p>\n<h4><span style=\"color: #000000;\">Martes 15 de diciembre &#8211; 20:00 hrs. &#8211;\u00a0<\/span><span style=\"color: #000000;\">Museo de Arte Carrillo Gil.<\/span><\/h4>\n<p><a href=\"http:\/\/www.circo212.org.mx\/circo2\/wp-content\/uploads\/2015\/12\/Los-inicios-de-la-era-de-acuario_2.jpg\"><img loading=\"lazy\" decoding=\"async\" class=\"alignnone size-medium wp-image-3807\" src=\"http:\/\/www.circo212.org.mx\/circo2\/wp-content\/uploads\/2015\/12\/Los-inicios-de-la-era-de-acuario_2-300x167.jpg\" alt=\"Los inicios de la era de acuario_2\" width=\"300\" height=\"167\" srcset=\"https:\/\/circo212.org.mx\/circo2\/wp-content\/uploads\/2015\/12\/Los-inicios-de-la-era-de-acuario_2-300x167.jpg 300w, https:\/\/circo212.org.mx\/circo2\/wp-content\/uploads\/2015\/12\/Los-inicios-de-la-era-de-acuario_2.jpg 900w\" sizes=\"auto, (max-width: 300px) 100vw, 300px\" \/><\/a><\/p>\n<p><span style=\"color: #000000;\"><strong>Los inicios de la era de acuario<\/strong><br \/>\n<\/span><span style=\"color: #000000;\">Dir. Zemmoa \/\u00a0<\/span><span style=\"color: #000000;\">M\u00e9xico \/\u00a0<\/span><span style=\"color: #000000;\">2013 \/<\/span><span style=\"color: #000000;\">\u00a060 min.<\/span><\/p>\n<p style=\"text-align: justify;\"><span style=\"color: #000000;\">Este documental narra los inicios de la carrera de Zemmoa \u2014quien ha logrado posicionarse como uno de los talentos m\u00e1s prometedores e interesantes en M\u00e9xico\u2014 con entrevistas de personas claves en su vida, al mismo tiempo nos sumergimos en la primera versi\u00f3n del concierto La era de Acuario, show que acompa\u00f1\u00f3 la presentaci\u00f3n de su disco debut Puro desamor en el Cine Tonal\u00e1. La diversidad de talentos de Zemmoa ha vuelto imprescindible su presencia en las principales citas con el arte, el cine y la moda.<\/span><\/p>\n<h4><span style=\"color: #000000;\">Jueves 17 de diciembre -19:00 hrs. &#8211;\u00a0<\/span><span style=\"color: #000000;\">Museo de Arte Carrillo Gil<\/span><\/h4>\n<p><a href=\"http:\/\/www.circo212.org.mx\/circo2\/wp-content\/uploads\/2015\/12\/La-mitad-del-mundo-_2.jpg\"><img loading=\"lazy\" decoding=\"async\" class=\"alignnone size-medium wp-image-3809\" src=\"http:\/\/www.circo212.org.mx\/circo2\/wp-content\/uploads\/2015\/12\/La-mitad-del-mundo-_2-300x225.jpg\" alt=\"La mitad del mundo _2\" width=\"300\" height=\"225\" srcset=\"https:\/\/circo212.org.mx\/circo2\/wp-content\/uploads\/2015\/12\/La-mitad-del-mundo-_2-300x225.jpg 300w, https:\/\/circo212.org.mx\/circo2\/wp-content\/uploads\/2015\/12\/La-mitad-del-mundo-_2.jpg 480w\" sizes=\"auto, (max-width: 300px) 100vw, 300px\" \/><\/a><\/p>\n<p><span style=\"color: #000000;\"><strong>La mitad del mundo<\/strong><br \/>\n<\/span><span style=\"color: #000000;\">Dir.\u00a0Jaime Ruiz Ib\u00e1\u00f1ez \/\u00a0<\/span><span style=\"color: #000000;\">M\u00e9xico \/<\/span><span style=\"color: #000000;\">\u00a02009 \/<\/span><span style=\"color: #000000;\">\u00a092 min.<\/span><\/p>\n<p style=\"text-align: justify;\"><span style=\"color: #000000;\">\u2028La historia del despertar sexual de Mingo, un joven con cierto retraso mental, carism\u00e1tico y poeta fantasioso. Su nueva condici\u00f3n de amante, le traer\u00e1 popularidad y tambi\u00e9n problemas: pondr\u00e1 al descubierto los prejuicios y la falsa moral de un pueblo enceguecido.<\/span><\/p>\n<h4><span style=\"color: #000000;\">Viernes 18 de diciembre &#8211;\u00a018:00 hrs. &#8211;\u00a0<\/span><span style=\"color: #000000;\">Museo de Arte Carrillo Gil<\/span><\/h4>\n<p><a href=\"http:\/\/www.circo212.org.mx\/circo2\/wp-content\/uploads\/2015\/12\/trasito.jpg\"><img loading=\"lazy\" decoding=\"async\" class=\"alignnone size-medium wp-image-3810\" src=\"http:\/\/www.circo212.org.mx\/circo2\/wp-content\/uploads\/2015\/12\/trasito-300x168.jpg\" alt=\"trasito\" width=\"300\" height=\"168\" \/><\/a><\/p>\n<p><span style=\"color: #000000;\"><strong>Transito<\/strong><br \/>\n<\/span><span style=\"color: #000000;\">Dir.\u00a0Jos\u00e9 Antonio Hern\u00e1ndez \/<\/span><span style=\"color: #000000;\">\u00a0M\u00e9xico \/\u00a0<\/span><span style=\"color: #000000;\">2014 \/<\/span><span style=\"color: #000000;\">\u00a075 min.<\/span><\/p>\n<p style=\"text-align: justify;\"><span style=\"color: #000000;\">Transito es el diario f\u00edlmico del director acerca de un viaje cuya despedida qued\u00f3 marcada por los conflictos sociales de la ciudad de M\u00e9xico. La primera parada es Barcelona, donde retrata su condici\u00f3n de inmigrante y desfila el desarraigo, la perdida de identidad y la crisis econ\u00f3mica espa\u00f1ola. Eso se convertir\u00e1 en motivo de una nueva huida a Marruecos para investigar un caso de injusticia. Despu\u00e9s vendr\u00eda Rusia y las nuevas ilusiones del amor, para despu\u00e9s partir al desierto del Sahara, los confusos sue\u00f1os y caminos sin retorno. Lo personal es lo m\u00e1s pol\u00edtico, comenzando con las cartas de amor.<\/span><\/p>\n<h4><span style=\"color: #000000;\">Domingo\u00a020 de diciembre -13:00 hrs. &#8211;\u00a0<\/span><span style=\"color: #000000;\">Museo de Arte Carrillo Gil<\/span><\/h4>\n<p><a href=\"http:\/\/www.circo212.org.mx\/circo2\/wp-content\/uploads\/2015\/12\/Las-buenas-hierbas-_3.jpg\"><img loading=\"lazy\" decoding=\"async\" class=\"alignnone size-full wp-image-3808\" src=\"http:\/\/www.circo212.org.mx\/circo2\/wp-content\/uploads\/2015\/12\/Las-buenas-hierbas-_3.jpg\" alt=\"Las buenas hierbas _3\" width=\"299\" height=\"168\" \/><\/a><\/p>\n<p><span style=\"color: #000000;\"><strong>Las buenas hierbas<br \/>\n<\/strong>Dir. Mar\u00eda Novaro \/\u00a0M\u00e9xico \/\u00a02010 \/\u00a0120 min.<\/span><\/p>\n<p><span style=\"color: #000000;\">Dalia vive con su peque\u00f1o hijo Cosmo, separada del marido, trabaja\u00a0en una estaci\u00f3n de radio alternativa y recibe ayuda econ\u00f3mica de su padre.<\/span><br \/>\n<span style=\"color: #000000;\">Su vida cambia cuando tiene que confrontar la enfermedad de un Alzheimer\u00a0prematuro que le diagnostican a su madre, bi\u00f3loga etnobot\u00e1nica que labora\u00a0en el Jard\u00edn Bot\u00e1nico de la UNAM. Las buenas hierbas es un relato sobre la\u00a0qu\u00edmica del cerebro, la qu\u00edmica de las plantas y de las emociones humanas.<\/span><\/p>\n<h4 style=\"text-align: justify;\"><span style=\"color: #000000;\">Martes 22 de diciembre &#8211;\u00a020:00 hrs. &#8211;\u00a0<\/span><span style=\"color: #000000;\">Museo de Arte Carrillo Gil<\/span><\/h4>\n<p><a href=\"http:\/\/www.circo212.org.mx\/circo2\/wp-content\/uploads\/2015\/12\/Aimee.jpg\"><img loading=\"lazy\" decoding=\"async\" class=\"alignnone size-medium wp-image-3811\" src=\"http:\/\/www.circo212.org.mx\/circo2\/wp-content\/uploads\/2015\/12\/Aimee-300x168.jpg\" alt=\"Aimee\" width=\"300\" height=\"168\" \/><\/a><\/p>\n<p><strong><span style=\"color: #000000;\">Aimee<br \/>\n<\/span><\/strong><span style=\"color: #000000;\">Dir.\u00a0Oscar Pichardo Isaak \/\u00a074 min. \/\u00a0M\u00e9xico \/\u00a02015<\/span><\/p>\n<p style=\"text-align: justify;\"><span style=\"color: #000000;\">Un hombre escucha una voz que le impide que asesine a una mujer que haya amado en su pasado. La pel\u00edcula retrata el amor psic\u00f3tico que siente por su delirio. Recordar\u00e1 a las mujeres de su vida, para despu\u00e9s encontrarse a una mujer que vigila desde lejos.<\/span><\/p>\n<p><span style=\"color: #000000;\"><div class=\"toggle-wrap\">\r\n            <span class=\"trigger\"><a href=\"#\">Ciclos Anteriores<\/a><\/span>\r\n            <div class=\"toggle-container\"><\/span><\/p>\n<h1 style=\"text-align: center;\"><span style=\"color: #000000;\">VISOR <\/span><\/h1>\n<p>&nbsp;<\/p>\n<h1 style=\"text-align: center;\"><span style=\"color: #000000;\">en <\/span><\/h1>\n<p>&nbsp;<br \/>\n&nbsp;<\/p>\n<p style=\"text-align: justify;\"><span style=\"color: #000000;\">El Festival \u201cVISOR. Mes del Cine Documental Franc\u00e9s &#8211; Focus M\u00e9xico\u201d nace en 2014, con el objetivo de crear un intercambio cultural entre Francia y M\u00e9xico a trav\u00e9s de la difusi\u00f3n y promoci\u00f3n del cine documental mexicano y franc\u00e9s. VISOR se inscribe en la manifestaci\u00f3n internacional \u201cMes del documental\u201d, que organiza la asociaci\u00f3n francesa Im\u00e1genes en Bibliotecas (Images en Biblioth\u00e8ques) que pretende expandir los espacios de difusi\u00f3n del g\u00e9nero documental.<\/span><\/p>\n<p style=\"text-align: justify;\"><span style=\"color: #000000;\">\u201cVISOR. Mes del Cine Documental Franc\u00e9s &#8211; Focus M\u00e9xico\u201d se lleva a cabo en la capital y tiene una itinerancia en otros Estados de la Rep\u00fablica, en cines y centros culturales de los estados de: Oaxaca, Baja California, Yucat\u00e1n, Nuevo Le\u00f3n y Morelos. Simult\u00e1neamente organiza en Par\u00eds, Francia, el Festival \u201cVISEUR: Semana del Cine Documental Mexicano\u201d, dedicado a la difusi\u00f3n y promoci\u00f3n del cine documental nacional.<\/span><\/p>\n<p style=\"text-align: justify;\"><span style=\"color: #000000;\">\u201cVISOR\u201d es as\u00ed el primer festival bilateral de cine entre ambos pa\u00edses y se consolida como una plataforma que difunde y promociona la cultura mexicana, fomenta el intercambio cultural, la formaci\u00f3n de p\u00fablico y el des- cubrimiento de nuevas cinematograf\u00edas y universos. Esta iniciativa apoya la exhibici\u00f3n de pel\u00edculas de calidad con un particular sello de autor, muchas veces in\u00e9ditas en el pa\u00eds o con poca difusi\u00f3n en M\u00e9xico y genera una manifestaci\u00f3n cultural cinematogr\u00e1fica que acerca el cine a la ciudadan\u00eda.<\/span><\/p>\n<p style=\"text-align: justify;\"><span style=\"color: #000000;\">\u201cVISOR. Mes del Cine Documental Franc\u00e9s &#8211; Focus M\u00e9xico\u201d es una muestra que propone una selecci\u00f3n de 5 pel\u00edculas documentales mexicanas y de 12 documentales franceses o coproducidos con Francia. Las pel\u00edculas se agrupan en tres programas tem\u00e1ticos: Alteridades, Juventudes y Quiebres con coproducciones francesas y en un Focus M\u00e9xico, con producciones nacionales.<\/span><\/p>\n<p style=\"text-align: justify;\"><span style=\"color: #000000;\">Estos 4 programas nos permiten ahondar en problem\u00e1ticas universales e historias nacionales que susciten el inter\u00e9s del p\u00fablico mexicano.<\/span><\/p>\n<p style=\"text-align: justify;\"><span style=\"color: #000000;\">En Cineclub Revoluci\u00f3n presentaremos el programa QUIEBRES:<\/span><\/p>\n<p style=\"text-align: justify;\"><span style=\"color: #000000;\">Toda vida en sociedad implica di\u00e1logo, convivencia, transgresi\u00f3n, defensa. Hoy, nuevas formas de organizaci\u00f3n logran tener cabida, intentando prevalecer la libertad, pero tambi\u00e9n rompiendo con lo preestablecido. En todas las escenas, mantener el equilibrio social nunca es f\u00e1cil; las posibilidades son m\u00faltiples. Argentina, Brasil, Egipto, Rusia, diversos universos donde el ser humano se confronta a la organizaci\u00f3n laboral, a la vida en comunidad, al poder, a falsas democracias.<\/span><\/p>\n<p style=\"text-align: center;\"><span style=\"color: #000000;\">Los esperamos los martes de noviembre en el auditorio del Museo de Arte Carrillo Gil\u00a0 para las siguientes funciones gratuitas:<\/span><\/p>\n<h3 style=\"text-align: justify;\"><span style=\"color: #000000;\">Martes 3 de noviembre \u2013 20:00 hrs.<\/span><\/h3>\n<p style=\"text-align: justify;\"><a href=\"http:\/\/www.circo212.org.mx\/circo2\/wp-content\/uploads\/2015\/10\/sangre-de-mi-sangre4.jpg\"><img loading=\"lazy\" decoding=\"async\" class=\"alignnone size-medium wp-image-3767\" src=\"http:\/\/www.circo212.org.mx\/circo2\/wp-content\/uploads\/2015\/10\/sangre-de-mi-sangre4-300x134.jpg\" alt=\"sangre de mi sangre4\" width=\"300\" height=\"134\" srcset=\"https:\/\/circo212.org.mx\/circo2\/wp-content\/uploads\/2015\/10\/sangre-de-mi-sangre4-300x134.jpg 300w, https:\/\/circo212.org.mx\/circo2\/wp-content\/uploads\/2015\/10\/sangre-de-mi-sangre4.jpg 610w\" sizes=\"auto, (max-width: 300px) 100vw, 300px\" \/><br \/>\n<\/a><strong><span style=\"color: #000000;\">Sangre de mi sangre<\/span><\/strong><br \/>\n<span style=\"color: #000000;\"> Dir. J\u00e9r\u00e9mie Reichenbagh \/ Francia-Argentina \/ 2014 \/ 77 min.<\/span><\/p>\n<p style=\"text-align: justify;\"><span style=\"color: #000000;\">En Argentina, Tato vive rodeado por\u2028su madre, su abuela y sus t\u00edos. A los\u202820 a\u00f1os descubre el trabajo en el matadero. Sin patr\u00f3n, gestionado por\u2028los trabajadores, el recinto acoge los animales y las discusiones calurosas de los obreros. Una historia de familia, de trabajo, de la lucha y de la vida divertida, conmovedora y estrepitosa de una nueva generaci\u00f3n.<\/span><\/p>\n<h3 style=\"text-align: justify;\"><span style=\"color: #000000;\">Martes 10 de noviembre \u2013 20:00 hrs.<\/span><\/h3>\n<p style=\"text-align: justify;\"><a href=\"http:\/\/www.circo212.org.mx\/circo2\/wp-content\/uploads\/2015\/10\/tierras-altas-2.jpg\"><img loading=\"lazy\" decoding=\"async\" class=\"alignnone size-full wp-image-3768\" src=\"http:\/\/www.circo212.org.mx\/circo2\/wp-content\/uploads\/2015\/10\/tierras-altas-2.jpg\" alt=\"tierras altas 2\" width=\"280\" height=\"157\" \/><br \/>\n<\/a><strong><span style=\"color: #000000;\">Tierras Altas<\/span><\/strong><br \/>\n<span style=\"color: #000000;\"> Dir. Marie Peirre Br\u00eatas \/ Francia \u2013 Brasil \/ 2014 \/ 87 min.<\/span><\/p>\n<p style=\"text-align: justify;\"><span style=\"color: #000000;\">En el Nordeste de Brasil, varias familias campesinas obtienen una propiedad luego de haber pasado 4 a\u00f1os luchando con el apoyo del sindicato de los \u0308sin tierra \u0308. Una vez empoderados, deber\u00e1n confrontarse a la gesti\u00f3n colectiva y a la construcci\u00f3n de un sistema de representaci\u00f3n, tarea que parece ser aun m\u00e1s dif\u00edcil.<\/span><\/p>\n<h3 style=\"text-align: justify;\"><span style=\"color: #000000;\">Martes 17 de noviembre \u2013 20:00 hrs.<\/span><\/h3>\n<p style=\"text-align: justify;\"><a href=\"http:\/\/www.circo212.org.mx\/circo2\/wp-content\/uploads\/2015\/10\/yo-soy-el-pueblo2.jpg\"><img loading=\"lazy\" decoding=\"async\" class=\"alignnone size-medium wp-image-3769\" src=\"http:\/\/www.circo212.org.mx\/circo2\/wp-content\/uploads\/2015\/10\/yo-soy-el-pueblo2-300x169.jpg\" alt=\"yo soy el pueblo2\" width=\"300\" height=\"169\" srcset=\"https:\/\/circo212.org.mx\/circo2\/wp-content\/uploads\/2015\/10\/yo-soy-el-pueblo2-300x169.jpg 300w, https:\/\/circo212.org.mx\/circo2\/wp-content\/uploads\/2015\/10\/yo-soy-el-pueblo2-1024x576.jpg 1024w, https:\/\/circo212.org.mx\/circo2\/wp-content\/uploads\/2015\/10\/yo-soy-el-pueblo2.jpg 1500w\" sizes=\"auto, (max-width: 300px) 100vw, 300px\" \/><\/a><br \/>\n<strong><span style=\"color: #000000;\"> Yo soy el pueblo<\/span><\/strong><br \/>\n<span style=\"color: #000000;\"> Dir. Anna Roussillon \/ Francia-Egipto \/ 2014 \/ 111 min.<\/span><\/p>\n<p style=\"text-align: justify;\"><span style=\"color: #000000;\">En Enero 2011 explotan en Egipto las manifestaciones antigubernamentales. Miles de personas se reagrupan en las calles de El Cairo mientras que otros siguen la revuelta a trav\u00e9s de sus pantallas de televisi\u00f3n. Desde la salida del presidente Moubarak hasta la elecci\u00f3n de Mohamed Morsi, entre esperanza y decepci\u00f3n, el cambio total se hace esperar.<\/span><\/p>\n<h3 style=\"text-align: justify;\"><span style=\"color: #000000;\">Martes 24 de noviembre \u2013 20:00 hrs.<\/span><\/h3>\n<p><a href=\"http:\/\/www.circo212.org.mx\/circo2\/wp-content\/uploads\/2015\/10\/las-almas-latentes.jpg\"><img loading=\"lazy\" decoding=\"async\" class=\"alignnone size-medium wp-image-3770\" src=\"http:\/\/www.circo212.org.mx\/circo2\/wp-content\/uploads\/2015\/10\/las-almas-latentes-283x300.jpg\" alt=\"las almas latentes\" width=\"283\" height=\"300\" srcset=\"https:\/\/circo212.org.mx\/circo2\/wp-content\/uploads\/2015\/10\/las-almas-latentes-283x300.jpg 283w, https:\/\/circo212.org.mx\/circo2\/wp-content\/uploads\/2015\/10\/las-almas-latentes.jpg 600w\" sizes=\"auto, (max-width: 283px) 100vw, 283px\" \/><br \/>\n<\/a><strong><span style=\"color: #000000;\">Las almas latentes<\/span><\/strong><br \/>\n<span style=\"color: #000000;\"> Dir. Alexandres Abaturov Francia \/ 2013 \/ 52 min.<\/span><\/p>\n<p style=\"text-align: justify;\"><span style=\"color: #000000;\">En un refugio en las lejos de Mosc\u00fa, los residentes se cruzan en las escaleras, renuentes a hablar sobre la actual campa\u00f1a para la elecci\u00f3n del pr\u00f3ximo presidente. Afuera, la ciudad vive al ritmo del fr\u00edo, s\u00f3lo el sonido de la radio se hace eco de las manifestaciones antigubernamentales en la capital. Estas im\u00e1genes de un pueblo se mezclan con las de los activistas pro Putin.<\/span><\/p>\n<h3 style=\"text-align: justify;\"><\/h3>\n<h1 style=\"text-align: center;\"><strong><span style=\"color: #000000;\">Ciclo de cine franc\u00e9s <\/span><\/strong><\/h1>\n<h1><strong>\u00a0<\/strong><\/h1>\n<h2 style=\"text-align: center;\"><strong><span style=\"color: #000000;\">en <\/span><\/strong><\/h2>\n<h1><\/h1>\n<p>&nbsp;<\/p>\n<h1 style=\"text-align: center;\"><strong><span style=\"color: #000000;\">Cineclub Revoluci\u00f3n<\/span><\/strong><\/h1>\n<p>&nbsp;<\/p>\n<h4 style=\"text-align: center;\"><span style=\"color: #000000;\">Del 29 de septiembre al 3\u00a0de\u00a0noviembre<\/span><\/h4>\n<p>&nbsp;<\/p>\n<h4><\/h4>\n<p style=\"text-align: justify;\"><span style=\"color: #000000;\">Cineclub Revoluci\u00f3n, espacio dise\u00f1ado por Circo 2.12 que se lleva a cabo en el auditorio del Museo de Arte Carrillo Gil\u00a0(Av. Revoluci\u00f3n 1608, San \u00c1ngel, Ciudad de M\u00e9xico), retoma sus funciones este 22 de septiembre del a\u00f1o 2015.<\/span><\/p>\n<p style=\"text-align: justify;\"><span style=\"color: #000000;\">Despu\u00e9s de algunos meses de suspender actividades, este espacio de reflexi\u00f3n cinematogr\u00e1fica retoma su programaci\u00f3n de cine de autor con un ciclo al cine franc\u00e9s, gracias al apoyo de la nueva plataforma para cine de arte\u00a0llamada Cinema Uno.<\/span><\/p>\n<p style=\"text-align: center;\"><span style=\"color: #000000;\">Los esperamos los martes a las 20:00 hrs.<\/span><\/p>\n<h3><\/h3>\n<h3><span style=\"color: #000000;\">Martes 29 de septiembre &#8211; 20:00 hrs.<\/span><\/h3>\n<p><span style=\"color: #000000;\"><a style=\"color: #000000;\" href=\"http:\/\/www.circo212.org.mx\/circo2\/wp-content\/uploads\/2012\/02\/13778-B.jpg\"><img loading=\"lazy\" decoding=\"async\" class=\"alignnone size-medium wp-image-3609\" src=\"http:\/\/www.circo212.org.mx\/circo2\/wp-content\/uploads\/2012\/02\/13778-B-300x155.jpg\" alt=\"13778-B\" width=\"300\" height=\"155\" srcset=\"https:\/\/circo212.org.mx\/circo2\/wp-content\/uploads\/2012\/02\/13778-B-300x155.jpg 300w, https:\/\/circo212.org.mx\/circo2\/wp-content\/uploads\/2012\/02\/13778-B.jpg 450w\" sizes=\"auto, (max-width: 300px) 100vw, 300px\" \/><\/a><\/span><\/p>\n<p><span style=\"color: #000000;\"><strong>Encuentros despu\u00e9s de la medianoche<br \/>\n<\/strong>Yann Gonz\u00e1lez | Francia | 2013 | 91\u00b4<\/span><\/p>\n<p><span style=\"color: #000000;\">Es medianoche, una joven pareja y su sirvienta travesti se preparan para recibir a los asistentes de la org\u00eda que organizan. Los invitados cumplen una serie de clich\u00e9s, a la reuni\u00f3n asistir\u00e1n: La Perra, La Estrella, El Semental y El Adolescente. Todo est\u00e1 permitido, s\u00f3lo hay una \u00fanica condici\u00f3n, conocerse antes de pasar a la acci\u00f3n.<\/span><\/p>\n<h3><span style=\"color: #000000;\">Martes 6 de octubre &#8211; 20:00 hrs.<\/span><\/h3>\n<p><span style=\"color: #000000;\"><a style=\"color: #000000;\" href=\"http:\/\/www.circo212.org.mx\/circo2\/wp-content\/uploads\/2012\/02\/foto-polisse.jpg\"><img loading=\"lazy\" decoding=\"async\" class=\"alignnone size-medium wp-image-3610\" src=\"http:\/\/www.circo212.org.mx\/circo2\/wp-content\/uploads\/2012\/02\/foto-polisse-300x200.jpg\" alt=\"foto-polisse\" width=\"300\" height=\"200\" srcset=\"https:\/\/circo212.org.mx\/circo2\/wp-content\/uploads\/2012\/02\/foto-polisse-300x200.jpg 300w, https:\/\/circo212.org.mx\/circo2\/wp-content\/uploads\/2012\/02\/foto-polisse.jpg 603w\" sizes=\"auto, (max-width: 300px) 100vw, 300px\" \/><\/a><\/span><\/p>\n<p><span style=\"color: #000000;\"><strong>Polisse<br \/>\n<\/strong>Ma\u00efwenn | Francia | 2011 | 127\u00b4<\/span><\/p>\n<p><span style=\"color: #000000;\">En la Unidad Infantil del Departamento de Polic\u00eda de Par\u00eds la realidad diaria es m\u00e1s dura que en cualquier otro lugar: desde los abusos a menores hasta las agresiones, pasando por la delincuencia casi obligada. All\u00ed, las vidas de Fred, un rebelde, y Melissa, una fot\u00f3grafa que colabora con el departamento, se cruzar\u00e1n para ense\u00f1arles a ambos c\u00f3mo compaginar semejantes situaciones con su propio d\u00eda a d\u00eda.<\/span><\/p>\n<h3><span style=\"color: #000000;\">Martes 13 de octubre &#8211; 20:00 hrs.<\/span><\/h3>\n<p><span style=\"color: #000000;\"><a style=\"color: #000000;\" href=\"http:\/\/www.circo212.org.mx\/circo2\/wp-content\/uploads\/2012\/02\/un-amor-loco1.jpg\"><img loading=\"lazy\" decoding=\"async\" class=\"alignnone size-medium wp-image-3611\" src=\"http:\/\/www.circo212.org.mx\/circo2\/wp-content\/uploads\/2012\/02\/un-amor-loco1-300x184.jpg\" alt=\"un-amor-loco1\" width=\"300\" height=\"184\" srcset=\"https:\/\/circo212.org.mx\/circo2\/wp-content\/uploads\/2012\/02\/un-amor-loco1-300x184.jpg 300w, https:\/\/circo212.org.mx\/circo2\/wp-content\/uploads\/2012\/02\/un-amor-loco1.jpg 680w\" sizes=\"auto, (max-width: 300px) 100vw, 300px\" \/><\/a><\/span><\/p>\n<p><span style=\"color: #000000;\"><strong>Un loco amor<br \/>\n<\/strong>Pierre Thoretton | Francia | 2010 | 98\u00b4<\/span><\/p>\n<p><span style=\"color: #000000;\">Documental sobre la relaci\u00f3n entre el modisto Yves Saint Laurent y Pierre Berg\u00e9.<\/span><\/p>\n<h3><span style=\"color: #000000;\">Martes 20 de octubre &#8211; 20:00 hrs.<\/span><\/h3>\n<h3><span style=\"color: #000000;\"><a style=\"color: #000000;\" href=\"http:\/\/www.circo212.org.mx\/circo2\/wp-content\/uploads\/2012\/02\/El-Refugio.jpg\"><img loading=\"lazy\" decoding=\"async\" class=\"alignnone size-medium wp-image-3612\" src=\"http:\/\/www.circo212.org.mx\/circo2\/wp-content\/uploads\/2012\/02\/El-Refugio-300x251.jpg\" alt=\"El Refugio\" width=\"300\" height=\"251\" srcset=\"https:\/\/circo212.org.mx\/circo2\/wp-content\/uploads\/2012\/02\/El-Refugio-300x251.jpg 300w, https:\/\/circo212.org.mx\/circo2\/wp-content\/uploads\/2012\/02\/El-Refugio.jpg 401w\" sizes=\"auto, (max-width: 300px) 100vw, 300px\" \/><\/a><\/span><\/h3>\n<p><span style=\"color: #000000;\"><strong>El Refugio<br \/>\n<\/strong>Fran\u00e7ois Ozon | Francia | 2009 | 84\u00b4<\/span><\/p>\n<p><span style=\"color: #000000;\">Mousse (Isabelle Carr\u00e9) y Louis (Melvil Poupaud) son dos j\u00f3venes parisinos guapos, ricos y enamorados. Pero las drogas dominan su vida y un d\u00eda Louis muere de una sobredosis. Poco despu\u00e9s, Mousse se da cuenta de que est\u00e1 embarazada y, aturdida, se refugia en una casa lejos de Par\u00eds. Unos meses m\u00e1s tarde, el hermano de Louis se re\u00fane con ella para ayudarla y revelarle un secreto.<\/span><\/p>\n<h3><span style=\"color: #000000;\">Martes 27 de octubre &#8211; 20:00 hrs.<\/span><\/h3>\n<p><span style=\"color: #000000;\"><a style=\"color: #000000;\" href=\"http:\/\/www.circo212.org.mx\/circo2\/wp-content\/uploads\/2012\/02\/mood-indigo-trailer.jpg\"><img loading=\"lazy\" decoding=\"async\" class=\"alignnone size-medium wp-image-3613\" src=\"http:\/\/www.circo212.org.mx\/circo2\/wp-content\/uploads\/2012\/02\/mood-indigo-trailer-300x200.jpg\" alt=\"mood-indigo-trailer\" width=\"300\" height=\"200\" srcset=\"https:\/\/circo212.org.mx\/circo2\/wp-content\/uploads\/2012\/02\/mood-indigo-trailer-300x200.jpg 300w, https:\/\/circo212.org.mx\/circo2\/wp-content\/uploads\/2012\/02\/mood-indigo-trailer-1024x683.jpg 1024w, https:\/\/circo212.org.mx\/circo2\/wp-content\/uploads\/2012\/02\/mood-indigo-trailer.jpg 1969w\" sizes=\"auto, (max-width: 300px) 100vw, 300px\" \/><\/a><\/span><\/p>\n<p><span style=\"color: #000000;\"><strong>Amor \u00cdndigo<\/strong><\/span><br \/>\n<span style=\"color: #000000;\">Michel Gondry | Francia | 2013 | 125\u00b4<\/span><\/p>\n<p><span style=\"color: #000000;\">La nueva pel\u00edcula del aclamado director de \u00abEterno Resplandor de una Mente sin Recuerdos\u00bb narra la rom\u00e1ntica y m\u00e1gica historia de Chloe, una mujer que sufre de una enfermedad poco com\u00fan, causada por un lirio que crece en sus pulmones. Su enamorado, un ingenioso inventor llamado Colin har\u00e1 hasta lo imposible por encontrar la cura. Una profunda historia sobre el compromiso, el amor y la p\u00e9rdida.<\/span><\/p>\n<h3><\/h3>\n<h1 style=\"text-align: center;\"><span style=\"color: #000000;\">PASAJES DE CINE<\/span><\/h1>\n<p>&nbsp;<\/p>\n<p style=\"text-align: justify;\"><span style=\"color: #000000;\">Pasajes de Cine nace en el a\u00f1o 2013, en Madrid, Espa\u00f1a. Es un proyecto que busca dar un lugar f\u00edsico y cercano a la proyecci\u00f3n de pel\u00edculas con un inter\u00e9s art\u00edstico y cultural en el panorama contempor\u00e1neo, favoreciendo la difusi\u00f3n de unas obras que suelen tener un corto o nulo recorrido en salas m\u00e1s all\u00e1 de los festivales\u00a0internacionales.<\/span><\/p>\n<p style=\"text-align: justify;\"><span style=\"color: #000000;\">Pasajes de Cine se une a los esfuerzos de muchas plataformas independientes que est\u00e1n promoviendo on-line este tipo de cine, a los festivales de cine y otras instituciones art\u00edsticas de mayor tama\u00f1o que programan pel\u00edculas comprometidas con los valores art\u00edsticos de\u00a0nuestros d\u00edas.<\/span><\/p>\n<p style=\"text-align: center;\"><span style=\"color: #000000;\">Gracias a Circo 2.12, la programaci\u00f3n de Pasajes de Cine llega a Cineclub Revoluci\u00f3n, con un ciclo de 5 sesiones en el que se muestra el trabajo de 5 cineastas espa\u00f1oles contempor\u00e1neos.<\/span><\/p>\n<p style=\"text-align: center;\"><span style=\"color: #000000;\"> Los esperamos todos los martes a las 20:00 horas en el auditorio del Museo de Arte Carrillo Gil.<\/span><\/p>\n<h3 style=\"text-align: left;\"><span style=\"color: #000000;\"><strong>Martes 10 de febrero &#8211; 20:00 h<\/strong><\/span><\/h3>\n<p style=\"text-align: left;\"><span style=\"color: #000000;\"><strong>Salom\u00e9 Lamas<\/strong><\/span><\/p>\n<p style=\"text-align: justify;\"><span style=\"color: #000000;\"><strong><a style=\"color: #000000;\" href=\"http:\/\/www.circo212.org.mx\/circo2\/wp-content\/uploads\/2012\/02\/Encounters_Salom\u00e9-Lamas.png\"><img loading=\"lazy\" decoding=\"async\" class=\"alignnone size-medium wp-image-3335\" src=\"http:\/\/www.circo212.org.mx\/circo2\/wp-content\/uploads\/2012\/02\/Encounters_Salom\u00e9-Lamas-300x187.png\" alt=\"Encounters_Salom\u00e9 Lamas\" width=\"300\" height=\"187\" srcset=\"https:\/\/circo212.org.mx\/circo2\/wp-content\/uploads\/2012\/02\/Encounters_Salom\u00e9-Lamas-300x187.png 300w, https:\/\/circo212.org.mx\/circo2\/wp-content\/uploads\/2012\/02\/Encounters_Salom\u00e9-Lamas.png 640w\" sizes=\"auto, (max-width: 300px) 100vw, 300px\" \/><\/a><\/strong><\/span><\/p>\n<p><span style=\"color: #000000;\"><strong>&#8211; <\/strong><strong><em>Encounters with Landscapes <\/em><\/strong><strong><em>3x<\/em><\/strong><\/span><\/p>\n<p><span style=\"color: #000000;\">A\u00f1o: 2012<\/span><\/p>\n<p><span style=\"color: #000000;\">Duraci\u00f3n: 29&#8242;<\/span><\/p>\n<p style=\"text-align: justify;\"><span style=\"color: #000000;\">En el contexto natural de una isla de las Azores,\u00a0<em>Encounters with Landscapes 3x<\/em>\u00a0es una reflexi\u00f3n sobre el esfuerzo, la fuerza y los retos personales, aquellos momentos en los que una persona define sus propios l\u00edmites o encuentra su propia finitud. Partiendo de la idea de sublime descrita por Kant, Salom\u00e9 Lamas realiza este v\u00eddeo en el que pone a prueba el propio f\u00edsico con la intenci\u00f3n de derrotarlo y acabar as\u00ed con la medida humana. Esto le servir\u00e1 para intentar comprender el cuerpo, que en el pensamiento Kantiano aparece como medida de la est\u00e9tica. S\u00f3lo llegando a la idea de finitud del propio cuerpo se puede alcanzar lo sublime.<\/span><br \/>\n<span style=\"color: #000000;\"> La obra desarrolla estas ideas primero a trav\u00e9s de la imagen y m\u00e1s tarde a trav\u00e9s del sonido, que en la segunda parte de la pel\u00edcula se convierte en el principal contenedor de la idea de esfuerzo, dificultad, posibilidad e imposibilidad y finalmente de la idea de l\u00edmite.\u00a0<\/span><\/p>\n<p><span style=\"color: #000000;\"><a style=\"color: #000000;\" href=\"http:\/\/www.circo212.org.mx\/circo2\/wp-content\/uploads\/2012\/02\/VHS_Salom\u00e9-Lamas.png\"><img loading=\"lazy\" decoding=\"async\" class=\"alignnone size-medium wp-image-3334\" src=\"http:\/\/www.circo212.org.mx\/circo2\/wp-content\/uploads\/2012\/02\/VHS_Salom\u00e9-Lamas-300x187.png\" alt=\"VHS_Salom\u00e9 Lamas\" width=\"300\" height=\"187\" srcset=\"https:\/\/circo212.org.mx\/circo2\/wp-content\/uploads\/2012\/02\/VHS_Salom\u00e9-Lamas-300x187.png 300w, https:\/\/circo212.org.mx\/circo2\/wp-content\/uploads\/2012\/02\/VHS_Salom\u00e9-Lamas.png 640w\" sizes=\"auto, (max-width: 300px) 100vw, 300px\" \/><\/a><\/span><\/p>\n<p><span style=\"color: #000000;\"><em>&#8211; <strong>VHS. Video Home System<\/strong><\/em><\/span><\/p>\n<p><span style=\"color: #000000;\">A\u00f1os: 2010\/2012<\/span><\/p>\n<p><span style=\"color: #000000;\">Duraci\u00f3n: 39&#8242;<\/span><\/p>\n<p style=\"text-align: justify;\"><span style=\"color: #000000;\">Salom\u00e9 Lamas rescata un ejercicio que su madre realiz\u00f3 en VHS para la escuela, en el que se ve a la propia Salom\u00e9 fingiendo que se queda dormida mientras repite las palabras \u00abtengo sue\u00f1o\u00bb como un mantra. Con este rescate de por medio Salom\u00e9 interroga a su propia madre sobre el hecho de aquel ejercicio y las posibilidades de realizar una acci\u00f3n como quedarse dormida frente a las necesidades reales del cuerpo. A trav\u00e9s de la conversaci\u00f3n que mantienen, la relaci\u00f3n familiar que hay entre ellas aflora, tambi\u00e9n como parte de aquel proyecto que aconteci\u00f3 hace 14 a\u00f1os.<\/span><\/p>\n<p><span style=\"color: #000000;\">Duraci\u00f3n total: 68&#8242;<\/span><\/p>\n<p><span style=\"color: #000000;\"><strong>SALOM\u00c9 LAMAS<\/strong> (Lisboa &#8211; 1987)\u00a0<\/span><\/p>\n<p style=\"text-align: justify;\"><span style=\"color: #000000;\">Ha estudiado cine en Lisboa y Praga, una maestr\u00eda en Bellas Artes en Amsterdam y prepara su doctorado en estudios cinematogr\u00e1ficos en Coimbra. Durante estos a\u00f1os ha estado trabajando sobre im\u00e1genes time-based y ha realizado exhibiciones tanto en espacios de arte como en festivales de cine. En 2012 dirige <em>Encounters with Landscapes 3x<\/em>,\u00a0<em>A comunidade<\/em>\u00a0y\u00a0<em>Terra de nigu\u00e9m<\/em>,\u00a0 pel\u00edcula que se estren\u00f3 internacionalmente en la secci\u00f3n Forum de la Berlinale y que se ha proyectado posteriormente en los festivales MoMA Documentary Fortnight, Vienalle, Documenta Madrid y Fid Marseille entre otros, encontrando distribuci\u00f3n en salas comerciales en Espa\u00f1a, Portugal y Francia. En 2014 Lamas rod\u00f3 su \u00faltimo proyecto producido de nuevo por\u00a0<em>O Som e a Furia<\/em>. El rodaje tuvo lugar en Per\u00fa y est\u00e1 apoyado por los programas de becas DAAD Berliner Kunstler-program y Rockefeller Foundation Bellagio Center.<\/span><\/p>\n<h3><span style=\"color: #000000;\"><strong>Martes 17 de febrero &#8211; 20:00 h<br \/>\n<\/strong><\/span><\/h3>\n<p><span style=\"color: #000000;\"><strong>Mikel Zatarain<\/strong><\/span><br \/>\n<span style=\"color: #000000;\"><strong>\u00a0<a style=\"color: #000000;\" href=\"http:\/\/www.circo212.org.mx\/circo2\/wp-content\/uploads\/2012\/02\/LANBROA.jpg\"><img loading=\"lazy\" decoding=\"async\" class=\"alignnone size-medium wp-image-3336\" src=\"http:\/\/www.circo212.org.mx\/circo2\/wp-content\/uploads\/2012\/02\/LANBROA-300x168.jpg\" alt=\"LANBROA\" width=\"300\" height=\"168\" srcset=\"https:\/\/circo212.org.mx\/circo2\/wp-content\/uploads\/2012\/02\/LANBROA-300x168.jpg 300w, https:\/\/circo212.org.mx\/circo2\/wp-content\/uploads\/2012\/02\/LANBROA.jpg 640w\" sizes=\"auto, (max-width: 300px) 100vw, 300px\" \/><\/a><\/strong><\/span><\/p>\n<p><span style=\"color: #000000;\"><strong><em>&#8211; Lanbroa<\/em><\/strong><\/span><\/p>\n<p><span style=\"color: #000000;\">A\u00f1o: 2011<\/span><\/p>\n<p><span style=\"color: #000000;\">Duraci\u00f3n: 5&#8242;<\/span><\/p>\n<p style=\"text-align: justify;\"><span style=\"color: #000000;\"><em>Lanbroa\u00a0<\/em>es el homenaje a una forma de vida y a una cultura que se encuentran en peligro de extinci\u00f3n. El mundo rural, amenazado por la modernidad, sus leyes y las nuevas formas de producci\u00f3n, parece sin embargo, protegido por la niebla, m\u00e1s eterno y poderoso. \u00a0<\/span><\/p>\n<p><span style=\"color: #000000;\"><a style=\"color: #000000;\" href=\"http:\/\/www.circo212.org.mx\/circo2\/wp-content\/uploads\/2012\/02\/Aztarnak.jpg\"><img loading=\"lazy\" decoding=\"async\" class=\"alignnone size-medium wp-image-3337\" src=\"http:\/\/www.circo212.org.mx\/circo2\/wp-content\/uploads\/2012\/02\/Aztarnak-300x193.jpg\" alt=\"Aztarnak\" width=\"300\" height=\"193\" srcset=\"https:\/\/circo212.org.mx\/circo2\/wp-content\/uploads\/2012\/02\/Aztarnak-300x193.jpg 300w, https:\/\/circo212.org.mx\/circo2\/wp-content\/uploads\/2012\/02\/Aztarnak-1024x659.jpg 1024w, https:\/\/circo212.org.mx\/circo2\/wp-content\/uploads\/2012\/02\/Aztarnak.jpg 1600w\" sizes=\"auto, (max-width: 300px) 100vw, 300px\" \/><\/a><\/span><\/p>\n<p><span style=\"color: #000000;\"><strong><em>&#8211; Aztarnak<\/em><\/strong><strong>\u00a0<\/strong><\/span><\/p>\n<p><span style=\"color: #000000;\">A\u00f1o: 2012<\/span><\/p>\n<p><span style=\"color: #000000;\">Duraci\u00f3n: 28&#8242;<\/span><\/p>\n<p style=\"text-align: justify;\"><span style=\"color: #000000;\">A trav\u00e9s de las fotograf\u00edas privadas de una familia nazi de Berl\u00edn, Zatarain reflexiona sobre las ra\u00edces, la patria o la familia, al mismo tiempo que plantea la dif\u00edcil figura del c\u00f3mplice pasivo frente a los asesinatos pol\u00edticos, haciendo un paralelismo \u00e9tico entre el III Reich y el conflicto vasco.\u00a0<em>Aztarnak<\/em>\u00a0es principalmente una pel\u00edcula sobre al memoria, la manera en que las personas dejan su huella sobre el mundo, la fabulaci\u00f3n en torno a los recuerdos y las diferencias que se dan entre lo que fue, lo que se recuerda y lo que trasciende a la persona.<\/span><\/p>\n<p style=\"text-align: justify;\"><span style=\"color: #000000;\">\u00a0<a style=\"color: #000000;\" href=\"http:\/\/www.circo212.org.mx\/circo2\/wp-content\/uploads\/2012\/02\/BRANKA.jpg\"><img loading=\"lazy\" decoding=\"async\" class=\"alignnone size-medium wp-image-3338\" src=\"http:\/\/www.circo212.org.mx\/circo2\/wp-content\/uploads\/2012\/02\/BRANKA-300x168.jpg\" alt=\"BRANKA\" width=\"300\" height=\"168\" srcset=\"https:\/\/circo212.org.mx\/circo2\/wp-content\/uploads\/2012\/02\/BRANKA-300x168.jpg 300w, https:\/\/circo212.org.mx\/circo2\/wp-content\/uploads\/2012\/02\/BRANKA.jpg 640w\" sizes=\"auto, (max-width: 300px) 100vw, 300px\" \/><\/a><\/span><\/p>\n<p><span style=\"color: #000000;\"><strong><em>&#8211; Branka<\/em><\/strong><\/span><\/p>\n<p><span style=\"color: #000000;\">A\u00f1o: 2013<\/span><\/p>\n<p><span style=\"color: #000000;\">Duraci\u00f3n: 29&#8242;<\/span><\/p>\n<p style=\"text-align: justify;\"><span style=\"color: #000000;\">Branka nos introduce a trav\u00e9s del juego de unos ni\u00f1os en un conflicto ancestral, el del grande frente al peque\u00f1o, el conflicto del de fuera frente al de dentro. Principalmente a trav\u00e9s del sonido se va dibujando poco a poco un mapa de elementos b\u00e1sicos en torno al conflicto vasco. Lo que resulta m\u00e1s inusual es que en este mapa caben todos los elementos, tambi\u00e9n los que se contradicen, los que resultan m\u00e1s controvertidos o los que quiz\u00e1s preferir\u00edamos no ver ni escuchar, pero el planteamiento de Mikel Zatarain, no lejos del riesgo, es el de la construcci\u00f3n de una memoria m\u00faltiple e incluyente que genere un debate como punto de partida necesario para la eliminaci\u00f3n de la violencia. \u00a0<\/span><\/p>\n<p style=\"text-align: justify;\"><span style=\"color: #000000;\"><em>Lanbroa<\/em>\u00a0(2011),\u00a0<em>Aztarnak<\/em>\u00a0(2012) y\u00a0<em>Branka<\/em>\u00a0(2013) son piezas individuales que convergen en numerosos puntos comunes y al verlas en conjunto generan una amplia reflexi\u00f3n sobre los or\u00edgenes, la familia o la convivencia, sin embargo podr\u00edamos decir que las tres son principalmente pel\u00edculas sobre la memoria. La propia, que surge de los recuerdos y de los hechos vividos, en el caso de\u00a0<em>Lanbroa<\/em>\u00a0o la ajena, que se manifiesta a trav\u00e9s de las fotograf\u00edas \u00edntimas de un \u00e1lbum familiar en\u00a0<em>Aztarnak<\/em>. Pero junto a la memoria individual, hay una memoria que se construye colectivamente, esta es la memoria de los pueblos y hacia aqu\u00ed tienden las pel\u00edculas de Mikel Zatarain, exponi\u00e9ndose de manera m\u00e1s evidente en\u00a0<em>Branka\u00a0<\/em>y llevando la tem\u00e1tica a una regi\u00f3n concreta, Euskal Herria. Zatarain utiliza el sonido como recurso expresivo y emocional y lo convierte tambi\u00e9n en el hilo conductor de la narraci\u00f3n, planeando sobre unas im\u00e1genes que m\u00e1s que ser mostradas parecen revelarse frente a nuestros ojos, esforz\u00e1ndose por aparecer o quiz\u00e1s, \u00bfpor qu\u00e9 no? esforz\u00e1ndose en desaparecer, como si fueran recuerdos. Unas im\u00e1genes que\u00a0 parecen desarrollar mecanismos id\u00e9nticos a los que utiliza la memoria.<\/span><\/p>\n<p style=\"text-align: justify;\"><span style=\"color: #000000;\">Duraci\u00f3n total: 62&#8242;<\/span><\/p>\n<p style=\"text-align: justify;\"><span style=\"color: #000000;\"><strong>MIKEL ZATARAIN<\/strong> (Donostia\/San Sebasti\u00e1n &#8211; 1983)<\/span><\/p>\n<p style=\"text-align: justify;\"><span style=\"color: #000000;\">Estudi\u00f3 direcci\u00f3n de cine en Barcelona y continu\u00f3 sus estudios en el Master en\u00a0Documental de Creaci\u00f3n IDEC-UPF. Debut\u00f3 con su primer cortometraje\u00a0<em>Lanbroa<\/em>, dentro de La Regi\u00f3n Central del Festival Punto de Vista.\u00a0Asisti\u00f3 al 10\u00ba. Berlinale Talent Campus donde comparti\u00f3 experiencias y\u00a0distintos puntos de vista con otros 250 j\u00f3venes cineastas de todo el mundo,\u00a0seleccionados entre 4300 candidatos.\u00a0<em>Memoria Haragian<\/em>, breve extracto de\u00a0<em>Aztarnak<\/em>, gana el primer premio en\u00a0Pantalla Historia dentro de la exposici\u00f3n Pantalla Global organizado por CCCB\u00a0y San Telmo\u00a0Museo.<\/span><\/p>\n<h3><span style=\"color: #000000;\"><strong>Martes 24 de febrero &#8211; 20:00 h<\/strong><\/span><\/h3>\n<p><span style=\"color: #000000;\"><strong>Ramiro Ledo<\/strong><\/span><\/p>\n<p><span style=\"color: #000000;\"><a style=\"color: #000000;\" href=\"http:\/\/www.circo212.org.mx\/circo2\/wp-content\/uploads\/2012\/02\/OprocesodeArtaud.png\"><img loading=\"lazy\" decoding=\"async\" class=\"alignnone size-medium wp-image-3339\" src=\"http:\/\/www.circo212.org.mx\/circo2\/wp-content\/uploads\/2012\/02\/OprocesodeArtaud-300x170.png\" alt=\"OprocesodeArtaud\" width=\"300\" height=\"170\" srcset=\"https:\/\/circo212.org.mx\/circo2\/wp-content\/uploads\/2012\/02\/OprocesodeArtaud-300x170.png 300w, https:\/\/circo212.org.mx\/circo2\/wp-content\/uploads\/2012\/02\/OprocesodeArtaud-1024x580.png 1024w, https:\/\/circo212.org.mx\/circo2\/wp-content\/uploads\/2012\/02\/OprocesodeArtaud.png 1600w\" sizes=\"auto, (max-width: 300px) 100vw, 300px\" \/><\/a><\/span><\/p>\n<p><span style=\"color: #000000;\"><strong>&#8211; <\/strong><strong><em>O Proceso de Artaud<\/em><\/strong><strong>\u00a0<\/strong><\/span><\/p>\n<p><span style=\"color: #000000;\">A\u00f1o: 2010<\/span><\/p>\n<p><span style=\"color: #000000;\">Duraci\u00f3n: 13&#8242;<\/span><\/p>\n<p style=\"text-align: justify;\"><span style=\"color: #000000;\"><em>O Proceso de Artaud<\/em>\u00a0es una pel\u00edcula de reapropiaci\u00f3n osada e inteligente. Osada por lo que supone atreverse a remontar las im\u00e1genes de Carl Theodor Dreyer, el maestro de maestros, inteligente por el hermoso trabajo de descubrimiento que Ramiro Ledo realiza apropi\u00e1ndose de las im\u00e1genes de una de las pel\u00edculas m\u00e1s emblem\u00e1ticas del director dan\u00e9s,<em>\u00a0La pasi\u00f3n de Juana de Arco\u00a0<\/em>(1927). Como si\u00a0<em>O Proceso de Artaud\u00a0<\/em>siempre hubiera estado all\u00ed (y de alguna manera as\u00ed es), Ledo nos introduce en el juicio de expulsi\u00f3n de Antonin Artaud del grupo surrealista. Si a Juana de Arco se la acusaba de revolucionaria, Artaud aparece como un contra revolucionario a ojos de sus compa\u00f1eros surrealistas, entre los que se encuentran las principales figuras del influyente movimiento de vanguardia, Andr\u00e9 Bret\u00f3n, Louis Aragon o Paul \u00c9luard entre otros, interpretados por los mismos cl\u00e9rigos que llevaban a a hoguera a la gran hero\u00edna francesa en la pel\u00edcula de Dreyer.<\/span><\/p>\n<p style=\"text-align: justify;\"><span style=\"color: #000000;\">Ramiro Ledo comienza su pel\u00edcula con una imagen del libro donde se registra el hist\u00f3rico proceso de expulsi\u00f3n de Artaud* e imita as\u00ed la estructura de la pel\u00edcula de Dreyer, d\u00e1ndole sin embargo un significado totalmente nuevo. A trav\u00e9s del cartel que abre la pel\u00edcula, se insin\u00faa que lo que vamos a ver es un documento real registrado dentro de la ficci\u00f3n que Dreyer rodaba en 1927. Este nuevo significado de las im\u00e1genes surge con tal naturalidad que efectivamente parece que el propio Dreyer lo hubiera escondido en su pel\u00edcula a la espera de que alguien hiciera el trabajo necesario de relectura, encontrando nueva informaci\u00f3n en el ADN de\u00a0<em>La Pasi\u00f3n de Juana de Arco.\u00a0<\/em>Las interpretaciones de los actores emergen en el remontaje con una fuerza extraordinaria, dan vigencia a las teor\u00edas de Kuleshov y son capaces de hablar de un tema diferente, en una \u00e9poca radicalmente alejada de aquella que representaba Dreyer. Donde Artaud interpretaba el dolor ante la injusticia, ahora representa la confusi\u00f3n ante unas acusaciones que no le importan ni comparte,\u00a0<em>s\u00f3lo rendir\u00e9 cuentas ante m\u00ed mismo<\/em>\u00a0dice y el m\u00edtico plano del gran inquisidor echando esputos de rabia por la boca, es ahora un surrealista ofendido ante el individualismo del genio. Es cierto, la actitud de Artaud frente a sus colegas surrealistas bien puede compararse con la convicci\u00f3n sin l\u00edmites de la hist\u00f3rica guerrera frente a sus inquisidores. Artaud acaba saliendo de la sala convertido en una Juana de Arco del S. XX y se encuentra tan en posesi\u00f3n de la verdad que acepta educadamente su destino: arder en las llamas de la individualidad.<\/span><\/p>\n<p style=\"text-align: justify;\"><span style=\"color: #000000;\">*<em>Archives du surr\u00e9alisme III. Adh\u00e9rer au parti communiste?<\/em>\u00a0Presentado y anotado por Marguerite Bonnet, Gallimard, Paris, 1992.\u00a0<\/span><\/p>\n<p><span style=\"color: #000000;\">\u00a0<a style=\"color: #000000;\" href=\"http:\/\/www.circo212.org.mx\/circo2\/wp-content\/uploads\/2012\/02\/Galicia.png\"><img loading=\"lazy\" decoding=\"async\" class=\"alignnone size-medium wp-image-3340\" src=\"http:\/\/www.circo212.org.mx\/circo2\/wp-content\/uploads\/2012\/02\/Galicia-300x225.png\" alt=\"Galicia\" width=\"300\" height=\"225\" srcset=\"https:\/\/circo212.org.mx\/circo2\/wp-content\/uploads\/2012\/02\/Galicia-300x225.png 300w, https:\/\/circo212.org.mx\/circo2\/wp-content\/uploads\/2012\/02\/Galicia-1024x768.png 1024w, https:\/\/circo212.org.mx\/circo2\/wp-content\/uploads\/2012\/02\/Galicia.png 1600w\" sizes=\"auto, (max-width: 300px) 100vw, 300px\" \/><\/a><\/span><\/p>\n<p><span style=\"color: #000000;\"><strong><em>&#8211; Galicia 1936 (Estudos sobre o filme de Carlos Velo<\/em><\/strong><strong>)<\/strong><\/span><\/p>\n<p><span style=\"color: #000000;\">A\u00f1o: 2011<\/span><\/p>\n<p><span style=\"color: #000000;\">Duraci\u00f3n: 38&#8242;<\/span><\/p>\n<p style=\"text-align: justify;\"><span style=\"color: #000000;\">En diciembre de 2010 el profesor Vladimir Magidov deposita en el CGAI unas bobinas que contienen las im\u00e1genes de una pel\u00edcula perdida. Es\u00a0<em>Galicia<\/em>, el documental que el director Carlos Velo rod\u00f3 en 1936 antes de marchar a un exilio que le llevar\u00eda de Marruecos a Francia y finalmente a M\u00e9xico, una pel\u00edcula que fue proyectada en la Exposici\u00f3n Internacional de Par\u00eds de 1937 y de la que s\u00f3lo se conservaban 8 minutos. La aparici\u00f3n de estas bobinas llegadas de Rusia supone la recuperaci\u00f3n de 16 minutos m\u00e1s de material rodado por el cineasta gallego y se convierte en el punto de partida de una investigaci\u00f3n que lleva a Pablo Cayuela y Ramiro Ledo a tratar de reconstruir la pel\u00edcula perdida. Desarrollan entonces conjuntamente un extenso trabajo de arqueolog\u00eda y apropiaci\u00f3n a partir de tres fuentes que contienen las im\u00e1genes rescatadas de<em>\u00a0Galicia.<\/em>\u00a0En primer lugar, los 8 minutos\u00a0 que se conservaban, en segundo lugar una parte del metraje que se incluye en la pel\u00edcula<em>\u00a0Ispanija\u00a0<\/em>(1939) que la directora sovi\u00e9tica Esfir Shub, pionera del\u00a0<em>compilation film<\/em>, realiz\u00f3 a partir de metrajes de varias procedencias y en tercer lugar las citadas bobinas llegadas a La Coru\u00f1a de la mano del profesor Vladimir Magidov.<\/span><\/p>\n<p style=\"text-align: justify;\"><span style=\"color: #000000;\">Con este material y a partir de una idea de investigaci\u00f3n de Margarita Ledo, Pablo Cayuela y Ramiro Ledo realizan tres piezas de distintas duraciones que son tres posibles estudios de acercamiento a lo que pudo ser la pel\u00edcula original de Carlos Velo. En\u00a0<em>Estudio 1<\/em>\u00a0un montaje a doble pantalla muestra por un lado los 8 minutos que se conservaban de\u00a0<em>Galicia<\/em>, junto a este material, en la segunda pantalla, se alternan las im\u00e1genes de\u00a0<em>Ispanija\u00a0<\/em>y las bobinas depositadas en el CGAI, desarrollando un juego de paralelismos, similitudes y vac\u00edos como primer paso de una investigaci\u00f3n m\u00e1s profunda. En\u00a0<em>Estudio 2<\/em>\u00a0los cineastas demuestran que las bobinas recuperadas por Vladimir Magidov son las mismas que utiliz\u00f3 Esfir Shub y reconstruyen toda la extensi\u00f3n del material original a partir de ambas fuentes. En\u00a0<em>Estudio 3<\/em>\u00a0y bas\u00e1ndose en unas declaraciones que el propio Carlos Velo realiz\u00f3 a TVE en los a\u00f1os 80, intentan reconstruir la estructura de\u00a0<em>Galicia<\/em>\u00a0con un montaje que nos acerca hipot\u00e9ticamente al trabajo realizado en 1936.<\/span><\/p>\n<p style=\"text-align: justify;\"><span style=\"color: #000000;\">El resultado es una pel\u00edcula que respira el esp\u00edritu de las Misiones Pedag\u00f3gicas tra\u00eddo al presente y renovado. Si en las Misiones la autor\u00eda se dilu\u00eda en el anonimato de cada toma, en\u00a0<em>Galicia 1936 &#8211; 2011&#8230;\u00a0<\/em>la autor\u00eda se multiplica en un hallazgo muy feliz del objetivo compartido y se convierte en la expresi\u00f3n de fidelidad hacia el territorio gallego, las personas que lo pueblan y lo trabajan y definitivamente hacia las propias im\u00e1genes, valioso testimonio en crudo, necesario y finalmente rescatado. Los documentos rodados por Carlos Velo encierran una verdad pura y poderosa que el trabajo de arqueolog\u00eda de Ramiro Ledo y Pablo Cayuela recupera con un respeto admirable hacia los objetivos del trabajo original.\u00a0<\/span><\/p>\n<p><span style=\"color: #000000;\">Duraci\u00f3n total: 51&#8242;<\/span><\/p>\n<p><span style=\"color: #000000;\"><strong>RAMIRO LEDO<\/strong> (Lugo &#8211; 1981)<\/span><\/p>\n<p style=\"text-align: justify;\"><span style=\"color: #000000;\">Realizador y montador independiente. Cofundador\u00a0y director hasta 2007 del Cineclube de Compostela, y de tres n\u00fameros de\u00a0<em>Ariel, bolet\u00edn de cinema en galego<\/em>. Catalogador del archivo hist\u00f3rico audiovisual de TVE-Galicia.\u00a0M\u00e1ster documental creativo (UAB) y DEA en Estudios sobre cine contempor\u00e1neo (UPF).\u00a0Colaborador de distintos medios, entre ellos Radio Galega, Xornal de Galicia,\u00a0Blogs&amp;docs y Asociaci\u00f3n\u00a0Lumi\u00e8re. Su largometraje VidaExtra (2013) fue presentado el pasado mes de Diciembre en el\u00a0<a style=\"color: #000000;\" href=\"http:\/\/www.margenes.org\/index.php\/festival.html\">III Festival M\u00e1rgenes<\/a>\u00a0donde obtuvo una menci\u00f3n especial del jurado.<\/span><\/p>\n<h3><span style=\"color: #000000;\"><strong>Martes 3 de marzo &#8211; 20:00 h<\/strong><\/span><\/h3>\n<p><span style=\"color: #000000;\"><strong>Guillermo G. Peydr\u00f3<\/strong><\/span><br \/>\n<span style=\"color: #000000;\"><strong>\u00a0<a style=\"color: #000000;\" href=\"http:\/\/www.circo212.org.mx\/circo2\/wp-content\/uploads\/2012\/02\/Art-of-the-actor.png\"><img loading=\"lazy\" decoding=\"async\" class=\"alignnone size-medium wp-image-3341\" src=\"http:\/\/www.circo212.org.mx\/circo2\/wp-content\/uploads\/2012\/02\/Art-of-the-actor-300x187.png\" alt=\"Art of the actor\" width=\"300\" height=\"187\" srcset=\"https:\/\/circo212.org.mx\/circo2\/wp-content\/uploads\/2012\/02\/Art-of-the-actor-300x187.png 300w, https:\/\/circo212.org.mx\/circo2\/wp-content\/uploads\/2012\/02\/Art-of-the-actor-1024x640.png 1024w, https:\/\/circo212.org.mx\/circo2\/wp-content\/uploads\/2012\/02\/Art-of-the-actor.png 1280w\" sizes=\"auto, (max-width: 300px) 100vw, 300px\" \/><\/a><\/strong><\/span><\/p>\n<p><span style=\"color: #000000;\"><strong><em>&#8211; Art of the actor<\/em><\/strong><\/span><\/p>\n<p><span style=\"color: #000000;\">A\u00f1o: 2011<\/span><\/p>\n<p><span style=\"color: #000000;\">Duraci\u00f3n: 15&#8242;<\/span><\/p>\n<p style=\"text-align: justify;\"><span style=\"color: #000000;\">Art of the actor se adentra en una escuela neoyorquina de interpretaci\u00f3n donde se investiga a partir de las teor\u00edas de Ch\u00e9jov. Con la forma de una pel\u00edcula de divulgaci\u00f3n, el cortometraje documenta los ejercicios de los actores, acompa\u00f1ados por las reflexiones del maestro que nos acercan a una manera de vivir que no puede desligarse del proceso creativo.\u00a0<\/span><\/p>\n<p><span style=\"color: #000000;\"><a style=\"color: #000000;\" href=\"http:\/\/www.circo212.org.mx\/circo2\/wp-content\/uploads\/2012\/02\/El-jardin-imaginario.jpg\"><img loading=\"lazy\" decoding=\"async\" class=\"alignnone size-medium wp-image-3342\" src=\"http:\/\/www.circo212.org.mx\/circo2\/wp-content\/uploads\/2012\/02\/El-jardin-imaginario-300x168.jpg\" alt=\"El jardin imaginario\" width=\"300\" height=\"168\" srcset=\"https:\/\/circo212.org.mx\/circo2\/wp-content\/uploads\/2012\/02\/El-jardin-imaginario-300x168.jpg 300w, https:\/\/circo212.org.mx\/circo2\/wp-content\/uploads\/2012\/02\/El-jardin-imaginario-1024x575.jpg 1024w, https:\/\/circo212.org.mx\/circo2\/wp-content\/uploads\/2012\/02\/El-jardin-imaginario.jpg 1600w\" sizes=\"auto, (max-width: 300px) 100vw, 300px\" \/><\/a><\/span><\/p>\n<p><span style=\"color: #000000;\"><strong>&#8211;<em>El jard\u00edn imaginario<\/em><\/strong><\/span><br \/>\n<span style=\"color: #000000;\"> A\u00f1o: 2012<\/span><\/p>\n<p><span style=\"color: #000000;\">Duraci\u00f3n<em>: <\/em>51&#8242;<\/span><\/p>\n<p style=\"text-align: justify;\"><span style=\"color: #000000;\"> El jard\u00edn imaginario es un largo paseo donde se profundiza en la idea del ser humano como animal creativo. Partiendo del jard\u00edn escult\u00f3rico que el campesino M\u00e1ximo Rojo realiz\u00f3 en su casa de Guadalajara, Peydr\u00f3 construye un ensayo f\u00edlmico donde el concepto de arte est\u00e1 principalmente basado en la expresi\u00f3n humana. La pel\u00edcula expone y a su vez elimina las fronteras que establece la historia del arte, proponiendo un recorrido entre el arte institucional y el llamado Arte Bruto para llegar a una de las constantes en la filmograf\u00eda del cineasta, la conexi\u00f3n entre el arte y la vida. Construida como pel\u00edcula sin gui\u00f3n, El jard\u00edn imaginario, parece desarrollarse a golpe de azar, recogiendo aqu\u00ed y all\u00e1 im\u00e1genes y testimonios que se suceden como en una jam session, donde el sonido creado por un m\u00fasico inspira a otro para desarrollar el siguiente ritmo o la siguiente melod\u00eda. Peydr\u00f3 encuentra el hilo conductor en el momento del montaje y establece en su propia labor como documentalista un proceso creativo que se ha desarrollado gracias a su experiencia vital y que trabaja paralelamente con todo aquello que investiga.<\/span><\/p>\n<p><span style=\"color: #000000;\">\u00a0<a style=\"color: #000000;\" href=\"http:\/\/www.circo212.org.mx\/circo2\/wp-content\/uploads\/2012\/02\/Las-variaciones-Guernica.jpg\"><img loading=\"lazy\" decoding=\"async\" class=\"alignnone size-medium wp-image-3343\" src=\"http:\/\/www.circo212.org.mx\/circo2\/wp-content\/uploads\/2012\/02\/Las-variaciones-Guernica-300x187.jpg\" alt=\"Las variaciones Guernica\" width=\"300\" height=\"187\" srcset=\"https:\/\/circo212.org.mx\/circo2\/wp-content\/uploads\/2012\/02\/Las-variaciones-Guernica-300x187.jpg 300w, https:\/\/circo212.org.mx\/circo2\/wp-content\/uploads\/2012\/02\/Las-variaciones-Guernica-1024x640.jpg 1024w, https:\/\/circo212.org.mx\/circo2\/wp-content\/uploads\/2012\/02\/Las-variaciones-Guernica.jpg 1600w\" sizes=\"auto, (max-width: 300px) 100vw, 300px\" \/><\/a><\/span><\/p>\n<p><span style=\"color: #000000;\"><strong><em>-Las variaciones Guernica<\/em><\/strong><\/span><br \/>\n<span style=\"color: #000000;\"> A\u00f1o: 2012 \u00a0<\/span><\/p>\n<p style=\"text-align: justify;\"><span style=\"color: #000000;\">Duraci\u00f3n: 26&#8242;<\/span><\/p>\n<p><span style=\"color: #000000;\"> Tomando una de las pinturas icono del S. XX, el Guernica de Picasso, Guillermo G. Peydr\u00f3 deja de lado cualquier reflexi\u00f3n hist\u00f3rico-art\u00edstica sobre la obra y se centra en desarrollar una relectura de su significado original, el horror de un episodio de guerra. La obra de arte sirve aqu\u00ed para establecer un punto de vista sobre la realidad y rescata en clave contempor\u00e1nea los motivos profundos que turbaron a Picasso, llev\u00e1ndole a producir esta pintura emblem\u00e1tica. Peydr\u00f3 recoge en un montaje paralelo por cap\u00edtulos, algunos de los momentos m\u00e1s s\u00f3rdidos de la historia global contempor\u00e1nea y mezcla im\u00e1genes propias de observadores frente al Guernica, con im\u00e1genes de archivo y sonidos recogidos de youtube, radios y televisiones del mundo. El resultado es una pieza de ejecuci\u00f3n redonda donde el mensaje se hace m\u00e1s fuerte que su implicaci\u00f3n dentro de una u otra tendencia cinematogr\u00e1fica. Nos encontramos de nuevo ante una pel\u00edcula que propone una fuerte conexi\u00f3n entre el arte y la vida. Esta vez es la pieza art\u00edstica la que permite reflexionar sobre la realidad, invitando a transformar los c\u00f3digos habituales bajo los que leemos ciertas manifestaciones art\u00edsticas y proponiendo tambi\u00e9n\u00a0 una actitud de cambio frente a nuestra propia existencia.<\/span><\/p>\n<p><span style=\"color: #000000;\">Duraci\u00f3n total: 92&#8242;<\/span><\/p>\n<p style=\"text-align: justify;\"><span style=\"color: #000000;\"><strong>GUILLERMO G. PEYDR\u00d3<\/strong> (Madrid &#8211; 1981)\u00a0<\/span><\/p>\n<p><span style=\"color: #000000;\"> Es cineasta e historiador del arte. Ha sido co-programador del Greenpoint Film Festival (Brooklyn, NY) en 2011. Escribi\u00f3 una tesis donde propone una teorizaci\u00f3n del \u201ccine-ensayo sobre arte\u201d, estudiando las formas de di\u00e1logo cr\u00edtico entre el cine y las artes visuales desde inicios del siglo XX, as\u00ed como sus aplicaciones est\u00e9ticas, acad\u00e9micas, pol\u00edticas. En marzo de 2014 ha sido invitado a presentar las conclusiones de su trabajo en una conferencia para el congreso de Literatura Comparada (ACLA) en la New York University (NYC), y en otra para el Bard College (Bard, NY).<\/span><br \/>\n<span style=\"color: #000000;\"> Su cine parte de la relectura en segundo grado de im\u00e1genes del pasado, sean pertenecientes al \u00e1mbito del arte o al de la memoria personal \u2013que con frecuencia se cruzan\u2013, pero tambi\u00e9n explora im\u00e1genes del presente, en particular referidas a procesos creativos en curso. Sus dos primeras pel\u00edculas sobre arte, Las variaciones Guernica y El jard\u00edn imaginario, son una denuncia del uso actual de la violencia de Estado contra civiles y su opuesto: una meditaci\u00f3n sobre la cultura y creatividad europeas; ambas fueron estrenadas en la secci\u00f3n oficial del festival Documenta Madrid 2012, y han sido proyectadas en cines, museos, universidades y centros culturales de Europa, Norteam\u00e9rica y Latinoam\u00e9rica.<\/span><br \/>\n<span style=\"color: #000000;\"> En 2014 el Festival de Gij\u00f3n y el centro de arte La LABoral le conceden una residencia art\u00edstica en la ciudad para la producci\u00f3n de un cortometraje, que se estrenar\u00e1 en la pr\u00f3xima edici\u00f3n del Festival.<\/span><\/p>\n<h3><span style=\"color: #000000;\"><strong>Martes 10 de marzo &#8211; 20:00 h<\/strong><\/span><\/h3>\n<p><span style=\"color: #000000;\"><strong>Ahmad Natche<\/strong><\/span><br \/>\n<span style=\"color: #000000;\"><em>\u00a0<a style=\"color: #000000;\" href=\"http:\/\/www.circo212.org.mx\/circo2\/wp-content\/uploads\/2012\/02\/Dosmetrosdeestatierra.jpg\"><img loading=\"lazy\" decoding=\"async\" class=\"alignnone size-medium wp-image-3344\" src=\"http:\/\/www.circo212.org.mx\/circo2\/wp-content\/uploads\/2012\/02\/Dosmetrosdeestatierra-300x113.jpg\" alt=\"Dosmetrosdeestatierra\" width=\"300\" height=\"113\" srcset=\"https:\/\/circo212.org.mx\/circo2\/wp-content\/uploads\/2012\/02\/Dosmetrosdeestatierra-300x113.jpg 300w, https:\/\/circo212.org.mx\/circo2\/wp-content\/uploads\/2012\/02\/Dosmetrosdeestatierra-1024x387.jpg 1024w, https:\/\/circo212.org.mx\/circo2\/wp-content\/uploads\/2012\/02\/Dosmetrosdeestatierra.jpg 1440w\" sizes=\"auto, (max-width: 300px) 100vw, 300px\" \/><\/a><\/em><\/span><\/p>\n<p><span style=\"color: #000000;\"><em>DOS METROS DE ESTA TIERRA<\/em>\u00a0(2014)<\/span><\/p>\n<p style=\"text-align: justify;\"><span style=\"color: #000000;\">\u00abDos metros de esta tierra ser\u00edan suficientes para m\u00ed\u00bb, escribi\u00f3 el poeta nacional palestino Mahmud Darwich. Muy cerca de su tumba en Ramala durante una tarde de verano, se prepara un festival de m\u00fasica en un teatro al aire libre que ser\u00e1 retransmitido por la televisi\u00f3n.<\/span><\/p>\n<p style=\"text-align: justify;\"><span style=\"color: #000000;\">\u00d3pera prima del cineasta hispano-palestino Ahmad Natche, la pel\u00edcula fue estrenada en Madrid con gran \u00e9xito de cr\u00edtica y p\u00fablico.\u00a0<\/span><\/p>\n<p><span style=\"color: #000000;\"><strong>AHMAD NATCHE<\/strong><strong>\u00a0<\/strong>(Sevilla &#8211; 1974)<\/span><\/p>\n<p style=\"text-align: justify;\"><span style=\"color: #000000;\">Licenciado en Imagen y Sonido, estudi\u00f3 la especialidad de Montaje en la Escuela Internacional de Cine y TV de San Antonio de los Ba\u00f1os (EICTV), Cuba. En Cuba dirigi\u00f3\u00a0<em>El extranjero<\/em>\u00a0(2000), Mejor Cortometraje de Ficci\u00f3n en los Premios FAD de Barcelona seg\u00fan un jurado presidido por Joaqu\u00edn Jord\u00e1. Como montador recibi\u00f3 un premio \u00cdcaro por\u00a0<em>Querido Camilo<\/em>\u00a0(2007), de Julio Molina y Daniel Ross, tambi\u00e9n considerada como mejor pel\u00edcula documental centroamericana de 2007 en el mismo festival. En 2008 comenz\u00f3 a preparar en la ciudad palestina de Ramala su primer largometraje de ficci\u00f3n como director,\u00a0<em>Two Meters of This Land<\/em>\u00a0(<em>Dos metros de esta tierra<\/em>, 2012). Ha publicado cr\u00edtica de cine en diversas revistas en castellano (firmando con su nombre hispano: Jaime Natche).<\/span><\/p>\n<p style=\"text-align: justify;\"><span style=\"color: #000000;\">\u00a0*Programaci\u00f3n sujeta a cambios sin previo aviso*<\/span><br \/>\n<span style=\"color: #000000;\">Texto: Nuria Cubas<\/span><\/p>\n<h1 style=\"text-align: center;\">Cine = M\u00fasica + Inspiraciones 2014<\/h1>\n<h3 style=\"text-align: center;\">Cine mudo contempor\u00e1neo<\/h3>\n<p style=\"text-align: justify;\">Esta selecci\u00f3n parte de la premisa de que el cine mudo es hoy tan\u00a0vigente como cu\u00e1ndo las limitaciones tecnol\u00f3gicas lo formaron, desde su etapa de experimentaci\u00f3n hasta su desarrollo con la\u00a0llegada del cine sonoro. En tiempos del cine silente, cuando a\u00fan\u00a0se jugaba con el potencial que encerraba esta nueva herramienta,\u00a0poco a poco cobr\u00f3 la forma que conocemos hoy en d\u00eda. Desde las\u00a0filmaciones que s\u00f3lo retratan la vida cotidiana como las de Edison,\u00a0hasta la creaci\u00f3n de mundos fant\u00e1sticos, historias arrebatadoras y\u00a0s\u00faper producciones como en las pel\u00edculas de Fritz Lang.\u00a0En la actualidad el cine silente ha cobrado nuevos br\u00edos con\u00a0producciones tan premiadas como \u201cEl Artista\u201d que fue vista por\u00a0millones de personas alrededor del mundo obteniendo millones en\u00a0ganancias, apoyada por la gigantesca maquinaria que representa\u00a0la industria de Hollywood, nos da una idea de la nostalgia que\u00a0com\u00fanmente se identifica a esas pel\u00edculas de m\u00e1s de un siglo de vida.<\/p>\n<p style=\"text-align: justify;\">En este programa exploraremos algunas de las producciones m\u00e1s\u00a0recientes de cine mudo abarcando una amplia gama de estilos e\u00a0intenciones desde la d\u00e9cada de los 70&#8217;s hasta la m\u00e1s reciente del a\u00f1o 2012.<\/p>\n<p style=\"text-align: center;\">Los esperamos todos los martes a las 20:00 horas en el auditorio\u00a0del Museo de Arte Carrillo Gil<\/p>\n<h3 style=\"text-align: left;\">Martes 14 de octubre &#8211; 20:00 h<\/h3>\n<p><a href=\"http:\/\/www.circo212.org.mx\/circo2\/wp-content\/uploads\/2012\/02\/Cuadecuc-vampir.jpg\"><img loading=\"lazy\" decoding=\"async\" class=\"alignnone size-medium wp-image-3130\" src=\"http:\/\/www.circo212.org.mx\/circo2\/wp-content\/uploads\/2012\/02\/Cuadecuc-vampir-300x225.jpg\" alt=\"Cuadecuc-vampir\" width=\"300\" height=\"225\" srcset=\"https:\/\/circo212.org.mx\/circo2\/wp-content\/uploads\/2012\/02\/Cuadecuc-vampir-300x225.jpg 300w, https:\/\/circo212.org.mx\/circo2\/wp-content\/uploads\/2012\/02\/Cuadecuc-vampir.jpg 640w\" sizes=\"auto, (max-width: 300px) 100vw, 300px\" \/><\/a><\/p>\n<p><strong>Cuadecuc, vampir<br \/>\n<\/strong>Dir. Pere Portabella \/ Espa\u00f1a \/ 1971 \/ 67 min<\/p>\n<p style=\"text-align: justify;\">Pere Portabella desmenuza la pel\u00edcula de Jes\u00fas Franco de\u00a01970, El conde Dr\u00e1cula, para construir su propia mirada sobre el\u00a0vampiro protagonista de la novela de Bram Stoker.<\/p>\n<p style=\"text-align: justify;\">Esta pel\u00edcula se incluye innegablemente dentro de esa corriente\u00a0semiclandestina de filmes que se realizaban abiertamente en\u00a0oposici\u00f3n al r\u00e9gimen franquista. Cuadecuc \u2013 Vampir no es una\u00a0banal reinterpretaci\u00f3n de una pel\u00edcula, va m\u00e1s all\u00e1. El relato se\u00a0hace m\u00e1s visible ofreci\u00e9ndonos lo que en el cine no se suele ver, el\u00a0making-of se convierte en una narraci\u00f3n. El vampiro se convierte en\u00a0el propio cineasta, Pere Portabella, que absorbe todo aquello que\u00a0abarca la propia puesta en escena de la pel\u00edcula, tanto su proceso\u00a0como el resultado en pantalla.<\/p>\n<p>Musicalizada por ZEHEL<\/p>\n<h3>Martes 21 de octubre &#8211; 20:00 h<\/h3>\n<p><strong>ID entidad<br \/>\n<\/strong>Dir. Varios \/ M\u00e9xico \/ 2004 \/ 50 min<\/p>\n<p style=\"text-align: justify;\">ID entidad es la mirada de ocho realizadores sobre su\u00a0visi\u00f3n \u00fanica del concepto de identidad en la ca\u00f3tica ciudad de\u00a0M\u00e9xico. Este proyecto fue parte de la secci\u00f3n de cine del Festival\u00a0del Centro Hist\u00f3rico en el a\u00f1o 2004 y se basa en lo que los artistas\u00a0surrealistas llamaron Cad\u00e1ver Exquisito con la premisa base del\u00a0concepto de \u201cidentidad\u201d que llev\u00f3 a cada realizador a expresar su\u00a0idea, con la \u00fanica condici\u00f3n de trabajar un cortometraje silente.<\/p>\n<p style=\"text-align: justify;\">Los ocho proyectos estuvieron a cargo de Juan Pablo Bastarrachea,\u00a0Juli\u00e1n Hern\u00e1ndez, Mario Mu\u00f1oz, Paula Astorga, Michel Lipkes,\u00a0Valentina Leduc, Andr\u00e9s Le\u00f3n y Arvin Avil\u00e9s; fue uno de los\u00a0primeros proyectos grabados en video digital de alta definici\u00f3n,\u00a0terminado en cinta de 35 mil\u00edmetros.<\/p>\n<p>Musicalizado por HEFFER<\/p>\n<h3>Martes 28 de octubre &#8211; \u00a020:00 h<\/h3>\n<p><a href=\"http:\/\/www.circo212.org.mx\/circo2\/wp-content\/uploads\/2012\/02\/La-Antena.jpg\"><img loading=\"lazy\" decoding=\"async\" class=\"alignnone size-medium wp-image-3131\" src=\"http:\/\/www.circo212.org.mx\/circo2\/wp-content\/uploads\/2012\/02\/La-Antena-300x165.jpg\" alt=\"La-Antena\" width=\"300\" height=\"165\" srcset=\"https:\/\/circo212.org.mx\/circo2\/wp-content\/uploads\/2012\/02\/La-Antena-300x165.jpg 300w, https:\/\/circo212.org.mx\/circo2\/wp-content\/uploads\/2012\/02\/La-Antena.jpg 821w\" sizes=\"auto, (max-width: 300px) 100vw, 300px\" \/><\/a><\/p>\n<p><strong>La antena<br \/>\n<\/strong>Dir. Esteban Sapir \/ Argentina \/ 2007 \/ 99 min<\/p>\n<p style=\"text-align: justify;\">Esta pel\u00edcula casi muda Argentina cuenta la historia de una\u00a0ciudad que ha perdido su voz, robada por el Sr. TV, y los intentos\u00a0de una peque\u00f1a familia para encontrar la voz de nuevo. Similar en\u00a0dise\u00f1o a las primeras pel\u00edculas expresionistas alemanas.<\/p>\n<p>Musicalizada por MINT PARKER<\/p>\n<h3>Martes 4 de noviembre &#8211; 20:00 h<\/h3>\n<p><a href=\"http:\/\/www.circo212.org.mx\/circo2\/wp-content\/uploads\/2012\/02\/Silent_Movie.jpg\"><img loading=\"lazy\" decoding=\"async\" class=\"alignnone size-medium wp-image-3132\" src=\"http:\/\/www.circo212.org.mx\/circo2\/wp-content\/uploads\/2012\/02\/Silent_Movie-300x162.jpg\" alt=\"Silent_Movie\" width=\"300\" height=\"162\" srcset=\"https:\/\/circo212.org.mx\/circo2\/wp-content\/uploads\/2012\/02\/Silent_Movie-300x162.jpg 300w, https:\/\/circo212.org.mx\/circo2\/wp-content\/uploads\/2012\/02\/Silent_Movie.jpg 1024w\" sizes=\"auto, (max-width: 300px) 100vw, 300px\" \/><\/a><\/p>\n<p><strong>Silent Movie <\/strong>(\u00a1La \u00faltima locura de Mel Brooks!)<strong><br \/>\n<\/strong>Dir. Mel Brooks \/ EUA \/ 1976 \/ 87 min<\/p>\n<p style=\"text-align: justify;\">Los aspirantes a cineastas Mel Funn, Marty Eggs y Dom\u00a0Bell van a un estudio de cine en bancarrota con la idea para una\u00a0pel\u00edcula muda. En un esfuerzo por hacer la pel\u00edcula m\u00e1s comercial,\u00a0y en su intento de contratar a much\u00edsimas grandes estrellas para\u00a0aparecer en la pel\u00edcula, los acreedores del estudio intentan frustrar\u00a0sus intentos. La pel\u00edcula contiene una sola palabra de di\u00e1logo,\u00a0hablado por un personaje inesperado.<\/p>\n<p>Musicalizado por NOIR MANOUCHE<\/p>\n<h3>Martes 11 de noviembre &#8211; 20:00 h<\/h3>\n<p><a href=\"http:\/\/www.circo212.org.mx\/circo2\/wp-content\/uploads\/2012\/02\/HellW10.jpg\"><img loading=\"lazy\" decoding=\"async\" class=\"alignnone size-medium wp-image-3133\" src=\"http:\/\/www.circo212.org.mx\/circo2\/wp-content\/uploads\/2012\/02\/HellW10-300x192.jpg\" alt=\"HellW10\" width=\"300\" height=\"192\" srcset=\"https:\/\/circo212.org.mx\/circo2\/wp-content\/uploads\/2012\/02\/HellW10-300x192.jpg 300w, https:\/\/circo212.org.mx\/circo2\/wp-content\/uploads\/2012\/02\/HellW10.jpg 624w\" sizes=\"auto, (max-width: 300px) 100vw, 300px\" \/><\/a><\/p>\n<p><strong>Hell W10<\/strong><br \/>\nDir. Joe Strummer \/ UK \/ 1983 \/ 50 min<\/p>\n<p style=\"text-align: justify;\">Cierto d\u00eda, Earl, un punk del este de Londres se mete en\u00a0l\u00edos con S\u00f3crates, un mafioso local. Earl y sus amigos deciden robar\u00a0unas pel\u00edculas porno de un negocio de S\u00f3crates para ganar un poco\u00a0de dinero y adem\u00e1s fastidiar al capo. El problema es que no saben\u00a0que los estuches no est\u00e1n llenos con las pel\u00edculas, si no con coca\u00edna.<br \/>\nUna cantidad de dinero muy grande en forma de polvo blanco.<\/p>\n<p style=\"text-align: justify;\">\u00bfC\u00f3mo se enfrentar\u00e1n cuatro punks gre\u00f1udos a un capo de la mafia?<\/p>\n<p>Musicalizado por BARA\u00daNDA<\/p>\n<h3>Martes 18 de noviembre &#8211; 20:00 h<\/h3>\n<p><a href=\"http:\/\/www.circo212.org.mx\/circo2\/wp-content\/uploads\/2012\/02\/Blancanieves.jpg\"><img loading=\"lazy\" decoding=\"async\" class=\"alignnone size-medium wp-image-3134\" src=\"http:\/\/www.circo212.org.mx\/circo2\/wp-content\/uploads\/2012\/02\/Blancanieves-300x199.jpg\" alt=\"Blancanieves\" width=\"300\" height=\"199\" srcset=\"https:\/\/circo212.org.mx\/circo2\/wp-content\/uploads\/2012\/02\/Blancanieves-300x199.jpg 300w, https:\/\/circo212.org.mx\/circo2\/wp-content\/uploads\/2012\/02\/Blancanieves-1024x682.jpg 1024w, https:\/\/circo212.org.mx\/circo2\/wp-content\/uploads\/2012\/02\/Blancanieves.jpg 1600w\" sizes=\"auto, (max-width: 300px) 100vw, 300px\" \/><\/a><\/p>\n<p><strong>Blancanieves<\/strong><br \/>\nDir. Pablo Berger \/ Espa\u00f1a \/ 2012 \/ 104 min<\/p>\n<p style=\"text-align: justify;\">Blancanieves, de Pablo Berger, es una adaptaci\u00f3n muy\u00a0libre del popular cuento de los hermanos Grimm, ambientada\u00a0en los a\u00f1os 20 en el sur de Espa\u00f1a. Blancanieves es Carmen,\u00a0una bella joven con una infancia atormentada por su terrible\u00a0madrastra, Encarna. Huyendo de su pasado, Carmen emprender\u00e1\u00a0un apasionante viaje acompa\u00f1ada por sus nuevos amigos: una\u00a0tropa de enanos toreros. Con un final inesperado y sorprendente,\u00a0Blancanieves nos descubrir\u00e1 que la vida no es como en los cuentos,\u00a0sino como en un melodrama g\u00f3tico.<\/p>\n<p>Musicalizado por CARLOS MARKS<\/p>\n<h1 style=\"text-align: center;\"><strong>M\u00e9xico Reciente\u00a0<\/strong><\/h1>\n<p>&nbsp;<\/p>\n<h2 style=\"text-align: center;\"><strong>en\u00a0<\/strong><\/h2>\n<p>&nbsp;<\/p>\n<h1 style=\"text-align: center;\"><strong>Cineclub Revoluci\u00f3n<\/strong><\/h1>\n<p>&nbsp;<\/p>\n<p style=\"text-align: justify;\">M\u00e9xico reciente 2014 es un ciclo de pel\u00edculas mexicanas de autor que se exhibe los martes en el Cine Club Revoluci\u00f3n, del Museo de Arte Carrillo Gil. A continuaci\u00f3n, un repaso por largometrajes que lo conforman.<br \/>\nEl Cineclub Revoluci\u00f3n, creado por el Museo de Arte Carrillo Gil y Circo 2.12, es un espacio dedicado al goce y la reflexi\u00f3n f\u00edlmica mediante la exhibici\u00f3n de ciclos tem\u00e1ticos y de corte experimental, conformados en su mayor\u00eda por pel\u00edculas de autor y producciones recientes. Filmes que, al margen de su paso por los festivales, dif\u00edcilmente encuentran un lugar en las carteleras comerciales o de plano no han sido estrenados.<\/p>\n<p style=\"text-align: justify;\">Tal es el caso del ciclo M\u00e9xico reciente 2014, una selecci\u00f3n de largometrajes y documentales nacionales cuyos estrenos pasaron casi inadvertidos y que ahora se cohesionan en esta s\u00f3lida muestra. En ella se encuentran \u00f3peras primas de autores mexicanos.<\/p>\n<p style=\"text-align: center;\">Los invitamos al Museo de Arte Carrillo Gil todos los martes a las 20:00 horas, las funciones son gratuitas.<\/p>\n<p style=\"text-align: center;\"><em>Av. Revoluci\u00f3n 1608, esquina Altavista, Col. San \u00c1ngel<\/em><\/p>\n<h3 style=\"text-align: left;\">Martes 8 de julio &#8211; 8:00 p.m.<\/h3>\n<p><a href=\"http:\/\/www.circo212.org.mx\/circo2\/wp-content\/uploads\/2012\/02\/10376308_714683868574009_5946252762339008463_n.jpg\"><img loading=\"lazy\" decoding=\"async\" class=\"alignnone size-medium wp-image-2979\" src=\"http:\/\/www.circo212.org.mx\/circo2\/wp-content\/uploads\/2012\/02\/10376308_714683868574009_5946252762339008463_n-300x168.jpg\" alt=\"10376308_714683868574009_5946252762339008463_n\" width=\"300\" height=\"168\" srcset=\"https:\/\/circo212.org.mx\/circo2\/wp-content\/uploads\/2012\/02\/10376308_714683868574009_5946252762339008463_n-300x168.jpg 300w, https:\/\/circo212.org.mx\/circo2\/wp-content\/uploads\/2012\/02\/10376308_714683868574009_5946252762339008463_n.jpg 960w\" sizes=\"auto, (max-width: 300px) 100vw, 300px\" \/><\/a><\/p>\n<p><strong>Fogo<br \/>\n<\/strong>Dir. Yulene Olaizola \/ M\u00e9xico-Canad\u00e1 \/ 2012 \/ 61 min<\/p>\n<p style=\"text-align: justify;\">El deterioro de la peque\u00f1a comunidad de la Isla de Fogo est\u00e1 obligando a los habitantes a abandonarla y re ubicarse. Los lugares antes ocupados por los humanos ahora a forman parte del paisaje de la tundra. \u00a0A pesar de que el futuro est\u00e1 condenado, algunos residentes deciden quedarse, aferr\u00e1ndose a sus recuerdos y a\u00f1orando el pasado, cuando la vida en Fogo era distinta.<\/p>\n<h3 style=\"text-align: justify;\">Martes 15 de julio &#8211; 6:00 p.m.<\/h3>\n<p><a href=\"http:\/\/www.circo212.org.mx\/circo2\/wp-content\/uploads\/2012\/02\/7-Al-morir-la-vie.jpg\"><img loading=\"lazy\" decoding=\"async\" class=\"alignnone size-medium wp-image-2947\" src=\"http:\/\/www.circo212.org.mx\/circo2\/wp-content\/uploads\/2012\/02\/7-Al-morir-la-vie-300x154.jpg\" alt=\"7 Al morir la vie\" width=\"300\" height=\"154\" srcset=\"https:\/\/circo212.org.mx\/circo2\/wp-content\/uploads\/2012\/02\/7-Al-morir-la-vie-300x154.jpg 300w, https:\/\/circo212.org.mx\/circo2\/wp-content\/uploads\/2012\/02\/7-Al-morir-la-vie-1024x526.jpg 1024w, https:\/\/circo212.org.mx\/circo2\/wp-content\/uploads\/2012\/02\/7-Al-morir-la-vie.jpg 1419w\" sizes=\"auto, (max-width: 300px) 100vw, 300px\" \/><\/a><\/p>\n<p><strong>Muestra CUEC<\/strong><\/p>\n<p><strong>Programa 1<\/strong><\/p>\n<p>Duraci\u00f3n total: 89 min<\/p>\n<p>&#8211; Lo ef\u00edmero\/ Dir. Patricio Sol\u00f3rzano Ruiz de Velasco\/ 6:00 min.<\/p>\n<p>&#8211; Llamada nocturna\/ Dir. H\u00e9ctor Hachmeister Castro\/ 5:35 min.<\/p>\n<p>&#8211; Los \u00f3rdenes est\u00e9ticos son m\u00e1s un espejo que un pasaje para la ansiedad<\/p>\n<p>metaf\u00edsica\/ Dir. Pablo Ramos\/ 10:30 min.<\/p>\n<p>&#8211; Jefe del desierto\/ Dir. Alejandro Ram\u00edrez Collado\/ 10:00 min.<\/p>\n<p>&#8211; Ulterior\/ Dir. Sabrina Muhate\/ 9:10 min.<\/p>\n<p>&#8211; Polvo eres\/ Dir. David Mu\u00f1oz Velasco\/ 13:00 min.<\/p>\n<p>&#8211; Caracol\/ Dir. Alejandro Ram\u00edrez Collado\/ 1:00 min.<\/p>\n<p>&#8211; Al morir la vie\/ Dir. Alex Arg\u00fcelles\/ 20:00 min.<\/p>\n<p>&#8211; Despu\u00e9s del d\u00eda\/ Dir. Marusia Estrada Zepeda\/ 14:00 min.<\/p>\n<h3>Martes 15 de julio &#8211;\u00a08:00 p.m.<\/h3>\n<p><a href=\"http:\/\/www.circo212.org.mx\/circo2\/wp-content\/uploads\/2012\/02\/elpacienteinterno.jpg\"><img loading=\"lazy\" decoding=\"async\" class=\"alignnone size-medium wp-image-2948\" src=\"http:\/\/www.circo212.org.mx\/circo2\/wp-content\/uploads\/2012\/02\/elpacienteinterno-300x132.jpg\" alt=\"elpacienteinterno\" width=\"300\" height=\"132\" srcset=\"https:\/\/circo212.org.mx\/circo2\/wp-content\/uploads\/2012\/02\/elpacienteinterno-300x132.jpg 300w, https:\/\/circo212.org.mx\/circo2\/wp-content\/uploads\/2012\/02\/elpacienteinterno.jpg 680w\" sizes=\"auto, (max-width: 300px) 100vw, 300px\" \/><\/a><\/p>\n<p><strong>El paciente interno<br \/>\n<\/strong>Dir. Alejandro Solar Luna \/ M\u00e9xico \/ 2011 \/ 83 min<\/p>\n<p style=\"text-align: justify;\">El 5 de febrero de 1970, un ciudadano com\u00fan llamado Carlos Casta\u00f1eda de la Fuente intent\u00f3 asesinar al entonces presidente Gustavo D\u00edaz Ordaz, en venganza por la matanza de estudiantes del 2 de octubre de 1968 en Tlatelolco, desafiando al gobierno m\u00e1s represor de la historia del M\u00e9xico contempor\u00e1neo. Cuarenta a\u00f1os despu\u00e9s, este fallido vengador y sobreviviente al castigo desmedido del sistema, vaga sin rumbo por las calles de la ciudad de M\u00e9xico pidiendo limosna.<\/p>\n<h3>Martes 22 de julio &#8211; 6:00 p.m.<\/h3>\n<p><a href=\"http:\/\/www.circo212.org.mx\/circo2\/wp-content\/uploads\/2012\/02\/P2.jpg\"><img loading=\"lazy\" decoding=\"async\" class=\"alignnone size-full wp-image-2949\" src=\"http:\/\/www.circo212.org.mx\/circo2\/wp-content\/uploads\/2012\/02\/P2.jpg\" alt=\"P2\" width=\"300\" height=\"155\" \/><\/a><\/p>\n<p><strong>Muestra CUEC<\/strong><\/p>\n<p><strong>Programa 2<\/strong><\/p>\n<p>Duraci\u00f3n total: 96\u00a0min<\/p>\n<p>&#8211; Todo va a estar bien\/ Dir. Kevin Joel Guzm\u00e1n Linares\/ 4:45 min.<\/p>\n<p>&#8211; La guerra de los bits\/ Dir. Fernando M\u00e9ndez Arroyo\/ 11:20 min.<\/p>\n<p>&#8211; N\u00f3madas\/ Dir. Delia Luna Couturier\/ 8:00 min.<\/p>\n<p>&#8211; Mi punto de partida\/ Dir. Uriel L\u00f3pez Espa\u00f1a\/ 3:40 min.<\/p>\n<p>&#8211; Playa Ventura\/ Dir. Anaid Gonz\u00e1lez S\u00e1enz\/ 12:00 min.<\/p>\n<p>&#8211; Nos encontraremos en medio\/ Dir. Daniel Enrique Ch\u00e1vez Ontiveros\/ 13:35<\/p>\n<p>min.<\/p>\n<p>&#8211; Pioneras\/ Dir. Katia Morales Gait\u00e1n\/ 15:23 min.<\/p>\n<p>&#8211; Leonor y Nicol\u00e1s\/ Dir. Alicia Ortega Garc\u00eda\/ 9:00 min.<\/p>\n<p>&#8211; La espera\/ Dir. Uriel L\u00f3pez Espa\u00f1a\/ 1:50 min.<\/p>\n<p>&#8211; Ocaso\/ Dir. Emilio Belin Sandoval\/ 17:00 min.<\/p>\n<h3>Martes 22 de julio &#8211; 8:00 p.m.<\/h3>\n<p><a href=\"http:\/\/www.circo212.org.mx\/circo2\/wp-content\/uploads\/2012\/02\/zocalo.png\"><img loading=\"lazy\" decoding=\"async\" class=\"alignnone size-medium wp-image-2950\" src=\"http:\/\/www.circo212.org.mx\/circo2\/wp-content\/uploads\/2012\/02\/zocalo-300x168.png\" alt=\"zocalo\" width=\"300\" height=\"168\" srcset=\"https:\/\/circo212.org.mx\/circo2\/wp-content\/uploads\/2012\/02\/zocalo-300x168.png 300w, https:\/\/circo212.org.mx\/circo2\/wp-content\/uploads\/2012\/02\/zocalo-1024x573.png 1024w, https:\/\/circo212.org.mx\/circo2\/wp-content\/uploads\/2012\/02\/zocalo.png 1153w\" sizes=\"auto, (max-width: 300px) 100vw, 300px\" \/><\/a><\/p>\n<p><strong>Transito<br \/>\n<\/strong>Dir. Antonio Hern\u00e1ndez \/ M\u00e9xico \/ 2014 \/ 75 min<\/p>\n<p style=\"text-align: justify;\">Diario f\u00edlmico del director acerca de un viaje cuya despedida qued\u00f3 marcada por los conflictos sociales de la Ciudad de M\u00e9xico. La primera parada es Barcelona, donde retrata su condici\u00f3n de inmigrante y desfila el desarraigo, la p\u00e9rdida de identidad y la crisis econ\u00f3mica espa\u00f1ola. Eso se convertir\u00e1 en motivo de una nueva huida a Marruecos para investigar un caso de injusticia. Despu\u00e9s vendr\u00eda Rusia y las nuevas ilusiones del amor, para despu\u00e9s partir al desierto del Sahar, los confusos sue\u00f1os y caminos son retorno. Lo personal es lo m\u00e1s pol\u00edtico, comenzando con las cartas de amor.<\/p>\n<h3>Martes 29 de julio &#8211; 8:00 p.m.<\/h3>\n<p><a href=\"http:\/\/www.circo212.org.mx\/circo2\/wp-content\/uploads\/2012\/02\/la-ma\u00f1ana-no-comienza-aqu\u00ed.png\"><img loading=\"lazy\" decoding=\"async\" class=\"alignnone size-medium wp-image-2954\" src=\"http:\/\/www.circo212.org.mx\/circo2\/wp-content\/uploads\/2012\/02\/la-ma\u00f1ana-no-comienza-aqu\u00ed-300x167.png\" alt=\"la ma\u00f1ana\" width=\"300\" height=\"167\" srcset=\"https:\/\/circo212.org.mx\/circo2\/wp-content\/uploads\/2012\/02\/la-ma\u00f1ana-no-comienza-aqu\u00ed-300x167.png 300w, https:\/\/circo212.org.mx\/circo2\/wp-content\/uploads\/2012\/02\/la-ma\u00f1ana-no-comienza-aqu\u00ed.png 573w\" sizes=\"auto, (max-width: 300px) 100vw, 300px\" \/><\/a><\/p>\n<p><strong>La ma\u00f1ana no comienza aqu\u00ed<br \/>\n<\/strong>Dir. Iv\u00e1n Avila Due\u00f1as \/ M\u00e9xico \/ 2013 \/ 89 min<\/p>\n<p style=\"text-align: justify;\">Denisse tiene 23 a\u00f1os, vive en la ciudad de M\u00e9xico, quiere ser DJ. Laura Esquivel tiene 19 a\u00f1os, nacida y criada en una min\u00fascula rancher\u00eda de Zacatecas, llamada El Verde. Es pastora de cabras. Aunque parece improbable que se conozcan, cuando Denisse toca y Laura pastorea en el campo, en el mundo de sus pensamientos la posibilidad de encontrarse es factible.<\/p>\n<h3 style=\"text-align: justify;\">Martes 5 de agosto &#8211; 8:00 p.m.<\/h3>\n<p><a href=\"http:\/\/www.circo212.org.mx\/circo2\/wp-content\/uploads\/2012\/02\/agonia-de-una-mosca-sobre-alcohol.png\"><img loading=\"lazy\" decoding=\"async\" class=\"alignnone size-medium wp-image-2955\" src=\"http:\/\/www.circo212.org.mx\/circo2\/wp-content\/uploads\/2012\/02\/agonia-de-una-mosca-sobre-alcohol-300x133.png\" alt=\"agonia de \" width=\"300\" height=\"133\" srcset=\"https:\/\/circo212.org.mx\/circo2\/wp-content\/uploads\/2012\/02\/agonia-de-una-mosca-sobre-alcohol-300x133.png 300w, https:\/\/circo212.org.mx\/circo2\/wp-content\/uploads\/2012\/02\/agonia-de-una-mosca-sobre-alcohol.png 573w\" sizes=\"auto, (max-width: 300px) 100vw, 300px\" \/><\/a><\/p>\n<p><strong>Agon\u00eda de una mosca sobre alcohol<br \/>\n<\/strong>Dir. Francisco Guerrero \/ M\u00e9xico \/ 2013 \/ 18 min<\/p>\n<p style=\"text-align: justify;\">A veces las cosas no racionales pueden ser m\u00e1s realistas que la realidad. A veces los sue\u00f1os pueden decir m\u00e1s de nosotros que nosotros que nosotros mismos. Retomando un movimiento del siglo XX, el surrealismo, el cortometraje \u00abAgon\u00eda de una mosca sobre alcohol\u00bb, escrito por Francisco Guerrero y Joyce cristina mezcla trozos de sue\u00f1os con im\u00e1genes autom\u00e1ticas de pensamiento para crear una historia con un lenguaje distinto, el del subconsciente.<\/p>\n<h3>Martes 5 de agosto &#8211; 8:30 p.m.<\/h3>\n<p><a href=\"http:\/\/www.circo212.org.mx\/circo2\/wp-content\/uploads\/2012\/02\/Cumbres.jpg\"><img loading=\"lazy\" decoding=\"async\" class=\"alignnone size-medium wp-image-2956\" src=\"http:\/\/www.circo212.org.mx\/circo2\/wp-content\/uploads\/2012\/02\/Cumbres-300x125.jpg\" alt=\"Cumbres\" width=\"300\" height=\"125\" srcset=\"https:\/\/circo212.org.mx\/circo2\/wp-content\/uploads\/2012\/02\/Cumbres-300x125.jpg 300w, https:\/\/circo212.org.mx\/circo2\/wp-content\/uploads\/2012\/02\/Cumbres-1024x429.jpg 1024w\" sizes=\"auto, (max-width: 300px) 100vw, 300px\" \/><\/a><\/p>\n<p><strong>Cumbres<br \/>\n<\/strong>Dir. Gabriel Nuncio \/ M\u00e9xico \/ 2013 \/ 81 min<\/p>\n<p style=\"text-align: justify;\">A ra\u00edz de una tragedia dos hermanas huyen precipitadamente de Monterrey. Sin tener claridad de lo que sucede, Miwi \u2013la menor- maneja incansable para llevar a Juliana a un lugar seguro. Su obligado peregrinaje crea una peculiar relaci\u00f3n entre ellas marcada por el amor, el dolor y la culpa.<\/p>\n<h3>Martes 12 de agosto &#8211; 6:00 p.m.<\/h3>\n<p><a href=\"http:\/\/www.circo212.org.mx\/circo2\/wp-content\/uploads\/2012\/02\/Filia-filiae.png\"><img loading=\"lazy\" decoding=\"async\" class=\"alignnone size-medium wp-image-2957\" src=\"http:\/\/www.circo212.org.mx\/circo2\/wp-content\/uploads\/2012\/02\/Filia-filiae-300x165.png\" alt=\"Filia, filiae\" width=\"300\" height=\"165\" srcset=\"https:\/\/circo212.org.mx\/circo2\/wp-content\/uploads\/2012\/02\/Filia-filiae-300x165.png 300w, https:\/\/circo212.org.mx\/circo2\/wp-content\/uploads\/2012\/02\/Filia-filiae.png 571w\" sizes=\"auto, (max-width: 300px) 100vw, 300px\" \/><\/a><\/p>\n<p><strong>Muestra CUEC<\/strong><\/p>\n<p><strong>Programa 3<\/strong><\/p>\n<p>Duraci\u00f3n total: 83\u00a0min<\/p>\n<p>&#8211; Invisibles\/ Dir. Patricio Sol\u00f3rzano Ruiz de Velasco\/ 12:00 min.<\/p>\n<p>&#8211; Rayano\/ Dir. Emiliano Mendoza Uribe\/ 6:00 min.<\/p>\n<p>&#8211; Perreus\/ Dir. Kalien Delgado Molina\/ 10:30 min.<\/p>\n<p>&#8211; Los p\u00e1jaros miran hacia el Norte\/ Dir. Pepe Guti\u00e9rrez\/ 12:30 min.<\/p>\n<p>&#8211; Xochicalco, altar al tiempo\/ Dir. Alicia Ortega Garc\u00eda\/ 11:35 min.<\/p>\n<p>&#8211; Filia, Filiae\/ Dir. Sabrina Muhate\/ 5:00 min.<\/p>\n<p>&#8211; Juego de espejos\/ Dir. Violeta Carbajal\/ 1:26 min.<\/p>\n<p>&#8211; La emisi\u00f3n interferida de Jos\u00e9 Yamuna! Dir. Jer\u00f3nimo Barriga\/ 25:00 min.<\/p>\n<h3>Martes 12 de agosto &#8211; 8:00 p.m.<\/h3>\n<p><a href=\"http:\/\/www.circo212.org.mx\/circo2\/wp-content\/uploads\/2012\/02\/Velociraptor.png\"><img loading=\"lazy\" decoding=\"async\" class=\"alignnone size-medium wp-image-2958\" src=\"http:\/\/www.circo212.org.mx\/circo2\/wp-content\/uploads\/2012\/02\/Velociraptor-300x168.png\" alt=\"Velociraptor\" width=\"300\" height=\"168\" srcset=\"https:\/\/circo212.org.mx\/circo2\/wp-content\/uploads\/2012\/02\/Velociraptor-300x168.png 300w, https:\/\/circo212.org.mx\/circo2\/wp-content\/uploads\/2012\/02\/Velociraptor.png 569w\" sizes=\"auto, (max-width: 300px) 100vw, 300px\" \/><\/a><\/p>\n<p><strong>Velociraptor<br \/>\n<\/strong>Dir. Chucho E. Quintero \/ M\u00e9xico \/ 2014 \/ 95 min<\/p>\n<p style=\"text-align: justify;\">Dos mejores amigos salen a pasear una tarde por la ciudad bajo la sombra de un inminente Apocalipsis: la vida en la Tierra como la conocemos est\u00e1 llegando a su fin, los d\u00edas son eternos, la sociedad se derrumba y las familias deciden morir juntas, o abandonar a sus hijos. Todo esto los llevar\u00e1 a enfrentar sus m\u00e1s profundos miedos y deseos acerca del sexo y la b\u00fasqueda por completarse a trav\u00e9s del otro. Discuten acerca de las excusas del amor no correspondido, el dolor que cauteriza y la virginidad que pesa. La fuerza de su inquebrantable amistad los ayudar\u00e1 a probar los l\u00edmites de la confianza y la lealtad pero, \u00bfhasta d\u00f3nde llegar\u00e1 Diego para salvar a Alex de s\u00ed mismo?<\/p>\n<h3>Martes 19 de agosto &#8211; 8:00 p.m.<\/h3>\n<p><a href=\"http:\/\/www.circo212.org.mx\/circo2\/wp-content\/uploads\/2012\/02\/Las-busquedas.png\"><img loading=\"lazy\" decoding=\"async\" class=\"alignnone size-medium wp-image-2959\" src=\"http:\/\/www.circo212.org.mx\/circo2\/wp-content\/uploads\/2012\/02\/Las-busquedas-300x184.png\" alt=\"Las busquedas\" width=\"300\" height=\"184\" srcset=\"https:\/\/circo212.org.mx\/circo2\/wp-content\/uploads\/2012\/02\/Las-busquedas-300x184.png 300w, https:\/\/circo212.org.mx\/circo2\/wp-content\/uploads\/2012\/02\/Las-busquedas.png 571w\" sizes=\"auto, (max-width: 300px) 100vw, 300px\" \/><\/a><\/p>\n<p><strong>Las b\u00fasquedas<br \/>\n<\/strong>Dir. Jos\u00e9 Luis Valle \/ M\u00e9xico \/ 2013 \/ 77 min<\/p>\n<p style=\"text-align: justify;\">Ulises quiere matar al hombre que le rob\u00f3 la cartera; Elvira, entender el suicidio de su esposo. Ambos tratan de llenar el vac\u00edo dejado por sus seres queridos. El dolor de la p\u00e9rdida los unir\u00e1 de manera insospechada.<\/p>\n<h3>Martes 26 de agosto &#8211; 6:00 p.m.<\/h3>\n<p><a href=\"http:\/\/www.circo212.org.mx\/circo2\/wp-content\/uploads\/2012\/02\/programa-4.png\"><img loading=\"lazy\" decoding=\"async\" class=\"alignnone size-medium wp-image-2960\" src=\"http:\/\/www.circo212.org.mx\/circo2\/wp-content\/uploads\/2012\/02\/programa-4-300x163.png\" alt=\"programa 4\" width=\"300\" height=\"163\" srcset=\"https:\/\/circo212.org.mx\/circo2\/wp-content\/uploads\/2012\/02\/programa-4-300x163.png 300w, https:\/\/circo212.org.mx\/circo2\/wp-content\/uploads\/2012\/02\/programa-4.png 571w\" sizes=\"auto, (max-width: 300px) 100vw, 300px\" \/><\/a><\/p>\n<p><strong>MUESTRA CUEC<\/strong><\/p>\n<p><strong>Programa 4<\/strong><\/p>\n<p>Duraci\u00f3n total: 94\u00a0min<\/p>\n<p>&#8211; Casacasacasa\/ Dir. Basti\u00e1n Pascal\/ 5:35 min.<\/p>\n<p>&#8211; Principiantes\/ Dir. Silvana L\u00e1zaro Rosales\/ 6:30 min.<\/p>\n<p>&#8211; Kigurumis\/ Dir. David Mu\u00f1oz Velasco\/ 10:00 min.<\/p>\n<p>&#8211; Estudios del fuego\/ Dir. Sheila Altamirano\/ 10:20 min.<\/p>\n<p>&#8211; Milo y sus animales\/ Dir. Daniel Enrique Ch\u00e1vez Ontiveros\/ 12:50 min.<\/p>\n<p>&#8211; La llanura\/ Dir. Alejandro Ram\u00edrez Collado\/ 11:10 min.<\/p>\n<p>&#8211; Los hijos de Si\u00f3n\/ Dir. Mauricio Celis Monterrubio\/ 17:30 min.<\/p>\n<p>&#8211; El objeto\/ Dir. Violeta Carbajal\/ 9:00 min.<\/p>\n<p>&#8211; Loop\/ Dir. Eric Silva Manjarrez\/ 1:10 min.<\/p>\n<p>&#8211; El amanecer de Florencia\/ Dir. Arturo D\u00edaz Santana\/ 10:47 min<\/p>\n<h3>Martes 2 de septiembre &#8211; 6:00 p.m.<\/h3>\n<p><a href=\"http:\/\/www.circo212.org.mx\/circo2\/wp-content\/uploads\/2012\/02\/programa-5.png\"><img loading=\"lazy\" decoding=\"async\" class=\"alignnone size-medium wp-image-2961\" src=\"http:\/\/www.circo212.org.mx\/circo2\/wp-content\/uploads\/2012\/02\/programa-5-300x168.png\" alt=\"programa 5\" width=\"300\" height=\"168\" srcset=\"https:\/\/circo212.org.mx\/circo2\/wp-content\/uploads\/2012\/02\/programa-5-300x168.png 300w, https:\/\/circo212.org.mx\/circo2\/wp-content\/uploads\/2012\/02\/programa-5.png 571w\" sizes=\"auto, (max-width: 300px) 100vw, 300px\" \/><\/a><\/p>\n<p><strong>Muestra CUEC<\/strong><\/p>\n<p><strong>Programa 5<\/strong><\/p>\n<p>Duraci\u00f3n total: 96\u00a0min<\/p>\n<p>&#8211; Deshidrataci\u00f3n\/ Dir. Isabel Torres\/ 7:23 min.<\/p>\n<p>&#8211; El canon del axolote\/ Dir. Indra Villase\u00f1or Amador\/ 15:05 min.<\/p>\n<p>&#8211; Una historia de futbol\/ Dir. Carlos Eligio San Juan\/ 7:00 min.<\/p>\n<p>&#8211; Nav\u00edo\/ Dir. Natali Montell\/ 8:20 min.<\/p>\n<p>&#8211; Los hilos que nos tejen\/ Dir. Melissa Elizondo Moreno\/ 17:23 min.<\/p>\n<p>&#8211; Victoria\/ Dir. Fernando M\u00e9ndez Arroyo\/ 15:30 min.<\/p>\n<p>&#8211; Toc toc toc\/ Dir. Pablo Ramos\/ 2:30 min.<\/p>\n<p>&#8211; Bajo tu influencia\/ Dir. David Casta\u00f1\u00f3n Medina\/ 23:00 min.<\/p>\n<h3>Martes 2 de septiembre &#8211; 8:00 p.m.<\/h3>\n<p><a href=\"http:\/\/www.circo212.org.mx\/circo2\/wp-content\/uploads\/2012\/02\/azul-intangible.png\"><img loading=\"lazy\" decoding=\"async\" class=\"alignnone size-medium wp-image-2962\" src=\"http:\/\/www.circo212.org.mx\/circo2\/wp-content\/uploads\/2012\/02\/azul-intangible-300x165.png\" alt=\"azul intangible\" width=\"300\" height=\"165\" srcset=\"https:\/\/circo212.org.mx\/circo2\/wp-content\/uploads\/2012\/02\/azul-intangible-300x165.png 300w, https:\/\/circo212.org.mx\/circo2\/wp-content\/uploads\/2012\/02\/azul-intangible.png 573w\" sizes=\"auto, (max-width: 300px) 100vw, 300px\" \/><\/a><\/p>\n<p><strong>Azul Intangible<br \/>\n<\/strong>Dir. Er\u00e9ndira Valle Padilla \/ M\u00e9xico \/ 2012 \/ 70 min<\/p>\n<p style=\"text-align: justify;\">Un viaje sobre y dentro del mar, que retrata el encanto y diversidad de las aguas del noroeste de M\u00e9xico. Un equipo de documentalistas citadinos y buzos zarpan varias semanas en un barco, El Sandman, y descubren lo in\u00e9dito: seres sorprendentemente grandes y amistosos, aguas llenas de vida, belleza y movimiento concentrados en reservas naturales del Golfo de California y el Pac\u00edfico, \u00fanicas en el mundo. De vuelta a la metr\u00f3poli se evidencia el v\u00ednculo natural entre los habitantes de la ciudad y el mar, que refleja lo et\u00e9reo e intangible de esta conexi\u00f3n, a partir de met\u00e1foras audiovisuales de sutil encanto para el espectador.<\/p>\n<h3>Martes 9 de septiembre &#8211; 8:00 p.m.<\/h3>\n<p><a href=\"http:\/\/www.circo212.org.mx\/circo2\/wp-content\/uploads\/2012\/02\/Vestigios-del-paraiso.png\"><img loading=\"lazy\" decoding=\"async\" class=\"alignnone size-medium wp-image-2963\" src=\"http:\/\/www.circo212.org.mx\/circo2\/wp-content\/uploads\/2012\/02\/Vestigios-del-paraiso-300x167.png\" alt=\"Vestigios del paraiso\" width=\"300\" height=\"167\" srcset=\"https:\/\/circo212.org.mx\/circo2\/wp-content\/uploads\/2012\/02\/Vestigios-del-paraiso-300x167.png 300w, https:\/\/circo212.org.mx\/circo2\/wp-content\/uploads\/2012\/02\/Vestigios-del-paraiso.png 573w\" sizes=\"auto, (max-width: 300px) 100vw, 300px\" \/><\/a><\/p>\n<p><strong>Vestigios del para\u00edso<br \/>\n<\/strong>Dir. Antonio Hern\u00e1ndez \/ M\u00e9xico \/ 2012 \/ 85 min<\/p>\n<p style=\"text-align: justify;\">Chacahua es una isla tur\u00edstica de la costa de Oaxaca. Sus habitantes han permanecido invisibles para el mundo, incluyendo los ojos de los visitantes. Vestigios del para\u00edso cuenta la historia de los ni\u00f1os de esta isla, cuyo sue\u00f1o de participar en un torneo de surf se har\u00e1 realidad. Como trasfondo de sus costumbres y una vida en apariencia id\u00edlica, veremos los problemas sociales que aquejan a la comunidad.<\/p>\n<h3>Martes 23 de septiembre &#8211; 6:00 p.m.<\/h3>\n<p><a href=\"http:\/\/www.circo212.org.mx\/circo2\/wp-content\/uploads\/2012\/02\/programa-6.png\"><img loading=\"lazy\" decoding=\"async\" class=\"alignnone size-medium wp-image-2964\" src=\"http:\/\/www.circo212.org.mx\/circo2\/wp-content\/uploads\/2012\/02\/programa-6-300x167.png\" alt=\"programa 6\" width=\"300\" height=\"167\" srcset=\"https:\/\/circo212.org.mx\/circo2\/wp-content\/uploads\/2012\/02\/programa-6-300x167.png 300w, https:\/\/circo212.org.mx\/circo2\/wp-content\/uploads\/2012\/02\/programa-6.png 572w\" sizes=\"auto, (max-width: 300px) 100vw, 300px\" \/><\/a><\/p>\n<p><strong>Muestra CUEC<\/strong><\/p>\n<p><strong>Programa 6<\/strong><\/p>\n<p>Duraci\u00f3n total: 85 min<\/p>\n<p>&#8211; Azul turquesa (Dir. Nancy Cruz) 7:50 min.<\/p>\n<p>&#8211; Nada haremos (Dir. Mauricio Hern\u00e1ndez Serrano) 18:00 min.<\/p>\n<p>&#8211; El seguro azar (Dir. Gustavo Hern\u00e1ndez de Anda) 13:20 min.<\/p>\n<p>&#8211; Ojos negros (Dir. Georgina L\u00f3pez del R\u00edo) 13:00 min.<\/p>\n<p>&#8211; Soldado (Dir. Eric Silva Manjarrez) 11:30 min.<\/p>\n<p>&#8211; La ilusi\u00f3n (Dir. Melissa Elizondo Moreno) 1:53 min.<\/p>\n<p>&#8211; Juli\u00e1n (Dir. Ryu Murillo Veyda) 20:00 min.<\/p>\n<h3>Martes 23 de septiembre &#8211; 8:00 p.m.<\/h3>\n<p><a href=\"http:\/\/www.circo212.org.mx\/circo2\/wp-content\/uploads\/2012\/02\/Qui\u00e9nteentiende.png\"><img loading=\"lazy\" decoding=\"async\" class=\"alignnone size-medium wp-image-2976\" src=\"http:\/\/www.circo212.org.mx\/circo2\/wp-content\/uploads\/2012\/02\/Qui\u00e9nteentiende-300x168.png\" alt=\"Qui\u00e9nteentiende\" width=\"300\" height=\"168\" srcset=\"https:\/\/circo212.org.mx\/circo2\/wp-content\/uploads\/2012\/02\/Qui\u00e9nteentiende-300x168.png 300w, https:\/\/circo212.org.mx\/circo2\/wp-content\/uploads\/2012\/02\/Qui\u00e9nteentiende-1024x574.png 1024w, https:\/\/circo212.org.mx\/circo2\/wp-content\/uploads\/2012\/02\/Qui\u00e9nteentiende.png 1500w\" sizes=\"auto, (max-width: 300px) 100vw, 300px\" \/><\/a><\/p>\n<p><strong>\u00bfQui\u00e9n te entiende?<br \/>\n<\/strong>Dir. Alejandro Murillo \/ M\u00e9xico \/ 2014 \/ 98 min<\/p>\n<p style=\"text-align: justify;\">Con motivo del vig\u00e9simo aniversario de la compa\u00f1\u00eda Se\u00f1a y Verbo, la obra teatral \u201c\u00a1\u00bfQui\u00e9n te entiende?!\u201d es llevada al medio cinematogr\u00e1fico.<br \/>\nPartiendo de la historia original desarrollada por Alberto Lomnitz, quien adapt\u00f3 testimonios reales de sordos mexicanos, tres personajes nos invitan a compartir an\u00e9cdotas y tomar una taza de caf\u00e9 mientras esperan la llegada de sus amigos.<\/p>\n<h3>Martes 30 de septiembre &#8211; 8:00 p.m.<\/h3>\n<p><a href=\"http:\/\/www.circo212.org.mx\/circo2\/wp-content\/uploads\/2012\/02\/Autorretrato-Apropiado.png\"><img loading=\"lazy\" decoding=\"async\" class=\"alignnone size-medium wp-image-2974\" src=\"http:\/\/www.circo212.org.mx\/circo2\/wp-content\/uploads\/2012\/02\/Autorretrato-Apropiado-300x190.png\" alt=\"Autorretrato Apropiado\" width=\"300\" height=\"190\" srcset=\"https:\/\/circo212.org.mx\/circo2\/wp-content\/uploads\/2012\/02\/Autorretrato-Apropiado-300x190.png 300w, https:\/\/circo212.org.mx\/circo2\/wp-content\/uploads\/2012\/02\/Autorretrato-Apropiado-1024x649.png 1024w, https:\/\/circo212.org.mx\/circo2\/wp-content\/uploads\/2012\/02\/Autorretrato-Apropiado.png 1176w\" sizes=\"auto, (max-width: 300px) 100vw, 300px\" \/><\/a><\/p>\n<p><strong>Autorretrato Apropiado<br \/>\n<\/strong>Dir. Mar\u00eda Jos\u00e9 Al\u00f3s \/ M\u00e9xico \/ 2014 \/ 101 min<\/p>\n<p style=\"text-align: justify;\">Autobiograf\u00eda contada a partir de fragmentos cinematogr\u00e1ficos apropiados. Indaga sobre los temas de la construcci\u00f3n de la identidad, el g\u00e9nero, la memoria y la reescritura del recuerdo.<\/p>\n<h3>Martes 7 de octubre\u00a0&#8211; 8:00 p.m.<\/h3>\n<p><a href=\"http:\/\/www.circo212.org.mx\/circo2\/wp-content\/uploads\/2012\/02\/viento-aparte.jpg\"><img loading=\"lazy\" decoding=\"async\" class=\"alignnone size-medium wp-image-2975\" src=\"http:\/\/www.circo212.org.mx\/circo2\/wp-content\/uploads\/2012\/02\/viento-aparte-300x166.jpg\" alt=\"viento-aparte\" width=\"300\" height=\"166\" srcset=\"https:\/\/circo212.org.mx\/circo2\/wp-content\/uploads\/2012\/02\/viento-aparte-300x166.jpg 300w, https:\/\/circo212.org.mx\/circo2\/wp-content\/uploads\/2012\/02\/viento-aparte.jpg 960w\" sizes=\"auto, (max-width: 300px) 100vw, 300px\" \/><\/a><\/p>\n<p><strong>Viento aparte<br \/>\n<\/strong>Dir. Alejandro Gerber Bicecci \/ M\u00e9xico \/ 2014 \/ 96 min<\/p>\n<p style=\"text-align: justify;\">La madre de Omar, de 15 a\u00f1os, y Karina, de 12, cae gravemente enferma durante unas vacaciones familiares. Los hermanos, abandonados a su suerte, iniciar\u00e1n un largo viaje a trav\u00e9s del pa\u00eds rumbo a casa de su abuela.<br \/>\nEn el camino se enfrentar\u00e1n a un pa\u00eds roto y dividido por la desconfianza, el resentimiento y la violencia. Personajes diversos -extra\u00f1os en su propia tierra-, los ir\u00e1n acompa\u00f1ando en laber\u00ednticas etapas hasta su destino final.<\/p>\n<h1 style=\"text-align: center;\"><strong>\u201c\u00c1FRICA, origen y leyenda\u201d<\/strong><\/h1>\n<h2 style=\"text-align: center;\">en<\/h2>\n<h1 style=\"text-align: center;\"><\/h1>\n<h1 style=\"text-align: center;\">Cineclub Revoluci\u00f3n<\/h1>\n<p>&nbsp;<\/p>\n<p style=\"text-align: justify;\">El cine africano sigue siendo en su mayor\u00eda un misterio, apenas aparecen de a\u00f1o en a\u00f1o algunas pel\u00edculas filmadas por directores africanos que se proyectan en festivales internacionales y aunque algunos lo intentan, es dif\u00edcil hacer un compendio de lo que est\u00e1 ocurriendo a nivel cinematogr\u00e1fico en un continente tan vasto y variado culturalmente como el africano. Sin embargo, algunos cineastas europeos internacionalmente conocidos, han recurrido a \u00c1frica para contar sus historias, la mayor\u00eda de las veces llevados por la relaci\u00f3n hist\u00f3rica que sus pa\u00edses de origen tienen con algunas naciones africanas. Lo cierto es que de esta relaci\u00f3n han surgido important\u00edsimas pel\u00edculas que ofrecen una visi\u00f3n l\u00facida y renovada sobre temas tan importantes como los periodos de colonizaci\u00f3n o lo legendario de un mundo que aunque muy explotado por occidente, en ocasiones parece serle emocionalmente inaccesible. Esta selecci\u00f3n, hecha por Nuria Cubas, est\u00e1 formada de 5 pel\u00edculas europeas que nos muestran la relaci\u00f3n de los ciudadanos del viejo continente con los del continente de nuestros or\u00edgenes y desde esta relaci\u00f3n no s\u00f3lo se entrev\u00e9 la idiosincrasia europea sino tambi\u00e9n el legado cultural africano, su importancia social y territorial y su posici\u00f3n como origen de la leyenda humana.<\/p>\n<p style=\"text-align: center;\">Los invitamos al Museo de Arte Carrillo Gil todos los martes a las 20:00 horas, las funciones son gratuitas.<\/p>\n<p style=\"text-align: center;\"><em>Av. Revoluci\u00f3n 1608, esquina Altavista, Col. San \u00c1ngel<\/em><\/p>\n<h3>Martes 3 de junio &#8211; 8:00 p.m.<\/h3>\n<p><a href=\"http:\/\/www.circo212.org.mx\/circo2\/wp-content\/uploads\/2012\/02\/Tabu-.jpg\"><img loading=\"lazy\" decoding=\"async\" class=\"alignnone size-medium wp-image-2902\" src=\"http:\/\/www.circo212.org.mx\/circo2\/wp-content\/uploads\/2012\/02\/Tabu--300x179.jpg\" alt=\"Tabu-\" width=\"300\" height=\"179\" srcset=\"https:\/\/circo212.org.mx\/circo2\/wp-content\/uploads\/2012\/02\/Tabu--300x179.jpg 300w, https:\/\/circo212.org.mx\/circo2\/wp-content\/uploads\/2012\/02\/Tabu--1024x613.jpg 1024w, https:\/\/circo212.org.mx\/circo2\/wp-content\/uploads\/2012\/02\/Tabu-.jpg 1600w\" sizes=\"auto, (max-width: 300px) 100vw, 300px\" \/><\/a><\/p>\n<p><strong>Tab\u00fa<\/strong> ( Tabu)<br \/>\nDir. Miguel Gomes \/ Portugal \/ 2012 \/ 118 min<\/p>\n<p style=\"text-align: justify;\">Una vieja dama temperamental, su criada de color y su vecina entregada a las causas. El mundo de estas tres mujeres conforma la historia de Tab\u00fa, un mundo que se ver\u00e1 sacudido cuando la vieja dama fallezca y su criada y vecina descubran un secreto episodio de su pasado. Un secreto rodeado de amor y crimen en un \u00c1frica salvaje.<\/p>\n<h3>Martes 10 de junio &#8211; 8:00 p.m.<\/h3>\n<p><a href=\"http:\/\/www.circo212.org.mx\/circo2\/wp-content\/uploads\/2012\/02\/Laenfermedaddelsuen-o.jpg\"><img loading=\"lazy\" decoding=\"async\" class=\"alignnone size-medium wp-image-2903\" src=\"http:\/\/www.circo212.org.mx\/circo2\/wp-content\/uploads\/2012\/02\/Laenfermedaddelsuen-o-300x168.jpg\" alt=\"Laenfermedaddelsuen-o\" width=\"300\" height=\"168\" srcset=\"https:\/\/circo212.org.mx\/circo2\/wp-content\/uploads\/2012\/02\/Laenfermedaddelsuen-o-300x168.jpg 300w, https:\/\/circo212.org.mx\/circo2\/wp-content\/uploads\/2012\/02\/Laenfermedaddelsuen-o-1024x576.jpg 1024w, https:\/\/circo212.org.mx\/circo2\/wp-content\/uploads\/2012\/02\/Laenfermedaddelsuen-o.jpg 1600w\" sizes=\"auto, (max-width: 300px) 100vw, 300px\" \/><\/a><\/p>\n<p><strong>La enfermedad del sue\u00f1o<\/strong> (Schlafkrankheit)<br \/>\nDir. Ulrich K\u00f6hler \/ Alemania \/ 2011 \/ 91 min<\/p>\n<p style=\"text-align: justify;\">Ebbo y Vera han vivido en diversos pa\u00edses africanos durante los \u00faltimos 20 a\u00f1os. Ebbo dirige un programa dedicado a la enfermedad del sue\u00f1o que le tiene ocupado todo el tiempo. Vera, sin embargo, se siente cada vez m\u00e1s inc\u00f3moda en la comunidad de expatriados de Yaound\u00e9. Y sufre porque est\u00e1 separada de su hija Helen, de 14 a\u00f1os que est\u00e1 en Alemania. Ebbo se ve obligado a renunciar a su vida en \u00c1frica si no quiere perder la mujer a la que ama, pero cada d\u00eda teme m\u00e1s el regreso a un pa\u00eds que le es ahora desconocido.<\/p>\n<h3>Martes 17 de junio &#8211; 8:00 p.m.<\/h3>\n<p><a href=\"http:\/\/www.circo212.org.mx\/circo2\/wp-content\/uploads\/2012\/02\/Unamujerena-frica.jpg\"><img loading=\"lazy\" decoding=\"async\" class=\"alignnone size-medium wp-image-2904\" src=\"http:\/\/www.circo212.org.mx\/circo2\/wp-content\/uploads\/2012\/02\/Unamujerena-frica-300x127.jpg\" alt=\"Unamujerena-frica\" width=\"300\" height=\"127\" srcset=\"https:\/\/circo212.org.mx\/circo2\/wp-content\/uploads\/2012\/02\/Unamujerena-frica-300x127.jpg 300w, https:\/\/circo212.org.mx\/circo2\/wp-content\/uploads\/2012\/02\/Unamujerena-frica-1024x436.jpg 1024w, https:\/\/circo212.org.mx\/circo2\/wp-content\/uploads\/2012\/02\/Unamujerena-frica.jpg 1200w\" sizes=\"auto, (max-width: 300px) 100vw, 300px\" \/><\/a><\/p>\n<p><strong>Una mujer en \u00c1frica<\/strong> (White Material)<br \/>\nDir. Claire Denis \/ Francia \/ 2009 \/ 105 min<\/p>\n<p style=\"text-align: justify;\">En un conflictivo pa\u00eds del coraz\u00f3n de \u00c1frica, vive Mar\u00eda, una terrateniente de car\u00e1cter fuerte y altivo, acostumbrada a ejercer un f\u00e9rreo control en sus propiedades. Es por eso, cuando est\u00e1 a punto de estallar una guerra civil, no duda en defender a toda costa sus cultivos de caf\u00e9 con su guardia personal, una milicia privada formada por hombres entrenados y armados.<\/p>\n<h3>Martes 24 de junio &#8211; 8:00 p.m.<\/h3>\n<p><a href=\"http:\/\/www.circo212.org.mx\/circo2\/wp-content\/uploads\/2012\/02\/Todosvosotros.jpg\"><img loading=\"lazy\" decoding=\"async\" class=\"alignnone size-medium wp-image-2905\" src=\"http:\/\/www.circo212.org.mx\/circo2\/wp-content\/uploads\/2012\/02\/Todosvosotros-300x165.jpg\" alt=\"Todosvosotros\" width=\"300\" height=\"165\" srcset=\"https:\/\/circo212.org.mx\/circo2\/wp-content\/uploads\/2012\/02\/Todosvosotros-300x165.jpg 300w, https:\/\/circo212.org.mx\/circo2\/wp-content\/uploads\/2012\/02\/Todosvosotros.jpg 613w\" sizes=\"auto, (max-width: 300px) 100vw, 300px\" \/><\/a><\/p>\n<p><strong>Todos vosotros sois capitanes<\/strong> (Todos v\u00f3s sodes capit\u00e1ns)<br \/>\nDir. \u00d3liver Laxe \/ Espa\u00f1a \/ 2010 \/ 79 min<\/p>\n<p style=\"text-align: justify;\">Ensayo visual entre el documental y la ficci\u00f3n, que al tiempo que retrata el Magreb relata la historia de \u00d3liver, un profesor que propone a un grupo de ni\u00f1os rodar una pel\u00edcula en T\u00e1nger. En el film,\u00a0Laxe pone en pr\u00e1ctica un mecanismo de representaci\u00f3n institucional en el que\u00a0establece un juego de manipulaci\u00f3n con sus alumnos\u00a0bajo la apariencia de artista dictador, evidenciando la \u00e9tica del documentalista y los entresijos de la puesta en escena.<\/p>\n<h3>Martes 1 de julio &#8211; 8:00 p.m.<\/h3>\n<p><a href=\"http:\/\/www.circo212.org.mx\/circo2\/wp-content\/uploads\/2012\/02\/Lospasosdobles.jpg\"><img loading=\"lazy\" decoding=\"async\" class=\"alignnone size-medium wp-image-2906\" src=\"http:\/\/www.circo212.org.mx\/circo2\/wp-content\/uploads\/2012\/02\/Lospasosdobles-300x170.jpg\" alt=\"Lospasosdobles\" width=\"300\" height=\"170\" srcset=\"https:\/\/circo212.org.mx\/circo2\/wp-content\/uploads\/2012\/02\/Lospasosdobles-300x170.jpg 300w, https:\/\/circo212.org.mx\/circo2\/wp-content\/uploads\/2012\/02\/Lospasosdobles.jpg 600w\" sizes=\"auto, (max-width: 300px) 100vw, 300px\" \/><\/a><\/p>\n<p><strong>Los pasos dobles <\/strong><br \/>\nDir. Isaki Lacuesta \/ Espa\u00f1a \/ 2011 \/ 86 min<\/p>\n<p>Un supuesto artista franc\u00e9s desconocido del Siglo XX, Fran\u00e7ois Augi\u00e9ras, dej\u00f3 un interesante legado pict\u00f3rico en un b\u00fanker militar en el desierto de \u00c1frica, que seg\u00fan la leyenda, ha quedado sepultado bajo la arena. Cien a\u00f1os despu\u00e9s, el pintor Miquel Barcel\u00f3 se embarca en una aventura por tierras africanas tras la pista de la obra perdida de Augi\u00e9ras, en una incre\u00edble experiencia vital que le ha llevado a conectar con la sencillez y la hospitalidad de las tribus aut\u00f3ctonas de la zona.<\/p>\n<p>Agradecemos el apoyo de:<\/p>\n<p><a href=\"http:\/\/www.circo212.org.mx\/circo2\/wp-content\/uploads\/2012\/02\/M-appeal-rot.jpg\"><img loading=\"lazy\" decoding=\"async\" class=\"alignnone size-medium wp-image-2940\" src=\"http:\/\/www.circo212.org.mx\/circo2\/wp-content\/uploads\/2012\/02\/M-appeal-rot-300x91.jpg\" alt=\"card\" width=\"300\" height=\"91\" srcset=\"https:\/\/circo212.org.mx\/circo2\/wp-content\/uploads\/2012\/02\/M-appeal-rot-300x91.jpg 300w, https:\/\/circo212.org.mx\/circo2\/wp-content\/uploads\/2012\/02\/M-appeal-rot-1024x311.jpg 1024w, https:\/\/circo212.org.mx\/circo2\/wp-content\/uploads\/2012\/02\/M-appeal-rot.jpg 1756w\" sizes=\"auto, (max-width: 300px) 100vw, 300px\" \/><\/a><\/p>\n<p>&nbsp;<\/p>\n<p>&nbsp;<\/p>\n<p>NURIA CUBAS<\/p>\n<p>Madrid &#8211; 1984<\/p>\n<p style=\"text-align: justify;\">Licenciada en Comunicaci\u00f3n Audiovisual y M\u00e1ster en Estudios Literarios por universidades de Madrid. En 2004 viaja a Ciudad de M\u00e9xico donde realiza estudios de Cine. Sus trabajos de v\u00eddeo han participado en exposiciones colectivas e individuales en Madrid, Lisboa o M\u00e9xico DF entre otras ciudades. Desarrolla su labor cr\u00edtica en las revistas Sala1 y Numerocero. Desde 2013 dirige el proyecto Pasajes de Cine que comenz\u00f3 en el espacio de arte\u00a0Slowtrack\u00a0de Madrid y que ahora se desarrolla en colaboraci\u00f3n con\u00a0PLAT.<\/p>\n<p>www.nuriacubas.com<\/p>\n<p><a href=\"http:\/\/www.circo212.org.mx\/circo2\/wp-content\/uploads\/2012\/02\/nuria-cubas.png\"><img loading=\"lazy\" decoding=\"async\" class=\"alignnone size-medium wp-image-2907\" src=\"http:\/\/www.circo212.org.mx\/circo2\/wp-content\/uploads\/2012\/02\/nuria-cubas-300x300.png\" alt=\"nuria cubas\" width=\"300\" height=\"300\" srcset=\"https:\/\/circo212.org.mx\/circo2\/wp-content\/uploads\/2012\/02\/nuria-cubas-300x300.png 300w, https:\/\/circo212.org.mx\/circo2\/wp-content\/uploads\/2012\/02\/nuria-cubas-150x150.png 150w, https:\/\/circo212.org.mx\/circo2\/wp-content\/uploads\/2012\/02\/nuria-cubas.png 525w\" sizes=\"auto, (max-width: 300px) 100vw, 300px\" \/><\/a><\/p>\n<p>Foto: Domenico Cal\u00ed<\/p>\n<h1 style=\"text-align: center;\" align=\"center\">\u201cINTERTEXTUALIDADES\u201d<\/h1>\n<h2 style=\"text-align: center;\">Parte 2<\/h2>\n<h1 style=\"text-align: center;\" align=\"center\">en Cineclub Revoluci\u00f3n<\/h1>\n<p>&nbsp;<\/p>\n<p dir=\"ltr\" style=\"text-align: justify;\">ESTO NO ES UNA PEL\u00cdCULA, \u00a0ES CINE de Carles Asensio.<\/p>\n<p dir=\"ltr\" style=\"text-align: justify;\">En homenaje al t\u00edtulo de la pel\u00edcula This Is Not a Film del cineasta iran\u00ed Jafar Panahi. Esto no es una pel\u00edcula propone cintas que se interrogan a si mismas acerca de su lugar en la sociedad como medio de resistencia y consciencia al modelo hegem\u00f3nico, su deber con el presente y su memoria, as\u00ed como, la b\u00fasqueda de sus l\u00edmites, quiz\u00e1 a\u00fan por explorar, como forma de representaci\u00f3n de lo real y lo imaginario, m\u00e1s all\u00e1 de los productos de entretenimiento gen\u00e9ricos. \u00bfQu\u00e9 puede hacer el cine hoy? \u00bfCu\u00e1les son sus responsabilidades para el ma\u00f1ana?. Las pel\u00edculas o casi pel\u00edculas del ciclo son el testimonio de un cine porvenir.<\/p>\n<p dir=\"ltr\" style=\"text-align: justify;\">Los esperamos todos los martes a las 20:00 horas en el auditorio del Museo de Arte Carrillo Gil.<\/p>\n<p dir=\"ltr\" style=\"text-align: center;\"><em>(Av. Revoluci\u00f3n, esquina con Altavista)<\/em><\/p>\n<div style=\"text-align: left;\">\n<h3 dir=\"ltr\">Martes 22 de abril &#8211; 8:00 p.m.<\/h3>\n<h3 dir=\"ltr\"><a style=\"font-size: 14px; line-height: 1.5em;\" href=\"http:\/\/www.circo212.org.mx\/circo2\/wp-content\/uploads\/2012\/02\/This-is-Not-A-Film.jpg\"><img loading=\"lazy\" decoding=\"async\" class=\"alignnone size-medium wp-image-2837\" src=\"http:\/\/www.circo212.org.mx\/circo2\/wp-content\/uploads\/2012\/02\/This-is-Not-A-Film-300x172.jpg\" alt=\"This is Not A Film\" width=\"300\" height=\"172\" srcset=\"https:\/\/circo212.org.mx\/circo2\/wp-content\/uploads\/2012\/02\/This-is-Not-A-Film-300x172.jpg 300w, https:\/\/circo212.org.mx\/circo2\/wp-content\/uploads\/2012\/02\/This-is-Not-A-Film.jpg 718w\" sizes=\"auto, (max-width: 300px) 100vw, 300px\" \/><\/a><\/h3>\n<p dir=\"ltr\"><strong>This Is Not a Film <\/strong>Dir. Jafar Panahi y Mojtaba Mirtahmasb \/ Ir\u00e1n \/ 2011 \/ 75 min<\/p>\n<p dir=\"ltr\" style=\"text-align: justify;\">Tras recurrir judicialmente una sentencia que lo condenaba a seis a\u00f1os de c\u00e1rcel y veinte de inhabilitaci\u00f3n, el director iran\u00ed Jafar Panahi tuvo que esperar meses hasta que se hizo p\u00fablica la sentencia. Documental que reproduce un d\u00eda en la vida de Panahi y Mojtaba Mirtahmasb (su antiguo ayudante de direcci\u00f3n) y ofrece una visi\u00f3n general de la situaci\u00f3n actual del cine iran\u00ed.<\/p>\n<div>\n<h3 dir=\"ltr\">Martes 29 de abril &#8211; 8:00 p.m.<\/h3>\n<p><a href=\"http:\/\/www.circo212.org.mx\/circo2\/wp-content\/uploads\/2012\/02\/Elogio-del-amor.jpg\"><img loading=\"lazy\" decoding=\"async\" class=\"alignnone size-medium wp-image-2838\" src=\"http:\/\/www.circo212.org.mx\/circo2\/wp-content\/uploads\/2012\/02\/Elogio-del-amor-300x164.jpg\" alt=\"Elogio del amor\" width=\"300\" height=\"164\" srcset=\"https:\/\/circo212.org.mx\/circo2\/wp-content\/uploads\/2012\/02\/Elogio-del-amor-300x164.jpg 300w, https:\/\/circo212.org.mx\/circo2\/wp-content\/uploads\/2012\/02\/Elogio-del-amor.jpg 640w\" sizes=\"auto, (max-width: 300px) 100vw, 300px\" \/><\/a><\/p>\n<div>\n<p dir=\"ltr\"><strong>Elogio del amor<\/strong> Dir. Jean-Luc Godard \/ Francia \/ 2001 \/ 97 min<\/p>\n<p dir=\"ltr\" style=\"text-align: justify;\">Edgar, un joven director de cine, busca una actriz para su pr\u00f3ximo proyecto, una pel\u00edcula sobre las 4 estaciones del amor (encuentro, pasi\u00f3n, separaci\u00f3n y reconciliaci\u00f3n). Cuando consigue por fin dar con la chica ideal, una joven llamada Berta, descubre que \u00e9sta no est\u00e1 interesada. Poco despu\u00e9s ella muere. Edgar recuerda entonces el momento en que la conoci\u00f3, dos a\u00f1osm atr\u00e1s&#8230;<\/p>\n<h3 dir=\"ltr\">Martes 6 de mayo &#8211; 8:00 p.m.<\/h3>\n<p><a href=\"http:\/\/www.circo212.org.mx\/circo2\/wp-content\/uploads\/2012\/02\/H-story.jpg\"><img loading=\"lazy\" decoding=\"async\" class=\"alignnone size-medium wp-image-2839\" src=\"http:\/\/www.circo212.org.mx\/circo2\/wp-content\/uploads\/2012\/02\/H-story-300x190.jpg\" alt=\"H story\" width=\"300\" height=\"190\" srcset=\"https:\/\/circo212.org.mx\/circo2\/wp-content\/uploads\/2012\/02\/H-story-300x190.jpg 300w, https:\/\/circo212.org.mx\/circo2\/wp-content\/uploads\/2012\/02\/H-story.jpg 782w\" sizes=\"auto, (max-width: 300px) 100vw, 300px\" \/><\/a><\/p>\n<p dir=\"ltr\"><strong>H story<\/strong> Dir. Nobuhiro Suwa \/ Jap\u00f3n \/ 2001 \/ 111 min<\/p>\n<p dir=\"ltr\" style=\"text-align: justify;\">Un director japon\u00e9s (el propio Suwa) rueda un remake de Hiroshima mon amour de Alain Resnais cuestion\u00e1ndose acerca de la validez de sus im\u00e1genes y cu\u00e1les han sido las consecuencias que la cat\u00e1strofe tuvo en la memoria colectiva de una ciudad y de un pa\u00eds.<\/p>\n<h3 dir=\"ltr\">Martes 13 de mayo &#8211; 8:00 p.m.<\/h3>\n<p><a href=\"http:\/\/www.circo212.org.mx\/circo2\/wp-content\/uploads\/2012\/02\/donde-yace.-jpg.jpg\"><img loading=\"lazy\" decoding=\"async\" class=\"alignnone size-medium wp-image-2840\" src=\"http:\/\/www.circo212.org.mx\/circo2\/wp-content\/uploads\/2012\/02\/donde-yace.-jpg-300x200.jpg\" alt=\"donde yace. jpg\" width=\"300\" height=\"200\" srcset=\"https:\/\/circo212.org.mx\/circo2\/wp-content\/uploads\/2012\/02\/donde-yace.-jpg-300x200.jpg 300w, https:\/\/circo212.org.mx\/circo2\/wp-content\/uploads\/2012\/02\/donde-yace.-jpg.jpg 600w\" sizes=\"auto, (max-width: 300px) 100vw, 300px\" \/><\/a><\/p>\n<p dir=\"ltr\"><strong>\u00bfD\u00f3nde yace tu sonrisa escondida?<\/strong> Dir. Pedro Costa \/ Francia \/ 2001 \/ 104 min<\/p>\n<p dir=\"ltr\" style=\"text-align: justify;\">Pedro Costa, cineasta portugu\u00e9s, rinde tributo a la pareja Straub-Huillet a trav\u00e9s de esta pel\u00edcula documental. Los acompa\u00f1a, film\u00e1ndolos, mientras trabajan en el montaje de su pel\u00edcula Sicilia!<\/p>\n<h3 dir=\"ltr\">Martes 20 de mayo &#8211; 8:00 p.m.<\/h3>\n<p><a href=\"http:\/\/www.circo212.org.mx\/circo2\/wp-content\/uploads\/2012\/02\/quiero-ver.jpg\"><img loading=\"lazy\" decoding=\"async\" class=\"alignnone size-medium wp-image-2841\" src=\"http:\/\/www.circo212.org.mx\/circo2\/wp-content\/uploads\/2012\/02\/quiero-ver-300x200.jpg\" alt=\"quiero ver\" width=\"300\" height=\"200\" srcset=\"https:\/\/circo212.org.mx\/circo2\/wp-content\/uploads\/2012\/02\/quiero-ver-300x200.jpg 300w, https:\/\/circo212.org.mx\/circo2\/wp-content\/uploads\/2012\/02\/quiero-ver.jpg 600w\" sizes=\"auto, (max-width: 300px) 100vw, 300px\" \/><\/a><\/p>\n<p dir=\"ltr\"><strong>Quiero ver<\/strong> Dir. Joana Hadjithomas y Khalil Joreige \/ L\u00edbano \/ 2008 \/ 75 min<\/p>\n<p dir=\"ltr\" style=\"text-align: justify;\">En julio de 2006 estalla en el L\u00edbano una nueva guerra que destruye toda esperanza de paz. Ya no sabemos qu\u00e9 escribir, qu\u00e9 historias contar, qu\u00e9 im\u00e1genes mostrar. La pregunta es: \u00bfQu\u00e9 puede hacer el cine en una situaci\u00f3n as\u00ed?. Decidimos ir a Beirut con Catherine Deneuve, esa actriz que para nosotros simboliza el cine. All\u00ed conocimos a nuestro actor favorito, Rabih Mrou\u00e9. Gracias a ellos esperamos encontrar la belleza que nuestros ojos ya no pueden percibir. Es el principio de una inesperada e impredecible aventura.<\/p>\n<h3 dir=\"ltr\">Martes 27 de mayo &#8211; 8:00 p.m.<\/h3>\n<p><a href=\"http:\/\/www.circo212.org.mx\/circo2\/wp-content\/uploads\/2012\/02\/Venice70.jpg\"><img loading=\"lazy\" decoding=\"async\" class=\"alignnone size-medium wp-image-2842\" src=\"http:\/\/www.circo212.org.mx\/circo2\/wp-content\/uploads\/2012\/02\/Venice70-300x168.jpg\" alt=\"Venice70\" width=\"300\" height=\"168\" srcset=\"https:\/\/circo212.org.mx\/circo2\/wp-content\/uploads\/2012\/02\/Venice70-300x168.jpg 300w, https:\/\/circo212.org.mx\/circo2\/wp-content\/uploads\/2012\/02\/Venice70.jpg 856w\" sizes=\"auto, (max-width: 300px) 100vw, 300px\" \/><\/a><\/p>\n<p dir=\"ltr\"><strong>Venice 70: Future Reloaded<\/strong> Pel\u00edcula colectiva \/ Italia \/ 2013 \/ 120 min<\/p>\n<p dir=\"ltr\" style=\"text-align: justify;\">Son 70 pel\u00edculas cortas por 70 reputados cineastas internacionales acerca del cine y su futuro. Proyecto producido para su estreno el 70\u00ba Festival de Cine de Venecia.<\/p>\n<p dir=\"ltr\">(Proyecci\u00f3n especial v\u00eda web y con subt\u00edtulos en italiano e ingl\u00e9s).<\/p>\n<h1 align=\"center\">\u201cINTERTEXTUALIDADES\u201d<\/h1>\n<h2 style=\"text-align: center;\">Parte 1<\/h2>\n<h1 align=\"center\">en Cineclub Revoluci\u00f3n<\/h1>\n<p style=\"text-align: justify;\">\u00abMutantes\u00bb por Alejandro Murillo.<\/p>\n<p style=\"text-align: justify;\">De acuerdo con Alexander Kluge, la memoria gen\u00e9tica del cine se enraiza en el registro de la realidad. Lo que los primeros espectadores de pel\u00edculas vieron en pantalla no fue la representaci\u00f3n de una escena sino la incuestionable reproducci\u00f3n de un acontecimiento real. Las pel\u00edculas de este ciclo alimentan esta idea al reconocer ellas mismas el potencial significativo de la esencia de aquello que capturan, m\u00e1s all\u00e1 de lo que intentan falsear, o representar.<\/p>\n<p style=\"text-align: center;\">Los esperamos todos los martes en el auditorio del Museo de Arte Carrillo Gil.<\/p>\n<p style=\"text-align: center;\"><em>(Av. Revoluci\u00f3n, esquina con Altavista)<\/em><\/p>\n<p style=\"text-align: center;\" align=\"center\"><em>\u00a0<\/em><\/p>\n<h3>Martes 4 de marzo &#8211; 8:00 p.m.<\/h3>\n<p><a href=\"http:\/\/www.circo212.org.mx\/circo2\/wp-content\/uploads\/2012\/02\/American-Splendor.png\"><img loading=\"lazy\" decoding=\"async\" class=\"alignnone size-medium wp-image-2656\" src=\"http:\/\/www.circo212.org.mx\/circo2\/wp-content\/uploads\/2012\/02\/American-Splendor-300x169.png\" alt=\"American Splendor\" width=\"300\" height=\"169\" srcset=\"https:\/\/circo212.org.mx\/circo2\/wp-content\/uploads\/2012\/02\/American-Splendor-300x169.png 300w, https:\/\/circo212.org.mx\/circo2\/wp-content\/uploads\/2012\/02\/American-Splendor.png 881w\" sizes=\"auto, (max-width: 300px) 100vw, 300px\" \/><\/a> <strong>American Splendor<\/strong> Dir. Shari Springer Berman y Robert Pulcini \/ Estados Unidos \/ 2003 \/ 101 min.<\/p>\n<p style=\"text-align: justify;\">La mitad ficticia de este inusual biopic adapta la vida y obra de Harvey Pekar, quien a su vez primero adapt\u00f3 sus propias vivencias cotidianas para convertirlas en un c\u00f3mic realista, \u201cnada como esas tiras c\u00f3micas de superh\u00e9roes\u201d. La mitad documental toma en cuenta la participaci\u00f3n del verdadero Harvey a trav\u00e9s de entrevistas y utiliz\u00e1ndolo como sarc\u00e1stico narrador de la puesta en escena: \u201ceste es el actor que me interpreta, aunque ni se parece a mi\u201d.<\/p>\n<h3>Martes 11 de marzo &#8211; 8:00 p.m.<\/h3>\n<p><a href=\"http:\/\/www.circo212.org.mx\/circo2\/wp-content\/uploads\/2012\/02\/Vanya-en-la-calle-42.png\"><img loading=\"lazy\" decoding=\"async\" class=\"alignnone size-medium wp-image-2657\" src=\"http:\/\/www.circo212.org.mx\/circo2\/wp-content\/uploads\/2012\/02\/Vanya-en-la-calle-42-300x178.png\" alt=\"Vanya en la calle 42\" width=\"300\" height=\"178\" srcset=\"https:\/\/circo212.org.mx\/circo2\/wp-content\/uploads\/2012\/02\/Vanya-en-la-calle-42-300x178.png 300w, https:\/\/circo212.org.mx\/circo2\/wp-content\/uploads\/2012\/02\/Vanya-en-la-calle-42.png 883w\" sizes=\"auto, (max-width: 300px) 100vw, 300px\" \/><\/a> <strong>Vanya en la calle 42<\/strong> Dir. Louis Malle \/ Estados Unidos \/ 1994 \/ 119 min.<\/p>\n<p style=\"text-align: justify;\">Las ruinas del teatro Amsterdam, antes de ser restauradas por la Compa\u00f1\u00eda Disney a finales del siglo pasado, funcionan como la escenograf\u00eda perfecta para este montaje de T\u00edo Vanya. La pel\u00edcula iguala la sobriedad y modestia del montaje, al mismo tiempo que consigue rebasar los l\u00edmites del registro documental de un supuesto ensayo general de la puesta en escena, para convertirse en una adaptaci\u00f3n f\u00edlmica de la obra de teatro, equivalente al concepto esc\u00e9nico, que no menosprecia las cualidades del sitio donde se realiza.<\/p>\n<h3>Martes 18 de marzo &#8211; 8:00 p.m.<\/h3>\n<p><a href=\"http:\/\/www.circo212.org.mx\/circo2\/wp-content\/uploads\/2012\/02\/C\u00e9sar-debe-morir.png\"><img loading=\"lazy\" decoding=\"async\" class=\"alignnone size-medium wp-image-2658\" src=\"http:\/\/www.circo212.org.mx\/circo2\/wp-content\/uploads\/2012\/02\/C\u00e9sar-debe-morir-300x198.png\" alt=\"C\u00e9sar debe morir\" width=\"300\" height=\"198\" srcset=\"https:\/\/circo212.org.mx\/circo2\/wp-content\/uploads\/2012\/02\/C\u00e9sar-debe-morir-300x198.png 300w, https:\/\/circo212.org.mx\/circo2\/wp-content\/uploads\/2012\/02\/C\u00e9sar-debe-morir.png 763w\" sizes=\"auto, (max-width: 300px) 100vw, 300px\" \/><\/a> <strong>C\u00e9sar debe morir <\/strong>Dir. Paolo Taviani y Vittorio Taviani \/ Italia \/ 2012 \/ 76 min.<\/p>\n<p style=\"text-align: justify;\">La pel\u00edcula falsifica y documenta, simult\u00e1neamente, un montaje de Julio C\u00e9sar de William Shakespeare interpretado por los internos de una prisi\u00f3n de m\u00e1xima seguridad en Roma. Al mismo tiempo que asistimos a los ensayos y representaci\u00f3n de la obra, el texto se mezcla con las aparentes vivencias de los convictos. La pel\u00edcula, adem\u00e1s, permite la participaci\u00f3n de custodios y el testimonio de los sentimientos de quienes s\u00fabitamente se convierten en protagonistas de este filme mutante.<\/p>\n<h3>Martes 25 de marzo &#8211; 8:00 p.m.<\/h3>\n<p><a href=\"http:\/\/www.circo212.org.mx\/circo2\/wp-content\/uploads\/2012\/02\/Carmina-o-revienta.png\"><img loading=\"lazy\" decoding=\"async\" class=\"alignnone size-medium wp-image-2659\" src=\"http:\/\/www.circo212.org.mx\/circo2\/wp-content\/uploads\/2012\/02\/Carmina-o-revienta-300x160.png\" alt=\"Carmina o revienta\" width=\"300\" height=\"160\" srcset=\"https:\/\/circo212.org.mx\/circo2\/wp-content\/uploads\/2012\/02\/Carmina-o-revienta-300x160.png 300w, https:\/\/circo212.org.mx\/circo2\/wp-content\/uploads\/2012\/02\/Carmina-o-revienta.png 939w\" sizes=\"auto, (max-width: 300px) 100vw, 300px\" \/><\/a> <strong>Carmina o revienta <\/strong>Dir. Paco Le\u00f3n \/ Espa\u00f1a \/ 2012 \/ 70 min.<\/p>\n<p style=\"text-align: justify;\">La mitad ficticia de la pel\u00edcula narra en clave de falso documental las peripecias de una peque\u00f1a empresaria capaz de todo con tal de cumplirle a su nieta el esperado festejo de su primera comuni\u00f3n. La parte documental conf\u00eda en la influencia del tipo f\u00edsico y el talento de una no actriz debutante para hipnotizar al espectador e influir su sentido de la verosimilitud.<\/p>\n<h3>Martes 1 de abril &#8211; 8:00 p.m.<\/h3>\n<h3><a href=\"http:\/\/www.circo212.org.mx\/circo2\/wp-content\/uploads\/2012\/02\/Viajo-porque-preciso-vuelvo-porque-te-amo.png\"><img loading=\"lazy\" decoding=\"async\" class=\"alignnone size-medium wp-image-2660\" src=\"http:\/\/www.circo212.org.mx\/circo2\/wp-content\/uploads\/2012\/02\/Viajo-porque-preciso-vuelvo-porque-te-amo-300x198.png\" alt=\"Viajo porque preciso, vuelvo porque te amo\" width=\"300\" height=\"198\" srcset=\"https:\/\/circo212.org.mx\/circo2\/wp-content\/uploads\/2012\/02\/Viajo-porque-preciso-vuelvo-porque-te-amo-300x198.png 300w, https:\/\/circo212.org.mx\/circo2\/wp-content\/uploads\/2012\/02\/Viajo-porque-preciso-vuelvo-porque-te-amo.png 761w\" sizes=\"auto, (max-width: 300px) 100vw, 300px\" \/><\/a><\/h3>\n<p><strong>Viajo porque preciso, vuelvo porque te amo <\/strong>Dir. Karim Ainouz y Marcelo Gomes \/ Brasil \/ 2009 \/ 75 min.<\/p>\n<p style=\"text-align: justify;\">Los documentos de un viaje de trabajo, fotograf\u00edas y videos que un ge\u00f3logo recopila como testimonio de la composici\u00f3n de unos terrenos pensados para ser comprados y expropiados, se cruzan con los m\u00e1s \u00edntimos testimonios de su autor, as\u00ed como con las im\u00e1genes marginales de su investigaci\u00f3n.<\/p>\n<h3>Martes 8 de abril &#8211; 8:00 p.m.<\/h3>\n<p><a href=\"http:\/\/www.circo212.org.mx\/circo2\/wp-content\/uploads\/2012\/02\/El-espejo.png\"><img loading=\"lazy\" decoding=\"async\" class=\"alignnone size-medium wp-image-2661\" src=\"http:\/\/www.circo212.org.mx\/circo2\/wp-content\/uploads\/2012\/02\/El-espejo-300x189.png\" alt=\"El espejo\" width=\"300\" height=\"189\" srcset=\"https:\/\/circo212.org.mx\/circo2\/wp-content\/uploads\/2012\/02\/El-espejo-300x189.png 300w, https:\/\/circo212.org.mx\/circo2\/wp-content\/uploads\/2012\/02\/El-espejo.png 763w\" sizes=\"auto, (max-width: 300px) 100vw, 300px\" \/><\/a> <strong>El espejo <\/strong>Dir. Jafar Panahi \/ Ir\u00e1n \/ 1997 \/ 96 min.<\/p>\n<p style=\"text-align: justify;\">Al salir de la escuela, Mina espera a que su madre la recoja para volver a casa. Despu\u00e9s de mucho esperar, decide emprender sola el camino de regreso. Cansada, Mina decide repentinamente que no quiere continuar con la aventura; pero no se trata de la aventura de llegar sola al hogar y encontrarse con su mam\u00e1, sino la de interpretar a un personaje ficticio. El rodaje de esta pel\u00edcula pasa de la puesta en escena controlada al registro documental cuando la protagonista se sale de su papel y decide que ya no quiere actuar.<\/p>\n<h1 style=\"text-align: center;\"><\/h1>\n<h1 style=\"text-align: center;\"><strong>Obturaciones II<\/strong><\/h1>\n<h1 style=\"text-align: center;\"><\/h1>\n<h1 style=\"text-align: center;\"><strong>en el <\/strong><\/h1>\n<h1 style=\"text-align: center;\"><\/h1>\n<h1 style=\"text-align: center;\"><strong>Cineclub Revoluci\u00f3n<\/strong><\/h1>\n<p>El ciclo Obturaciones re\u00fane cintas documentales:\u00a0<em>Un fot\u00f3grafo en el infierno, La maleta mexicana, La ciudad de los fot\u00f3grafos<\/em>, que nos hacen viajar a tiempos de ignominia. \u00c9pocas en que se arriesgaba la vida al tomar registros testimoniales en medio de la violencia pol\u00edtica y en las conflagraciones b\u00e9licas. Agrupa tambi\u00e9n cintas ficcionales:\u00a0<em>Los puentes de Madison, Palermo Shooting, Tiempo de vivir, He escuchado el canto de las sirenas<\/em>, en las que la profesi\u00f3n fot\u00f3grafo, afici\u00f3n fot\u00f3grafo, nos lleva a conocer seres dis\u00edmbolos, cultural y geogr\u00e1ficamente, pero unidos en la pr\u00e1ctica del tratamiento de la luz, la composici\u00f3n, la textura, el arte de las im\u00e1genes fijas. Pero un arte nunca viaja s\u00f3lo: por eso, en el ciclo\u00a0<i>Obturaciones<\/i>, fotograf\u00eda y cine van juntos.<\/p>\n<h3 style=\"text-align: left;\" align=\"center\">Martes 7 de enero &#8211; 8:00 p.m.<\/h3>\n<h3 style=\"text-align: left;\"><a href=\"http:\/\/www.circo212.org.mx\/circo2\/wp-content\/uploads\/2012\/02\/Francisco-Boix-un-fot\u00f3grafo-en-el-infierno.2.jpg\"><img loading=\"lazy\" decoding=\"async\" class=\"alignnone size-medium wp-image-2229\" src=\"http:\/\/www.circo212.org.mx\/circo2\/wp-content\/uploads\/2012\/02\/Francisco-Boix-un-fot\u00f3grafo-en-el-infierno.2-300x220.jpg\" alt=\"Francisco Boix un fot\u00f3grafo en el infierno.2\" width=\"300\" height=\"220\" srcset=\"https:\/\/circo212.org.mx\/circo2\/wp-content\/uploads\/2012\/02\/Francisco-Boix-un-fot\u00f3grafo-en-el-infierno.2-300x220.jpg 300w, https:\/\/circo212.org.mx\/circo2\/wp-content\/uploads\/2012\/02\/Francisco-Boix-un-fot\u00f3grafo-en-el-infierno.2.jpg 400w\" sizes=\"auto, (max-width: 300px) 100vw, 300px\" \/> <\/a><\/h3>\n<p style=\"text-align: left;\"><strong>Francisco Boix: un fot\u00f3grafo en el infierno<\/strong> (Francisco Boix: A Photographer in Hell) Dir. Lloren\u00e7 Soler \/\u00a0Documental \/2002 \/ Espa\u00f1a<\/p>\n<p style=\"text-align: left;\">Documental que habla sobre la vida del fot\u00f3grafo Francisco Boix, en el cual muestran fotograf\u00edas del campo Nazi de Mauthasen y declaraciones de compa\u00f1eros de este personaje.<\/p>\n<h3 style=\"text-align: left;\">Martes 14 de enero &#8211; 8:00 p.m.<\/h3>\n<p style=\"text-align: left;\"><a href=\"http:\/\/www.circo212.org.mx\/circo2\/wp-content\/uploads\/2012\/02\/Los-puentes-de-Madison.3.jpg\"><img loading=\"lazy\" decoding=\"async\" class=\"alignnone size-medium wp-image-2230\" src=\"http:\/\/www.circo212.org.mx\/circo2\/wp-content\/uploads\/2012\/02\/Los-puentes-de-Madison.3-300x201.jpg\" alt=\"Los puentes de Madison.3\" width=\"300\" height=\"201\" srcset=\"https:\/\/circo212.org.mx\/circo2\/wp-content\/uploads\/2012\/02\/Los-puentes-de-Madison.3-300x201.jpg 300w, https:\/\/circo212.org.mx\/circo2\/wp-content\/uploads\/2012\/02\/Los-puentes-de-Madison.3.jpg 640w\" sizes=\"auto, (max-width: 300px) 100vw, 300px\" \/><\/a><\/p>\n<p style=\"text-align: left;\" align=\"center\"><strong>Los puentes de Madison<\/strong> (The Bridges of Madison County) Dir.\u00a0Clint Eastwood\u00a0\/ Drama, Romance \/1995 \/ Estados Unidos<\/p>\n<p style=\"text-align: left;\">Francesca es un ama de casa que vive bajo la cotidianidad de tener una familia en un pueblo, su esposo e hijos salen de viaje y conoce a un fot\u00f3grafo que la hace tener nuevas experiencias, conquist\u00e1ndola y haciendo que ambos se enamoren, al final tendr\u00e1 que hacer frente a la decisi\u00f3n de con quien quedarse si con su familia o con el fot\u00f3grafo de quien esta perdidamente enamorada.<\/p>\n<h3 style=\"text-align: left;\">Martes\u00a021 de enero &#8211; 8:00 p.m.<\/h3>\n<p style=\"text-align: left;\"><a href=\"http:\/\/www.circo212.org.mx\/circo2\/wp-content\/uploads\/2012\/02\/Palermo-Shooting.3.jpg\"><img loading=\"lazy\" decoding=\"async\" class=\"alignnone size-medium wp-image-2231\" src=\"http:\/\/www.circo212.org.mx\/circo2\/wp-content\/uploads\/2012\/02\/Palermo-Shooting.3-300x225.jpg\" alt=\"Palermo Shooting.3\" width=\"300\" height=\"225\" srcset=\"https:\/\/circo212.org.mx\/circo2\/wp-content\/uploads\/2012\/02\/Palermo-Shooting.3-300x225.jpg 300w, https:\/\/circo212.org.mx\/circo2\/wp-content\/uploads\/2012\/02\/Palermo-Shooting.3.jpg 483w\" sizes=\"auto, (max-width: 300px) 100vw, 300px\" \/><\/a><\/p>\n<p style=\"text-align: left;\" align=\"center\"><strong>Palermo Shooting<\/strong>\u00a0\u00a0<b> <\/b>Dir. Wim Wenders \/\u00a0Drama\/2008\/Alemania, Francia e Italia<\/p>\n<p style=\"text-align: left;\">Despu\u00e9s de tener una vida salvaje en la ciudad, un famoso fot\u00f3grafo quien casi logra matarse decide irse a Palermo, Sicilia, para tomar un descanso. \u00bfPuede una hermosa mujer y la ciudad ayudarlo a que se calme?<\/p>\n<h3 style=\"text-align: left;\" align=\"center\">Martes\u00a028 de enero &#8211; 8:00 p.m.<\/h3>\n<p><a href=\"http:\/\/www.circo212.org.mx\/circo2\/wp-content\/uploads\/2012\/02\/El-tiempo-que-queda.2.jpg\"><img loading=\"lazy\" decoding=\"async\" class=\"alignnone size-medium wp-image-2232\" src=\"http:\/\/www.circo212.org.mx\/circo2\/wp-content\/uploads\/2012\/02\/El-tiempo-que-queda.2-300x199.jpg\" alt=\"El tiempo que queda.2\" width=\"300\" height=\"199\" srcset=\"https:\/\/circo212.org.mx\/circo2\/wp-content\/uploads\/2012\/02\/El-tiempo-que-queda.2-300x199.jpg 300w, https:\/\/circo212.org.mx\/circo2\/wp-content\/uploads\/2012\/02\/El-tiempo-que-queda.2-1024x682.jpg 1024w, https:\/\/circo212.org.mx\/circo2\/wp-content\/uploads\/2012\/02\/El-tiempo-que-queda.2.jpg 1600w\" sizes=\"auto, (max-width: 300px) 100vw, 300px\" \/><\/a><\/p>\n<p style=\"text-align: left;\" align=\"center\"><strong>El tiempo que queda<\/strong> (Le temps qui reste) Dir. Fran\u00e7ois Ozon \/\u00a0Drama \/ 2005 \/ Francia<\/p>\n<p>Un famoso fot\u00f3grafo de moda, se entera de que tiene c\u00e1ncer, al saber esto, decide alejar a su novio y a su familia, siendo cruel con ellos, decide visitar a su abuela y en su visita conoce a una camarera que le pide un favor inusual que lo hace cambiar de actitud.<\/p>\n<h3>Martes 4 de febrero &#8211; 8:00 p.m.<\/h3>\n<h2><a href=\"http:\/\/www.circo212.org.mx\/circo2\/wp-content\/uploads\/2012\/02\/He-o\u00eddo-cantar-a-las-sirenas.3.png\"><img loading=\"lazy\" decoding=\"async\" class=\"alignnone size-medium wp-image-2238\" src=\"http:\/\/www.circo212.org.mx\/circo2\/wp-content\/uploads\/2012\/02\/He-o\u00eddo-cantar-a-las-sirenas.3-300x183.png\" alt=\"He o\u00eddo cantar a las sirenas.3\" width=\"300\" height=\"183\" srcset=\"https:\/\/circo212.org.mx\/circo2\/wp-content\/uploads\/2012\/02\/He-o\u00eddo-cantar-a-las-sirenas.3-300x183.png 300w, https:\/\/circo212.org.mx\/circo2\/wp-content\/uploads\/2012\/02\/He-o\u00eddo-cantar-a-las-sirenas.3.png 889w\" sizes=\"auto, (max-width: 300px) 100vw, 300px\" \/><\/a><\/h2>\n<p style=\"text-align: left;\"><strong>He o\u00eddo cantar a las sirenas<\/strong> (I\u2019ve Heard the Mermaids Singing)<span style=\"line-height: 1.5em;\">Dir. Patricia Rozema \/\u00a0<\/span>Comedia, Drama \/ 1987 \/ Canad\u00e1<\/p>\n<p style=\"text-align: left;\">Scatterbrained Polly consigue un trabajo como secretaria en la galer\u00eda de arte de Gabrielle. Gabrielle, tiene una relaci\u00f3n rom\u00e1ntica con la pintora Mar\u00eda. Polly cuelga un cuadro de Mary creyendo que Gabrielle la hizo.<\/p>\n<h3 style=\"text-align: left;\" align=\"center\"><b><\/b>Martes 11 de febrero &#8211; 8:00 p.m.<\/h3>\n<p><a href=\"http:\/\/www.circo212.org.mx\/circo2\/wp-content\/uploads\/2012\/02\/La-maleta-mexicana.3.jpg\"><img loading=\"lazy\" decoding=\"async\" class=\"alignnone size-medium wp-image-2234\" src=\"http:\/\/www.circo212.org.mx\/circo2\/wp-content\/uploads\/2012\/02\/La-maleta-mexicana.3-300x155.jpg\" alt=\"La maleta mexicana.3\" width=\"300\" height=\"155\" srcset=\"https:\/\/circo212.org.mx\/circo2\/wp-content\/uploads\/2012\/02\/La-maleta-mexicana.3-300x155.jpg 300w, https:\/\/circo212.org.mx\/circo2\/wp-content\/uploads\/2012\/02\/La-maleta-mexicana.3.jpg 377w\" sizes=\"auto, (max-width: 300px) 100vw, 300px\" \/><\/a><\/p>\n<p style=\"text-align: left;\" align=\"center\"><strong>La maleta mexicana\u00a0<\/strong> (The Mexican Suitcase) Dir. Trisha Ziff \/\u00a0Documental \/ 2011 \/M\u00e9xico, Espa\u00f1a, Francia y Estados Unidos<\/p>\n<p style=\"text-align: left;\">Este filme cuenta la historia de tres cajas perdidas conocidas como la maleta mexicana que se recuper\u00f3 en 2007. Las cajas en medio del caos en el inicio de la Segunda Guerra Mundial, tienen negativos de la Guerra Civil Espa\u00f1ola, realizadas por el legendario fot\u00f3grafo Robert Capa y Gerda Taro junto con David \u00abChim\u00bb Seymour.<\/p>\n<h3>Martes 18 de febrero &#8211; 8:00 p.m.<b>\u00a0<\/b><\/h3>\n<p><a href=\"http:\/\/www.circo212.org.mx\/circo2\/wp-content\/uploads\/2012\/02\/La-ciudad-de-los-fot\u00f3grafos.3.jpg\"><img loading=\"lazy\" decoding=\"async\" class=\"alignnone size-full wp-image-2235\" src=\"http:\/\/www.circo212.org.mx\/circo2\/wp-content\/uploads\/2012\/02\/La-ciudad-de-los-fot\u00f3grafos.3.jpg\" alt=\"La ciudad de los fot\u00f3grafos.3\" width=\"181\" height=\"279\" \/><\/a><\/p>\n<p style=\"text-align: left;\" align=\"center\"><strong>La ciudad de los fot\u00f3grafos<\/strong><span style=\"line-height: 1.5em;\"><strong>\u00a0<\/strong> <\/span>Dir. Sebasti\u00e1n Moreno \/\u00a0Documental \/2006 \/ Chile<\/p>\n<p style=\"text-align: left;\">Documental que muestra a un grupo de fot\u00f3grafos chilenos durante la dictadura de Augusto Pinochet. Cuenta sus historias y su presente, mostrando la importancia que ten\u00edan los reporteros gr\u00e1ficos durante las protestas, quienes crearon un registro visual que m\u00e1s tarde servir\u00eda de apoyo a los testimonios de las v\u00edctimas y sus familiares, siendo fundamentales para iniciar procesos de justicia.<\/p>\n<h3 style=\"text-align: left;\">Martes 25 de febrero &#8211; 8:00 p.m.<b>\u00a0<\/b><\/h3>\n<p style=\"text-align: left;\"><b>MESA REDONDA DEL CICLO OBTURACIONES<\/b><\/p>\n<p style=\"text-align: left;\"><b><\/b>\u201cReflexiones metacinematogr\u00e1ficas sobre la mirada\u201d<\/p>\n<h2 style=\"text-align: center;\">DOCTUBRE \u00a0de DOCSDF<\/h2>\n<h2 style=\"text-align: center;\">En el<\/h2>\n<h2 style=\"text-align: center;\">CINECLUB REVOLUCI\u00d3N<\/h2>\n<p style=\"text-align: justify;\">Cineclub Revoluci\u00f3n siempre est\u00e1 en la b\u00fasqueda de nuevas propuestas audiovisuales y de generar un di\u00e1logo entre el p\u00fablico y los realizadores. Por ello, en esta ocasi\u00f3n formaremos parte de DOCTUBRE, red de exhibici\u00f3n gestionada por el Festival Internacional de Cine Documental de la Ciudad de M\u00e9xico, DocsDF.<\/p>\n<p style=\"text-align: justify;\">DOCTUBRE 2013, es una secci\u00f3n competitiva de documentales internacionales en diferentes espacios de exhibici\u00f3n no comercial. Los documentales seleccionados se estar\u00e1n proyectando durante todo el mes de Octubre y tendr\u00e1 tambi\u00e9n una serie de proyecciones durante los d\u00edas del festival (del 24 de octubre al 3 de noviembre).<\/p>\n<p style=\"text-align: justify;\">Un objetivo de esta secci\u00f3n, es que los asistentes a cada Cineclub brinden la calificaci\u00f3n que consideren a cada pel\u00edcula proyectada. Posteriormente se realizar\u00e1 un conteo y con el resultado global se entregar\u00e1 \u201cel premio del publico\u201d al mejor documental DOCTUBRE, durante la Ceremonia de Clausura de DocsDF 2013.<\/p>\n<h3>Martes 15 de octubre &#8211; 6pm.<\/h3>\n<p><strong><a href=\"http:\/\/www.circo212.org.mx\/circo2\/wp-content\/uploads\/2013\/10\/Bajo-tortura-2.jpg\"><img loading=\"lazy\" decoding=\"async\" src=\"http:\/\/www.circo212.org.mx\/circo2\/wp-content\/uploads\/2013\/10\/Bajo-tortura-2.jpg\" alt=\"Bajo tortura 2\" width=\"645\" height=\"358\" \/><\/a>\u00a0Bajo Tortura<\/strong>\u00a0Cristina Ju\u00e1rez \/ 2013\/ M\u00e9xico\/ 62min.<\/p>\n<p style=\"text-align: justify;\">\u00a0En 1992, el cu\u00f1ado y la hermana de Alfonso Mart\u00edn del Campo Dodd fueron asesinados y \u00e9l fue detenido por las autoridades ministeriales del Distrito Federal como probable responsable del delito. Mediante tortura, lo obligaron a firmar una confesi\u00f3n. As\u00ed fue como se top\u00f3 con la corrupci\u00f3n y brutalidad de la justicia mexicana, que sin m\u00e1s pruebas que dicha confesi\u00f3n, lo conden\u00f3 a 50 a\u00f1os de prisi\u00f3n.<\/p>\n<h3>Martes 15 de octubre &#8211; 8pm.<\/h3>\n<p><a href=\"http:\/\/www.circo212.org.mx\/circo2\/wp-content\/uploads\/2013\/10\/Los-ojos-de-Dante.png\"><img loading=\"lazy\" decoding=\"async\" src=\"http:\/\/www.circo212.org.mx\/circo2\/wp-content\/uploads\/2013\/10\/Los-ojos-de-Dante-1024x576.png\" alt=\"Los ojos de Dante\" width=\"1024\" height=\"576\" \/><\/a> <strong>Los ojos de Dante<\/strong>\u00a0Gonzalo Gurrea Ysasi\/ 2012 \/ Espa\u00f1a \/ 6min.<\/p>\n<p style=\"text-align: justify;\">Una experiencia que cambi\u00f3 su vida para siempre. Un viaje art\u00edstico, una experiencia de vida.<\/p>\n<p><a href=\"http:\/\/www.circo212.org.mx\/circo2\/wp-content\/uploads\/2013\/10\/La-agenda-setting.png\"><img loading=\"lazy\" decoding=\"async\" src=\"http:\/\/www.circo212.org.mx\/circo2\/wp-content\/uploads\/2013\/10\/La-agenda-setting.png\" alt=\"La agenda setting\" width=\"525\" height=\"295\" \/><\/a> <strong>La agenda Setting. Palestina en los medios<\/strong>\u00a0Helena Bengoetxea \/ 2012\/ Pa\u00eds Vasco\/ 86min.<\/p>\n<p style=\"text-align: justify;\">La dominante maquinaria medi\u00e1tica occidental cotiza en bolsa y aplica su m\u00e1xima de \u00ablo que no se ve no existe\u00bb seg\u00fan el balance de resultados. Frente a esto, cientos de profesionales de la comunicaci\u00f3n arriesgan sus vidas en Palestina para contarnos con su propia voz los dram\u00e1ticos hechos que realmente ocurren todos los d\u00edas en esa regi\u00f3n del mundo.<\/p>\n<h3>Martes 22 de octubre &#8211; 6pm.<\/h3>\n<p><a href=\"http:\/\/www.circo212.org.mx\/circo2\/wp-content\/uploads\/2013\/10\/docs-cortos.jpg\"><img loading=\"lazy\" decoding=\"async\" src=\"http:\/\/www.circo212.org.mx\/circo2\/wp-content\/uploads\/2013\/10\/docs-cortos.jpg\" alt=\"docs cortos\" width=\"500\" height=\"300\" \/><\/a><\/p>\n<p style=\"text-align: justify;\"><strong>Semalu<\/strong>\u00a0\/\u00a0Jimmy Hendrickx \/ 2013 \/ B\u00e9lgica, Malasia \/ 20min. Un retrato cinematogr\u00e1fico de los ni\u00f1os abandonados de Cheras, un suburbio en Kuala Lumpur, Malasia. Entre el paisaje ruidoso de los trabajos de construcci\u00f3n vemos a la siguiente generaci\u00f3n crecer. Los ancestros de estos ni\u00f1os llegaron aqu\u00ed para tener un mejor futuro, 30 a\u00f1os atr\u00e1s este territorio era a\u00fan una jungla y un pantano. Un viaje tan oscuro como m\u00e1gico a trav\u00e9s de un lugar de juegos de concreto.<\/p>\n<p style=\"text-align: justify;\"><strong>El Silbato<\/strong>\u00a0\/\u00a0Grzegorz Zariczny \/ 2012 \/ Polonia \/ 17min. Marcin cumplir\u00e1 30, vive en un peque\u00f1o pueblo cercano a Cracovia y es \u00e1rbitro de f\u00fatbol en una liga amateur. Ya ha tenido suficiente del eterno estr\u00e9s que le causa estar en constante contacto con los aficionados y jugadores. Tambi\u00e9n est\u00e1 su madre, quien espera a que tome alguna decisi\u00f3n concreta en su vida y lo presiona para ello. Por eso, Marcin intenta encontrar un mejor trabajo\u2026 y una novia.<\/p>\n<p style=\"text-align: justify;\"><strong>Bajo la noche de Tokyo<\/strong>\u00a0\/\u00a0Alfonso Nogueroles\/ 2012 \/ Espa\u00f1a \/ 10min. Una po\u00e9tica y en ocasiones ca\u00f3tica visi\u00f3n nocturna de la gigantesca metr\u00f3polis japonesa como un pu\u00f1ado de postales. Un paseo a la deriva por Tokio durante la \u00e9poca en la cual florecen los cerezos, semanas despu\u00e9s del tsunami que arras\u00f3 con todo lo que encontr\u00f3 a su paso en la regi\u00f3n de Tohoku, provocando destrucci\u00f3n, muerte y una alerta nuclear.<\/p>\n<p style=\"text-align: justify;\"><strong>Madera<\/strong>\u00a0\/Daniel Kvitko\/ 2012 \/ Cuba \/ 25min. A los 81 a\u00f1os, Abelardo, un ex combatiente del ej\u00e9rcito rebelde cubano, enfrenta la violencia del tiempo con dos gestos de resistencia: cuidar el bosque detr\u00e1s de su casa y escribir un libro con sus memorias. Al mismo tiempo, su esposa Marbelia tiene la esperanza de llegar a los 120 a\u00f1os junto a su marido.<\/p>\n<h3>Martes 22 de octubre &#8211; 8pm.<\/h3>\n<p><a href=\"http:\/\/www.circo212.org.mx\/circo2\/wp-content\/uploads\/2013\/10\/Mundial.png\"><img loading=\"lazy\" decoding=\"async\" src=\"http:\/\/www.circo212.org.mx\/circo2\/wp-content\/uploads\/2013\/10\/Mundial.png\" alt=\"Mundial\" width=\"1015\" height=\"569\" \/><\/a> <strong>Mundial. La apuesta m\u00e1s alta \/ Mundial. Gra o wszystko<\/strong>\u00a0Micha\u0142 Bielawski \/ 2013 \/ Polonia \/ 97min.<\/p>\n<p style=\"text-align: justify;\">La fascinante y nunca contada historia del deporte y la pol\u00edtica durante el aberrante periodo de la ley marcial en Polonia de los a\u00f1os ochenta. La Copa del Mundo de f\u00fatbol era vista con devoci\u00f3n tanto por los activistas presos como los censores, cuyo trabajo era cortar cualquier se\u00f1al de oposici\u00f3n pol\u00edtica de la transmisi\u00f3n televisiva (sobre todo las pancartas con la palabra \u00absolidaridad\u00bb desplegadas en los estadios).<\/p>\n<h3>Martes 29 de octubre &#8211; 6pm.<\/h3>\n<p><a href=\"http:\/\/www.circo212.org.mx\/circo2\/wp-content\/uploads\/2013\/10\/Mata-a-tu-amadaKill-your-Darling.jpg\"><img loading=\"lazy\" decoding=\"async\" src=\"http:\/\/www.circo212.org.mx\/circo2\/wp-content\/uploads\/2013\/10\/Mata-a-tu-amadaKill-your-Darling-676x1024.jpg\" alt=\"Mata a tu amada(Kill your Darling)\" width=\"676\" height=\"1024\" \/><\/a> <strong>Mata a tu amada\/ Kill your Darling Jaap van Hoewijk \/ 2012\/ Holanda\/ 79min.<\/strong><\/p>\n<p style=\"text-align: justify;\">Largometraje documental acerca de las pesquisas policiacas sobre la muerte de la modelo Melissa Halstead, cuyo cuerpo fue encontrado en un canal de R\u00f3terdam sin manos ni cabeza en 1990. Pero tambi\u00e9n es una historia de amor en el contexto de la investigaci\u00f3n de un caso de asesinato. \u00bfPodr\u00e1 ser descubierta la verdad despu\u00e9s de m\u00e1s de 20 a\u00f1os?<\/p>\n<p><a name=\"_GoBack\"><\/a><\/p>\n<h3>Martes 29 de octubre &#8211; 8pm.<\/h3>\n<p><a href=\"http:\/\/www.circo212.org.mx\/circo2\/wp-content\/uploads\/2013\/10\/two_americans.png\"><img loading=\"lazy\" decoding=\"async\" src=\"http:\/\/www.circo212.org.mx\/circo2\/wp-content\/uploads\/2013\/10\/two_americans.png\" alt=\"two_americans\" width=\"540\" height=\"348\" \/><\/a> <strong>Dos americanos \/ Two americans<\/strong> Valeria Fern\u00e1ndez, Dan DeVivo\/ 2012\/ Estados Unidos\/ 93min.<\/p>\n<p style=\"text-align: justify;\">Los padres mexicanos de Katherine Figueroa son arrestados cuando el alguacil m\u00e1s rudo de Estados Unidos irrumpe en un lavado de autos. Mientras la peque\u00f1a Kathy lucha por salvar a sus padres de ser deportados, un grupo comunitario logra presionar exitosamente a la corte para que investigue los gastos de Arpaio. Cuando el alguacil contraataca a sus enemigos pol\u00edticos, sus acciones desatan furia y una investigaci\u00f3n federal.<\/p>\n<h2 style=\"text-align: center;\">M\u00e9xico Reciente, inspiraci\u00f3n inmediata.<\/h2>\n<p style=\"text-align: justify;\">Este martes 20 de agosto comienza la nueva programaci\u00f3n del Cineclub Revoluci\u00f3n en el Museo de Arte Carrillo Gil:\u00a0<em>M\u00e9xico Reciente<\/em>, un programa formado por 8 largometrajes y 8 cortometrajes de realizadores mexicanos o en co-producci\u00f3n con M\u00e9xico.<\/p>\n<p style=\"text-align: justify;\">M\u00e9xico es un pa\u00eds que sirve de inspiraci\u00f3n para muchos gracias a sus personajes, paisajes, colores y escenarios dignos del lente cinematogr\u00e1fico, pero tambi\u00e9n es un territorio lleno de contrastes, con problem\u00e1ticas sociales que sobrepasan el entendimiento y es en medio de esta geograf\u00eda contradictoria que surgen nuevas propuestas est\u00e9ticas y narrativas.<\/p>\n<p style=\"text-align: justify;\">Para programar\u00a0<em>M\u00e9xico Reciente<\/em>\u00a0invitamos a notables realizadores, quienes han aportado vigorosos retratos, haci\u00e9ndonos ver que no es necesario gastar millones de d\u00f3lares para contar pel\u00edculas sinceras y profundas.Realizadores que han presentado sus pel\u00edculas en diversos festivales forman parte de esta programaci\u00f3n pero tambi\u00e9n est\u00e1n quienes inician en esta aventura llamada cine, cortometrajes y largometrajes se mezclan en este mosaico audiovisual que hemos preparado.<\/p>\n<p style=\"text-align: justify;\">Desde Circo 2.12, Cineclub Revoluci\u00f3n y el Museo Carrillo Gil los invitamos a formar parte de este ciclo en donde se intercambiar\u00e1n diferentes est\u00e9ticas, historias y visiones cinematogr\u00e1ficas de los talentos mexicanos.<\/p>\n<p style=\"text-align: justify;\">Este ciclo tiene como propuesta reunirnos con los distintos autores y generar un di\u00e1logo con ustedes:\u00a0<strong>El P\u00fablico<\/strong><\/p>\n<p style=\"text-align: justify;\">Los esperamos todos los martes del 20 de agosto al 8 de octubre a las 20.00h. \u00a0en Av. Revoluci\u00f3n esquina con Altavista (s\u00f3tano del Museo de Arte Carrillo Gil)<\/p>\n<h2>\u00a1Qu\u00e9 disfruten la funci\u00f3n!<\/h2>\n<h3>20 agosto, 8pm.<\/h3>\n<p><a href=\"http:\/\/www.circo212.org.mx\/circo2\/wp-content\/uploads\/2013\/08\/Tere-Flores.jpg\"><img loading=\"lazy\" decoding=\"async\" src=\"http:\/\/www.circo212.org.mx\/circo2\/wp-content\/uploads\/2013\/08\/Tere-Flores-1024x576.jpg\" alt=\"Tere Flores\" width=\"1024\" height=\"576\" \/> <\/a><strong>Mosca <\/strong>Bulmaro Osornio\/ M\u00e9xico \/ 2011 \/ 98 min.<\/p>\n<p style=\"text-align: justify;\">\u201cEl Mosca\u201d es taxista nocturno, padre de dos hijas y viudo. Entre el trabajo cotidiano, el alcohol\u00a0y el recuerdo de su esposa, improvisa su paternidad. \u201cEl Mosca\u201d confunde el sue\u00f1o con la\u00a0vigilia para soportar la p\u00e9rdida. Di\u00e1logo con un hombre sumergido en la nostalgia, que resiste al\u00a0tiempo y se rebela contra la realidad.<\/p>\n<h3><\/h3>\n<h3>27 agosto, 8pm.<\/h3>\n<p><a href=\"http:\/\/www.circo212.org.mx\/circo2\/wp-content\/uploads\/2013\/08\/Malaventura2.png\"><img loading=\"lazy\" decoding=\"async\" src=\"http:\/\/www.circo212.org.mx\/circo2\/wp-content\/uploads\/2013\/08\/Malaventura2-1024x662.png\" alt=\"Malaventura2\" width=\"1024\" height=\"662\" \/> <\/a><strong>Malaventura <\/strong>Michel Lipkes\/ M\u00e9xico\/ 2011 \/ 75 min.<\/p>\n<p style=\"text-align: justify;\">Un d\u00eda, El viejo camina las calles de la ciudad, la vida transcurre cotidianamente. Recuerdos\u00a0aquejan al hombre, la culpabilidad lo conduce, el dolor toma forma. El viejo sigue su camino,\u00a0hasta el final, mientras la vida sigue sus extra\u00f1os rumbos.<\/p>\n<h3>3 de septiembre, 8pm.<\/h3>\n<p><a href=\"http:\/\/www.circo212.org.mx\/circo2\/wp-content\/uploads\/2013\/08\/STILLTC04.png\"><img loading=\"lazy\" decoding=\"async\" src=\"http:\/\/www.circo212.org.mx\/circo2\/wp-content\/uploads\/2013\/08\/STILLTC04-1024x576.png\" alt=\"STILLTC04\" width=\"1024\" height=\"576\" \/> <\/a><strong>El tercer sendero <\/strong>Jimmy Cohen\/ M\u00e9xico-EUA\/ 2013\/ 62 min<\/p>\n<p style=\"text-align: justify;\">El tercer sendero es una pel\u00edcula no narrativa que explora las fronteras entre el espect\u00e1culo y la\u00a0vida, entre la raz\u00f3n y la sin raz\u00f3n, entre la vida y la muerte, entre la realidad y el reflejo, entre el\u00a0trabajo y el ocio, entre lo cotidiano y lo m\u00edtico. Mediante diversos personajes, paisajes y\u00a0escenarios se encuentra el abandono que deja el progreso y la creaci\u00f3n que surge de ello. El\u00a0abandono se muestra a trav\u00e9s de un pueblo ex minero en el que la raz\u00f3n y el poder pasaron\u00a0hace 70 a\u00f1os, pero es ah\u00ed, en terreno de ruinas, donde comienza un sendero alterno, entre los\u00a0monstruos de racionalidad y la poes\u00eda.<\/p>\n<h3><\/h3>\n<h3>10 de septiembre, 8pm.<\/h3>\n<p><a href=\"http:\/\/www.circo212.org.mx\/circo2\/wp-content\/uploads\/2013\/08\/Calle-Lopez-Still1.jpg\"><img loading=\"lazy\" decoding=\"async\" src=\"http:\/\/www.circo212.org.mx\/circo2\/wp-content\/uploads\/2013\/08\/Calle-Lopez-Still1-1024x576.jpg\" alt=\"Calle Lopez Still1\" width=\"1024\" height=\"576\" \/> <\/a><strong>Calle L\u00f3pez <\/strong>Gerardo Barroso y Lisa Tillinger\/ M\u00e9xico\/ 2013 \/ Blanco y negro\/ 80 min.<\/p>\n<p style=\"text-align: justify;\">La peque\u00f1a familia conformada por los fot\u00f3grafos Gerardo Barroso, Lisa Tillinger y el beb\u00e9 de\u00a0ambos se mud\u00f3 a una calle ruidosa y llena de vida: la calle L\u00f3pez, en el Centro Hist\u00f3rico de la\u00a0ciudad de M\u00e9xico. La cotidianidad de la zona le pareci\u00f3 a la pareja digna de un documental; as\u00ed\u00a0comenz\u00f3 seguir con su c\u00e1mara a los personajes que la habitan o que todos los d\u00edas trabajan en\u00a0ella. El resultado es una especie de \u201csinfon\u00eda urbana\u201d en blanco y negro, por la que desfilan de\u00a0forma natural lo mismo taqueros que comerciantes ambulantes, indigentes que vendedoras de\u00a0garnachas, entre otros personajes. Un microcosmos de la sociedad mexicana.<\/p>\n<h3>17 de septiembre, 8pm.<\/h3>\n<p><a href=\"http:\/\/www.circo212.org.mx\/circo2\/wp-content\/uploads\/2013\/08\/Palabras-m\u00e1gicas4.png\"><img loading=\"lazy\" decoding=\"async\" src=\"http:\/\/www.circo212.org.mx\/circo2\/wp-content\/uploads\/2013\/08\/Palabras-m\u00e1gicas4-1024x662.png\" alt=\"Palabras-m\u00e1gicas4\" width=\"1024\" height=\"662\" \/> <\/a><strong>Palabras M\u00e1gicas (para romper un encantamiento) <\/strong>Mercedes Moncada Rodr\u00edguez\/\u00a02012\/ Guatemala-M\u00e9xico-Nicaragua\/ 82 min.<\/p>\n<p style=\"text-align: justify;\">En el lago de Managua est\u00e1n disueltas las cenizas de Sandino. \u00bfConvertir\u00e1 el contenido a su\u00a0contenedor? El lago Xolotl\u00e1n est\u00e1 pose\u00eddo por \u00e9l, por Sandino. Si esto es cierto, entonces este\u00a0lago es tambi\u00e9n toda Managua, porque es el desag\u00fce de la ciudad, y aqu\u00ed han llegado los\u00a0desechos de todos nosotros. Palabras m\u00e1gicas es la perspectiva emocional de Mercedes\u00a0Moncada sobre la revoluci\u00f3n nicarag\u00fcense.<\/p>\n<h3><\/h3>\n<h3><\/h3>\n<h3>24 de septiembre, 8pm.<\/h3>\n<p><a href=\"http:\/\/www.circo212.org.mx\/circo2\/wp-content\/uploads\/2013\/08\/La-vida-sin-memoria-8.jpg\"><img loading=\"lazy\" decoding=\"async\" src=\"http:\/\/www.circo212.org.mx\/circo2\/wp-content\/uploads\/2013\/08\/La-vida-sin-memoria-8-1024x821.jpg\" alt=\"La vida sin memoria 8\" width=\"1024\" height=\"821\" \/> <\/a><strong>La vida sin memoria parece dulce&#8230; <\/strong>Iv\u00e1n \u00c1vila Due\u00f1as\/\u00a02013\/ M\u00e9xico\/ 67 min.<\/p>\n<p style=\"text-align: justify;\">Iv\u00e1n \u00c1vila Due\u00f1as interviene material f\u00edlmico casero depositado en resguardo en la Cineteca\u00a0Nacional y que forma parte del proyecto Archivo Memoria. En \u00e9ste podemos observar a un\u00a0ingeniero de minas, un cura y un constructor filmando en formatos peque\u00f1os su historia\u00a0personal en el estado de Zacatecas entre 1930 y 1950. Es probable que hubiera algo en com\u00fan\u00a0entre ellos tres, por ejemplo, el origen de su afici\u00f3n a filmar recuerdos.\u00a0Cuando una pel\u00edcula es filmada, el mismo impulso lum\u00ednico que queda impreso en el negativo,\u00a0quedar\u00e1 impreso en la memoria de quien filma y posteriormente en la memoria de quien ve la\u00a0pel\u00edcula. Es un ciclo largo, que a veces tarda muchos a\u00f1os. El cerebro que guarda la memoria\u00a0de quien film\u00f3 es perecedero, la pel\u00edcula que guarda impreso ese mismo recuerdo puede llegar\u00a0a sobrevivirlo y generar recuerdos nuevos en memorias guardadas en cerebros perecederos.\u00a0Esa es la maravilla del pasado filmado, hace parecer al tiempo algo tangible.<\/p>\n<h3>1 Octubre, 8pm.<\/h3>\n<p><a href=\"http:\/\/www.circo212.org.mx\/circo2\/wp-content\/uploads\/2013\/08\/Las_lagrimas5.jpg\"><img loading=\"lazy\" decoding=\"async\" src=\"http:\/\/www.circo212.org.mx\/circo2\/wp-content\/uploads\/2013\/08\/Las_lagrimas5-1024x773.jpg\" alt=\"Las_lagrimas5\" width=\"1024\" height=\"773\" \/> <\/a><strong>Las l\u00e1grimas <\/strong>Pablo Delgado S\u00e1nchez\/ M\u00e9xico\/ 2012 \/ 66 min<\/p>\n<p style=\"text-align: justify;\">Fernando y Gabriel son dos hermanos viviendo en un hogar fracturado. El enojo y la tristeza\u00a0que inundan la casa los obliga a escapar por un fin de semana a un bosque. Ah\u00ed Gabriel ser\u00e1\u00a0testigo de la autodestrucci\u00f3n de su hermano mayor.<\/p>\n<h3>8 Octubre, 8pm.<\/h3>\n<p><a href=\"http:\/\/www.circo212.org.mx\/circo2\/wp-content\/uploads\/2013\/08\/El-Alcalde1.png\"><img loading=\"lazy\" decoding=\"async\" src=\"http:\/\/www.circo212.org.mx\/circo2\/wp-content\/uploads\/2013\/08\/El-Alcalde1-1024x662.png\" alt=\"El-Alcalde1\" width=\"1024\" height=\"662\" \/><\/a> <strong>El Alcalde<\/strong> Emiliano Altuna, Carlos F. Rossini, Diego Osorno\/ M\u00e9xico\/ \u00a02012 \/ 80 min<\/p>\n<p style=\"text-align: justify;\">En M\u00e9xico, el asesinato de alcaldes municipales es una pr\u00e1ctica com\u00fan en la lucha por\u00a0controlar territorios por los c\u00e1rteles de la droga. Este documental cuenta la historia de Mauricio,\u00a0un pol\u00e9mico alcalde que se presenta como alguien que toma la justicia en mano propia en el\u00a0municipio m\u00e1s rico y m\u00e1s seguro de Am\u00e9rica Latina.<\/p>\n<h2>Cine = M\u00fasica + Inspiraciones<\/h2>\n<h2><\/h2>\n<h2>Ciclo de cine mudo musicalizado en vivo 2013<\/h2>\n<h2><\/h2>\n<h2>Cineclub Revoluci\u00f3n<\/h2>\n<h2><\/h2>\n<h2>\u00a023 de Julio al 13 de Agosto<\/h2>\n<h2><\/h2>\n<h2><\/h2>\n<p>Como ha sucedido los \u00faltimos a\u00f1os en pr\u00e1cticamente todo el mundo, el cine en la India tambi\u00e9n cumple 100 a\u00f1os de existencia. As\u00ed comenzamos este ciclo de cine mudo musicalizado en el Cineclub Revoluci\u00f3n, con el primer largometraje hind\u00fa que nos cuenta la historia del rey Harishchandra. Esta selecci\u00f3n tambi\u00e9n se enriquece con el trabajo del director alem\u00e1n Franz Osten, quien nos brinda una visi\u00f3n diferente de la cultura milenaria de la India con su famosa pel\u00edcula Prem Sanyas (La luz de Asia), con la cual dio a conocer un poco m\u00e1s sobre la rica cultura del sur de Asia.<\/p>\n<h2><\/h2>\n<p>De este cine se conoce muy poco en nuestro continente, ya que comercialmente nunca fue explotado como en la actualidad lo hace \u201cBollywood\u201d, cine inspirado en los \u00e9xitos populares de Hollywood, el cual arroja m\u00e1s de 1000 producciones al a\u00f1o. As\u00ed pues disfrutemos con esta peque\u00f1a selecci\u00f3n de los filmes m\u00e1s representativos de los inicios de Bollywood.<\/p>\n<h2><\/h2>\n<div class=\"one-half\">\n<h2><\/h2>\n<p><a href=\"http:\/\/www.circo212.org.mx\/circo2\/wp-content\/uploads\/2013\/07\/23dejulio.png\"><img loading=\"lazy\" decoding=\"async\" src=\"http:\/\/www.circo212.org.mx\/circo2\/wp-content\/uploads\/2013\/07\/23dejulio-300x225.png\" alt=\"23dejulio\" width=\"300\" height=\"225\" \/><\/a><\/p>\n<h2><\/h2>\n<p align=\"JUSTIFY\"><\/div>\n<h2><\/h2>\n<p align=\"JUSTIFY\"><div class=\"one-half last\">\n<h2><\/h2>\n<h2>23 de julio<\/h2>\n<h2><\/h2>\n<p><strong><em>Prem Sanyas (The light of Asia)\u00a0<\/em><\/strong> Franz Osten -Himansu Rai\/1925\/ India-Alemania<\/p>\n<h2><\/h2>\n<p><strong>Musicalizado por Quincas Moreira.<\/strong><\/p>\n<h2><\/h2>\n<p>Esta pel\u00edcula muda est\u00e1 muy bien conservada, fue una coproducci\u00f3n germano-hind\u00fa iniciada por Himansu Rai (que tambi\u00e9n protagoniza la pel\u00edcula), y quien escribi\u00f3 el gui\u00f3n basado en el poema \u00e9pico de Edwin Arnold, sobre la temprana vida de Buda. La pel\u00edcula comienza como un diario de viaje, y finalmente destaca un grupo de turistas europeos que se cuentan historias sobre las pruebas que rodean a Siddhartha y el cortejo de Yasodhara por el viejo gu\u00eda.<\/p>\n<h2><\/h2>\n<p>La pel\u00edcula fue restaurada en el a\u00f1o 2001 de una impresi\u00f3n original casi completa, en poder del British Film Institute.<\/p>\n<h2><\/h2>\n<p>Franz Osten fue un productor-director activo en Alemania veinte a\u00f1os antes de viajar a la India para dirigir Prem Sanyas. Se convirti\u00f3 en la primera de una trilog\u00eda de pel\u00edculas basadas en cuentos antiguos y tradiciones.<\/p>\n<h2><\/h2>\n<p align=\"JUSTIFY\"><\/div><\/p>\n<h2><\/h2>\n<p align=\"JUSTIFY\"><div class=\"one-half\">\n<h2><\/h2>\n<p align=\"JUSTIFY\"><a href=\"http:\/\/www.circo212.org.mx\/circo2\/wp-content\/uploads\/2013\/07\/30dejulio.png\"><img loading=\"lazy\" decoding=\"async\" src=\"http:\/\/www.circo212.org.mx\/circo2\/wp-content\/uploads\/2013\/07\/30dejulio-300x220.png\" alt=\"30dejulio\" width=\"300\" height=\"220\" \/><\/a><\/p>\n<h2><\/h2>\n<p align=\"JUSTIFY\"><\/div><\/p>\n<h2><\/h2>\n<p align=\"JUSTIFY\"><div class=\"one-half last\">\n<h2><\/h2>\n<h2>\u00a030 julio<\/h2>\n<h2><\/h2>\n<p><strong><em>Diler Jigar (Gallant Hearts) <\/em><\/strong>G.P. Pawar\/ India\u00a0\/ 1931<\/p>\n<h2><\/h2>\n<p><strong>Musicalizado por Guillermo Olivera.<\/strong><\/p>\n<h2><\/h2>\n<p>Kalsen es el rey tir\u00e1nico libertino que envenena a su hermano y gobierna sobre \u00abel reino de terror\u00bb. Un fiel cortesano Satyapal salva al pr\u00edncipe, pero el ni\u00f1o se pierde. A\u00f1os m\u00e1s tarde vuelve a aparecer como Hameer un acr\u00f3bata de circo, en compa\u00f1\u00eda de Saranga su amada, y su hermano Balbheem. El tr\u00edo cae en desgracia con las autoridades y Saranga es secuestrada por Kalsen que se ofrece a convertirla en su reina. Tentado por las visiones de lujo, Saranga casi sucumbe cuando Hameer llega y se desilusiona por como la encuentra. Pero alentado por Balbheem jura vengarse y es a partir de este momento que en secreto ayudado por Saranga, aparece como el vengador enmascarado. El final feliz es inevitable.<\/p>\n<h2><\/h2>\n<p align=\"JUSTIFY\"><\/div><\/p>\n<h2><\/h2>\n<p align=\"JUSTIFY\"><div class=\"one-half\">\n<h2><\/h2>\n<p align=\"JUSTIFY\"><a href=\"http:\/\/www.circo212.org.mx\/circo2\/wp-content\/uploads\/2013\/07\/6deagosto.png\"><img loading=\"lazy\" decoding=\"async\" src=\"http:\/\/www.circo212.org.mx\/circo2\/wp-content\/uploads\/2013\/07\/6deagosto-300x220.png\" alt=\"6deagosto\" width=\"300\" height=\"220\" \/><\/a><\/p>\n<h2><\/h2>\n<p align=\"JUSTIFY\"><\/div><\/p>\n<h2><\/h2>\n<p align=\"JUSTIFY\"><div class=\"one-half last\">\n<h2><\/h2>\n<h2>6 agosto<\/h2>\n<h2><\/h2>\n<p><strong><em>Kaliya Mardan <\/em><\/strong>Dhundiraj Govind Phalke\/\u00a0India \/ 1919<\/p>\n<h2><\/h2>\n<p><strong>Musicalizado por Leo Heiblum + invitados<\/strong><\/p>\n<h2><\/h2>\n<p>Kaliya Mardan trata sobre los episodios de la obra divina del ni\u00f1o Krishna (de la mitolog\u00eda hind\u00fa). Inicia con un pr\u00f3logo maravilloso en el que la actriz infantil Krishna (hija del Director Phalke) se muestra en su ropa de todos los d\u00edas y se fusiona con el papel que interpreta. Despu\u00e9s del intert\u00edtulo &#8211; \u00abEstudio de las expresiones faciales de una ni\u00f1a de siete a\u00f1os\u00bb &#8211; act\u00faa algunos de los nueve estados de \u00e1nimo, est\u00e9tico y emocional de las artes cl\u00e1sicas indias &#8211; humor, ira, asombro, etc.<\/p>\n<h2><\/h2>\n<p>Con su mezcla caracter\u00edstica de lo real, lo imaginario y t\u00e9cnicas f\u00edlmicas con una esencia hind\u00fa distinta, Kaliya Mardan es la primera obra maestra del cine hind\u00fa.<\/p>\n<h2><\/h2>\n<p align=\"JUSTIFY\"><\/div><\/p>\n<h2><\/h2>\n<p align=\"JUSTIFY\"><div class=\"one-half\">\n<h2><\/h2>\n<p><a href=\"http:\/\/www.circo212.org.mx\/circo2\/wp-content\/uploads\/2013\/07\/13deagosto.png\"><img loading=\"lazy\" decoding=\"async\" src=\"http:\/\/www.circo212.org.mx\/circo2\/wp-content\/uploads\/2013\/07\/13deagosto-300x225.png\" alt=\"13deagosto\" width=\"300\" height=\"225\" \/><\/a><\/p>\n<h2><\/h2>\n<p align=\"JUSTIFY\"><\/div><\/p>\n<h2><\/h2>\n<p align=\"JUSTIFY\"><div class=\"one-half last\">\n<h2><\/h2>\n<h2>\u00a013 agosto<\/h2>\n<h2><\/h2>\n<p><em><strong>Raja Harishchandra <\/strong><\/em>Dhundiraj Govind Phalke\/\u00a0India\/ 1913<\/p>\n<h2><\/h2>\n<p><strong>Musicalizado por S\u00e1nchez Dub\u00a0<\/strong><\/p>\n<h2><\/h2>\n<p>Raja Harishchandra (Rey Harishchandra) es una pel\u00edcula hind\u00fa de 1913, dirigida y producida por Dadasaheb Phalke (Dhundiraj Govind Phalke) y se considera el primer largometraje hind\u00fa de la historia. La pel\u00edcula est\u00e1 basada en la leyenda del Rey Harishchandra, contada en el Ramayana y en el Mahabharata.<\/p>\n<h2><\/h2>\n<p>La historia gira alrededor del justo y noble rey Harishchandra, quien primeramente sacrifica su reino, seguido de su esposa y eventualmente sus hijos para honrar su promesa hecha al sabio Vishwamitra. Sin embargo, al final complacidos por su gran moral, los dioses le regresan su antigua gloria y le otorgan bendiciones divinas.<\/p>\n<h2><\/h2>\n<p align=\"JUSTIFY\"><\/div><\/p>\n<h2><\/h2>\n<h2><\/h2>\n<h2><\/h2>\n<h2><a href=\"http:\/\/www.circo212.org.mx\/circo2\/wp-content\/uploads\/2012\/02\/tsua4.png\">\u00a0<\/a><\/h2>\n<h2>Ciclo: Transgresiones<\/h2>\n<h3>28 de mayo al 16 de julio<\/h3>\n<p align=\"JUSTIFY\">Los esperamos todos los Martes a las 20.00hrs en el Museo de Arte Carrillo Gil<\/p>\n<p align=\"JUSTIFY\"><div class=\"one-half\">\n<p align=\"JUSTIFY\"><a href=\"http:\/\/www.circo212.org.mx\/circo2\/wp-content\/uploads\/2012\/02\/oscuro1.jpg\"><img loading=\"lazy\" decoding=\"async\" src=\"http:\/\/www.circo212.org.mx\/circo2\/wp-content\/uploads\/2012\/02\/oscuro1-300x177.jpg\" alt=\"oscuro1\" width=\"300\" height=\"177\" \/><\/a><\/p>\n<p align=\"JUSTIFY\"><\/div><\/p>\n<p align=\"JUSTIFY\"><div class=\"one-half last\">\n<h2 align=\"JUSTIFY\">28 de Mayo<\/h2>\n<p><em><strong>Ese oscuro objeto del deseo<\/strong><\/em> Luis Bu\u00f1uel \/ 1977 \/ Francia \u2013 Espa\u00f1a \/ 102 min<\/p>\n<p style=\"text-align: justify;\">Durante un viaje en tren, de Sevilla a Madrid, el oto\u00f1al caballero Mathieu cuenta a sus compa\u00f1eros de vag\u00f3n la historia de sus infortunios amorosos con la bailarina Conchita. A partir de su primer encuentro, Conchita juega con la obsesi\u00f3n de Mathieu, haci\u00e9ndolo pasar del deseo a la frustraci\u00f3n y del amor al odio m\u00e1s furibundo.<\/p>\n<p align=\"JUSTIFY\"><\/div><\/p>\n<p align=\"JUSTIFY\"><div class=\"one-half\">\n<p align=\"JUSTIFY\"><a href=\"http:\/\/www.circo212.org.mx\/circo2\/wp-content\/uploads\/2012\/02\/dias_otono2.jpg\"><img loading=\"lazy\" decoding=\"async\" src=\"http:\/\/www.circo212.org.mx\/circo2\/wp-content\/uploads\/2012\/02\/dias_otono2-300x213.jpg\" alt=\"dias_otono2\" width=\"300\" height=\"213\" \/><\/a><\/p>\n<p align=\"JUSTIFY\"><\/div><\/p>\n<p align=\"JUSTIFY\"><div class=\"one-half last\">\n<h2 align=\"JUSTIFY\">4 de Junio<\/h2>\n<p align=\"JUSTIFY\"><i><b>D\u00edas de Oto\u00f1o<\/b><\/i><\/p>\n<p>Roberto Gavald\u00f3n \/ 1963 \/ M\u00e9xico \/ 95 min<\/p>\n<p style=\"text-align: justify;\">Luisa es una joven pueblerina que trabaja en una pasteler\u00eda en la ciudad. Ensimismada, solitaria y un tanto hosca con sus compa\u00f1eras de trabajo, Luisa sue\u00f1a con casarse y tener hijos. Un d\u00eda este sue\u00f1o parece convertirse en realidad, cambiando las relaciones de Luisa tambi\u00e9n con su entorno y su lugar en la sociedad. Lugar que Luisa estar\u00e1 dispuesta a mantener hasta las \u00faltimas consecuencias.<\/p>\n<p align=\"JUSTIFY\"><\/div><\/p>\n<p align=\"JUSTIFY\"><div class=\"one-half\">\n<p align=\"JUSTIFY\"><a href=\"http:\/\/www.circo212.org.mx\/circo2\/wp-content\/uploads\/2012\/02\/una-mujer-bajo-3.jpeg\"><img loading=\"lazy\" decoding=\"async\" src=\"http:\/\/www.circo212.org.mx\/circo2\/wp-content\/uploads\/2012\/02\/una-mujer-bajo-3-300x158.jpeg\" alt=\"una mujer bajo 3\" width=\"300\" height=\"158\" \/><\/a><\/p>\n<p align=\"JUSTIFY\"><\/div><\/p>\n<p align=\"JUSTIFY\"><div class=\"one-half last\">\n<h2 align=\"JUSTIFY\">11 de Junio<\/h2>\n<p align=\"JUSTIFY\"><i><b>Una mujer bajo la incluencia<\/b><\/i><\/p>\n<p>Estados Unidos \/ 1974 \/ Estados Unidos \/ 155 min<\/p>\n<p style=\"text-align: justify;\">Nick tiene que cargar con la responsabilidad de cuidar a su mujer que padece inestabilidad emocional. Lucha sin descanso para mantener un ambiente de normalidad a pesar del anormal comportamiento de su mujer; sin embargo, llega un momento en que la situaci\u00f3n afecta a sus hijos, de modo que no tendr\u00e1 m\u00e1s remedio que tomar ciertas medidas.<\/p>\n<p align=\"JUSTIFY\"><\/div><\/p>\n<p align=\"JUSTIFY\"><div class=\"one-half\">\n<p align=\"JUSTIFY\"><a href=\"http:\/\/www.circo212.org.mx\/circo2\/wp-content\/uploads\/2012\/02\/cluny-brown-2.jpeg\"><img loading=\"lazy\" decoding=\"async\" src=\"http:\/\/www.circo212.org.mx\/circo2\/wp-content\/uploads\/2012\/02\/cluny-brown-2.jpeg\" alt=\"cluny brown 2\" width=\"273\" height=\"184\" \/><\/a><\/p>\n<p align=\"JUSTIFY\"><\/div><\/p>\n<p align=\"JUSTIFY\"><div class=\"one-half last\">\n<h2 align=\"JUSTIFY\">18 de Junio<\/h2>\n<p align=\"JUSTIFY\"><i><b>Cluny Brown<\/b><\/i><\/p>\n<p>Ernst Lubitsch \/ 1946 \/ Estados Unidos \/ 100 min<\/p>\n<p style=\"text-align: justify;\">La historia se sit\u00faa poco antes del estallido de la Segunda Guerra Mundial. Cluny es sobrina de un plomero, y ha desarrollado una verdadera pasi\u00f3n por el oficio de su t\u00edo. Sin embargo, tendr\u00e1 que decidir entre su pasi\u00f3n y la posibilidad de ser feliz con el hombre que ama, pues ella \u201cno es una mujer que est\u00e9 vestida de plomero\u2026 pero \u00bfqu\u00e9 mujer lo est\u00e1?\u201d<\/p>\n<p align=\"JUSTIFY\"><\/div><\/p>\n<p align=\"JUSTIFY\"><div class=\"one-half\">\n<p align=\"JUSTIFY\"><a href=\"http:\/\/www.circo212.org.mx\/circo2\/wp-content\/uploads\/2012\/02\/mother1.jpeg\"><img loading=\"lazy\" decoding=\"async\" src=\"http:\/\/www.circo212.org.mx\/circo2\/wp-content\/uploads\/2012\/02\/mother1.jpeg\" alt=\"mother1\" width=\"287\" height=\"176\" \/><\/a><\/p>\n<p align=\"JUSTIFY\"><\/div><\/p>\n<p align=\"JUSTIFY\"><div class=\"one-half last\">\n<h2 align=\"JUSTIFY\">25 de Junio<\/h2>\n<p align=\"JUSTIFY\"><i><b>M\/Other<\/b><\/i><\/p>\n<p>Nobuhiro Suwa \/ 1999 \/ Jap\u00f3n \/ 147 min<\/p>\n<p style=\"text-align: justify;\">Aki, que trabaja como dise\u00f1adora, y Tetsuro, propietario de una cadena de restaurantes, conviven desde hace varios a\u00f1os en Tokio. Su vida se ve repentinamente alterada cuando el hijo de Tetsuro, fruto de su anterior matrimonio, llega inesperadamente a la casa en la que deber\u00e1 quedarse un mes, mientras la madre del ni\u00f1o convalece en el hospital. La pl\u00e1cida vida de pareja estallar\u00e1 en momentos de profunda crisis, poni\u00e9ndose en cuesti\u00f3n los cimientos de la pareja y los planes y deseos de Aki.<\/p>\n<p align=\"JUSTIFY\"><\/div><\/p>\n<p align=\"JUSTIFY\"><div class=\"one-half\">\n<p align=\"JUSTIFY\"><a href=\"http:\/\/www.circo212.org.mx\/circo2\/wp-content\/uploads\/2012\/02\/sin-techo1.jpg\"><img loading=\"lazy\" decoding=\"async\" src=\"http:\/\/www.circo212.org.mx\/circo2\/wp-content\/uploads\/2012\/02\/sin-techo1.jpg\" alt=\"sin techo1\" width=\"283\" height=\"178\" \/><\/a><\/p>\n<p align=\"JUSTIFY\"><\/div><\/p>\n<p align=\"JUSTIFY\"><div class=\"one-half last\">\n<h2 align=\"JUSTIFY\">2 de Julio<\/h2>\n<p align=\"JUSTIFY\"><i><b>Sin techo ni ley<\/b><\/i><\/p>\n<p>Agn\u00e8s Varda \/ 1985 \/ Francia \/ 105 min<\/p>\n<p style=\"text-align: justify;\">La c\u00e1mara de Varda sigue en esta pel\u00edcula a Mona, una joven de la que apenas llegamos a saber nada, durante sus \u00faltimos d\u00edas de vida. Mona vive de una manera extrema, resultado de dar la espalda a la sociedad. Rechazando toda atadura -proletaria o burguesa- se empe\u00f1a en existir sin m\u00e1s. Pero la supervivencia es \u00e1spera y nuestra hero\u00edna poco acomodaticia, pues lejos de ser una v\u00edctima elige \u201cno elegir\u201d pasando de mochilera a vagabunda sin patetismos. Las intrincadas y variadas relaciones humanas con las que se cruza en el proceso junto con la soledad y el desamparo m\u00e1s desgarradores protagonizan esta obra potente y apasionante que obtuvo el Le\u00f3n de Oro de Venecia.<\/p>\n<p align=\"JUSTIFY\"><\/div><\/p>\n<p align=\"JUSTIFY\"><div class=\"one-half\">\n<p align=\"JUSTIFY\"><a href=\"http:\/\/www.circo212.org.mx\/circo2\/wp-content\/uploads\/2012\/02\/a-mi-madre3.jpg\"><img loading=\"lazy\" decoding=\"async\" src=\"http:\/\/www.circo212.org.mx\/circo2\/wp-content\/uploads\/2012\/02\/a-mi-madre3-300x166.jpg\" alt=\"a mi madre3\" width=\"300\" height=\"166\" \/><\/a><\/p>\n<p align=\"JUSTIFY\"><\/div><\/p>\n<p align=\"JUSTIFY\"><div class=\"one-half last\">\n<h2 align=\"JUSTIFY\">9 de Julio<\/h2>\n<p align=\"JUSTIFY\"><i><b>A mi madre le gustan las mujeres<\/b><\/i><\/p>\n<p>Daniela F\u00e9jerman,\u00a0In\u00e9s Par\u00eds \/ 2002 \/ Espa\u00f1a \/ 99 min<\/p>\n<p style=\"text-align: justify;\">Elvira coincide con sus hermanas, Jimena y Sol, en casa de su madre, una c\u00e9lebre pianista separada del padre de sus hijas hace a\u00f1os. Una vez en casa, la madre comunica a sus hijas que est\u00e1 enamorada y que tiene una relaci\u00f3n con una persona, pero la alegr\u00eda se tornar\u00e1 sorpresa cuando descubren que se trata de una mujer. Las hermanas intentan reaccionar como mujeres modernas que son, pero cada una har\u00e1 con eso lo que pueda. La aventura acabar\u00e1 de la forma que menos pod\u00edan imaginar.<\/p>\n<p align=\"JUSTIFY\"><\/div><\/p>\n<h3 align=\"JUSTIFY\">16 de Julio<\/h3>\n<p align=\"JUSTIFY\"><b>Mesa Redonda:\u00a0<\/b><\/p>\n<p align=\"JUSTIFY\">La mujer en el cine. Estereotipos y transgresi\u00f3n<\/p>\n<h2>Ciclo: Amor Diablo<\/h2>\n<p style=\"text-align: justify;\" align=\"JUSTIFY\"><i><b>Amor diablo\u00a0<\/b><\/i>es una revisi\u00f3n agridulce del fen\u00f3meno a trav\u00e9s de las vanguardias y los extremos de cineastas consagrados que hacen de la an\u00e9cdota de siempre una experiencia est\u00e9tica inolvidable.<\/p>\n<p align=\"JUSTIFY\">Los esperamos todos los Martes a las 20.00hrs en el Museo de Arte Carrillo Gil<\/p>\n<p align=\"JUSTIFY\"><div class=\"one-half\">\n<p align=\"JUSTIFY\"><a href=\"http:\/\/www.circo212.org.mx\/circo2\/wp-content\/uploads\/2013\/03\/fucking-a.jpg\"><img loading=\"lazy\" decoding=\"async\" src=\"http:\/\/www.circo212.org.mx\/circo2\/wp-content\/uploads\/2013\/03\/fucking-a-300x202.jpg\" alt=\"fucking a\" width=\"300\" height=\"202\" \/><\/a><\/p>\n<p align=\"JUSTIFY\"><\/div><\/p>\n<p align=\"JUSTIFY\"><div class=\"one-half last\">\n<h2 align=\"JUSTIFY\">2 de Abril<\/h2>\n<p align=\"JUSTIFY\"><i><b>Fucking \u00c5m\u00e5<\/b><\/i><i><b>l<\/b><\/i><\/p>\n<p align=\"JUSTIFY\">Lukas Moodyson \/Suecia \u2013 Dinamarca<i><b>\u00a0\/\u00a0<\/b><\/i>1998\u00a0<i><b>\/\u00a0<\/b><\/i>89 min<\/p>\n<p align=\"JUSTIFY\">En un pueblo de Suecia, la silente adolescente suicida Agnes vive en secreto prendada de Elin, rubia popular de la escuela que de pronto se muestra desencantada ante la frivolidad de su entorno y la evidente incapacidad amatoria de sus parejas masculinas. Cuando la crueldad de sus compa\u00f1eros pone al descubierto la pasi\u00f3n de Agnes, Elin debe decidir entre la comodidad aburrida de lo cotidiano y el desaf\u00edo de corresponder a su enamorada.<\/p>\n<p align=\"JUSTIFY\"><\/div><\/p>\n<p align=\"JUSTIFY\"><div class=\"one-half\">\n<p align=\"JUSTIFY\"><a href=\"http:\/\/www.circo212.org.mx\/circo2\/wp-content\/uploads\/2013\/03\/atalante-1934-17-g.jpg\"><img loading=\"lazy\" decoding=\"async\" src=\"http:\/\/www.circo212.org.mx\/circo2\/wp-content\/uploads\/2013\/03\/atalante-1934-17-g-300x229.jpg\" alt=\"atalante-1934-17-g\" width=\"300\" height=\"229\" \/><\/a><\/p>\n<p align=\"JUSTIFY\"><\/div><\/p>\n<p align=\"JUSTIFY\"><div class=\"one-half last\">\n<h2 align=\"JUSTIFY\">9 de Abril<\/h2>\n<p align=\"JUSTIFY\"><i><b>El Atalante<\/b><\/i><\/p>\n<p align=\"JUSTIFY\">Jean Vigo \/ Francia \/ 1934 \/ 89 min<\/p>\n<p align=\"JUSTIFY\">Una pareja reci\u00e9n casada se hace a la mar. Su luna de miel deviene pronto en agridulces desencuentros que los llevan a probar una malograda distancia. El amor navegante puesto a prueba en una de las pel\u00edculas m\u00e1s grandiosas en la historia de la humanidad.<\/p>\n<p align=\"JUSTIFY\"><\/div><\/p>\n<p align=\"JUSTIFY\"><div class=\"one-half\">\n<p align=\"JUSTIFY\"><a href=\"http:\/\/www.circo212.org.mx\/circo2\/wp-content\/uploads\/2013\/03\/vive.jpg\"><img loading=\"lazy\" decoding=\"async\" src=\"http:\/\/www.circo212.org.mx\/circo2\/wp-content\/uploads\/2013\/03\/vive-300x176.jpg\" alt=\"vive\" width=\"300\" height=\"176\" \/><\/a><\/p>\n<p align=\"JUSTIFY\"><\/div><\/p>\n<p align=\"JUSTIFY\"><div class=\"one-half last\">\n<h2 align=\"JUSTIFY\">16 de Abril<\/h2>\n<p align=\"JUSTIFY\"><i><b>Vive L&#8217;amour<\/b><\/i><\/p>\n<p align=\"JUSTIFY\">Tsai Ming Liang \/ Taiw\u00e1n \/ 1994 \/ 118 minutos<\/p>\n<p align=\"JUSTIFY\">Tras entrar sin permiso a un departamento en venta y en el trance de quitarse la vida,\u00a0Hsiao-kang encuentra el sentido de seguir adelante al espiar el encuentro sexual de la agente de bienes ra\u00edces May Lin y el vendedor ambulante Ah-jung. Los tres descubren una forma de hacer m\u00e1s llevadera su soledad al compartir el inmueble vac\u00edo, al menos por unos d\u00edas.<\/p>\n<p align=\"JUSTIFY\"><\/div><\/p>\n<p align=\"JUSTIFY\"><div class=\"one-half\">\n<p align=\"JUSTIFY\"><a href=\"http:\/\/www.circo212.org.mx\/circo2\/wp-content\/uploads\/2013\/03\/indiasong.jpg\"><img loading=\"lazy\" decoding=\"async\" src=\"http:\/\/www.circo212.org.mx\/circo2\/wp-content\/uploads\/2013\/03\/indiasong-300x231.jpg\" alt=\"indiasong\" width=\"300\" height=\"231\" \/><\/a><\/p>\n<p align=\"JUSTIFY\"><\/div><\/p>\n<p align=\"JUSTIFY\"><div class=\"one-half last\">\n<h2 align=\"JUSTIFY\">23 de Abril<\/h2>\n<p align=\"JUSTIFY\"><i><b>India Song<\/b><\/i><\/p>\n<p align=\"JUSTIFY\">Marguerite Duras \/ Francia \/ 1975 \/120 minutos<\/p>\n<p align=\"JUSTIFY\">A orillas del Ganges, el vicec\u00f3nsul de Francia en Lahore pena el amor por Anne-Marie Stretter, la mujer que a\u00f1os atr\u00e1s volvi\u00f3 loca a Lol V. Stein tras bailar en S. Thala con Michael Richardson.<\/p>\n<p align=\"JUSTIFY\"><i>La historia es una historia de amor inmovilizada en la culminaci\u00f3n de la pasi\u00f3n. En torno a ella, hay otra historia, de horror-hambruna y lepra mezcladas con la humedad pestilente del monz\u00f3n-tambi\u00e9n inmovilizada en un paroxismo cotidiano.<\/i><\/p>\n<p align=\"JUSTIFY\"><\/div><\/p>\n<p align=\"JUSTIFY\"><div class=\"one-half\">\n<p align=\"JUSTIFY\"><a href=\"http:\/\/www.circo212.org.mx\/circo2\/wp-content\/uploads\/2013\/03\/el-cielo-dividid.jpg\"><img loading=\"lazy\" decoding=\"async\" src=\"http:\/\/www.circo212.org.mx\/circo2\/wp-content\/uploads\/2013\/03\/el-cielo-dividid-300x168.jpg\" alt=\"el cielo dividid\" width=\"300\" height=\"168\" \/><\/a><\/p>\n<p align=\"JUSTIFY\"><\/div><\/p>\n<p align=\"JUSTIFY\"><div class=\"one-half last\">\n<h2 align=\"JUSTIFY\">30 de Abril<\/h2>\n<p align=\"JUSTIFY\"><i><b>El cielo dividido<\/b><\/i><\/p>\n<p align=\"JUSTIFY\">Juli\u00e1n Hern\u00e1ndez \/ M\u00e9xico \/ 2006 \/ 140 minutos<\/p>\n<p align=\"JUSTIFY\">Gerardo y Jon\u00e1s parecen haber hallado, uno en el otro, aquel pedazo de cielo que al llegar a la tierra les hab\u00eda sido arrebatado. Tras un conato de encuentro con Sergio, la completitud de Jon\u00e1s queda en duda, carcomiendo quedamente la paz de su relaci\u00f3n. Odisea en pos de la otra mitad filmada sin di\u00e1logos y a color.<\/p>\n<p align=\"JUSTIFY\"><\/div><\/p>\n<p align=\"JUSTIFY\"><div class=\"one-half\">\n<p align=\"JUSTIFY\"><a href=\"http:\/\/www.circo212.org.mx\/circo2\/wp-content\/uploads\/2013\/03\/breaking-the-waves-1996-05-g.jpg\"><img loading=\"lazy\" decoding=\"async\" src=\"http:\/\/www.circo212.org.mx\/circo2\/wp-content\/uploads\/2013\/03\/breaking-the-waves-1996-05-g-300x191.jpg\" alt=\"breaking-the-waves-1996-05-g\" width=\"300\" height=\"191\" \/><\/a><\/p>\n<p align=\"JUSTIFY\"><\/div><\/p>\n<p align=\"JUSTIFY\"><div class=\"one-half last\">\n<h2 align=\"JUSTIFY\">7 de Mayo<\/h2>\n<p align=\"JUSTIFY\"><i><b>Rompiendo las olas<\/b><\/i><\/p>\n<p align=\"JUSTIFY\">Lars Von Trier \/ Espa\u00f1a, Dinamarca, Suecia, Francia, Islandia, Noruega, Holanda \/ 1996 \/ 159 minutos<\/p>\n<p align=\"JUSTIFY\">Atormentada ante la idea de que sus oraciones para sacar a su esposo Jan de la plataforma petrolera en la que trabaja y traerlo de vuelta provocaron el accidente que lo dej\u00f3 discapacitado, Bess accede a tener relaciones sexuales con otros hombres y relatar sus aventuras, convencida de que sus experiencias extramaritales mantienen con vida a su amado.<\/p>\n<p align=\"JUSTIFY\"><\/div><\/p>\n<p align=\"JUSTIFY\"><div class=\"one-half\">\n<p align=\"JUSTIFY\"><a href=\"http:\/\/www.circo212.org.mx\/circo2\/wp-content\/uploads\/2013\/03\/v47film_hungupm.jpg\"><img loading=\"lazy\" decoding=\"async\" src=\"http:\/\/www.circo212.org.mx\/circo2\/wp-content\/uploads\/2013\/03\/v47film_hungupm-300x200.jpg\" alt=\"v47film_hungupm\" width=\"300\" height=\"200\" \/><\/a><\/p>\n<p align=\"JUSTIFY\"><\/div><\/p>\n<p align=\"JUSTIFY\"><div class=\"one-half last\">\n<h2 align=\"JUSTIFY\">14 de Mayo<\/h2>\n<p align=\"JUSTIFY\"><i><b>La mujer rota<\/b><\/i><\/p>\n<p align=\"JUSTIFY\">Sebasti\u00e1n Faena \/ Argentina \/ 2005 \/ 73 minutos<\/p>\n<p align=\"JUSTIFY\">Vagabunda entre restos de afectos ya remotos, Camila vaga por los callejones de su pasado intentando juntar los pedazos de lo que le queda de vida en un derroche angustioso por recuperar a su amante perdido. \u00d3pera prima atrevida con una Dolores Fonzi omnipresente y una b\u00fasqueda formal ins\u00f3lita.<\/p>\n<p align=\"JUSTIFY\"><\/div><\/p>\n<h3 align=\"JUSTIFY\">21 de Mayo<\/h3>\n<p align=\"JUSTIFY\"><b>Mesa Redonda: \u00bfC\u00f3mo se filma el amor?<\/b><\/p>\n<p align=\"JUSTIFY\">Participan: Arturo Castel\u00e1n, Ra\u00fal Fuentes, Alejandra Ojeda.<\/p>\n<h2><a href=\"http:\/\/www.circo212.org.mx\/circo2\/wp-content\/uploads\/2012\/02\/tsua4.png\"><img loading=\"lazy\" decoding=\"async\" title=\"Ciclo Tsua CCR2013\" src=\"http:\/\/www.circo212.org.mx\/circo2\/wp-content\/uploads\/2012\/02\/tsua4.png\" alt=\"\" width=\"881\" height=\"337\" \/><\/a><\/h2>\n<h2>Ciclo Tsu\u00e2, un recorrido por el cine japon\u00e9s<\/h2>\n<p>Iniciamos el 2013 con un ciclo dedicado al cine Japon\u00e9s, la programaci\u00f3n incluye filmes cl\u00e1sicos y contempor\u00e1neos, \u00e9sto permite hacer una revisi\u00f3n cr\u00edtica acerca de Jap\u00f3n, a trav\u00e9s de parte de su filmograf\u00eda. Los esperamos todos los Martes a las 20.00hrs en el Museo de Arte Carrillo GIl<\/p>\n<h1 align=\"JUSTIFY\"><strong>29 de enero<\/strong><\/h1>\n<p align=\"JUSTIFY\"><strong>Proyecci\u00f3n especial:<\/strong><\/p>\n<p align=\"JUSTIFY\"><strong>Interior \/ Exterior<\/strong><\/p>\n<p align=\"JUSTIFY\">Mauricio Novelo Jarque\/ M\u00e9xico \/ 2011 \/ 96 min \/ dvd<\/p>\n<p align=\"JUSTIFY\">*Funci\u00f3n con presencia del director<\/p>\n<p align=\"JUSTIFY\">En japon\u00e9s, el t\u00e9rmino \u201cengawa\u201d designa a la franja del piso, hecha de tablas de madera, que corre a un lado y al otro de las puertas y ventanas. Aunque al principio de Interior\/exterior, un arquitecto explica, justamente, que el o la engawa no est\u00e1 ni en el interior ni el exterior, sino que es algo inasible ubicado en medio. Sus construcciones, cuyas formas juegan con \u00e9sa y otras ambig\u00fcedades tan t\u00edpicamente orientales, son la primera escala del recorrido que propone el documental de Novelo Jarque; un viaje por el Jap\u00f3n contempor\u00e1neo, guiado por las voces y los ojos de artistas de diferentes disciplinas. Dibujantes, cineastas, m\u00fasicos y pintores componen el retrato de una escena cultural amplia, heterog\u00e9nea y con una infrecuente capacidad para reflexionar sobre s\u00ed misma. Y sobre cuestiones tan diversas como la mitolog\u00eda, el sexo, el espacio urbano, la memoria o la identidad nacional japonesa, esa otra engawa que alguien se arriesga a definir por ah\u00ed como la suma de un esp\u00edritu leve y un coraz\u00f3n duro.<\/p>\n<h1 align=\"JUSTIFY\"><strong>5 de febrero<\/strong><\/h1>\n<p align=\"JUSTIFY\"><strong>Cuentos de la luna p\u00e1lida<\/strong><\/p>\n<p align=\"JUSTIFY\">Kenji Mizoguchi \/ Jap\u00f3n \/ 1953 \/ 96 min \/ Ficci\u00f3n \/ 16 mm<\/p>\n<p align=\"JUSTIFY\">Interesado en la actitud del hombre enfrentado al horror de la guerra, Kenji Mizoguchi re\u00fane dos relatos sobrenaturales ubicados en el siglo XVI, durante una cruenta guerra civil. Elegantes planos secuencia y una fantasmal atm\u00f3sfera son el marco de esta historia, en la cual un alfarero es seducido por una dama espectral. Por este filme de singular belleza, considerado entre los mejores de la historia del cine, Mizoguchi obtuvo el Le\u00f3n de Plata a la mejor direcci\u00f3n en el Festival de Venecia de 1953.<\/p>\n<h1 align=\"JUSTIFY\"><strong>19 de febrero<\/strong><\/h1>\n<p align=\"JUSTIFY\"><strong>Sonata de Tokyo<\/strong><\/p>\n<p align=\"JUSTIFY\">Kiyoshi Kurosawa \/ Jap\u00f3n \/ 2008 \/ 119 min \/ Ficci\u00f3n \/ dvd<\/p>\n<p align=\"JUSTIFY\">Tokyo Sonata es el retrato de una familia japonesa aparentemente normal. El padre que bruscamente pierde su trabajo oculta la verdad a su familia; el hijo mayor que est\u00e1 en el instituto apenas pasa por casa; el hijo m\u00e1s joven toma lecciones de piano furtivamente sin dec\u00edrselo a sus padres; y la madre, que sabe que su papel es mantener la familia unida, no encuentra suficientes ganas para hacerlo. De alg\u00fan modo, un profundo abismo ha aparecido dentro de la familia, y se extiende r\u00e1pida y silenciosamente para desintegrarlos.<\/p>\n<h1 align=\"JUSTIFY\">26 de febrero<\/h1>\n<p align=\"JUSTIFY\"><strong>Cuentos de Tokio<\/strong><\/p>\n<p align=\"JUSTIFY\">Yazujiro Ozu \/ Jap\u00f3n \/ 1953 \/ 85 min \/ Ficci\u00f3n \/ dvd<\/p>\n<p align=\"JUSTIFY\">Una pareja de ancianos viaja a Tokio para visitar a sus hijos, pero ninguno de ellos tiene tiempo para atenderlos, por lo que deciden enviarlos a un balneario. Cuando regresan, la madre pasa una noche Un anciano matrimonio viaja a Tokio para visitar a sus hijos, sin imaginar que tal vez ellos tengan pocas ganas de verles. Yasujiro Ozu, cineasta sensible a la condici\u00f3n de la clase media urbana, con la familia como principal pilar, retrata en este emotivo filme una dolorosa pero natural lucha generacional. Considerada entre las mejores pel\u00edculas de la historia del cine,\u00a0<em>Historia de Tokio<\/em>\u00a0contrasta la modernidad y la tradici\u00f3n en medio de la atm\u00f3sfera renovadora palpable durante la reconstrucci\u00f3n de la naci\u00f3n japonesa.<\/p>\n<h1>5 de marzo<\/h1>\n<p><strong>Caminando<\/strong> Hirokazu Kore-eda \/ Jap\u00f3n \/ 2008 \/ 110 min \/ Ficci\u00f3n \/dvd Un d\u00eda de verano, unos hijos ya adultos visitan a sus ancianos padres en la casa familiar. El hijo y la hija llegan, con sus respectivas familias, para conmemorar la tr\u00e1gica muerte del hijo mayor, que falleci\u00f3 en un accidente quince a\u00f1os atr\u00e1s. Aunque el caser\u00f3n y el men\u00fa de la madre apenas hayan cambiado, el paso de los a\u00f1os permite observar ligeros cambios en cada uno de los miembros de la familia. Es una familia como las dem\u00e1s, en la que el amor se mezcla con el rencor y no faltan los secretos<\/p>\n<h1>12 de marzo<\/h1>\n<p align=\"JUSTIFY\"><strong>Vivir<\/strong><\/p>\n<p align=\"JUSTIFY\">Akira Kurosawa \/ Jap\u00f3n \/ 1952 \/ 137 min \/ Ficci\u00f3n \/ dvd<\/p>\n<p align=\"JUSTIFY\">Kanji Watanabe es un viejo funcionario p\u00fablico que arrastra una vida mon\u00f3tona y gris; sin embargo, no es consciente del vac\u00edo de su existencia hasta le diagnostican un c\u00e1ncer incurable. Con la certeza de que el fin de sus d\u00edas se acerca, surge en \u00e9l la necesidad de buscarle un sentido a la vida. Y cuando lo consigue se produce un cambio radical en su actitud respecto a los dem\u00e1s.<\/p>\n<h1>19 de marzo<\/h1>\n<p align=\"JUSTIFY\"><strong>Sonatine<\/strong><\/p>\n<p align=\"JUSTIFY\">Takeshi Kitano<strong>\u00a0\/<\/strong>Jap\u00f3n \/ 1993 \/ 94 min \/ Ficci\u00f3n \/ 16 mm<\/p>\n<p align=\"JUSTIFY\">Murakawa no es solamente un g\u00e1ngster, sino uno especialmente violento y agresivo. Es todo lo imprudente que uno puede esperarse de un yakuza o incluso m\u00e1s, y ha conseguido buenas influencias. Pero empieza a estar cansado de su estilo de vida, quiere cambiar. Una pandilla de yakuzas debe pasar un tiempo fuera de la ciudad, acusada de haber matado a un alto jerarca. Mientras tratan de matar el tiempo con juegos infantiles, su jefe planea una violenta venganza.<\/p>\n<h1>26 de marzo<\/h1>\n<p><strong>Mesa Redonda: Recorridos del cine japon\u00e9s<\/strong> ________________________________________________ <strong>Todo es putamente dif\u00edcil y hermoso<\/strong> Una mujer recorre medio pa\u00eds con su beb\u00e9 en la espalda y en precarias condiciones, con el fin de participar en un programa de televisi\u00f3n nacional por la posibilidad de ganar un atractivo premio. Un educador de maternal se encarga d\u00eda con d\u00eda de educar a un grupo de ni\u00f1os de varias edades y de diversas caracter\u00edsticas con los m\u00e1s reducidos recursos pero con el coraz\u00f3n y el amor que cada uno de ellos necesita. Dos j\u00f3venes prostitutas se conocen y forjan una gran amistad mientras se enfrentan a las muchas imposibilidades que su oficio les trae. El ser humano lucha d\u00eda con d\u00eda con peque\u00f1as y grandes dificultades que se convierten en potenciales historias dignas de llevarse a la pantalla. Como un retrato de nuestra cotidiana problem\u00e1tica social, los seis directores que presentamos en este ciclo logran evidenciar la belleza que hay a nuestro alrededor a partir de situaciones sumamente dif\u00edciles. Premios como la tranquilidad de un bosque, un pastel de cumplea\u00f1os, la sencillez de la gente de un olvidado pueblo sure\u00f1o o una fiesta de quincea\u00f1era son lo que varios de nuestros personajes obtienen despu\u00e9s de verse amenazados por los constantes y amenazantes conflictos existenciales. El cine europeo y latinoamericano ha desarrollado en los \u00faltimos a\u00f1os una tendencia a reflejar estas contradictorias circunstancias y se ha convertido en una especie de nuevo \u201ccinema verit\u00e9\u201d en el que los l\u00edmites del documental y la ficci\u00f3n comienzan a perderse. La inclusi\u00f3n de no actores, y un estilo de \u201cdirigir \u2013 actuar\u201d alejados del g\u00e9nero melodram\u00e1tico y de cualquier tipo de exacerbaci\u00f3n, adem\u00e1s de un ritmo contemplativo \u2013 m\u00e1s parecido a como percibimos en realidad a la vida &#8211; son algunas de las caracter\u00edsticas de esta corriente. A trav\u00e9s de un documental, una docu-ficci\u00f3n, una ficci\u00f3n \u201cartesanal\u201d y tres m\u00e1s formales, (que bien podr\u00edan ser una mezcla de ellos mismos) nos atrevemos a proponer que la dificultad de la vida es directamente proporcional a su propia belleza. Y que solo nos queda abrazar nuestras circunstancias mientras ellas mismas nos golpean o nos acarician la cara. Todo, sin dejar nunca de ir al cine.<\/p>\n<p align=\"right\"><strong>Alejandro Grande Bonilla.<\/strong><\/p>\n<p align=\"right\"><strong>Carlos Mu\u00f1oz Vazquez.<\/strong><\/p>\n<p><strong>Av. Revoluci\u00f3n 1608, San \u00c1ngel \/\u00a0<\/strong><strong>Entrada libre \/\u00a0<\/strong><strong>Todos los martes a las 20 hrs<\/strong> <a href=\"http:\/\/www.circo212.org.mx\/circo2\/admin@circo212.org.mx\">admin@circo212.org.mx<\/a>,\u00a0<a href=\"http:\/\/cineclubrevolucion.mx\/\">cineclubrevolucion.mx<\/a><\/p>\n<h2><strong>Ciclo Todo es putamente dif\u00edcil y hermoso<\/strong><\/h2>\n<h2>Todos los martes del 6 de noviembre al 18 de diciembre<\/h2>\n<p>6 de noviembre <strong>Ser y tener<\/strong> <img loading=\"lazy\" decoding=\"async\" title=\"Ser y tener\" src=\"http:\/\/www.circo212.org.mx\/circo2\/wp-content\/uploads\/2012\/10\/Ser-y-tener-01.jpg\" alt=\"\" width=\"350\" height=\"254\" \/> Nicolas Philibert \/ Francia \/2002 \/ 104 min \/ Documental Inspirado en el fen\u00f3meno franc\u00e9s de la clase \u00fanica, \u00abSer y Tener\u00bb muestra la vida de una peque\u00f1a clase de un pueblo a lo largo de todo un curso, mostr\u00e1ndonos una c\u00e1lida y serena mirada a la educaci\u00f3n primaria en el coraz\u00f3n de la Landa francesa. Una docena de alumnos entre 4 y 10 a\u00f1os, reunidos en la misma clase, se forman en todas las materias bajo la tutor\u00eda de un solo profesor de extraordinaria dedicaci\u00f3n. Maestro de la autoridad tranquila, el profesor Georges L\u00f3pez conduce a los chicos hacia la adolescencia, mediando entre sus disputas y escuchando sus problemas. \u00a0 13 de noviembre <strong>Suite Habana<\/strong> <img loading=\"lazy\" decoding=\"async\" title=\"Suite Habana\" src=\"http:\/\/www.circo212.org.mx\/circo2\/wp-content\/uploads\/2012\/10\/Suite-Habana-01.jpg\" alt=\"\" width=\"301\" height=\"199\" \/> Fernando P\u00e9rez \/ Cuba \/ 2003 \/ 84 min \/ Docu-ficci\u00f3n Amanece en La Habana. La ciudad despierta y co-mienza el d\u00eda y el film. La Habana, hoy, es un punto de referencia para muchos; un misterio para otros y un sue\u00f1o lleno de contradicciones y contrastes para quie-nes la aman o la critican. Pero La Habana no es s\u00f3lo un espacio, una sonoridad, una luz. La Habana es su gente. Y \u00abSuite Habana\u00bb es un d\u00eda simple en la vida de diez habaneros comunes. No hay en-trevistas, ni di\u00e1logos ni narraci\u00f3n: s\u00f3lo im\u00e1genes, sonidos y m\u00fasica para expresar cinematogr\u00e1ficamente el d\u00eda a d\u00eda de una realidad peculiar y \u00fanica. Cada uno de los personajes representa la curiosa diversidad de los grupos sociales que se mueven en la ciudad. Porque no hay una sola Habana: hay muchas Habanas invisibles y distintas para vivir. \u00a0 20 de noviembre <strong>La teta asustada<\/strong> <img loading=\"lazy\" decoding=\"async\" title=\"La teta\" src=\"http:\/\/www.circo212.org.mx\/circo2\/wp-content\/uploads\/2012\/10\/La-teta-01.jpg\" alt=\"\" width=\"312\" height=\"183\" \/> Claudia Llosa \/ Per\u00fa \/ 2009 \/ 93 min \/ Ficci\u00f3n Fausta padece de \u00abLa teta asustada\u00bb, una enfermedad que se transmite por la leche materna de mujeres maltratadas durante la \u00e9poca del terrorismo en el Per\u00fa. Los infectados nacen sin alma, porque del susto se escondi\u00f3 en la tierra, y cargan un terror at\u00e1vico que les a\u00edsla por completo. Pero Fausta esconde algo m\u00e1s; guarda un secreto que no quiere revelar, hasta que la s\u00fabita muerte de su madre desencadenar\u00e1 hechos inesperados que transformar\u00e1n su vida y la de otros. Seleccionada por Per\u00fa como candidata al Oscar 2010 en la categor\u00eda de pel\u00edcula de habla no inglesa. 27 de noviembre <strong>Turistas<\/strong> <img loading=\"lazy\" decoding=\"async\" title=\"Turistas\" src=\"http:\/\/www.circo212.org.mx\/circo2\/wp-content\/uploads\/2012\/10\/Turistas-01.png\" alt=\"\" width=\"362\" height=\"253\" \/> Alicia Scherson \/ Chile \/ 2009 \/ 104 min \/ Ficci\u00f3n Carla duda. Tiene 37 a\u00f1os, est\u00e1 casada, posiblemente embarazada y deber\u00eda estar feliz mientras viaja hacia las vacaciones de verano con su marido y una moto de agua enganchada al auto. Pero quiz\u00e1s no quiere estar ah\u00ed. Quiz\u00e1s preferir\u00eda estar en la carretera con alg\u00fan mochilero noruego, yendo a un hermoso parque nacional donde podr\u00eda caminar entre grandes \u00e1rboles y hablar sobre p\u00e1jaros y viejas canciones pop con el guardaparques. S\u00ed, quiz\u00e1s eso ser\u00eda mejor. \u00a0 4 de diciembre <strong>Historias m\u00ednimas<\/strong> <img loading=\"lazy\" decoding=\"async\" title=\"Historias\" src=\"http:\/\/www.circo212.org.mx\/circo2\/wp-content\/uploads\/2012\/10\/Historias-03.jpg\" alt=\"\" width=\"360\" height=\"240\" \/> Carlos Sorin \/ 2002 \/ Argentina \/ 94 min \/ Ficci\u00f3n A miles de kil\u00f3metros al sur de Buenos Aires, tres personajes viajan por las solitarias rutas de la Patagonia. Don Justo, un anciano de ochenta a\u00f1os, que es el due\u00f1o de un bar de carretera que regenta su hijo, se ha escapado de casa para buscar a su perro desaparecido desde hace tiempo: alguien le ha dicho que lo ha visto en San Juli\u00e1n. A medida que se acerca a esta poblaci\u00f3n, ciertos datos hacen sospechar que las intenciones del anciano van m\u00e1s all\u00e1 de encontrar al animal: debe resolver ciertos asuntos vitales para poder afrontar la muerte en paz consigo mismo. Roberto, un viajante de comercio de cuarenta a\u00f1os, lleva en su viejo coche una tarta de crema para el cumplea\u00f1os del hijo de la joven viuda de uno de sus clientes. Lo que Roberto pretende es impresionar favorablemente a la mujer, pues tiene la intenci\u00f3n de pedirle que se case con \u00e9l. Ese mismo d\u00eda Mar\u00eda Flores, una joven de 25 a\u00f1os, viaja con su hija en autob\u00fas siguiendo la misma ruta. Es una mujer muy humilde que acaba de saber que ha resultado ganadora en un sorteo de un programa de TV, cuyo premio mayor es un robot de cocina. Cada uno viaja por su cuenta, pero como sucede en las des\u00e9rticas rutas patag\u00f3nicas, sus vidas y sus ilusiones se entrecruzan en los escasos paradores de la regi\u00f3n. \u00a0 11 de diciembre <strong>Princesas<\/strong> <img loading=\"lazy\" decoding=\"async\" title=\"Princesas\" src=\"http:\/\/www.circo212.org.mx\/circo2\/wp-content\/uploads\/2012\/10\/Princesas-01.jpg\" alt=\"\" width=\"315\" height=\"205\" \/> Fernando Le\u00f3n de Aranoa \/ 2005 \/ Espa\u00f1a \/ 113 min \/ Ficci\u00f3n \u00c9sta es la historia de dos mujeres, de dos putas, de dos princesas. Una de ellas se llama Caye, tiene casi treinta a\u00f1os, el flequillo de peluquer\u00eda y un atractivo discutible, de barrio. Zulema es una princesa desterrada, dulce y oscura, que vive a diario el exilio forzoso de la desesperaci\u00f3n. Cuando se conocen est\u00e1n en lugares diferentes, casi enfrentados: son muchas las chicas aqu\u00ed que ven con recelo la llegada de inmigrantes a la prostituci\u00f3n. Caye y Zulema no tardan en comprender que, aunque a cierta distancia, las dos caminan por la misma cuerda floja. De su complicidad nace esta historia. \u00a0 18 de diciembre <strong>Mesa redonda: El\u00a0<em>Cinema<\/em>\u00a0<em>verit\u00e9<\/em>\u00a0y la frontera entre documental y ficci\u00f3n.<\/strong> ____________________________________________________ Museo de Arte Carrillo Gil, todos los martes a las 20:00hrs del 18 de septiembre al 30 de octubre del 2012. No es neciamente intelectual, ni es chistosa, ni morcilla con m\u00e1s grasa saturada. Tampoco inmovilista, de enraizada tradici\u00f3n en la tierra absurda de los lugares comunes de la mentira patria. No es una exposici\u00f3n de premios, ni una ensalada de t\u00f3picos tr\u00e9mulos, pertrechados en infames juegos de espejos donde divas y galanes se reflejan y se peinan as\u00ed como poniendo cara de no me estoy peinando. No es resultado final sino soluci\u00f3n de principios, no es palmadita en la espalda sino cuchillada en el h\u00edgado. No es aburguesado cine de prestigio p\u00e1lido, desorientado en su acervo hist\u00f3rico pasado y despistado en su condici\u00f3n de artefacto panfletario, coyuntural y condicional, de cariz antipopular, enmascarado en cuentos de fruteros y cuentas de la abuela. <strong>Espa\u00f1a sin complejos<\/strong>\u00a0no es ninguna de estas cosas; porque parte desde el principio de la evidencia de lo variopinto de la realidad ib\u00e9rica; es una muestra meramente cinematogr\u00e1fica, que tiene poco miedo a configurarse en base a una acotaci\u00f3n geogr\u00e1fica, que no tem\u00e1tica ni estil\u00edstica. Una oportunidad de pagar el rescate del cine espa\u00f1ol con pel\u00edculas, tan diversas como efectivas. <strong>Av. Revoluci\u00f3n 1608, San \u00c1ngel \/\u00a0<\/strong><strong>Entrada libre \/\u00a0<\/strong><strong>Todos los martes a las 20 hrs<\/strong> <a href=\"admin@circo212.org.mx\">admin@circo212.org.mx<\/a>,\u00a0<a href=\"http:\/\/cineclubrevolucion.mx\/\">cineclubrevolucion.mx<\/a><\/p>\n<h3><strong>Ciclo: Espa\u00f1a sin complejos<\/strong><\/h3>\n<h3>Del 18 de septiembre al 30 de octubre<\/h3>\n<p><strong>18 de septiembre<\/strong> <strong>Alumbramiento<\/strong> <a href=\"http:\/\/cineclubrevolucion.mx\/wp-content\/uploads\/2012\/09\/Alumbramiento1.jpeg\"><img loading=\"lazy\" decoding=\"async\" title=\"Alumbramiento1\" src=\"http:\/\/cineclubrevolucion.mx\/wp-content\/uploads\/2012\/09\/Alumbramiento1-300x224.jpg\" alt=\"\" width=\"300\" height=\"224\" \/><\/a> V\u00edctor Erice \/ 2002 \/ Espa\u00f1a \/ 11 min \/ Ficci\u00f3n <strong>\u00a0<\/strong> <strong>La mosquitera<\/strong> <a href=\"http:\/\/cineclubrevolucion.mx\/wp-content\/uploads\/2012\/09\/la_mosquitera_01.jpeg\"><img loading=\"lazy\" decoding=\"async\" title=\"la_mosquitera_01\" src=\"http:\/\/cineclubrevolucion.mx\/wp-content\/uploads\/2012\/09\/la_mosquitera_01-300x200.jpg\" alt=\"\" width=\"300\" height=\"200\" \/><\/a> Agust\u00ed Vila \/ 2010 \/ Espa\u00f1a \/ 95 min \/ Ficci\u00f3n La mosquitera nos presenta a una familia acomodada, donde todos sus miembros son aparentemente felices y perfectos. Nada m\u00e1s lejos de la realidad, esconden un secreto: cada uno de ellos atraviesa por su particular crisis personal. La cual les llevar\u00e1 a encontrar la manera de salir de su peque\u00f1o y claustrof\u00f3bico mundo. Por un lado, esta Lu\u00eds el hijo que se encuentra atravesando su propia adolescencia comprobando la naturaleza humana en los que le rodean. Por otro, sus padres, que luchar\u00e1n tambi\u00e9n por controlar esos sentimientos que ni siquiera son capaces de nombrar. \u00a0 <strong>25 de septiembre<\/strong> <strong>Arrugas<\/strong> <a href=\"http:\/\/cineclubrevolucion.mx\/wp-content\/uploads\/2012\/09\/arrugas2.jpeg\"><img loading=\"lazy\" decoding=\"async\" title=\"arrugas2\" src=\"http:\/\/cineclubrevolucion.mx\/wp-content\/uploads\/2012\/09\/arrugas2-300x168.jpg\" alt=\"\" width=\"300\" height=\"168\" \/><\/a> Ignacio Ferreras \/ 2012 \/ Espa\u00f1a \/ 80 min \/ Animaci\u00f3n Arrugas es un largometraje de animaci\u00f3n 2D para un p\u00fablico adulto basado en el aclamado c\u00f3mic del mismo t\u00edtulo de Paco Roca (Premio Nacional de C\u00f3mic 2008). Arrugas narra la amistad entre Emilio y Miguel, dos ancianos recluidos en un geri\u00e1trico. Emilio, que acaba de llegar a la residencia en un estado inicial de Alzheimer ser\u00e1 ayudado por Miguel y otros compa\u00f1eros para no acabar en la planta superior de la residencia, el temido piso de los asistidos que es como llaman all\u00ed a los desahuciados. Su alocado plan ti\u00f1e de comedia y ternura el tedioso d\u00eda a d\u00eda de la residencia porque aunque para muchos sus vidas hab\u00edan acabado, ellos acababan de empezar una nueva. \u00a0 <strong>2 de octubre<\/strong> <strong>En 80 d\u00edas (80 Egunean)<\/strong> <a href=\"http:\/\/cineclubrevolucion.mx\/wp-content\/uploads\/2012\/09\/80-dias-1.jpeg\"><img loading=\"lazy\" decoding=\"async\" title=\"80 dias 1\" src=\"http:\/\/cineclubrevolucion.mx\/wp-content\/uploads\/2012\/09\/80-dias-1-300x185.jpg\" alt=\"\" width=\"300\" height=\"185\" \/><\/a> Jon Gara\u00f1o, Jose Mari Goenaga \/ 2010 \/ Espa\u00f1a \/ 105 min \/ Ficci\u00f3n Axun es una mujer de 70 a\u00f1os que acude al hospital para cuidar al ex-marido de su hija. Su sorpresa ser\u00e1 may\u00fascula al darse cuenta\u00a0 de que la mujer que cuida al enfermo de al lado es Maite, gran amiga de la adolescencia. Pronto\u00a0ser\u00e1n conscientes de que la qu\u00edmica entre ellas\u00a0sigue intacta, igual que\u00a050 a\u00f1os atr\u00e1s.\u00a0Las dos se divierten y disfrutan del reencuentro hasta que Axun descubre que Maite es lesbiana. Axun tendr\u00e1 que lidiar con sus sentimientos enfrentados: \u00bfa qui\u00e9n escuchar:\u00a0al coraz\u00f3n o a la raz\u00f3n? \u00a0 <strong>9 de octubre<\/strong> <strong>La mujer sin piano<\/strong> <img loading=\"lazy\" decoding=\"async\" src=\"http:\/\/2.bp.blogspot.com\/_5sA_4l6-FDc\/SrEhIiogU-I\/AAAAAAAAC4E\/-lfKkx04PQk\/s400\/La+mujer+sin+piano_Foto+pel%C3%ADcula_329.jpg\" alt=\"\" width=\"400\" height=\"235\" \/> Javier Rebollo \/ 2009 \/ Espa\u00f1a \/ 95 min \/ Ficci\u00f3n Rosa es una mujer casada para la que no hay nada comparable a la \u00edntima satisfacci\u00f3n de ver el plato humeante servido con admirable puntualidad a la hora de la comida. La pel\u00edcula narra 24 horas de su vida dom\u00e9stica, laboral y sexual, una vida de la que una noche escapa, y cuenta todo lo que le pasa en esta fuga, que dura lo que dura la noche. Y es que cuando llega la noche otro mundo aparece. Absurdo, humor\u00edstico y negro.. \u00a0 <strong>16 de octubre<\/strong> <strong>En construcci\u00f3n<\/strong> <a href=\"http:\/\/cineclubrevolucion.mx\/wp-content\/uploads\/2012\/09\/En_construccion_1.png\"><img loading=\"lazy\" decoding=\"async\" title=\"En_construccion_1\" src=\"http:\/\/cineclubrevolucion.mx\/wp-content\/uploads\/2012\/09\/En_construccion_1-300x225.png\" alt=\"\" width=\"300\" height=\"225\" \/><\/a> Jos\u00e9 Luis Guerin \/ 2001 \/ Espa\u00f1a \/ 125 min \/ Documental Guerin cede su voz al pueblo, nos sit\u00faa en la construcci\u00f3n de un edificio en el Barrio Chino de Barcelona como contexto para crear un retrato fidedigno, desnudo, aut\u00e9ntico de un estrato estigmatizado socialmente, pero al que sabe sacar una hermosura, un encanto, una poes\u00eda que dotan a esta pel\u00edcula de una calidad poco convencional. Es un relato multilateral, en el que los personajes s\u00f3lo nos son mostrados en sus presentes, en c\u00f3mo afrontan el d\u00eda a d\u00eda. <strong>23 de octubre<\/strong> <strong>La leyenda del tiempo<\/strong> <img loading=\"lazy\" decoding=\"async\" src=\"http:\/\/1.bp.blogspot.com\/-QQUx8sgoOcs\/Tme4dmWNrYI\/AAAAAAAAAFg\/VPYefIYDA4o\/s1600\/La+Leyenda+del+tiempo.jpg\" alt=\"\" width=\"330\" height=\"185\" \/> Isaki Lacuesta \/ 2006 \/ Espa\u00f1a \/ 109 min \/ Documental \u2013 Ficci\u00f3n La leyenda del tiempo relata la historia de Isra, un ni\u00f1o gitano que, tras la muerte de su padre, ya nunca podr\u00e1 volver a cantar, pese a pertenecer a una familia de cantaores, y que vive so\u00f1ando con poder viajar alg\u00fan d\u00eda lejos de la isla en la que naci\u00f3. Es tambi\u00e9n la historia de Makiko, que viaja hasta la Isla para tratar de asimilar una tradici\u00f3n y una forma de entender la vida que le son ajenas, y con las que espera poder afrontar las emociones inexpresables que le despierta la enfermedad de su padre. \u00a0 <strong>30 octubre<\/strong> <strong>Cinema Mundial <strong>1957 &#8211; 2007<\/strong><\/strong> <strong>Carles Asensio \/ Espa\u00f1a \/ 2007 \/ 21 min<\/strong> <strong>Mesa redonda: Cine espa\u00f1ol sin complejos. <\/strong> Del 31 de julio al 11 de septiembre se estar\u00e1 presentando en Cineclub Revoluci\u00f3n el Ciclo M\u00e9xico Reciente 2012,\u00a0ciclo consentido de nuestro espacio; este a\u00f1o mostrar\u00e1 pel\u00edculas que dan cuenta de la gran calidad del cine que se produce en nuestro pa\u00eds. Los realizadores de ficciones mexicanos logran, cada vez m\u00e1s, guiones de gran consistencia que a partir de historias sencillas exploran las emociones y sentimientos m\u00e1s profundos, creando personajes entra\u00f1ables. Por su parte, los documentales seleccionados para este ciclo reflejan diferentes aspectos de la sociedad mexicana y muestran la diversidad de tonos afectivos que puede alcanzar este g\u00e9nero, desde la candidez y emotividad de\u00a0<em>Buscando a Larisa<\/em>\u00a0de Andr\u00e9s Pardo, hasta el desasosiego que provoca\u00a0<em>Agnus Dei, cordero de Dios<\/em>\u00a0de Alejandra S\u00e1nchez. Todas estas historias, ficticias o documentadas, se desarrollan en sorprendente armon\u00eda con una fotograf\u00eda impecable, que se convierte en parte fundamental de las pel\u00edculas y convierte lugares de nuestro pa\u00eds en un personaje m\u00e1s, como sucede en<em>\u00a0Mi Universo en Min\u00fasculas<\/em>\u00a0de Hatuey Viveros. Los invitamos a terminar este verano en Cineclub Revoluci\u00f3n, disfrutando de la fotograf\u00eda impecable de estas pel\u00edculas.<\/p>\n<h3>Programaci\u00f3n:<\/h3>\n<h3>M\u00e9xico Reciente 2012<\/h3>\n<h3>Martes 20:00hrs del 31 de julio al 11 de septiembre<\/h3>\n<p>31 de julio <em><strong>Buscando a Larisa \/ Andr\u00e9s Pardo<\/strong><\/em> <a href=\"http:\/\/cineclubrevolucion.mx\/wp-content\/uploads\/2012\/06\/001-Larisa.jpg\"><img loading=\"lazy\" decoding=\"async\" title=\"001 Larisa\" src=\"http:\/\/cineclubrevolucion.mx\/wp-content\/uploads\/2012\/06\/001-Larisa-300x240.jpg\" alt=\"\" width=\"300\" height=\"240\" \/><\/a> Andr\u00e9s Pardo \/ M\u00e9xico \/ 2011 \/ 79 min \/ Documental 7 de agosto <em><strong>Agnus Dei, Cordero de Dios \/ Alejandra S\u00e1nchez<\/strong><\/em> <a href=\"http:\/\/cineclubrevolucion.mx\/wp-content\/uploads\/2012\/06\/angusdei.png\"><img loading=\"lazy\" decoding=\"async\" title=\"angusdei\" src=\"http:\/\/cineclubrevolucion.mx\/wp-content\/uploads\/2012\/06\/angusdei-300x190.png\" alt=\"\" width=\"300\" height=\"190\" \/><\/a> Alejandra S\u00e1nchez \/ M\u00e9xico \/ 2011 \/ 80 min \/ documental 14 de agosto <strong>Guerra de papel \/ Carlos Calder\u00f3n y Alejandro Ayala<\/strong> <a href=\"http:\/\/cineclubrevolucion.mx\/wp-content\/uploads\/2012\/06\/guerra-de-papel-1.jpg\"><img loading=\"lazy\" decoding=\"async\" title=\"guerra de papel 1\" src=\"http:\/\/cineclubrevolucion.mx\/wp-content\/uploads\/2012\/06\/guerra-de-papel-1-300x168.jpg\" alt=\"\" width=\"300\" height=\"168\" \/><\/a> Carlos Calder\u00f3n y Alejandro Ayala \/ M\u00e9xico \/ 2010 \/ 7 min \/ Ficci\u00f3n <strong>12 onzas \/ Patricio Serna Salazar<\/strong> <a href=\"http:\/\/cineclubrevolucion.mx\/wp-content\/uploads\/2012\/06\/12-onzas-2.jpg\"><img loading=\"lazy\" decoding=\"async\" title=\"12 onzas 2\" src=\"http:\/\/cineclubrevolucion.mx\/wp-content\/uploads\/2012\/06\/12-onzas-2-300x158.jpg\" alt=\"\" width=\"300\" height=\"158\" \/><\/a> Patricio Serna Salazar \/ M\u00e9xico \/ 2011 \/ 54 min \/ Documental 21 de agosto <strong>Un mundo secreto \/ Gabriel Mari\u00f1o<\/strong> <a href=\"http:\/\/cineclubrevolucion.mx\/wp-content\/uploads\/2012\/06\/un-mundo-secreto1.jpg\"><img loading=\"lazy\" decoding=\"async\" title=\"un-mundo-secreto1\" src=\"http:\/\/cineclubrevolucion.mx\/wp-content\/uploads\/2012\/06\/un-mundo-secreto1-300x168.jpg\" alt=\"\" width=\"300\" height=\"168\" \/><\/a> Gabriel Mari\u00f1o \/ M\u00e9xico \/ 2012 \/ 86 min \/ Ficci\u00f3n 28 de agosto <strong>Todo el mundo tiene a alguien menos yo \/ Ra\u00fal Fuentes<\/strong> <a href=\"http:\/\/cineclubrevolucion.mx\/wp-content\/uploads\/2012\/06\/otp-Todo-mundo-tiene-a-alguien-menos-yo.jpg\"><img loading=\"lazy\" decoding=\"async\" title=\"otp-Todo-mundo-tiene-a-alguien-menos-yo\" src=\"http:\/\/cineclubrevolucion.mx\/wp-content\/uploads\/2012\/06\/otp-Todo-mundo-tiene-a-alguien-menos-yo-300x132.jpg\" alt=\"\" width=\"300\" height=\"132\" \/><\/a> Ra\u00fal Fuentes \/ M\u00e9xico \/ 2011 \/ 90 min \/ Ficci\u00f3n 4 de septiembre <strong>\u00a0Mi Universo en Min\u00fasculas \/ Hatuey Viveros<\/strong> <a href=\"http:\/\/cineclubrevolucion.mx\/wp-content\/uploads\/2012\/06\/mi-universo-en-minusculas1.jpg\"><img loading=\"lazy\" decoding=\"async\" title=\"mi-universo-en-minusculas1\" src=\"http:\/\/cineclubrevolucion.mx\/wp-content\/uploads\/2012\/06\/mi-universo-en-minusculas1-300x200.jpg\" alt=\"\" width=\"300\" height=\"200\" \/><\/a> Hatuey Viveros \/ M\u00e9xico \/ 2011 \/ 90 min \/ ficci\u00f3n 11 de septiembre <strong>Fot\u00f3grafos en el Cine Mexicano Contempor\u00e1neo<\/strong> Participan: Jer\u00f3nimo Rodr\u00edguez (Todo el Mundo tiene a alguien menos yo), Iv\u00e1n Hern\u00e1ndez (Un Mundo Secreto), Hatuey Viveros y Vidbla\u00edn Balvas (Mi Universo en Min\u00fasculas). \u00a0 <strong>Cine = M\u00fasica + inspiraciones<\/strong> <strong>El Cine de Fantas\u00eda<\/strong> <strong>Todos los martes del 3 al 24 de julio<\/strong> <strong>Av. Revoluci\u00f3n 1608, San \u00c1ngel<\/strong> <strong>lorena@circo212.org.mx<\/strong> <strong><a href=\"http:\/\/cineclubrevolucion.mx\/?page_id=28\">www.cineclubrevolucion.mx<\/a><\/strong> <strong>Entrada libre | Programaci\u00f3n sujeta a cambios | Funciones educativas sin fines de lucro<\/strong> \u00a0 3 de julio <strong>Segundo de Chom\u00f3n &#8211; Programa 1<\/strong> <img loading=\"lazy\" decoding=\"async\" title=\"\" src=\"http:\/\/cineclubrevolucion.mx\/wp-content\/uploads\/2012\/06\/chomon-prog-1-300x226.jpg\" alt=\"\" width=\"300\" height=\"226\" \/> 1903 \u2013 1907 \/ Espa\u00f1a \/ Blanco y negro \u2013 tintados \/ 72 min Este programa incluye los breves y muy tempranos cortos documentales del cineasta de Teruel, en los que se observa la sensibilidad para capturar la belleza de algunas ciudades de su querida Espa\u00f1a. Adem\u00e1s, se suman los trabajos tempranos que dejan ver que adem\u00e1s de ser un gran t\u00e9cnico de los efectos especiales, Segundo de Chom\u00f3n ten\u00eda una espontaneidad y sentido del humor que cautivan a cualquier espectador. M\u00fasicos invitados: Gustavo y Ricardo Jacob \u00a0 10 de julio <strong>Segundo de Chom\u00f3n -Programa 2<\/strong> <img loading=\"lazy\" decoding=\"async\" title=\"\" src=\"http:\/\/cineclubrevolucion.mx\/wp-content\/uploads\/2012\/06\/chomon-prog-2-300x231.jpg\" alt=\"\" width=\"300\" height=\"231\" \/> 1907 \u2013 1913 \/ Espa\u00f1a \/ Blanco y negro \u2013 tintados \/ 68 min La segunda etapa en el trabajo del artista refleja la maestr\u00eda en el uso de los efectos especiales que lo hiciera tan famoso, y que, en consecuencia lo llevar\u00e1 a imaginar peque\u00f1os guiones cargados de fantas\u00eda en lo que los personajes van desde objetos embrujados y personas en miniatura, hasta planetas con cara al estilo de M\u00e9li\u00e8s. M\u00fasicos invitados: La Escalera \u00a0 17 de julio <strong>Destino (Der m\u00fcde Tod)<\/strong> <img loading=\"lazy\" decoding=\"async\" title=\"\" src=\"http:\/\/cineclubrevolucion.mx\/wp-content\/uploads\/2012\/06\/destino2-300x187.jpg\" alt=\"\" width=\"300\" height=\"187\" \/> Fritz Lang \/ 1921 \/ Alemania \/ Blanco y Negro-tintados \/ 99 min Esta hermosa fantas\u00eda g\u00f3tica fue inspirada por un sue\u00f1o de infancia de su guionista y director Fritz Lang, el primero que gan\u00f3 el reconocimiento mundial con el triunfo de la pel\u00edcula. En un pueblo de Europa central hace un siglo o m\u00e1s, la muerte alcanza a un joven poco antes de que se va a casar. Su amante busca el secreto de la muerte en una habitaci\u00f3n llena de velas encendidas, cada una representando una vida humana. Lleno de compasi\u00f3n por ella, \u00e9l se compromete a devolver a su novio si ella puede mantener una de las tres vidas que le presenta. M\u00fasicos invitados: Los importantes de la noche \u00a0 24 de julio <strong>Dr. Jekyll y Mr. Hyde<\/strong> <a href=\"http:\/\/cineclubrevolucion.mx\/wp-content\/uploads\/2012\/06\/jekyll-y-hyde-2.jpg\"><img loading=\"lazy\" decoding=\"async\" title=\"\" src=\"http:\/\/cineclubrevolucion.mx\/wp-content\/uploads\/2012\/06\/jekyll-y-hyde-2-300x225.jpg\" alt=\"\" width=\"300\" height=\"225\" \/><\/a> c \/ EUA \/ 1920 \/ 80 min \/ \/ ByN Un eminente cient\u00edfico, obsesionado en sus investigaciones, cree firmemente que en toda persona coexisten dos naturalezas, una buena y otra malvada. Sus experimentos le llevan a elaborar una f\u00f3rmula, que ser\u00e1 capaz de desdoblar estas dos mitades. El profesor decide probar est\u00e1 f\u00f3rmula, ingiriendo \u00e9l mismo la extra\u00f1a p\u00f3cima. El resultado es sorprendente, pues se convierte en un ser malvado y carente de escr\u00fapulos. M\u00fasicos invitados: The Room Trio \u00a0 <strong>Circo 2.12 Bur\u00f3 de gesti\u00f3n cultural<\/strong> <a href=\"mailto:admin@circo212.org.mx\">admin@circo212.org.mx<\/a> <a href=\"http:\/\/www.circo212.org.mx\/\">www.circo212.org.mx<\/a> <a href=\"http:\/\/cineclubrevolucion.mx\/\" target=\"_blank\">cineclubrevolucion.mx<\/a><\/p>\n<p style=\"text-align: center;\"><strong>Ciclo corrupciones<\/strong><\/p>\n<p style=\"text-align: center;\"><strong> Del 8 de mayo al 26 de junio<\/strong><\/p>\n<p style=\"text-align: center;\"><strong> Av. Revoluci\u00f3n 1608, San \u00c1ngel<\/strong><\/p>\n<p style=\"text-align: center;\"><strong>lorena@circo212.org.mx<\/strong><\/p>\n<p style=\"text-align: center;\"><strong><a href=\"http:\/\/cineclubrevolucion.mx\/?page_id=28\">www.cineclubrevolucion.mx<\/a><\/strong><\/p>\n<p style=\"text-align: center;\"><strong> Entrada libre | Programaci\u00f3n sujeta a cambios | Funciones educativas sin fines de lucro<\/strong><\/p>\n<p><strong>8 de mayo <\/strong> El jefe de todo esto Lars von Trier \/ 2006 \/ Dinamarca \u2013 Suecia \u2013 Francia \/ 99 min \/ Ficci\u00f3n El due\u00f1o de una empresa de tecnolog\u00eda de la informaci\u00f3n quiere venderla. El \u00fanico problema es que, cuando fund\u00f3 la empresa, se invent\u00f3 a un presidente ficticio detr\u00e1s del que pod\u00eda resguardarse cada vez que era necesario tomar decisiones inc\u00f3modas. Cuando los potenciales compradores insisten en hablar directamente con el jefe, no le queda m\u00e1s remedio que contratar a un actor en paro que se haga pasar por presidente. El actor no tarda en descubrir que es un pe\u00f3n en un juego que pone a prueba su (inexistente) talla moral. <iframe loading=\"lazy\" src=\"http:\/\/www.youtube.com\/embed\/EaaZHuBQg2A\" width=\"420\" height=\"315\" frameborder=\"0\"><\/iframe> \u00a0 \u00a0 <strong>22 de mayo<\/strong> El Divo Paolo Sorrentino \/ 2008 \/ Italia \u2013 Francia \/ 110 min \/ Ficci\u00f3n A principios de los a\u00f1os 90, este hombre impasible pero sugerente, ambiguo pero tranquilizador, est\u00e1 preparado para asumir su s\u00e9ptimo mandato de Primer Ministro sin arrogancia y sin humildad. Andreotti se acerca a los 60 a\u00f1os y es un geront\u00f3crata al que, con todos los atributos de Dios, no le da miedo nadie y no conoce el significado de intimidaci\u00f3n, ya que est\u00e1 acostumbrado a verla en las caras de todos sus interlocutores. <iframe loading=\"lazy\" src=\"http:\/\/www.youtube.com\/embed\/cw-qm-liCPA\" width=\"560\" height=\"315\" frameborder=\"0\"><\/iframe> \u00a0 <strong>29 de mayo<\/strong> El crimen del padre Amaro Carlos Carrera \/ 2002 \/ M\u00e9xico \u2013 Espa\u00f1a \u2013 Argentina \u2013 Francia \/ 120 min \/ Ficci\u00f3n Amaro, un joven sacerdote reci\u00e9n ordenado, ve truncadas sus buenas intenciones cuando llega a la parroquia de Los Reyes. Al convivir con un grupo de sacerdotes que no ocultan su ambivalencia ante asuntos como el celibato y la corrupci\u00f3n, Amaro se va acomodando a este medio ambiente y desarrollando su carrera eclesi\u00e1stica. Su poca fuerza de voluntad lo lleva a entablar una relaci\u00f3n con Amelia, una jovencita que no duda en enamorarse del joven y atractivo sacerdote. <iframe loading=\"lazy\" src=\"http:\/\/www.youtube.com\/embed\/P4dRlQoxh38\" width=\"420\" height=\"315\" frameborder=\"0\"><\/iframe> \u00a0 <strong>5 de junio<\/strong> El lector Stephen Daldry \/ 2008 \/ EEUU \u2013 Alemania \/ 123 min \/ Ficci\u00f3n Alemania despu\u00e9s de la II Guerra Mundial (1939-1945). Michael Berg (David Kross), un chico de quince a\u00f1os, pierde el conocimiento mientras regresa del colegio. Hanna Schmitz (Kate Winslet), una mujer seria y reservada que le dobla la edad, lo recoge y lo lleva a su casa. Entre ambos surge un apasionado y secreto idilio que se ve interrumpido por la misteriosa desaparici\u00f3n de Hanna. Ocho a\u00f1os m\u00e1s tarde, siendo estudiante de Derecho, Michael vuelve a verla, pero en una situaci\u00f3n que nunca hubiera podido imaginar. <iframe loading=\"lazy\" src=\"http:\/\/www.youtube.com\/embed\/sFd488Dg0KU\" width=\"560\" height=\"315\" frameborder=\"0\"><\/iframe> \u00a0 <strong>12 de junio<\/strong> Gracias por el chocolate Claude Chabrol \/ 2000 \/ Francia \/ 100 min \/ Ficci\u00f3n Mika M\u00fcller, directora general de Chocolates M\u00fcller, es una mujer que, bajo una apariencia encantadora y delicada, acostumbra a controlar a todos los que est\u00e1n a su alrededor, incluido su marido, Andr\u00e9 Polanski, un prestigioso pianista, y el hijo de \u00e9ste, Guillaume, cuya novia Jeanne, seg\u00fan Mika, supone una amenaza para la estabilidad familiar. <iframe loading=\"lazy\" src=\"http:\/\/www.youtube.com\/embed\/vSf8Hyo6WRE\" width=\"420\" height=\"315\" frameborder=\"0\"><\/iframe> \u00a0 <strong>19 <\/strong> <strong>de junio<\/strong> La sangre brota Pablo Fendrik \/ 2009 \/ Argentina \/ 97 min \/ Ficci\u00f3n Un profesor de bridge, un jugador compulsivo, adolescentes al borde del abismo, lavado de dinero, prostituci\u00f3n infantil, drogas al por mayor, violencia contenida y la ira que saldr\u00e1 a la luz en el instante menos predecible; estos son solo algunos de los elementos que conforman el universo de la magistral segunda realizaci\u00f3n del director Pablo Fendrik. <iframe loading=\"lazy\" src=\"http:\/\/www.youtube.com\/embed\/Oq6KcrtcMVw\" width=\"420\" height=\"315\" frameborder=\"0\"><\/iframe> \u00a0 <strong>26 de junio<\/strong> <strong>Mesa Redonda: Corrupci\u00f3n y derechos humanos. <\/strong> \u00a0 Participan: <strong>Circo 2.12 Bur\u00f3 de gesti\u00f3n cultural<\/strong> Direcci\u00f3n General \/ Arvin Avil\u00e9s Pallares Programaci\u00f3n y contenidos \/ Lorena Sosa Aguilar Coordinaci\u00f3n general \/ Eduardo Rosas Far\u00edas Asistente general \/ Sof\u00eda M\u00e9ndez <a href=\"mailto:admin@circo212.org.mx\">admin@circo212.org.mx<\/a> <a href=\"http:\/\/www.circo212.org.mx\/\">www.circo212.org.mx<\/a> cineclubrevolucion.mx Dise\u00f1o de programa \/ Azul Aquino y Alc\u00edbar V\u00e1zquez Vinculaci\u00f3n \/ Ixel Ri\u00f3n Producci\u00f3n \/ Circo 2.12 y Museo de Arte Carrillo Gil Agradecimientos: IMCINE, Cineteca Nacional, Embajada de Francia en M\u00e9xico, Rub\u00e9n Aldana, Paula Astorga, Carlos Carrera, Pablo Fendrik, Alejandro Grande, Cristina Prado, Francisco Rivas, Marina Stavenhagen.<\/p>\n<address>\u00a0<\/address>\n<address><strong>Sobre nuestros autores<\/strong><\/address>\n<p>Carlos Carrera (M\u00e9xico, 1962 -) Considerado uno de los cineastas m\u00e1s importantes de nuestro pa\u00eds y egresado del Centro de Capacitaci\u00f3n Cinematogr\u00e1fica, comenz\u00f3 haciendo animaci\u00f3n a los 12 a\u00f1os de edad, y realiz\u00f3 varios cortometrajes animados antes de incursionar en la direcci\u00f3n de actores, el m\u00e1s famoso de ellos, El H\u00e9roe, le vali\u00f3 la palma de Oro en el Festival de Cannes en 1994. Su \u00f3pera prima, La Mujer de Benjam\u00edn, obtuvo el premio de la Academia Mexicana de Artes y Ciencias al mejor gui\u00f3n original. \u00a0 Claude Chabrol (Par\u00eds, 1930 \u2013 2012) Como muchos de los cineastas franceses de su \u00e9poca, Chabrol comenz\u00f3 como cr\u00edtico de cine en la revista Cahiers du Cin\u00e9ma. Posteriormente formar\u00eda parte de los directores de la Nouvelle Vague francesa, siendo El Bello Sergio, uno de los filmes m\u00e1s importantes de este movimiento. Sin embargo, extensa filmograf\u00eda se explaya hasta 2009 y es en \u00e9sta \u00faltima etapa en la que su cine tiene realmente un sello de autor y hace que se consolide realmente como un cl\u00e1sico contempor\u00e1neo. \u00a0 Stephen Daldry (Reino Unido, 1960 &#8211; ) Comenz\u00f3 con una exitosa carrera en varias compa\u00f1\u00edas de teatro de las que posteriormente fue presidente. Como director de cine debut\u00f3 con el cortometraje Eight, para posteriormente presentar su opera prima Billy Eliot, de la cual posteriormente har\u00eda la adaptaci\u00f3n para teatro tambi\u00e9n. En teatro se hizo acreedor del premio Tony por la obra An Inspector Calls y en cine todos sus largometrajes han sido dignos de nominaciones a mejor director y mejor pel\u00edcula. Pablo Fendrik (Buenos Aires, Argentina 1973 &#8211; ) Su exitoso debut como director lo lleva a participar en el a\u00f1o 2007 de la 46\u00ba Semana de la Cr\u00edtica en el Festival de Cannes con su \u00f3pera prima El Asaltante (2007). La Sangre Brota (2008), su segunda pel\u00edcula se estren\u00f3 en la competencia de la 47\u00ba Semana de la Cr\u00edtica en el Festival de Cannes 2008. Actualmente trabaja en su tercer largometraje como director y guionista, El Ardor. Ha sido calificado por la cr\u00edtica como una gran promesa del cine argentino contempor\u00e1neo. Su mujer en ese entonces, St\u00e9phane Audran, ser\u00eda la protagonista de varias de las pel\u00edculas de ese momento. \u00a0 Paolo Sorrentino (Italia, 1970 &#8211; ) Comenz\u00f3 su carrera en el cine como guionista de la pel\u00edcula Polvo de N\u00e1poles, para despu\u00e9s dirigir varios cortometrajes. Sus largometrajes han sido recibidos muy bien por la cr\u00edtica internacional, y el mismo ha sido miembro del jurado del festival de Cine de Locarno y Presidente del Jurado en el Festival de Cannes. En 2011 hace su debut como director de una pel\u00edcula de habla inglesa con There must be Place, en donde trabaja con el reconocido actor Sean Penn. \u00a0 Lars von Trier (Dinamarca, 1956 &#8211; ) Es reconocido mundialmente por su visi\u00f3n cr\u00edtica de la naturaleza humana y la sociedad, y sus pel\u00edculas han sido tanto aclamadas por algunos expertos como criticadas por sus m\u00e9todos de filmaci\u00f3n. Es uno de los fundadores del movimiento cinematogr\u00e1fico Dogma 95, el cual consiste, entre otras cosas en la m\u00ednima utilizaci\u00f3n de efectos especiales y la filmaci\u00f3n de pel\u00edculas m\u00e1s cre\u00edbles. Si inter\u00e9s por el cine data de sus primeros a\u00f1os de vida, creciendo en un ambiente cin\u00e9filos y recibiendo premios incluso por sus pel\u00edculas de estudiante. Poco despu\u00e9s de graduarse debuta de manera profesional con The Elemento of Crime, que le vale el premio del Logro T\u00e9cnico en el Festival de Cannes en 1984.<\/p>\n<p style=\"text-align: center;\"><strong>Ciclo: Intramuros<\/strong><\/p>\n<p style=\"text-align: center;\"><strong> Del 13 de marzo al 17 de abril<\/strong><\/p>\n<p style=\"text-align: center;\"><strong> Av. Revoluci\u00f3n 1608, San \u00c1ngel<\/strong><\/p>\n<p style=\"text-align: center;\"><strong>lorena@circo212.org.mx<\/strong><\/p>\n<p style=\"text-align: center;\"><strong><a href=\"http:\/\/cineclubrevolucion.mx\/?page_id=28\">www.cineclubrevolucion.mx<\/a><\/strong><\/p>\n<p style=\"text-align: center;\"><strong> Entrada libre | Programaci\u00f3n sujeta a cambios | Funciones educativas sin fines de lucro<\/strong><\/p>\n<p><strong><em>Intramuros<\/em><\/strong> \u00bfQu\u00e9 pasa cuando se pierde la libertad? Del 13 de marzo al 17 de abril no se pueden perder nuestro ciclo Intramuros, en el cual, reflexionaremos en torno a la vida y la muerte, cuando se est\u00e1 atrapado en un estado o situaci\u00f3n sin libertad. Aqu\u00ed est\u00e1 nuestra lista de pel\u00edculas con horarios para que no se lo pierdan: 13 de marzo<\/p>\n<p style=\"text-align: justify;\">Leonera Pablo Trapero \/ Argentina \/ 2008 \/ 113 min \/ ficci\u00f3n El filme narra la historia de una mujer llamada Julia (Martina Gusm\u00e1n), que una ma\u00f1ana se despierta rodeada de cuerpos ensangrentados de dos hombres. Uno de ellos a\u00fan vive, el otro no, pero ambos han sido sus amantes en el pasado y Julia est\u00e1 embarazada de uno de ellos. Ella en un acto inconsciente se entrega a la polic\u00eda y es enviada a la unidad carcelaria donde se alojan las reclusas embarazadas. Su hijo nacer\u00e1 y se criar\u00e1 all\u00ed en la c\u00e1rcel. <iframe loading=\"lazy\" src=\"http:\/\/www.youtube.com\/embed\/GxyVs7P1WZY\" width=\"420\" height=\"315\" frameborder=\"0\"><\/iframe><\/p>\n<p>20 de marzo San Antonio \u00c1lvaro Olmos \/ Bolivia \/ 2011 \/ 80 min \/ Documental El documental revela la incre\u00edble c\u00e1rcel\/ciudad en miniatura San Antonio donde los presos pueden vivir con sus familias (o pasar la noche con prostitutas) y montar sus propios negocios (legales o no), sin que al Estado o a la sociedad parezca importarles demasiado. Tres historias, contadas en paralelo, estructuran la pel\u00edcula. Historias de vida como tantas otras, que dejan ver muchas de las complejidades, contradicciones y deudas de las sociedades latinoamericanas. <iframe loading=\"lazy\" src=\"http:\/\/www.youtube.com\/embed\/6j-7NVwYczU\" width=\"560\" height=\"315\" frameborder=\"0\"><\/iframe> 27 de marzo Intersecciones Pablo Trapero \/ Argentina \/ 2007 \/ 54 min \/ Documental Describe los pasos y ceremonias que atraviesan diferentes personas que est\u00e1n a minutos de entrar en prisi\u00f3n. Y, en paralelo, con las mismas ceremonias y pasos invertidos, lo que les ocurre a los presos que, estando en la c\u00e1rcel, comienzan a prepararse para quedar en libertad, desde la perspectiva de quienes est\u00e1n en tr\u00e1nsito, pero bajo la mirada de los carceleros, abogados, fiscales y jueces que los acompa\u00f1an.<\/p>\n<p style=\"text-align: justify;\"><img loading=\"lazy\" decoding=\"async\" class=\" wp-image-96 alignleft\" title=\"Intersecciones 1\" src=\"http:\/\/cineclubrevolucion.mx\/wp-content\/uploads\/2011\/11\/Intersecciones-1-300x160.png\" alt=\"\" width=\"210\" height=\"112\" \/><\/p>\n<p>3 de abril Tristeza infinita, la vida despu\u00e9s de la pena de muerte David Andr\u00e9 \/ 2010 \/ Francia \/ 81 min \/ Documental En 1999, Sean Sellers, sentenciado a muerte a los 16 por el asesinato de tres personas, incluyendo a su madre y su padrastro, fue ejecutado en Oklahoma a los 29. Unos d\u00edas despu\u00e9s, el director filma su camino a la muerte. Entrevista tambi\u00e9n a las familias de las v\u00edctimas, quieren estuvieron presentes en la audiencia para pedir clemencia, y que demandan justicia. Diez a\u00f1os m\u00e1s tarde, Andr\u00e9 regresa a Oklahoma a buscar a los protagonistas que film\u00f3 con una pregunta en mente: \u00bfLa pena de muerte funciona como una cura o como un veneno?<\/p>\n<p style=\"text-align: justify;\"><img loading=\"lazy\" decoding=\"async\" class=\"size-medium wp-image-97\" title=\"tristeza infinita1\" src=\"http:\/\/cineclubrevolucion.mx\/wp-content\/uploads\/2011\/11\/tristeza-infinita1-300x187.png\" alt=\"\" width=\"300\" height=\"187\" \/><\/p>\n<p>10 de abril Fly Emiratos Sociedad F\u00edlmica del Centro de Ejecuci\u00f3n de Sanciones CEDES \u2013 Altamira \/ M\u00e9xico 2011 \/ 50 min \/ Documental Al penal de Altamira Tamaulipas lo acompa\u00f1an diversas historias sobre la alta peligrosidad de sus internos, por ubicarse en Tamaulipas, uno de los estados con mayor violencia en M\u00e9xico. El futbol es un elemento de catarsis para la mayor\u00eda de su poblaci\u00f3n. Fly Emiratos es el equipo de futbol m\u00e1s popular del torneo interno de este centro penitenciario, sus jugadores encuentran su muy particular redenci\u00f3n cuando saltan a la cancha. Este grupo de futbolistas-reclusos con un elemental equipo de video y audio, graban ellos mismos, entre rejas, muros y balones, su propio documental, y as\u00ed desde el interior levantan la voz; \u201cqueremos ser libres, aunque sea unos momentos, con el futbol&#8230; y con nuestro documental\u201d.<\/p>\n<p style=\"text-align: justify;\"><img loading=\"lazy\" decoding=\"async\" class=\"size-medium wp-image-98\" title=\"fly emiratos1\" src=\"http:\/\/cineclubrevolucion.mx\/wp-content\/uploads\/2011\/11\/fly-emiratos1-300x172.jpg\" alt=\"\" width=\"300\" height=\"172\" \/><\/p>\n<p>17 de abril Mesa Redonda: Reflexiones en torno a la vida y muerte en prisi\u00f3n. Circo 2.12 Bur\u00f3 de gesti\u00f3n cultural Direcci\u00f3n General \/ Arvin Avil\u00e9s Pallares Coordinaci\u00f3n de programaci\u00f3n y contenidos \/ Lorena Sosa Aguilar Programaci\u00f3n Intramuros: Patricia Zavala Coordinaci\u00f3n general \/ Eduardo Rosas Far\u00edas Asistente general \/ Sof\u00eda M\u00e9ndez admin@circo212.org.mx www.circo212.org.mx Dise\u00f1o de programa \/ Azul Aquino y Alc\u00edbar V\u00e1zquez Estudio Abierto \/ Ixel Ri\u00f3n Producci\u00f3n \/ Circo 2.12 y Museo de Arte Carrillo Gil <\/div><!--END toggle-wrap-->\r\n        <\/div><!--END toggle-container--><\/p>\n<\/div>\n<\/div>\n<\/div>\n","protected":false},"excerpt":{"rendered":"<p>&nbsp; Distrital Festival &nbsp; en &nbsp; Cineclub Revoluci\u00f3n &nbsp; Con un \u00e1nimo que apuesta por lo multidisciplinario DISTRITAL FESTIVAL sigue una l\u00ednea que los ha caracterizado por incluir un cine que va m\u00e1s all\u00e1 de los g\u00e9neros tradicionales y qu\u00e9 se relaciona con otras expresiones. Sobre esta l\u00ednea fundamental, la transformaci\u00f3n de sus premisas e [&hellip;]<\/p>\n","protected":false},"author":1,"featured_media":0,"parent":143,"menu_order":0,"comment_status":"open","ping_status":"open","template":"page-sidebar-right.php","meta":{"jetpack_post_was_ever_published":false,"footnotes":""},"class_list":["post-252","page","type-page","status-publish","hentry"],"aioseo_notices":[],"jetpack_sharing_enabled":true,"jetpack_shortlink":"https:\/\/wp.me\/P3e33F-44","_links":{"self":[{"href":"https:\/\/circo212.org.mx\/circo2\/index.php?rest_route=\/wp\/v2\/pages\/252","targetHints":{"allow":["GET"]}}],"collection":[{"href":"https:\/\/circo212.org.mx\/circo2\/index.php?rest_route=\/wp\/v2\/pages"}],"about":[{"href":"https:\/\/circo212.org.mx\/circo2\/index.php?rest_route=\/wp\/v2\/types\/page"}],"author":[{"embeddable":true,"href":"https:\/\/circo212.org.mx\/circo2\/index.php?rest_route=\/wp\/v2\/users\/1"}],"replies":[{"embeddable":true,"href":"https:\/\/circo212.org.mx\/circo2\/index.php?rest_route=%2Fwp%2Fv2%2Fcomments&post=252"}],"version-history":[{"count":53,"href":"https:\/\/circo212.org.mx\/circo2\/index.php?rest_route=\/wp\/v2\/pages\/252\/revisions"}],"predecessor-version":[{"id":3865,"href":"https:\/\/circo212.org.mx\/circo2\/index.php?rest_route=\/wp\/v2\/pages\/252\/revisions\/3865"}],"up":[{"embeddable":true,"href":"https:\/\/circo212.org.mx\/circo2\/index.php?rest_route=\/wp\/v2\/pages\/143"}],"wp:attachment":[{"href":"https:\/\/circo212.org.mx\/circo2\/index.php?rest_route=%2Fwp%2Fv2%2Fmedia&parent=252"}],"curies":[{"name":"wp","href":"https:\/\/api.w.org\/{rel}","templated":true}]}}