{"id":258,"date":"2012-02-18T00:52:21","date_gmt":"2012-02-18T00:52:21","guid":{"rendered":"http:\/\/www.circo212.org.mx\/circo2\/?page_id=258"},"modified":"2016-10-03T18:03:50","modified_gmt":"2016-10-03T23:03:50","slug":"cineclub-condesa-d-f","status":"publish","type":"page","link":"https:\/\/circo212.org.mx\/circo2\/?page_id=258","title":{"rendered":"Cineclub Condesa D.F."},"content":{"rendered":"<p>&nbsp;<\/p>\n<h1 style=\"text-align: center;\"><span style=\"color: #000000;\">Festivales y muestras de cortometraje<\/span><\/h1>\n<p>&nbsp;<\/p>\n<h2 style=\"text-align: center;\"><span style=\"color: #000000;\">en<\/span><\/h2>\n<p>&nbsp;<\/p>\n<h1 style=\"text-align: center;\"><span style=\"color: #000000;\">Cineclub\u00a0Condesa DF<\/span><\/h1>\n<p>&nbsp;<\/p>\n<p style=\"text-align: justify;\"><span style=\"color: #000000;\">El cortometraje es un formato audiovisual de gran importancia,\u00a0generalmente es el primer paso de muchos creadores en la industria\u00a0cinematogr\u00e1fica. Aunque no abundan circuitos de exhibici\u00f3n dedicados\u00a0estrictamente a este tipo de producci\u00f3n, cada vez tiene m\u00e1s cabida en\u00a0la programaci\u00f3n y competencias de festivales de cine a nivel\u00a0internacional. En Cineclub Condesa DF presentamos una\u00a0programaci\u00f3n dedicada a festivales o muestras especializados en este\u00a0formato que afortunadamente se han ido generado en nuestro pa\u00eds a\u00a0lo largo de los a\u00f1os.<\/span><\/p>\n<p style=\"text-align: center;\"><span style=\"color: #000000;\">Los esperamos en el s\u00f3tano del Hotel Condesa DF<\/span><br \/>\n<span style=\"color: #000000;\"> (Av. Veracruz 102,\u00a0Col. Condesa)<\/span><\/p>\n<p>&nbsp;<\/p>\n<h3><span style=\"color: #000000;\">Lunes 5 de septiembre &#8211; 20:00 hrs.<\/span><\/h3>\n<p><span style=\"color: #000000;\"><a style=\"color: #000000;\" href=\"http:\/\/www.circo212.org.mx\/circo2\/wp-content\/uploads\/2016\/09\/tremulo_1.jpg\"><img loading=\"lazy\" decoding=\"async\" class=\"alignnone size-medium wp-image-3979\" src=\"http:\/\/www.circo212.org.mx\/circo2\/wp-content\/uploads\/2016\/09\/tremulo_1-300x169.jpg\" alt=\"tremulo_1\" width=\"300\" height=\"169\" srcset=\"https:\/\/circo212.org.mx\/circo2\/wp-content\/uploads\/2016\/09\/tremulo_1-300x169.jpg 300w, https:\/\/circo212.org.mx\/circo2\/wp-content\/uploads\/2016\/09\/tremulo_1-768x432.jpg 768w, https:\/\/circo212.org.mx\/circo2\/wp-content\/uploads\/2016\/09\/tremulo_1-1024x576.jpg 1024w, https:\/\/circo212.org.mx\/circo2\/wp-content\/uploads\/2016\/09\/tremulo_1.jpg 1280w\" sizes=\"auto, (max-width: 300px) 100vw, 300px\" \/><\/a><\/span><\/p>\n<p><span style=\"color: #000000;\">SHORTS M\u00c9XICO<\/span><\/p>\n<p style=\"text-align: justify;\"><span style=\"color: #000000;\">SHORTS ME\u0301XICO\u00a0Festival Internacional de Cortometrajes de Me\u0301xico\u00a0(FICMEX), surge ante la necesidad de crear un espacio de exhibicio\u0301n\u00a0para el cortometraje nacional que, pese a ser uno de los formatos\u00a0cinematogra\u0301ficos ma\u0301s premiados en el mundo no contaba con un\u00a0escaparate de exhibicio\u0301n digno y especial. Actualmente el festival\u00a0celebra su 11\u00aa edici\u00f3n como un espacio dedicado exclusivamente al\u00a0cortometraje en todo Me\u0301xico, con sede principal en la capital del pai\u0301s,\u00a0llegando a las 16 delegaciones de la Ciudad de Me\u0301xico, en m\u00e1s de 25\u00a0sedes; adema\u0301s de contar con un tour nacional e internacional. Un foro\u00a0para toda la gente que interviene en la creacio\u0301n del formato corto y\u00a0para el pu\u0301blico a\u0301vido del mismo.<\/span><\/p>\n<p><span style=\"color: #000000;\">PROGRAMA:<\/span><\/p>\n<p><span style=\"color: #000000;\">TRE\u0301MULO<\/span><br \/>\n<span style=\"color: #000000;\"> Dir. Roberto Fiesco \/ Me\u0301xico \/ 2015 \/ 20\u00a0min<\/span><\/p>\n<p><span style=\"color: #000000;\">EL HE\u0301ROE<\/span><br \/>\n<span style=\"color: #000000;\"> Dir. Carlos Carrera \/ Me\u0301xico \/ 1993 \/ 5 min<\/span><\/p>\n<p><span style=\"color: #000000;\">MURMULLOS<\/span><br \/>\n<span style=\"color: #000000;\"> Dir. Rube\u0301n Ga\u0301mez \/ Me\u0301xico \/ 1974 \/ 22\u00a0min<\/span><\/p>\n<p><span style=\"color: #000000;\">VER LLOVER<\/span><br \/>\n<span style=\"color: #000000;\"> Dir. Elisa Miller Encinas \/ Me\u0301xico \/ 2007 \/ 14\u00a0min<\/span><\/p>\n<p><span style=\"color: #000000;\">DE TRIPAS CORAZO\u0301N<\/span><br \/>\n<span style=\"color: #000000;\"> Direcci\u00f3n: Antonio Urrutia \/ Me\u0301xico \/ 1995 \/ 18\u00a0min<\/span><\/p>\n<p><strong><span style=\"color: #000000;\">Duracio\u0301n total: 79 min<\/span><\/strong><\/p>\n<h3><span style=\"color: #000000;\">Lunes 12 de septiembre &#8211; 20:00 hrs.<\/span><\/h3>\n<p><a href=\"http:\/\/www.circo212.org.mx\/circo2\/wp-content\/uploads\/2016\/09\/unfo....jpg\"><img loading=\"lazy\" decoding=\"async\" class=\"alignnone size-medium wp-image-3980\" src=\"http:\/\/www.circo212.org.mx\/circo2\/wp-content\/uploads\/2016\/09\/unfo...-300x169.jpg\" alt=\"unfo...\" width=\"300\" height=\"169\" srcset=\"https:\/\/circo212.org.mx\/circo2\/wp-content\/uploads\/2016\/09\/unfo...-300x169.jpg 300w, https:\/\/circo212.org.mx\/circo2\/wp-content\/uploads\/2016\/09\/unfo...-768x432.jpg 768w, https:\/\/circo212.org.mx\/circo2\/wp-content\/uploads\/2016\/09\/unfo....jpg 1000w\" sizes=\"auto, (max-width: 300px) 100vw, 300px\" \/><\/a><\/p>\n<p><span style=\"color: #000000;\">48 HOUR FILM PROJECT<\/span><\/p>\n<p><span style=\"color: #000000;\">El 48 Hour Film Project es la competencia tipo rally cinematogr\u00e1fico\u00a0m\u00e1s grande y m\u00e1s importante del mundo.\u00a0Se hace desde hace 15\u00a0a\u00f1os en m\u00e1s de 150 ciudades en los 5 continentes.<\/span><br \/>\n<span style=\"color: #000000;\"> El ganador de cada ciudad pasa a la final mundial en donde se corona\u00a0al mejor cortometraje hecho en 48 horas del mundo, adem\u00e1s, los 10\u00a0mejores cortometrajes a nivel mundial son seleccionados para\u00a0exhibirse en el festival de cine de Cannes.<\/span><\/p>\n<p><span style=\"color: #000000;\">PROGRAMA:<\/span><\/p>\n<p><span style=\"color: #000000;\">SIEMPRE VOLVEMOS<\/span><br \/>\n<span style=\"color: #000000;\"> Dir. Luis Gardu\u00f1o \/ M\u00e9xico \/ 2015 \/ 5:40\u00a0min<\/span><\/p>\n<p><span style=\"color: #000000;\">UNFORGETTABLE<\/span><br \/>\n<span style=\"color: #000000;\"> Dir. Marco Grandia \/ Amsterdam \/ 2015 \/\u00a06:17 min<\/span><\/p>\n<p><span style=\"color: #000000;\">GRACIAS POR LA LINDA CENA<\/span><br \/>\n<span style=\"color: #000000;\"> Dir. Samuel Spisak \/ Bratislava \/ 2015 \/\u00a05:57 min<\/span><\/p>\n<p><span style=\"color: #000000;\">AVRIL<\/span><br \/>\n<span style=\"color: #000000;\"> Dir. Gio Park \/ Cali \/ 2015 \/ 8:11 min<\/span><\/p>\n<p><span style=\"color: #000000;\">\u00bfHAS PENSADO EN TU FUTURO?<\/span><br \/>\n<span style=\"color: #000000;\"> Dir. Leonardo Arturo \/ M\u00e9xico \/ 2015 \/\u00a06:36 min<\/span><\/p>\n<p><span style=\"color: #000000;\">LOS TESTIGOS<\/span><br \/>\n<span style=\"color: #000000;\"> Dir. Fabien Lacroix \/ Cote d\u00b4azure \/ 2015 \/\u00a06:00 min<\/span><\/p>\n<p><span style=\"color: #000000;\">HORA DE DECIR ADI\u00d3S<\/span><br \/>\n<span style=\"color: #000000;\"> Dir. Pierre-Marie Charboner y Simon Pierra \/ Lyon \/\u00a02015 \/ 7:07 min<\/span><\/p>\n<p><span style=\"color: #000000;\">WAKE UP<\/span><br \/>\n<span style=\"color: #000000;\"> Dir. Josh Ortiz \/ Orlando \/ 2015 \/ 5:24\u00a0min<\/span><\/p>\n<p><span style=\"color: #000000;\">TESTIMONIO # 6<\/span><br \/>\n<span style=\"color: #000000;\"> Dir. Anais Pareto \/ M\u00e9xico \/ 2015 \/ 8:09\u00a0min<\/span><\/p>\n<p><strong><span style=\"color: #000000;\">Duraci\u00f3n total: 60 min<\/span><\/strong><\/p>\n<h3><span style=\"color: #000000;\">Lunes 26 de septiembre &#8211; 20:00 hrs.<\/span><\/h3>\n<p><a href=\"http:\/\/www.circo212.org.mx\/circo2\/wp-content\/uploads\/2016\/09\/electrodomestico_1.jpg\"><img loading=\"lazy\" decoding=\"async\" class=\"alignnone size-medium wp-image-3981\" src=\"http:\/\/www.circo212.org.mx\/circo2\/wp-content\/uploads\/2016\/09\/electrodomestico_1-300x173.jpg\" alt=\"electrodomestico_1\" width=\"300\" height=\"173\" srcset=\"https:\/\/circo212.org.mx\/circo2\/wp-content\/uploads\/2016\/09\/electrodomestico_1-300x173.jpg 300w, https:\/\/circo212.org.mx\/circo2\/wp-content\/uploads\/2016\/09\/electrodomestico_1.jpg 640w\" sizes=\"auto, (max-width: 300px) 100vw, 300px\" \/><\/a><\/p>\n<p><span style=\"color: #000000;\">ANIMASIVO FESTIVAL DE ANIMACI\u00d3N CONTEMPOR\u00c1NEA DE LA\u00a0CIUDAD DE M\u00c9XICO<\/span><\/p>\n<p style=\"text-align: justify;\"><span style=\"color: #000000;\">Festival de animaci\u00f3n contempor\u00e1nea de la Ciudad de M\u00e9xico nace\u00a0hace ocho a\u00f1os y fue el primer espacio dedicado exclusivamente a la\u00a0animaci\u00f3n del pa\u00eds. Desde su primera edici\u00f3n Animasivo ha dado\u00a0visibilidad a trabajos in\u00e9ditos de corte experimental insistiendo en la\u00a0creaci\u00f3n joven. El Festival est\u00e1 constituido por un concurso\u00a0internacional y un programa de actividades art\u00edsticas y educativas que\u00a0hacen del foro un espacio de di\u00e1logo e intercambio para la comunidad\u00a0art\u00edstica de M\u00e9xico.<\/span><\/p>\n<p><span style=\"color: #000000;\">PROGRAMA:<br \/>\nANIMACI\u00d3N MEXICANA INDEPENDIENTE\u00a0ARCADIA<\/span><br \/>\n<span style=\"color: #000000;\"> Dir. Federico Guti\u00e9rrez \/ 2013 \/ M\u00e9xico \/\u00a003:15 min<\/span><\/p>\n<p><span style=\"color: #000000;\">EL MISTERIO DEL CUERPO DESAPARECIDO<\/span><br \/>\n<span style=\"color: #000000;\"> Dir. Andreas Papacostas y Jos\u00e9 Daniel Morales \/ 2013 \/\u00a0M\u00e9xico \/ 01:36 min<\/span><\/p>\n<p><span style=\"color: #000000;\">ELECTRODOM\u00c9STICO<\/span><br \/>\n<span style=\"color: #000000;\"> Direcci\u00f3n: Erik de Luna, A\u00f1o: 2013, Pa\u00eds: M\u00e9xico, Duraci\u00f3n: 12:58\u00a0min<\/span><\/p>\n<p><span style=\"color: #000000;\">ESPACIO EN BLANCO<\/span><br \/>\n<span style=\"color: #000000;\"> Dir. Flaminguettes \/ 2013 \/ M\u00e9xico \/ 02:00\u00a0min<\/span><\/p>\n<p><span style=\"color: #000000;\">MADE IN CENTRAL DE ABASTOS<\/span><br \/>\n<span style=\"color: #000000;\"> Dir. Carlos Gamboa \/ 2013 \/ M\u00e9xico \/ 03:28\u00a0min<\/span><\/p>\n<p><span style=\"color: #000000;\">ORIGEN<\/span><br \/>\n<span style=\"color: #000000;\"> Dir. Ezequiel Castillo Brun \/ 2013 \/ M\u00e9xico \/\u00a001:59 min<\/span><\/p>\n<p><span style=\"color: #000000;\">REBOTE<\/span><br \/>\n<span style=\"color: #000000;\"> Dir. Nuria Menchaca \/ 2014 \/ M\u00e9xico \/ 05:00\u00a0min<\/span><\/p>\n<p><span style=\"color: #000000;\">SANTOLO<\/span><br \/>\n<span style=\"color: #000000;\"> Dir. Alejandro Garc\u00eda Caballero \/ 2013 \/ M\u00e9xico \/\u00a004:45 min<\/span><\/p>\n<p><span style=\"color: #000000;\">THE BIG WAR<\/span><br \/>\n<span style=\"color: #000000;\"> Dir. Juan Manuel Pav\u00f3n Rodr\u00edguez \/ 2012 \/ M\u00e9xico \/\u00a002:10 min<\/span><\/p>\n<p><span style=\"color: #000000;\">EL DON DE LOS ESPEJOS<\/span><br \/>\n<span style=\"color: #000000;\"> Dir. Mara Soler \/ 2014 \/ M\u00e9xico \/ 09:38 min<\/span><\/p>\n<p><span style=\"color: #000000;\">LA \u00daLTIMA CENA<\/span><br \/>\n<span style=\"color: #000000;\"> Dir. Vanessa Quintanilla \/ 2014 \/ M\u00e9xico \/\u00a009:50 min<\/span><\/p>\n<p><span style=\"color: #000000;\">LUGARES INTANGIBLES<\/span><br \/>\n<span style=\"color: #000000;\"> Dir. Alejandra Espa\u00f1a Natera \/ 2013 \u00a0\/ M\u00e9xico \/\u00a006:11 min<\/span><\/p>\n<p><span style=\"color: #000000;\">ADENTRO (AFUERA)<\/span><br \/>\n<span style=\"color: #000000;\"> Dir. Alexandra Castellanos \/ 2014 \/ M\u00e9xico \/\u00a001:25 min<\/span><\/p>\n<p><span style=\"color: #000000;\">LIBER<\/span><br \/>\n<span style=\"color: #000000;\"> Dir. Simon Gerbaud \/ 2014 \/ M\u00e9xico \/ 04:34\u00a0min.<\/span><\/p>\n<p><span style=\"color: #000000;\">MATEO Y EL CINE<\/span><br \/>\n<span style=\"color: #000000;\"> Dir. Luis Felipe Hern\u00e1ndez Alanis \/ 2014 \/ M\u00e9xico,<\/span><\/p>\n<p><span style=\"color: #000000;\">Duraci\u00f3n: 03:27 min.)<\/span><\/p>\n<p><span style=\"color: #000000;\">DE IDA Y VUELTA<\/span><br \/>\n<span style=\"color: #000000;\">Dir. Karenina G\u00f3mez Mora \/ 2015 \/ M\u00e9xico \/\u00a003:05 min<\/span><\/p>\n<p><span style=\"color: #000000;\">MATERIAL ENCONTRADO<\/span><br \/>\n<span style=\"color: #000000;\">Dir. Alejandra Sieck \/ 2015 \/ \u00a0M\u00e9xico \/ 01:48\u00a0min<\/span><\/p>\n<p><span style=\"color: #000000;\">TRAYECTORIA DE UNA L\u00c1GRIMA<\/span><br \/>\n<span style=\"color: #000000;\">Dir.\u00a0Marisa Raygoza Bernal \/ 2014 \/ M\u00e9xico \/\u00a003:10 min.<\/span><\/p>\n<p><span style=\"color: #000000;\">LA GRAN PARTIDA DE PATRIA<\/span><br \/>\n<span style=\"color: #000000;\">Dir. David Torres \/ 2015 \/ M\u00e9xico \/ 06:35\u00a0min<\/span><\/p>\n<p><span style=\"color: #000000;\">SWEET<\/span><br \/>\n<span style=\"color: #000000;\">Dir.\u00a0Esteban Azuela \/ 2015 \/ M\u00e9xico, Canad\u00e1 \/\u00a001:30 min<\/span><\/p>\n<p><span style=\"color: #000000;\">END OF MESSAGE<\/span><br \/>\n<span style=\"color: #000000;\">Dir. Benjam\u00edn Mugica \/ 2015 \/ M\u00e9xico, Canad\u00e1 \/\u00a001:29 min<\/span><\/p>\n<p><strong><span style=\"color: #000000;\">Duraci\u00f3n total: 86 min.<\/span><\/strong><\/p>\n<h3><span style=\"color: #000000;\">Lunes 3 de octubre &#8211; 20:00 hrs.<\/span><\/h3>\n<p><a href=\"http:\/\/www.circo212.org.mx\/circo2\/wp-content\/uploads\/2016\/09\/467435762_1280x720.jpg\"><img loading=\"lazy\" decoding=\"async\" class=\"alignnone size-medium wp-image-3995\" src=\"http:\/\/www.circo212.org.mx\/circo2\/wp-content\/uploads\/2016\/09\/467435762_1280x720-300x169.jpg\" alt=\"467435762_1280x720\" width=\"300\" height=\"169\" srcset=\"https:\/\/circo212.org.mx\/circo2\/wp-content\/uploads\/2016\/09\/467435762_1280x720-300x169.jpg 300w, https:\/\/circo212.org.mx\/circo2\/wp-content\/uploads\/2016\/09\/467435762_1280x720-768x432.jpg 768w, https:\/\/circo212.org.mx\/circo2\/wp-content\/uploads\/2016\/09\/467435762_1280x720-1024x576.jpg 1024w, https:\/\/circo212.org.mx\/circo2\/wp-content\/uploads\/2016\/09\/467435762_1280x720.jpg 1280w\" sizes=\"auto, (max-width: 300px) 100vw, 300px\" \/><\/a><\/p>\n<p><span style=\"color: #000000;\">FUTURE SHORTS MX<\/span><\/p>\n<p style=\"text-align: justify;\"><span style=\"color: #000000;\">Future Shorts es la red de cortometrajes m\u00e1s grande a nivel\u00a0internacional, permite a cualquiera en cualquier parte del mundo llevar\u00a0a cabo una proyecci\u00f3n y unirse a la comunidad cinematogr\u00e1fica en\u00a0crecimiento. Desde el 2011 el festival se ha expandido a m\u00e1s de 100\u00a0ciudades en 40 pa\u00edses, alcanzando una audiencia de m\u00e1s de 40,000\u00a0espectadores.<\/span><\/p>\n<p style=\"text-align: justify;\"><span style=\"color: #000000;\">Future Shorts con base en Londres, cura un programa de larga\u00a0duraci\u00f3n con una selecci\u00f3n de cortometrajes de alrededor del mundo.<\/span><br \/>\n<span style=\"color: #000000;\"> Los cortometrajes que componen la programaci\u00f3n han sido aclamados\u00a0internacionalmente en los Premios Oscar y BAFTA, en festivales de\u00a0cine como Berl\u00edn y Sundance; se han exhibido de distintas maneras,\u00a0en salas de conciertos, plazas p\u00fablicas, teatros, galer\u00edas, bares y\u00a0bodegas.<\/span><\/p>\n<p><span style=\"color: #000000;\"><strong>PROGRAMA: <\/strong><\/span><\/p>\n<p><span style=\"color: #000000;\">ELEFANTE <\/span><br \/>\n<span style=\"color: #000000;\"> Dir. Pablo Larcuen \/ Espa\u00f1a \/ 2011 \/ 9 min<\/span><\/p>\n<p><span style=\"color: #000000;\">WORDS <\/span><br \/>\n<span style=\"color: #000000;\"> Dir. Will Hoffman y Daniel Mercadante \/ EUA \/ 2010 \/ 3:17 min<\/span><\/p>\n<p><span style=\"color: #000000;\">HE TOOK HIS SKIN OFF FOR ME <\/span><br \/>\n<span style=\"color: #000000;\"> Dir. Ben Aston \/ Reino Unido \/ 2014 \/ 11:21 min<\/span><\/p>\n<p><span style=\"color: #000000;\">REVOLUTION OF THE CRABS<br \/>\n<\/span><span style=\"color: #000000;\">Dir. Arthur de Pins \/ Francia \/ 2003 \/ 05:06 min<\/span><\/p>\n<p><span style=\"color: #000000;\">REINALDO ARENAS <\/span><br \/>\n<span style=\"color: #000000;\"> Dir. Lucas Leyva \/ EUA \/ 2011 \/ 03:43 min<\/span><\/p>\n<p><span style=\"color: #000000;\">BLACK HOLE <\/span><br \/>\n<span style=\"color: #000000;\"> Dir. Phil Sampson y Olly Williams \/ Reino Unido \/ 2008 \/ 02:48 min<\/span><\/p>\n<h3><span style=\"color: #000000;\">Lunes 17 de octubre &#8211; 20:00 hrs.<\/span><\/h3>\n<p style=\"text-align: justify;\"><img loading=\"lazy\" decoding=\"async\" class=\"alignnone size-medium wp-image-3982\" src=\"http:\/\/www.circo212.org.mx\/circo2\/wp-content\/uploads\/2016\/09\/hotel22_1-300x169.jpg\" alt=\"hotel22_1\" width=\"300\" height=\"169\" srcset=\"https:\/\/circo212.org.mx\/circo2\/wp-content\/uploads\/2016\/09\/hotel22_1-300x169.jpg 300w, https:\/\/circo212.org.mx\/circo2\/wp-content\/uploads\/2016\/09\/hotel22_1.jpg 500w\" sizes=\"auto, (max-width: 300px) 100vw, 300px\" \/><\/p>\n<p><span style=\"color: #000000;\"><strong>Future Shorts (<\/strong><strong>Programaci\u00f3n Verano 2016)<\/strong><\/span><\/p>\n<p><span style=\"color: #000000;\">PROGRAMA:\u00a0<\/span><\/p>\n<p><span style=\"color: #000000;\">OGASAVARA<\/span><br \/>\n<span style=\"color: #000000;\">Dir. Vahktang Kotetishvili \/ Georgia \/ 2015 \/\u00a08 min<\/span><\/p>\n<p><span style=\"color: #000000;\">THE REFLECTION OF POWER<\/span><br \/>\n<span style=\"color: #000000;\">Dir. Mihai Grecu \/ Romania \/ 2015 \/ 9 min<\/span><\/p>\n<p><span style=\"color: #000000;\">PARTNER (REPLIQUE)<\/span><br \/>\n<span style=\"color: #000000;\">Dir. Antoine Giorgini \/ B\u00e9lgica \/ 2015 \/ 19\u00a0min<\/span><\/p>\n<p><span style=\"color: #000000;\">THINGS USED TO BE HIDDEN<\/span><br \/>\n<span style=\"color: #000000;\">Dir. Tara Mercedes Wood \/ Reino Unido \/ 2015 \/\u00a04 min\u00a0<\/span><\/p>\n<p><span style=\"color: #000000;\">HOTEL 22<\/span><br \/>\n<span style=\"color: #000000;\">Dir. Elizabeth Lo \/ Alemania \/ 2015 \/ 8 min<\/span><\/p>\n<p><span style=\"color: #000000;\">FLORIDADA<\/span><br \/>\n<span style=\"color: #000000;\">Dir. PFFR Forever LTD \/ 4 min<\/span><\/p>\n<p><span style=\"color: #000000;\">AVE MARIA<\/span><br \/>\n<span style=\"color: #000000;\">Dir. Basil Khalil \/ Palestina, Reino Unido \/ 2015 \/\u00a014 min<\/span><\/p>\n<p><span style=\"color: #000000;\">OUSTAZ<\/span><br \/>\n<span style=\"color: #000000;\">Dir. Bentley Brown \/ Chad, Canada, Arabia Saudita \/\u00a02015 \/ 22 min<\/span><\/p>\n<p><strong><span style=\"color: #000000;\">Duraci\u00f3n total: 88 min<\/span><\/strong><\/p>\n<h3><span style=\"color: #000000;\">Lunes 24 de octubre &#8211; 20:00 hrs.<\/span><\/h3>\n<p><a href=\"http:\/\/www.circo212.org.mx\/circo2\/wp-content\/uploads\/2016\/09\/531887778_1280x720.jpg\"><img loading=\"lazy\" decoding=\"async\" class=\"alignnone size-medium wp-image-3999\" src=\"http:\/\/www.circo212.org.mx\/circo2\/wp-content\/uploads\/2016\/09\/531887778_1280x720-300x169.jpg\" alt=\"531887778_1280x720\" width=\"300\" height=\"169\" srcset=\"https:\/\/circo212.org.mx\/circo2\/wp-content\/uploads\/2016\/09\/531887778_1280x720-300x169.jpg 300w, https:\/\/circo212.org.mx\/circo2\/wp-content\/uploads\/2016\/09\/531887778_1280x720-768x432.jpg 768w, https:\/\/circo212.org.mx\/circo2\/wp-content\/uploads\/2016\/09\/531887778_1280x720-1024x576.jpg 1024w, https:\/\/circo212.org.mx\/circo2\/wp-content\/uploads\/2016\/09\/531887778_1280x720.jpg 1280w\" sizes=\"auto, (max-width: 300px) 100vw, 300px\" \/><\/a><\/p>\n<p><span style=\"color: #000000;\"><strong>Future Shorts (Programaci\u00f3n Oto\u00f1o 2016)<\/strong><\/span><\/p>\n<p><span style=\"color: #000000;\"><strong>EGO<br \/>\n<\/strong>Dir. Nicolas Provost \/ B\u00e9lgica \/ 2015 \/ 3 min<\/span><\/p>\n<p><span style=\"color: #000000;\"><strong>SPOETNIK<br \/>\n<\/strong>Direcci\u00f3n: Noel Loozen, Pa\u00eds: Holanda, A\u00f1o:2015, Duraci\u00f3n: 10 min<\/span><\/p>\n<p><span style=\"color: #000000;\"><strong>AUDITION<br \/>\n<\/strong>Direcci\u00f3n: Lovisa Siren, Pa\u00eds: Suecia, A\u00f1o: 2015, Duraci\u00f3n: 14 min<\/span><\/p>\n<p><span style=\"color: #000000;\"><strong>A FOWL<br \/>\n<\/strong>Dir. Eva Wagner \/ Reino Unido \/ 2015 \/ 4 mins<\/span><\/p>\n<p><span style=\"color: #000000;\"><strong>LOVE<br \/>\n<\/strong>Dir. Reka Bucsi \/ Francia \u2013 Hungr\u00eda \/ 2016 \/ 14 min<\/span><\/p>\n<p><span style=\"color: #000000;\"><strong>IF MAMA AIN\u2019T HAPPY NOBODY IS HAPPY<br \/>\n<\/strong>Dir. Mea Dols De Jong \/ Holanda \/ 2015 \/ 25 min<\/span><\/p>\n<p><span style=\"color: #000000;\"><strong>TECHNIQUE<br \/>\n<\/strong>Dir. Cedric Richer + Quentin Curtat \/ 2016 \/ 3 min<\/span><\/p>\n<p><span style=\"color: #000000;\"><strong>THE SPECIAL ONE<br \/>\n<\/strong>Dir. Lamin Oo \/ Myanmar \/ 2015 \/ 7 min<\/span><\/p>\n<p><span style=\"color: #000000;\"><strong>OVER<br \/>\n<\/strong>Dir. John Threlfall \/ Reino Unido \/ 2015 \/ 14 min<\/span><\/p>\n<p>&nbsp;<\/p>\n<p>&nbsp;<\/p>\n<div class=\"trigger-button\"><span>Ciclos anteriores<\/span><\/div>\r\n        <div class=\"toggle-container2\">\n<p>&nbsp;<\/p>\n<h1 style=\"text-align: center;\"><span style=\"color: #000000;\"><strong>QMTY <\/strong><\/span><\/h1>\n<p>&nbsp;<\/p>\n<h2 style=\"text-align: center;\"><span style=\"color: #000000;\"><strong>en <\/strong><\/span><\/h2>\n<p>&nbsp;<\/p>\n<h1 style=\"text-align: center;\"><span style=\"color: #000000;\"><strong>CINECLUB CONDESA <\/strong><\/span><\/h1>\n<p><span style=\"color: #000000;\"><strong>\u00a0<\/strong><\/span><\/p>\n<p style=\"text-align: justify;\"><span style=\"color: #000000;\">CONARTE, en colaboraci\u00f3n con la plataforma digital Cinema Uno, y con el apoyo de instituciones culturales, universidades, embajadas, consulados, escuelas de cine, distribuidores nacionales e internacionales, festivales y colectivos LGBT; han logrado por quinta ocasi\u00f3n llevar a cabo la Muestra Internacional de Cine Queer de la Cineteca Nuevo Le\u00f3n. Aprovechando una nueva apertura de p\u00fablico y las crecientes relaciones de este espacio cinematogr\u00e1fico, la programaci\u00f3n de la \u00faltima edici\u00f3n viaja a la Ciudad de M\u00e9xico.<\/span><\/p>\n<p style=\"text-align: justify;\"><span style=\"color: #000000;\">Cineteca Nacional, Goethe Institut Mexiko, Cine Tonal\u00e1, La Casa del Cine y Cineclub Condesa ofreceremos al p\u00fablico capitalino lo mejor del QMTY 2016. M\u00e1s de 150 pel\u00edculas se han proyectado desde la primera edici\u00f3n, entre largometrajes y cortometrajes, que acaparan el reflector mundial. Premiadas en los festivales m\u00e1s importantes de cine, como Cannes, Berl\u00edn, Venecia, Toronto, San Sebasti\u00e1n, Locarno, La Habana, Morelia, Guadalajara y Monterrey, entre otros con tem\u00e1tica LGBT como eje central.<\/span><\/p>\n<p style=\"text-align: center;\"><span style=\"color: #000000;\">Los esperamos todos los lunes de agosto a las 20:00 hrs. en el s\u00f3tano del Hotel Condesa DF<br \/>\n(Av. Veracruz 102, Col. Condesa)\u00a0<\/span><\/p>\n<p><span style=\"color: #000000;\"><strong>\u00a0<\/strong><\/span><\/p>\n<h3><span style=\"color: #000000;\"><strong>Lunes 1 de agosto &#8211; 20:00 hrs.<\/strong><\/span><\/h3>\n<p><span style=\"color: #000000;\"><a style=\"color: #000000;\" href=\"http:\/\/www.circo212.org.mx\/circo2\/wp-content\/uploads\/2016\/08\/EL-TRI\u00c1NGULO-ROSA-Y-LA-CURA-NAZI-PARA-LA-HOMOSEXUALIDAD.jpg\"><img loading=\"lazy\" decoding=\"async\" class=\"alignnone size-medium wp-image-3965\" src=\"http:\/\/www.circo212.org.mx\/circo2\/wp-content\/uploads\/2016\/08\/EL-TRI\u00c1NGULO-ROSA-Y-LA-CURA-NAZI-PARA-LA-HOMOSEXUALIDAD-300x189.jpg\" alt=\"EL TRI\u00c1NGULO ROSA Y LA CURA NAZI PARA LA HOMOSEXUALIDAD\" width=\"300\" height=\"189\" srcset=\"https:\/\/circo212.org.mx\/circo2\/wp-content\/uploads\/2016\/08\/EL-TRI\u00c1NGULO-ROSA-Y-LA-CURA-NAZI-PARA-LA-HOMOSEXUALIDAD-300x189.jpg 300w, https:\/\/circo212.org.mx\/circo2\/wp-content\/uploads\/2016\/08\/EL-TRI\u00c1NGULO-ROSA-Y-LA-CURA-NAZI-PARA-LA-HOMOSEXUALIDAD-768x484.jpg 768w, https:\/\/circo212.org.mx\/circo2\/wp-content\/uploads\/2016\/08\/EL-TRI\u00c1NGULO-ROSA-Y-LA-CURA-NAZI-PARA-LA-HOMOSEXUALIDAD.jpg 800w\" sizes=\"auto, (max-width: 300px) 100vw, 300px\" \/><\/a><\/span><\/p>\n<p><span style=\"color: #000000;\"><strong>EL TRI\u00c1NGULO ROSA Y LA CURA NAZI PARA LA HOMOSEXUALIDAD<br \/>\n<\/strong>Dir. Nacho Steinberg y Esteban Jasper \/\u00a0Argentina \/\u00a02014 \/\u00a065 min.<\/span><\/p>\n<p style=\"text-align: justify;\"><span style=\"color: #000000;\">La pel\u00edcula explora la historia de Carl Peter Vaernet, un exitoso m\u00e9dico dan\u00e9s quien durante la Segunda Guerra Mundial se afilia al partido Nazi. Con el tiempo convencer\u00eda a sus superiores de la SS de poder desarrollar una cura para la homosexualidad, experimentando con prisioneros homosexuales del campo de concentraci\u00f3n de Buchenwald. Al finalizar la guerra, Vaernet se escabulle encontrando refugio en Argentina, donde logra ser contratado por el Ministerio de Salud de la Naci\u00f3n.<\/span><\/p>\n<h3><span style=\"color: #000000;\"><strong>\u00a0Lunes\u00a0<\/strong><strong>8 de agosto &#8211; 20:00 hrs.<\/strong><\/span><\/h3>\n<p><span style=\"color: #000000;\"><a style=\"color: #000000;\" href=\"http:\/\/www.circo212.org.mx\/circo2\/wp-content\/uploads\/2016\/08\/AZUL-Y-NO-TAN-ROSA_2.jpg\"><img loading=\"lazy\" decoding=\"async\" class=\"alignnone size-medium wp-image-3966\" src=\"http:\/\/www.circo212.org.mx\/circo2\/wp-content\/uploads\/2016\/08\/AZUL-Y-NO-TAN-ROSA_2-300x278.jpg\" alt=\"AZUL Y NO TAN ROSA_2\" width=\"300\" height=\"278\" srcset=\"https:\/\/circo212.org.mx\/circo2\/wp-content\/uploads\/2016\/08\/AZUL-Y-NO-TAN-ROSA_2-300x278.jpg 300w, https:\/\/circo212.org.mx\/circo2\/wp-content\/uploads\/2016\/08\/AZUL-Y-NO-TAN-ROSA_2-768x712.jpg 768w, https:\/\/circo212.org.mx\/circo2\/wp-content\/uploads\/2016\/08\/AZUL-Y-NO-TAN-ROSA_2.jpg 926w\" sizes=\"auto, (max-width: 300px) 100vw, 300px\" \/><\/a><\/span><\/p>\n<p><span style=\"color: #000000;\"><strong>AZUL Y NO TAN ROSA<br \/>\n<\/strong>Dir.\u00a0Miguel Ferrari \/\u00a0Venezuela-Espa\u00f1a \/\u00a02012 \/\u00a0110 min.<\/span><\/p>\n<p style=\"text-align: justify;\"><span style=\"color: #000000;\">Diego, un chico homosexual como cualquier otro, fot\u00f3grafo de profesi\u00f3n, tiene una relaci\u00f3n con Fabrizio. Tiene una familia com\u00fan y corriente y sus amigos no tienen nada de especial. Pero hay algo que lo hace diferente. Tiene un hijo heterosexual y repentinamente viene a vivir con \u00e9l. Un padre, un hijo. Ambos tendr\u00e1n que arreglar sus diferencias mientras Fabrizio sufre una agresi\u00f3n que lo mantiene en coma.<\/span><\/p>\n<h3><span style=\"color: #000000;\"><strong>Lunes 15 de agosto &#8211; 20:00 hrs.<\/strong><\/span><\/h3>\n<p><span style=\"color: #000000;\"><a style=\"color: #000000;\" href=\"http:\/\/www.circo212.org.mx\/circo2\/wp-content\/uploads\/2016\/08\/Velociraptor_300dpi_02-1.jpg\"><img loading=\"lazy\" decoding=\"async\" class=\"alignnone size-medium wp-image-3967\" src=\"http:\/\/www.circo212.org.mx\/circo2\/wp-content\/uploads\/2016\/08\/Velociraptor_300dpi_02-1-300x200.jpg\" alt=\"Velociraptor_300dpi_02 (1)\" width=\"300\" height=\"200\" srcset=\"https:\/\/circo212.org.mx\/circo2\/wp-content\/uploads\/2016\/08\/Velociraptor_300dpi_02-1-300x200.jpg 300w, https:\/\/circo212.org.mx\/circo2\/wp-content\/uploads\/2016\/08\/Velociraptor_300dpi_02-1-768x512.jpg 768w, https:\/\/circo212.org.mx\/circo2\/wp-content\/uploads\/2016\/08\/Velociraptor_300dpi_02-1-1024x683.jpg 1024w\" sizes=\"auto, (max-width: 300px) 100vw, 300px\" \/><\/a><\/span><\/p>\n<p><span style=\"color: #000000;\"><strong>VELOCIRAPTOR<br \/>\n<\/strong>Dir. Chucho E. Quintero \/\u00a0M\u00e9xico \/\u00a02014 \/\u00a089 min.<\/span><\/p>\n<p style=\"text-align: justify;\"><span style=\"color: #000000;\">Dos mejores amigos salen a pasear una tarde por la ciudad bajo la sombra de un inminente Apocalipsis: la vida en la Tierra como la conocemos est\u00e1 llegando a su fin, los d\u00edas son eternos, la sociedad se derrumba y las familias deciden morir juntas o abandonar a sus hijos. Todo esto los llevar\u00e1 a enfrentar sus m\u00e1s profundos miedos y deseos acerca del sexo y la b\u00fasqueda por completarse a trav\u00e9s del otro. Discuten acerca de las excusas del amor no correspondido, el dolor que cauteriza y la virginidad que pesa. La fuerza de su inquebrantable amistad los ayudar\u00e1 a probar los l\u00edmites de la confianza y la lealtad pero, \u00bfhasta d\u00f3nde llegar\u00e1 Diego para salvar a Alex de s\u00ed mismo?<\/span><\/p>\n<p><span style=\"color: #000000;\"><strong>Funci\u00f3n con presencia del director y actor principal.<\/strong><\/span><\/p>\n<h3><span style=\"color: #000000;\"><strong>Lunes 22 de agosto &#8211; 20:00 hrs.<\/strong><\/span><\/h3>\n<p><span style=\"color: #000000;\"><a style=\"color: #000000;\" href=\"http:\/\/www.circo212.org.mx\/circo2\/wp-content\/uploads\/2016\/08\/IGNASI-M._3.jpg\"><img loading=\"lazy\" decoding=\"async\" class=\"alignnone size-medium wp-image-3968\" src=\"http:\/\/www.circo212.org.mx\/circo2\/wp-content\/uploads\/2016\/08\/IGNASI-M._3-300x171.jpg\" alt=\"IGNASI M._3\" width=\"300\" height=\"171\" srcset=\"https:\/\/circo212.org.mx\/circo2\/wp-content\/uploads\/2016\/08\/IGNASI-M._3-300x171.jpg 300w, https:\/\/circo212.org.mx\/circo2\/wp-content\/uploads\/2016\/08\/IGNASI-M._3-768x439.jpg 768w, https:\/\/circo212.org.mx\/circo2\/wp-content\/uploads\/2016\/08\/IGNASI-M._3-1024x585.jpg 1024w, https:\/\/circo212.org.mx\/circo2\/wp-content\/uploads\/2016\/08\/IGNASI-M._3.jpg 1280w\" sizes=\"auto, (max-width: 300px) 100vw, 300px\" \/><\/a><\/span><\/p>\n<p><span style=\"color: #000000;\"><strong>IGNASI M.<br \/>\n<\/strong>Dir.\u00a0Ventura Pons \/\u00a0Espa\u00f1a \/\u00a02013 \/\u00a087 min.<\/span><\/p>\n<p style=\"text-align: justify;\"><span style=\"color: #000000;\">Ignasi Millet, reputado muse\u00f3logo, vive tiempos dram\u00e1ticos. Durante los a\u00f1os de bonanza todo le iba bien, pero con la crisis, su empresa quebr\u00f3. Es gay seropositivo y participa en un programa de ensayo cl\u00ednico. Su ex-mujer se mueve en silla de ruedas y ha descubierto su lesbianismo. Sus dos hijos emigraron muy j\u00f3venes a Londres donde se han convertido, el mayor en dise\u00f1ador de efectos visuales y el menor en fot\u00f3grafo muy prestigioso. Una familia compleja unida por el amor y la creatividad.<\/span><\/p>\n<h3><span style=\"color: #000000;\"><strong>Lunes 29 de agosto &#8211; 20:00 hrs.<\/strong><\/span><\/h3>\n<p><a href=\"http:\/\/www.circo212.org.mx\/circo2\/wp-content\/uploads\/2016\/08\/Vivo_1.jpg\"><img loading=\"lazy\" decoding=\"async\" class=\"alignnone size-medium wp-image-3969\" src=\"http:\/\/www.circo212.org.mx\/circo2\/wp-content\/uploads\/2016\/08\/Vivo_1-300x172.jpg\" alt=\"Vivo_1\" width=\"300\" height=\"172\" srcset=\"https:\/\/circo212.org.mx\/circo2\/wp-content\/uploads\/2016\/08\/Vivo_1-300x172.jpg 300w, https:\/\/circo212.org.mx\/circo2\/wp-content\/uploads\/2016\/08\/Vivo_1.jpg 752w\" sizes=\"auto, (max-width: 300px) 100vw, 300px\" \/><\/a><\/p>\n<p><span style=\"color: #000000;\"><strong>\u00a1VIVO!<br \/>\n<\/strong><\/span><span style=\"color: #000000;\">Dir.\u00a0Vincent Boujon \/\u00a0Francia \/\u00a02015 \/\u00a080 min.<\/span><\/p>\n<p style=\"text-align: justify;\"><span style=\"color: #000000;\"> Un encuentro improbable, cinco j\u00f3venes homosexuales cero positivos apuestan a tirarse en\u00a0paraca\u00eddas y afrontarse a un universo deportivo tan alejado de sus personalidades. En esta pel\u00edcula divertida y de una energ\u00eda contagiosa, vivir\u00e1n esa fracci\u00f3n de segundo cuando uno decide lanzarse hacia lo desconocido, a un nuevo mundo y con toda la intensidad de la vida.<\/span><\/p>\n<p><span style=\"color: #000000;\"><strong>\u00a0<\/strong><\/span><\/p>\n<p><span style=\"color: #000000;\">\u00a1Recuerden que la entrada y las palomitas son gratis!<\/span><\/p>\n<p><span style=\"color: #000000;\"><em>Este programa est\u00e1 dedicado a los valientes de Xalapa y Orlando, y a quienes en alg\u00fan momento de sus vidas, han sido v\u00edctimas de la homofobia.<\/em><\/span><\/p>\n<p>&nbsp;<\/p>\n<h1 style=\"text-align: center;\"><\/h1>\n<p>&nbsp;<\/p>\n<h1 style=\"text-align: center;\"><span style=\"color: #000000;\"><strong>EXILIO Y MIGRACI\u00d3N <\/strong><\/span><\/h1>\n<p>&nbsp;<\/p>\n<h2 style=\"text-align: center;\"><span style=\"color: #000000;\"><strong>en <\/strong><\/span><\/h2>\n<p>&nbsp;<\/p>\n<h1 style=\"text-align: center;\"><span style=\"color: #000000;\"><strong>Cineclub Condesa DF<\/strong><\/span><\/h1>\n<p>&nbsp;<\/p>\n<p style=\"text-align: justify;\"><span style=\"color: #000000;\">Distrital Festival, el festival de cine independiente de la Ciudad de M\u00e9xico y el primer festival de cine en l\u00ednea de Latinoam\u00e9rica, consciente de la importancia de la formaci\u00f3n creativa enfocada a cineastas n\u00f3veles, busca brindar un espacio dedicado exclusivamente al di\u00e1logo, la reflexi\u00f3n, el encuentro y la retroalimentaci\u00f3n en torno al s\u00e9ptimo arte, por lo que de nueva cuenta impulsa del 1 al 10 de julio, Distrital Formaci\u00f3n.<\/span><\/p>\n<p style=\"text-align: justify;\"><span style=\"color: #000000;\">Una de las actividades de esta segunda edici\u00f3n de Distrital Formaci\u00f3n es una muestra f\u00edlmica llamada <strong>EXILIO Y MIGRACI\u00d3N<\/strong> que tendr\u00e1 lugar en Cine Tonal\u00e1 y en Cineclub Condesa DF, en la mayor\u00eda de las funciones contaremos con la presencia de los realizadores.<\/span><\/p>\n<p style=\"text-align: center;\"><span style=\"color: #000000;\">Los esperamos todos los lunes de julio en el s\u00f3tano del Hotel Condesa DF<br \/>\n(Av. Veracruz 102, Col. Condesa)\u00a0<\/span><\/p>\n<p>&nbsp;<\/p>\n<h3><span style=\"color: #000000;\"><strong>Lunes 4 de julio &#8211; 20:00 hrs.<\/strong><\/span><\/h3>\n<h3><span style=\"color: #000000;\"><strong><a style=\"color: #000000;\" href=\"http:\/\/www.circo212.org.mx\/circo2\/wp-content\/uploads\/2016\/06\/teextra\u00f1o_2.jpg\"><img loading=\"lazy\" decoding=\"async\" class=\"alignnone size-medium wp-image-3944\" src=\"http:\/\/www.circo212.org.mx\/circo2\/wp-content\/uploads\/2016\/06\/teextra\u00f1o_2-300x200.jpg\" alt=\"teextra\u00f1o_2\" width=\"300\" height=\"200\" srcset=\"https:\/\/circo212.org.mx\/circo2\/wp-content\/uploads\/2016\/06\/teextra\u00f1o_2-300x200.jpg 300w, https:\/\/circo212.org.mx\/circo2\/wp-content\/uploads\/2016\/06\/teextra\u00f1o_2-768x512.jpg 768w, https:\/\/circo212.org.mx\/circo2\/wp-content\/uploads\/2016\/06\/teextra\u00f1o_2-1024x682.jpg 1024w, https:\/\/circo212.org.mx\/circo2\/wp-content\/uploads\/2016\/06\/teextra\u00f1o_2.jpg 1600w\" sizes=\"auto, (max-width: 300px) 100vw, 300px\" \/><\/a><\/strong><\/span><\/h3>\n<p><span style=\"color: #000000;\"><strong>Te extra\u00f1o<br \/>\n<\/strong>Dir. Fabi\u00e1n Hofman \/\u00a0M\u00e9xico \/\u00a02010 \/\u00a096 min.<\/span><\/p>\n<p style=\"text-align: justify;\"><span style=\"color: #000000;\">Despu\u00e9s de implantarse la dictadura militar en 1976, un joven argentino cuyo hermano se encuentra desaparecido es enviado a M\u00e9xico, donde se enfrentar\u00e1 a la nostalgia por su familia y a su transici\u00f3n hacia la madurez.<\/span><\/p>\n<h3><span style=\"color: #000000;\"><strong>Lunes 11 de julio &#8211; 20:00 hrs.<\/strong><\/span><\/h3>\n<p><span style=\"color: #000000;\"><a style=\"color: #000000;\" href=\"http:\/\/www.circo212.org.mx\/circo2\/wp-content\/uploads\/2016\/06\/pap\u00e1ivan_2.jpg\"><img loading=\"lazy\" decoding=\"async\" class=\"alignnone size-medium wp-image-3945\" src=\"http:\/\/www.circo212.org.mx\/circo2\/wp-content\/uploads\/2016\/06\/pap\u00e1ivan_2-300x225.jpg\" alt=\"pap\u00e1ivan_2\" width=\"300\" height=\"225\" srcset=\"https:\/\/circo212.org.mx\/circo2\/wp-content\/uploads\/2016\/06\/pap\u00e1ivan_2-300x225.jpg 300w, https:\/\/circo212.org.mx\/circo2\/wp-content\/uploads\/2016\/06\/pap\u00e1ivan_2.jpg 430w\" sizes=\"auto, (max-width: 300px) 100vw, 300px\" \/><\/a><\/span><\/p>\n<p><span style=\"color: #000000;\"><strong>(Funci\u00f3n doble)<br \/>\n<\/strong><strong>Pap\u00e1 Iv\u00e1n<br \/>\n<\/strong>Dir.\u00a0Mar\u00eda In\u00e9s Roqu\u00e9 \/\u00a0M\u00e9xico \/\u00a01995- 2000 \/\u00a055 min.<\/span><\/p>\n<p style=\"text-align: justify;\"><span style=\"color: #000000;\">Pap\u00e1 Iv\u00e1n es un testimonio de vida, de la hija de un guerrillero montonero muerto en combate: Iv\u00e1n Roqu\u00e9, el Iv\u00e1n del t\u00edtulo y padre de la realizadora. La pel\u00edcula expone en forma conmovedora la dif\u00edcil relaci\u00f3n de una hija con su padre heroico, y por ende mitificado, al tiempo que una sobrecogedora reflexi\u00f3n, no s\u00f3lo de una hija, sino de una generaci\u00f3n completa, sobre lo que signific\u00f3 el abandono, la ausencia, la tragedia, el exilio, la muerte. Se confrontan los sentimientos, las ideas, los sue\u00f1os, los hechos. Se llora tanto como se admira al padre, se le cuestiona tanto como se le venera.<\/span><\/p>\n<p><span style=\"color: #000000;\"><strong>Encontrando a V\u00edctor<br \/>\n<\/strong><\/span><span style=\"color: #000000;\">Dir. Natalia Bruschtein \/\u00a0M\u00e9xico \/\u00a02004 \/\u00a030 min.<\/span><\/p>\n<p style=\"text-align: justify;\"><span style=\"color: #000000;\">Natalia es hija de V\u00edctor, desaparecido el 19 de mayo de 1977, durante la \u00faltima dictadura militar en Argentina. Natalia y su mam\u00e1 llegaron a M\u00e9xico exiliadas. A los 25 a\u00f1os, Natalia regresa a Argentina para encontrar a su padre, o m\u00e1s bien, para tratar de encontrar respuesta a las preguntas que le dej\u00f3 la ausencia de un desaparecido en la familia. La b\u00fasqueda es a trav\u00e9s de los sobrevivientes de su familia.<\/span><\/p>\n<h3><span style=\"color: #000000;\"><strong>Lunes 18 de julio &#8211; 20:00 hrs.<\/strong><\/span><\/h3>\n<p><span style=\"color: #000000;\"><a style=\"color: #000000;\" href=\"http:\/\/www.circo212.org.mx\/circo2\/wp-content\/uploads\/2016\/06\/elugarmaspeque\u00f1o_2.jpg\"><img loading=\"lazy\" decoding=\"async\" class=\"alignnone size-medium wp-image-3947\" src=\"http:\/\/www.circo212.org.mx\/circo2\/wp-content\/uploads\/2016\/06\/elugarmaspeque\u00f1o_2-300x169.jpg\" alt=\"elugarmaspeque\u00f1o_2\" width=\"300\" height=\"169\" srcset=\"https:\/\/circo212.org.mx\/circo2\/wp-content\/uploads\/2016\/06\/elugarmaspeque\u00f1o_2-300x169.jpg 300w, https:\/\/circo212.org.mx\/circo2\/wp-content\/uploads\/2016\/06\/elugarmaspeque\u00f1o_2.jpg 720w\" sizes=\"auto, (max-width: 300px) 100vw, 300px\" \/><\/a><\/span><\/p>\n<p><span style=\"color: #000000;\"><strong>El lugar m\u00e1s peque\u00f1o<br \/>\n<\/strong>Dir. Tatiana Huezo \/\u00a0M\u00e9xico \/\u00a02011 \/\u00a0108 min.<\/span><\/p>\n<p style=\"text-align: justify;\"><span style=\"color: #000000;\">Es una historia que habla de la capacidad que tiene el ser humano de levantarse, de reconstruirse, de reinventarse despu\u00e9s de haber vivido algo terrible. Una historia sobre personas que han aprendido a vivir con su dolor, en un pueblo arrasado que se levant\u00f3 de nuevo gracias a la fuerza y el profundo amor de sus habitantes por su tierra y su gente.\u00a0 Un peque\u00f1o lugar encallado en las monta\u00f1as salvadore\u00f1as vestidas de selva y humedad.<\/span><\/p>\n<h3><span style=\"color: #000000;\"><strong>Lunes 25 de julio &#8211; 20:00 hrs.<\/strong><\/span><\/h3>\n<p><span style=\"color: #000000;\"><strong><a style=\"color: #000000;\" href=\"http:\/\/www.circo212.org.mx\/circo2\/wp-content\/uploads\/2016\/06\/LeccionesparaZafirah_1.jpg\"><img loading=\"lazy\" decoding=\"async\" class=\"alignnone size-medium wp-image-3946\" src=\"http:\/\/www.circo212.org.mx\/circo2\/wp-content\/uploads\/2016\/06\/LeccionesparaZafirah_1-300x124.jpg\" alt=\"LeccionesparaZafirah_1\" width=\"300\" height=\"124\" srcset=\"https:\/\/circo212.org.mx\/circo2\/wp-content\/uploads\/2016\/06\/LeccionesparaZafirah_1-300x124.jpg 300w, https:\/\/circo212.org.mx\/circo2\/wp-content\/uploads\/2016\/06\/LeccionesparaZafirah_1-768x317.jpg 768w, https:\/\/circo212.org.mx\/circo2\/wp-content\/uploads\/2016\/06\/LeccionesparaZafirah_1.jpg 969w\" sizes=\"auto, (max-width: 300px) 100vw, 300px\" \/><\/a> <\/strong><\/span><\/p>\n<p><span style=\"color: #000000;\"><strong>Lecciones para Zafirah<br \/>\n<\/strong><\/span><span style=\"color: #000000;\">Dir. Carolina Rivas y\u00a0Daoud Sarhandi \/\u00a0M\u00e9xico \/\u00a02011 \/\u00a075 min.<\/span><\/p>\n<p style=\"text-align: justify;\"><span style=\"color: #000000;\"><u><\/u>Referente indiscutible del cine mexicano de migraci\u00f3n, Lecciones para Zafirah retrata hechos, rostros y gestos humanos que se dan cita en torno al tren La Bestia \u2013que representa el veh\u00edculo simb\u00f3lico de escape para miles de migrantes que viajan hacia Estados Unidos. A trav\u00e9s de testimonios, captura la participaci\u00f3n de personas en M\u00e9xico que voluntariamente ofrecen ayuda a los migrantes: Las Mujeres de la Patrona y el padre Solalinde. Las im\u00e1genes de la pel\u00edcula son compartidas con la hija de los directores \u2013de nombre Zafirah\u2013 a manera de relato universal sobre la \u00e9poca en la que vive. Con un aliento cr\u00edtico y gozoso, los directores muestran un retrato desolador, pero tambi\u00e9n maravilloso de la grandeza humana \u2013invitando al espectador a transformar la mirada sobre los migrantes.<\/span><\/p>\n<h3><span style=\"color: #000000;\">\u00a1Como siempre, entrada y palomitas gratis!\u00a0 \u00a0\u00a0<\/span><\/h3>\n<h1 style=\"text-align: center;\"><span style=\"color: #000000;\">\u201c\u00c0 PROPOS DE CANNES\u201d<\/span><\/h1>\n<p>&nbsp;<\/p>\n<h2 style=\"text-align: center;\"><span style=\"color: #000000;\">en<\/span><\/h2>\n<p>&nbsp;<\/p>\n<h1 style=\"text-align: center;\"><span style=\"color: #000000;\">Cineclub Condesa<\/span><\/h1>\n<p>&nbsp;<\/p>\n<p style=\"text-align: justify;\"><span style=\"font-weight: 400; color: #000000;\">El Festival de Cine de Cannes celebra su 69 edici\u00f3n este a\u00f1o, y con la intenci\u00f3n de revisar el paso de algunos realizadores as\u00ed como algunas cintas galardonadas, con el apoyo de Cinema Uno y Canana presentamos la siguiente selecci\u00f3n de pel\u00edculas:<\/span><\/p>\n<p>&nbsp;<\/p>\n<h3 style=\"text-align: justify;\"><span style=\"color: #000000;\"><b>Lunes 9 de mayo &#8211; 20:00 hrs.<br \/>\n<\/b><\/span><\/h3>\n<p><a style=\"color: #000000;\" href=\"http:\/\/www.circo212.org.mx\/circo2\/wp-content\/uploads\/2016\/05\/polisse-still-3.jpg\" rel=\"attachment wp-att-3913\"><img loading=\"lazy\" decoding=\"async\" class=\"alignnone size-medium wp-image-3913\" src=\"http:\/\/www.circo212.org.mx\/circo2\/wp-content\/uploads\/2016\/05\/polisse-still-3-300x169.jpg\" alt=\"polisse still 3\" width=\"300\" height=\"169\" srcset=\"https:\/\/circo212.org.mx\/circo2\/wp-content\/uploads\/2016\/05\/polisse-still-3-300x169.jpg 300w, https:\/\/circo212.org.mx\/circo2\/wp-content\/uploads\/2016\/05\/polisse-still-3-768x432.jpg 768w, https:\/\/circo212.org.mx\/circo2\/wp-content\/uploads\/2016\/05\/polisse-still-3.jpg 1022w\" sizes=\"auto, (max-width: 300px) 100vw, 300px\" \/><\/a><\/p>\n<p style=\"text-align: justify;\"><span style=\"color: #000000;\"><b>POLISSIA<br \/>\n<\/b><span style=\"font-weight: 400;\">Dir.\u00a0<\/span><span style=\"font-weight: 400;\">Ma\u00efwenn Le Besco \/\u00a0<\/span><span style=\"font-weight: 400;\">Francia \/\u00a0<\/span><span style=\"font-weight: 400;\">2011 \/\u00a0<\/span><span style=\"font-weight: 400;\">127 min. <\/span><\/span><\/p>\n<p style=\"text-align: justify;\"><span style=\"font-weight: 400; color: #000000;\">Cr\u00f3nica de la rutina diaria de la unidad infantil del Departamento de Polic\u00eda de Par\u00eds: abusos a menores, conflictos familiares, ni\u00f1os carteristas, violaciones, sexo precoz&#8230; Fred, un polic\u00eda rebelde, se enamora de Melissa, una fot\u00f3grafa nombrada por el gobierno para colaborar con este cuerpo policial. Ella se encuentra dividida entre Fred, y el violento mundo en el que vive diariamente, y Lino, su rico e infiel esposo.\u00a0<\/span><\/p>\n<p style=\"text-align: justify;\"><span style=\"color: #000000;\"><b>*Premio del Jurado <\/b><\/span><\/p>\n<h3 style=\"text-align: justify;\"><span style=\"color: #000000;\"><b>Lunes 16 de mayo &#8211; 20:00 hrs.<br \/>\n<\/b><\/span><\/h3>\n<h3 style=\"text-align: justify;\"><span style=\"color: #000000;\"><b><\/b><a style=\"color: #000000;\" href=\"http:\/\/www.circo212.org.mx\/circo2\/wp-content\/uploads\/2016\/05\/THE-HAUNT_2.jpg\" rel=\"attachment wp-att-3914\"><img loading=\"lazy\" decoding=\"async\" class=\"alignnone size-medium wp-image-3914\" src=\"http:\/\/www.circo212.org.mx\/circo2\/wp-content\/uploads\/2016\/05\/THE-HAUNT_2-300x196.jpg\" alt=\"THE HAUNT_2\" width=\"300\" height=\"196\" srcset=\"https:\/\/circo212.org.mx\/circo2\/wp-content\/uploads\/2016\/05\/THE-HAUNT_2-300x196.jpg 300w, https:\/\/circo212.org.mx\/circo2\/wp-content\/uploads\/2016\/05\/THE-HAUNT_2-768x502.jpg 768w, https:\/\/circo212.org.mx\/circo2\/wp-content\/uploads\/2016\/05\/THE-HAUNT_2-1024x670.jpg 1024w, https:\/\/circo212.org.mx\/circo2\/wp-content\/uploads\/2016\/05\/THE-HAUNT_2.jpg 2000w\" sizes=\"auto, (max-width: 300px) 100vw, 300px\" \/><\/a><\/span><\/h3>\n<p style=\"text-align: justify;\"><span style=\"color: #000000;\"><b>THE HAUNT<br \/>\n<\/b><span style=\"font-weight: 400;\">Dir.\u00a0<\/span><span style=\"font-weight: 400;\">Thomas Vinterberg \/\u00a0<\/span><span style=\"font-weight: 400;\">Dinamarca \/\u00a0<\/span><span style=\"font-weight: 400;\">2012 \/<\/span><span style=\"font-weight: 400;\">\u00a0111 min. <\/span><\/span><\/p>\n<p style=\"text-align: justify;\"><span style=\"color: #000000;\"><span style=\"font-weight: 400;\">Tras un divorcio dif\u00edcil, Lucas, un hombre de cuarenta a\u00f1os, ha encontrado una nueva novia, un nuevo trabajo y trata de reconstruir su relaci\u00f3n con Marcus, su hijo adolescente. Pero algo empieza a ir mal: un detalle cualquiera, un comentario inocente y una mentira insignificante que se extiende como un virus invisible sembrando el estupor y la desconfianza en una peque\u00f1a poblaci\u00f3n&#8230;\u00a0<\/span><\/span><\/p>\n<p style=\"text-align: justify;\"><span style=\"color: #000000;\"><b>*Mejor actor (Mads Mikkelsen)<\/b><\/span><\/p>\n<h3 style=\"text-align: justify;\"><span style=\"color: #000000;\"><b>Lunes 23 de mayo &#8211; 20:00 hrs.<br \/>\n<\/b><\/span><\/h3>\n<p><a style=\"color: #000000;\" href=\"http:\/\/www.circo212.org.mx\/circo2\/wp-content\/uploads\/2016\/05\/FISH-TANK_3.jpg\" rel=\"attachment wp-att-3915\"><img loading=\"lazy\" decoding=\"async\" class=\"alignnone size-medium wp-image-3915\" src=\"http:\/\/www.circo212.org.mx\/circo2\/wp-content\/uploads\/2016\/05\/FISH-TANK_3-300x200.jpg\" alt=\"FISH TANK_3\" width=\"300\" height=\"200\" srcset=\"https:\/\/circo212.org.mx\/circo2\/wp-content\/uploads\/2016\/05\/FISH-TANK_3-300x200.jpg 300w, https:\/\/circo212.org.mx\/circo2\/wp-content\/uploads\/2016\/05\/FISH-TANK_3-768x512.jpg 768w, https:\/\/circo212.org.mx\/circo2\/wp-content\/uploads\/2016\/05\/FISH-TANK_3-1024x682.jpg 1024w, https:\/\/circo212.org.mx\/circo2\/wp-content\/uploads\/2016\/05\/FISH-TANK_3.jpg 1400w\" sizes=\"auto, (max-width: 300px) 100vw, 300px\" \/><\/a><\/p>\n<p style=\"text-align: justify;\"><span style=\"color: #000000;\"><b>FISH TANK<br \/>\n<\/b><span style=\"font-weight: 400;\">Dir. Andrea Arnold \/\u00a0<\/span><span style=\"font-weight: 400;\">Reino Unido \/\u00a0<\/span><span style=\"font-weight: 400;\">2009 \/<\/span><span style=\"font-weight: 400;\">\u00a0124 min.<\/span><\/span><\/p>\n<p style=\"text-align: justify;\"><span style=\"color: #000000;\">En un barrio obrero ingl\u00e9s de los suburbios, Mia (Katie Jarvis), una adolescente frustrada y solitaria de 15 a\u00f1os, hu\u00e9rfana de padre y cuya madre (Kierston Wareing) apenas se ocupa de ella, se enfada cuando se entera de que su \u00e9sta sale con un hombre, el atractivo Connor (Michael Fassbender). Desde el comienzo \u00e9l se porta muy bien con ella y con su hermana peque\u00f1a, pero a pesar de ello no le gusta que su madre pretenda meterle en sus vidas.<\/span><\/p>\n<p style=\"text-align: justify;\"><span style=\"color: #000000;\"><b>*Premio del Jurado<\/b><\/span><\/p>\n<h3 style=\"text-align: justify;\"><span style=\"color: #000000;\"><b>Lunes 30 de mayo &#8211; 20:00 hrs.<br \/>\n<\/b><\/span><\/h3>\n<p><a style=\"color: #000000;\" href=\"http:\/\/www.circo212.org.mx\/circo2\/wp-content\/uploads\/2016\/05\/NO_1.jpg\" rel=\"attachment wp-att-3916\"><img loading=\"lazy\" decoding=\"async\" class=\"alignnone size-medium wp-image-3916\" src=\"http:\/\/www.circo212.org.mx\/circo2\/wp-content\/uploads\/2016\/05\/NO_1-300x178.jpg\" alt=\"NO_1\" width=\"300\" height=\"178\" srcset=\"https:\/\/circo212.org.mx\/circo2\/wp-content\/uploads\/2016\/05\/NO_1-300x178.jpg 300w, https:\/\/circo212.org.mx\/circo2\/wp-content\/uploads\/2016\/05\/NO_1-768x457.jpg 768w, https:\/\/circo212.org.mx\/circo2\/wp-content\/uploads\/2016\/05\/NO_1.jpg 906w\" sizes=\"auto, (max-width: 300px) 100vw, 300px\" \/><\/a><\/p>\n<p style=\"text-align: justify;\"><span style=\"color: #000000;\"><b>NO<br \/>\n<\/b><span style=\"font-weight: 400;\">Dir. Pablo Larra\u00edn \/<\/span><span style=\"font-weight: 400;\">\u00a0Chile \/\u00a0<\/span><span style=\"font-weight: 400;\">2012 \/<\/span><span style=\"font-weight: 400;\">\u00a0116 min. <\/span><\/span><\/p>\n<p style=\"text-align: justify;\"><span style=\"font-weight: 400; color: #000000;\">Ren\u00e9 Saavedra (Gael Garc\u00eda Bernal) es un ejecutivo de publicidad que regresa a Chile tras su exilio en M\u00e9xico y dise\u00f1a una brillante y optimista campa\u00f1a que propugna el \u00abNo\u00bb al plebiscito chileno de 1988. Su objetivo es poner fin a la dictadura militar y derrocar a Augusto Pinochet.<\/span><\/p>\n<p style=\"text-align: justify;\"><span style=\"color: #000000;\"><b>*Premio Quincena de Realizadores a la mejor pel\u00edcula<\/b><\/span><b>\u00a0<\/b><\/p>\n<h1 style=\"text-align: center;\"><span style=\"color: #000000;\">CINE FRANC\u00c9S <\/span><\/h1>\n<p>&nbsp;<\/p>\n<h1 style=\"text-align: center;\"><span style=\"color: #000000;\">en<\/span><\/h1>\n<p>CINECLUB CONDESA DF<\/p>\n<p>&nbsp;<\/p>\n<h1 style=\"text-align: center;\"><span style=\"color: #000000;\">presentado por<\/span><\/h1>\n<p>&nbsp;<\/p>\n<h1 style=\"text-align: center;\"><span style=\"color: #000000;\">CINEMA UNO Y MANTARRAYA<\/span><\/h1>\n<p>&nbsp;<\/p>\n<h3><span style=\"color: #000000;\">Lunes 7 de marzo &#8211; 20:00 hrs.<\/span><\/h3>\n<p><a href=\"http:\/\/www.circo212.org.mx\/circo2\/wp-content\/uploads\/2016\/03\/la-vida-de-adele-pelicula.jpg\" rel=\"attachment wp-att-3881\"><img loading=\"lazy\" decoding=\"async\" class=\"alignnone size-medium wp-image-3881\" src=\"http:\/\/www.circo212.org.mx\/circo2\/wp-content\/uploads\/2016\/03\/la-vida-de-adele-pelicula-300x210.jpg\" alt=\"la-vida-de-adele-pelicula\" width=\"300\" height=\"210\" srcset=\"https:\/\/circo212.org.mx\/circo2\/wp-content\/uploads\/2016\/03\/la-vida-de-adele-pelicula-300x210.jpg 300w, https:\/\/circo212.org.mx\/circo2\/wp-content\/uploads\/2016\/03\/la-vida-de-adele-pelicula.jpg 620w\" sizes=\"auto, (max-width: 300px) 100vw, 300px\" \/><\/a><\/p>\n<p><span style=\"color: #000000;\"><strong>La vida de Adele<\/strong><\/span><br \/>\n<span style=\"color: #000000;\">Dir. Abdellatif Kechiche \/ Francia \/ 2013 \/ 180 min<\/span><\/p>\n<p style=\"text-align: justify;\"><span style=\"color: #000000;\">En medio de las dudas de la adolescencia, Adele tiene 15 a\u00f1os y sabe que las chicas salen con los chicos. Su vida cambia para siempre cuando conoce a Emma, una mujer joven de cabello azul, que le permitir\u00e1 descubrir el deseo y afirmarse como mujer adulta. En frente de los otros, Adele crece, se busca, se pierde y se encuentra. Todo ello bajo la atenta mirada de los que le rodean.<\/span><\/p>\n<h3><span style=\"color: #000000;\">Lunes 14 de marzo &#8211; 20:00 hrs.<\/span><\/h3>\n<p><a href=\"http:\/\/www.circo212.org.mx\/circo2\/wp-content\/uploads\/2016\/03\/amour.jpg\" rel=\"attachment wp-att-3882\"><img loading=\"lazy\" decoding=\"async\" class=\"alignnone size-medium wp-image-3882\" src=\"http:\/\/www.circo212.org.mx\/circo2\/wp-content\/uploads\/2016\/03\/amour-300x169.jpg\" alt=\"amour\" width=\"300\" height=\"169\" srcset=\"https:\/\/circo212.org.mx\/circo2\/wp-content\/uploads\/2016\/03\/amour-300x169.jpg 300w, https:\/\/circo212.org.mx\/circo2\/wp-content\/uploads\/2016\/03\/amour-768x432.jpg 768w, https:\/\/circo212.org.mx\/circo2\/wp-content\/uploads\/2016\/03\/amour-1024x576.jpg 1024w, https:\/\/circo212.org.mx\/circo2\/wp-content\/uploads\/2016\/03\/amour.jpg 1969w\" sizes=\"auto, (max-width: 300px) 100vw, 300px\" \/><\/a><\/p>\n<p><strong><span style=\"color: #000000;\">Amour<\/span><\/strong><br \/>\n<span style=\"color: #000000;\">Dir. Michael Haneke \/ Francia, Austria, Alemania \/ 2013 \/ 127 min<\/span><\/p>\n<p style=\"text-align: justify;\"><span style=\"color: #000000;\">Georges\u00a0y Anne\u00a0son octogenarios, personas educadas, profesores de m\u00fasica jubilados.\u00a0Su hija, tambi\u00e9n m\u00fasico, vive en el extranjero con su familia.\u00a0Un d\u00eda Anne sufre un accidente que pondr\u00e1 a prueba el amor de la pareja. \u00a0 \u00a0<\/span><\/p>\n<h3><span style=\"color: #000000;\">Lunes 21 de marzo &#8211; 20:00 hrs.<\/span><\/h3>\n<p><a href=\"http:\/\/www.circo212.org.mx\/circo2\/wp-content\/uploads\/2016\/03\/elextra\u00f1odellago.jpg\" rel=\"attachment wp-att-3883\"><img loading=\"lazy\" decoding=\"async\" class=\"alignnone size-medium wp-image-3883\" src=\"http:\/\/www.circo212.org.mx\/circo2\/wp-content\/uploads\/2016\/03\/elextra\u00f1odellago-300x126.jpg\" alt=\"elextra\u00f1odellago\" width=\"300\" height=\"126\" srcset=\"https:\/\/circo212.org.mx\/circo2\/wp-content\/uploads\/2016\/03\/elextra\u00f1odellago-300x126.jpg 300w, https:\/\/circo212.org.mx\/circo2\/wp-content\/uploads\/2016\/03\/elextra\u00f1odellago-768x322.jpg 768w, https:\/\/circo212.org.mx\/circo2\/wp-content\/uploads\/2016\/03\/elextra\u00f1odellago-1024x429.jpg 1024w, https:\/\/circo212.org.mx\/circo2\/wp-content\/uploads\/2016\/03\/elextra\u00f1odellago.jpg 1920w\" sizes=\"auto, (max-width: 300px) 100vw, 300px\" \/><\/a><\/p>\n<p><strong><span style=\"color: #000000;\">El extra\u00f1o del lago<\/span><\/strong><br \/>\n<span style=\"color: #000000;\">Dir. Alain Guiraudie \/ Francia \/ 2013 \/ 97 min<\/span><\/p>\n<p style=\"text-align: justify;\"><span style=\"color: #000000;\">Durante el verano, en un lago de agua azul turquesa, Franck pasa el tiempo entre su amistad con Henri, cuya esposa acaba de abandonarlo, y Michael, un adonis oscuro y peligroso. Un extra\u00f1o asesinato, desatar\u00e1 la tensi\u00f3n entre los personajes.<\/span><\/p>\n<h3><span style=\"color: #000000;\">Lunes 4 de abril &#8211; 20:00 hrs.<\/span><\/h3>\n<p><a href=\"http:\/\/www.circo212.org.mx\/circo2\/wp-content\/uploads\/2016\/03\/loscanallas.jpg\" rel=\"attachment wp-att-3884\"><img loading=\"lazy\" decoding=\"async\" class=\"alignnone size-medium wp-image-3884\" src=\"http:\/\/www.circo212.org.mx\/circo2\/wp-content\/uploads\/2016\/03\/loscanallas-300x168.jpg\" alt=\"loscanallas\" width=\"300\" height=\"168\" srcset=\"https:\/\/circo212.org.mx\/circo2\/wp-content\/uploads\/2016\/03\/loscanallas-300x168.jpg 300w, https:\/\/circo212.org.mx\/circo2\/wp-content\/uploads\/2016\/03\/loscanallas-768x431.jpg 768w, https:\/\/circo212.org.mx\/circo2\/wp-content\/uploads\/2016\/03\/loscanallas-1024x575.jpg 1024w, https:\/\/circo212.org.mx\/circo2\/wp-content\/uploads\/2016\/03\/loscanallas.jpg 1389w\" sizes=\"auto, (max-width: 300px) 100vw, 300px\" \/><\/a><\/p>\n<p><strong><span style=\"color: #000000;\">Los canallas<\/span><\/strong><br \/>\n<span style=\"color: #000000;\">Dir. Claire Denis \/ Francia \/ 2013 \/ 100 min<\/span><\/p>\n<p style=\"text-align: justify;\"><span style=\"color: #000000;\">Marco Silvestre, capit\u00e1n de un petrolero, abandona el barco precipitadamente para volver a Par\u00eds a ayudar a su hermana Sandra. Su cu\u00f1ado acaba de suicidarse, la f\u00e1brica familiar est\u00e1 al borde de la quiebra y su sobrina ingres\u00f3 en un hospital psiqui\u00e1trico.<\/span><\/p>\n<h3><span style=\"color: #000000;\">Lunes 11 abril &#8211; 20:00 hrs.<\/span><\/h3>\n<p><a href=\"http:\/\/www.circo212.org.mx\/circo2\/wp-content\/uploads\/2016\/03\/Camille-Claudel-1915.jpg\" rel=\"attachment wp-att-3885\"><img loading=\"lazy\" decoding=\"async\" class=\"alignnone size-medium wp-image-3885\" src=\"http:\/\/www.circo212.org.mx\/circo2\/wp-content\/uploads\/2016\/03\/Camille-Claudel-1915-300x178.jpg\" alt=\"Camille Claudel 1915\" width=\"300\" height=\"178\" srcset=\"https:\/\/circo212.org.mx\/circo2\/wp-content\/uploads\/2016\/03\/Camille-Claudel-1915-300x178.jpg 300w, https:\/\/circo212.org.mx\/circo2\/wp-content\/uploads\/2016\/03\/Camille-Claudel-1915.jpg 640w\" sizes=\"auto, (max-width: 300px) 100vw, 300px\" \/><\/a><\/p>\n<p><strong><span style=\"color: #000000;\">Camille Claudel 1915<\/span><\/strong><br \/>\n<span style=\"color: #000000;\">Dir. Bruno Dumont \/ Francia \/ 2013 \/ 97 min<\/span><\/p>\n<p style=\"text-align: justify;\"><span style=\"color: #000000;\">Cr\u00f3nica de la vida de Camille Claudel, invierno 1915. Internada por su familia en un manicomio al sur de Francia donde ya no podr\u00e1 esculpir, la artista Camille Claudel pasa sus d\u00eda esperando la visita de su hermano Paul Claudel para salir de ah\u00ed.<\/span><\/p>\n<h3><span style=\"color: #000000;\">Lunes 18 de abril &#8211; 20:00 hrs.<\/span><\/h3>\n<p><a href=\"http:\/\/www.circo212.org.mx\/circo2\/wp-content\/uploads\/2016\/03\/hadewijch.jpg\" rel=\"attachment wp-att-3886\"><img loading=\"lazy\" decoding=\"async\" class=\"alignnone size-medium wp-image-3886\" src=\"http:\/\/www.circo212.org.mx\/circo2\/wp-content\/uploads\/2016\/03\/hadewijch-300x200.jpg\" alt=\"hadewijch\" width=\"300\" height=\"200\" srcset=\"https:\/\/circo212.org.mx\/circo2\/wp-content\/uploads\/2016\/03\/hadewijch-300x200.jpg 300w, https:\/\/circo212.org.mx\/circo2\/wp-content\/uploads\/2016\/03\/hadewijch-768x512.jpg 768w, https:\/\/circo212.org.mx\/circo2\/wp-content\/uploads\/2016\/03\/hadewijch-1024x683.jpg 1024w\" sizes=\"auto, (max-width: 300px) 100vw, 300px\" \/><\/a><\/p>\n<p><strong><span style=\"color: #000000;\">Hadewijch<\/span><\/strong><br \/>\n<span style=\"color: #000000;\">Dir. Bruno Dumont \/ Francia \/ 2009 \/ 105 min<\/span><\/p>\n<p style=\"text-align: justify;\"><span style=\"color: #000000;\">Aturdida por la fe ciega y extasiada de la joven novicia Hadewijch, la madre superiora la expulsa del convento. Hadewijch vuelve a ser C\u00e9line, la joven parisina de 20 a\u00f1os, hija de un Ministro franc\u00e9s. Su apasionado amor a Dios, su rabia interior y su encuentro con Yassine y Nassir la conducen, entre el estado de gracia y la locura, por caminos peligrosos.<\/span><\/p>\n<h3><span style=\"color: #000000;\">Lunes 25 de abril &#8211; 20:00 hrs.<\/span><\/h3>\n<p><a href=\"http:\/\/www.circo212.org.mx\/circo2\/wp-content\/uploads\/2016\/03\/tournee.jpg\" rel=\"attachment wp-att-3887\"><img loading=\"lazy\" decoding=\"async\" class=\"alignnone size-medium wp-image-3887\" src=\"http:\/\/www.circo212.org.mx\/circo2\/wp-content\/uploads\/2016\/03\/tournee-300x169.jpg\" alt=\"tournee\" width=\"300\" height=\"169\" srcset=\"https:\/\/circo212.org.mx\/circo2\/wp-content\/uploads\/2016\/03\/tournee-300x169.jpg 300w, https:\/\/circo212.org.mx\/circo2\/wp-content\/uploads\/2016\/03\/tournee-768x432.jpg 768w, https:\/\/circo212.org.mx\/circo2\/wp-content\/uploads\/2016\/03\/tournee-1024x576.jpg 1024w, https:\/\/circo212.org.mx\/circo2\/wp-content\/uploads\/2016\/03\/tournee.jpg 1920w\" sizes=\"auto, (max-width: 300px) 100vw, 300px\" \/><\/a><\/p>\n<p><span style=\"color: #000000;\"><strong>Tourn\u00e9e<\/strong><br \/>\n<\/span><span style=\"color: #000000;\">Dir. Mathieu Amalric \/ Francia \/ 2010 \/ 111 min<\/span><\/p>\n<p style=\"text-align: justify;\"><span style=\"color: #000000;\">Joachim, ex productor de televisio\u0301n parisino, hab\u00eda dejado todo atra\u0301s para empezar de nuevo en Estados Unidos. Ahora vuelve a Francia con una gira de actrices de \u00abNuevo Burlesque\u00bb. A pesar de los problemas y de la falta de dinero, las chicas inventan un mundo de fantasi\u0301a extravagante y encantan al publico con su espect\u00e1culo extravagante y sexy.<\/span><\/p>\n<h3><span style=\"color: #000000;\">Lunes 2 de mayo &#8211; 20:00 hrs.<\/span><\/h3>\n<p><a href=\"http:\/\/www.circo212.org.mx\/circo2\/wp-content\/uploads\/2016\/03\/una-relacion-perversa.jpg\" rel=\"attachment wp-att-3888\"><img loading=\"lazy\" decoding=\"async\" class=\"alignnone size-medium wp-image-3888\" src=\"http:\/\/www.circo212.org.mx\/circo2\/wp-content\/uploads\/2016\/03\/una-relacion-perversa-300x217.jpg\" alt=\"una relacion perversa\" width=\"300\" height=\"217\" srcset=\"https:\/\/circo212.org.mx\/circo2\/wp-content\/uploads\/2016\/03\/una-relacion-perversa-300x217.jpg 300w, https:\/\/circo212.org.mx\/circo2\/wp-content\/uploads\/2016\/03\/una-relacion-perversa.jpg 675w\" sizes=\"auto, (max-width: 300px) 100vw, 300px\" \/><\/a><\/p>\n<p><strong><span style=\"color: #000000;\">Una relaci\u00f3n perversa<\/span><\/strong><br \/>\n<span style=\"color: #000000;\">Dir. Catherine Breillat \/ Francia, B\u00e9lgica, Alemania \/ 2013 \/ 104 min<\/span><\/p>\n<p style=\"text-align: justify;\"><span style=\"color: #000000;\">Un derrame cerebral deja a la directora de cine Maude Shainberg con la mitad del cuerpo paralizado. Postrada en su cama pero decidida a continuar su pr\u00f3xima pel\u00edcula, la cineasta descubre en un programa de televisi\u00f3n a Vilko, un famoso estafador de celebridades. Atra\u00edda por su arrogante personalidad, se pone en contacto con \u00e9l para contratarlo como guionista, y dar as\u00ed inicio a una relaci\u00f3n autodestructiva entre ambos. En esta historia de tintes autobiogr\u00e1ficos la directora Catherine Breillat recrea su encuentro con el estafador Christophe Rocancourt, quien le rob\u00f3 miles de euros a cuenta del gui\u00f3n y su rol estelar en la fallida pel\u00edcula\u00a0Bad Love.\u00a0\u00a0<\/span><\/p>\n<p>&nbsp;<\/p>\n<p>&nbsp;<\/p>\n<h2 style=\"text-align: center;\"><span style=\"color: #000000;\">Distrital Festival <\/span><\/h2>\n<p>&nbsp;<\/p>\n<h3 style=\"text-align: center;\"><span style=\"color: #000000;\">presenta <\/span><\/h3>\n<p>&nbsp;<\/p>\n<h2 style=\"text-align: center;\"><span style=\"color: #000000;\">EL CINE QUE SOMOS en Cineclub Condesa<\/span><\/h2>\n<p>&nbsp;<\/p>\n<h1 style=\"text-align: center;\"><\/h1>\n<p style=\"text-align: justify;\"><span style=\"color: #000000;\">Este 2016 volvemos a ser sede de Distrital Festival que en esta sexta edici\u00f3n comparte un nuevo formato y se reinventa como un suceso audiovisual que explora nuevos territorios y comparte una nueva estructura que permite ampliar su visi\u00f3n y la b\u00fasqueda que ha sostenido de forma consistente hasta convertirse en un espacio que representa un punto de encuentro entre el p\u00fablico, los creadores audiovisuales, los profesionales del cine y otras manifestaciones art\u00edsticas que nacen desde la imagen en movimiento.<\/span><\/p>\n<p style=\"text-align: justify;\"><span style=\"color: #000000;\">Los invitamos a explorar esta nueva edici\u00f3n de DISTRITAL FESTIVAL desde una ciudad audiovisual creada especialmente para todo M\u00e9xico que incluye nuevas secciones como Movimientos Manifiestos donde nos rendimos ante las miradas de 13 cineastas de todo el mundo, compartiendo con nosotros sus procesos art\u00edsticos y de una manera presencial en el Cineclub Condesa DF con proyecciones de El cine que somos, una secci\u00f3n que surge de las inspiraciones y referencias de los cineastas que forman parte de Movimientos Manifiestos.<\/span><\/p>\n<p style=\"text-align: center;\"><span style=\"color: #000000;\">Ven a disfrutar de lo mejor del cine del mundo, elegida y presentada por algunos de estos cineastas que hoy conforman el futuro del cine y que comparten de modo especial, las pel\u00edculas que han influido en su obra. <\/span><\/p>\n<p style=\"text-align: center;\"><span style=\"color: #000000;\">Los esperamos en el s\u00f3tano del Hotel Condesa DF<br \/>\n<\/span><span style=\"color: #000000;\">(Av. Veracruz 102, Col. Condesa DF) a las 20:00 hrs para las siguientes funciones:<\/span><\/p>\n<p>&nbsp;<\/p>\n<h3><span style=\"color: #000000;\">Lunes 25 de enero &#8211; 20:00 hrs.<\/span><\/h3>\n<p><a href=\"http:\/\/www.circo212.org.mx\/circo2\/wp-content\/uploads\/2016\/01\/freaks2.jpg\"><img loading=\"lazy\" decoding=\"async\" class=\"alignnone size-medium wp-image-3838\" src=\"http:\/\/www.circo212.org.mx\/circo2\/wp-content\/uploads\/2016\/01\/freaks2-300x169.jpg\" alt=\"freaks2\" width=\"300\" height=\"169\" srcset=\"https:\/\/circo212.org.mx\/circo2\/wp-content\/uploads\/2016\/01\/freaks2-300x169.jpg 300w, https:\/\/circo212.org.mx\/circo2\/wp-content\/uploads\/2016\/01\/freaks2.jpg 720w\" sizes=\"auto, (max-width: 300px) 100vw, 300px\" \/><\/a><\/p>\n<p><span style=\"color: #000000;\"><strong>Freaks<\/strong><br \/>\nDir. Tod Browning \/ Estados Unidos \/ 1932 \/ 64\u00b4<\/span><span style=\"color: #000000;\"><br \/>\n<\/span><\/p>\n<p><span style=\"color: #000000;\">Presencia de Claire Doyon<br \/>\n<\/span><\/p>\n<p><span style=\"color: #000000;\">Hans es un enano que trabaja en un circo y se enamora de Cleopatra, actriz del trapecio. Interesada en la herencia que \u00e9l recibir\u00e1, Cleopatra lo seduce para inducirlo al matrimonio mientras planea abandonarlo y escapar con el hombre fuerte del circo, H\u00e9rcules. Quien era la anterior prometida de Hans trata de convencerlo de que est\u00e1 siendo usado por la trapecista, pero \u00e9l se niega a creerlo. Durante la celebraci\u00f3n de la boda, Cleopatra le dice a los fen\u00f3menos del espect\u00e1culo secundario del circo lo que realmente piensa de ellos, poniendo la vida de Hans en riesgo.<\/span><\/p>\n<h3><span style=\"color: #000000;\">Lunes 1 de febrero &#8211; 20:00 hrs.<\/span><\/h3>\n<p><a href=\"http:\/\/www.circo212.org.mx\/circo2\/wp-content\/uploads\/2016\/01\/teorema.jpg\"><img loading=\"lazy\" decoding=\"async\" class=\"alignnone size-medium wp-image-3840\" src=\"http:\/\/www.circo212.org.mx\/circo2\/wp-content\/uploads\/2016\/01\/teorema-290x300.jpg\" alt=\"teorema\" width=\"290\" height=\"300\" srcset=\"https:\/\/circo212.org.mx\/circo2\/wp-content\/uploads\/2016\/01\/teorema-290x300.jpg 290w, https:\/\/circo212.org.mx\/circo2\/wp-content\/uploads\/2016\/01\/teorema-990x1024.jpg 990w, https:\/\/circo212.org.mx\/circo2\/wp-content\/uploads\/2016\/01\/teorema.jpg 1184w\" sizes=\"auto, (max-width: 290px) 100vw, 290px\" \/><\/a><\/p>\n<p><span style=\"color: #000000;\"><strong>Teorema<\/strong><br \/>\nDir. Pier Paolo Pasolini \/ Italia \/ 1968 \/ 98\u00b4<br \/>\n<\/span><\/p>\n<p><span style=\"color: #000000;\">Presencia de Bettina Perut e Iv\u00e1n Osnovikoff<\/span><\/p>\n<p><span style=\"color: #000000;\">El misterioso visitante seduce a todos los integrantes de una familia burguesa, y produce en cada uno de ellos un proceso de descubrimiento que los conduce a diversas formas de autodestrucci\u00f3n; s\u00f3lo la inocencia de la sirvienta campesina ser\u00e1 capaz de recibir positivamente el mensaje. Seg\u00fan Pasolini se trata de expresar, aleg\u00f3ricamente, las carencias de una sociedad neocapitalista incapaz de abrirse a la trascendencia, en un mecanismo que bebe simult\u00e1neamente de una iconograf\u00eda de ra\u00edz cristiana, y del marxismo heterodoxo y sui generis del autor.<\/span><\/p>\n<h3><span style=\"color: #000000;\">Lunes 8 de febrero &#8211; 20:00 hrs.<\/span><\/h3>\n<p><img loading=\"lazy\" decoding=\"async\" class=\"alignnone size-medium wp-image-3841\" src=\"http:\/\/www.circo212.org.mx\/circo2\/wp-content\/uploads\/2016\/01\/18403593.jpg-r_640_600-b_1_D6D6D6-f_jpg-q_x-xxyxx-300x200.jpg\" alt=\"18403593.jpg-r_640_600-b_1_D6D6D6-f_jpg-q_x-xxyxx\" width=\"300\" height=\"200\" srcset=\"https:\/\/circo212.org.mx\/circo2\/wp-content\/uploads\/2016\/01\/18403593.jpg-r_640_600-b_1_D6D6D6-f_jpg-q_x-xxyxx-300x200.jpg 300w, https:\/\/circo212.org.mx\/circo2\/wp-content\/uploads\/2016\/01\/18403593.jpg-r_640_600-b_1_D6D6D6-f_jpg-q_x-xxyxx.jpg 600w\" sizes=\"auto, (max-width: 300px) 100vw, 300px\" \/><\/p>\n<p><span style=\"color: #000000;\"><strong>9 Songs<\/strong><br \/>\nDir. Michael Winterbuttom \/ Reino Unido \/ 2004 \/ 69\u00b4<\/span><\/p>\n<p style=\"text-align: justify;\"><span style=\"color: #000000;\">Lisa es una estudiante estadounidense que est\u00e1 pasando un a\u00f1o en Londres. Matt la conoce en un concierto de Black Rebel Motorcycle en Brixton Academy y se enamora de ella. Su relaci\u00f3n amorosa estar\u00e1 marcada por las canciones de los grupos a cuyos conciertos asisten: Black Rebel Motorcycle Club, The Von Bondies, Elbow, Primal Scream, The Dandy Warhols, Super Furry Animals, Franz Ferdinand, Michael Nyman.<\/span><\/p>\n<p>&nbsp;<\/p>\n<h1 style=\"text-align: center;\"><span style=\"color: #000000;\">\u201cC\u00f3ctel de sangre\u201d<\/span><\/h1>\n<p>&nbsp;<\/p>\n<h1 style=\"text-align: center;\"><span style=\"color: #000000;\">en<\/span><\/h1>\n<p>&nbsp;<\/p>\n<h1 style=\"text-align: center;\"><span style=\"color: #000000;\">Cineclub Condesa<\/span><\/h1>\n<p>&nbsp;<\/p>\n<p><span style=\"color: #000000;\">Selecci\u00f3n de pel\u00edculas que busca reivindicar la sobada imagen contempor\u00e1nea del vampiro en el cine a trav\u00e9s de la lente de quienes han visto en \u00e9l mucho m\u00e1s que un vulgar chupa sangre. Preguntas pintadas de rojo sobre el sentido de la vida, la memoria, el deber y el sexo, siempre enmarcadas en brutales desaf\u00edos est\u00e9ticos.<\/span><\/p>\n<p style=\"text-align: center;\"><span style=\"color: #000000;\">Los esperamos los lunes de noviembre a las 20:00 hrs. en el s\u00f3tano del Hotel Condesa DF <\/span><br \/>\n<span style=\"color: #000000;\">(Av. Veracruz 102, Col. Condesa)\u00a0<\/span><\/p>\n<p>&nbsp;<\/p>\n<h3><span style=\"color: #000000;\">Lunes 9 de noviembre &#8211; 20:00 hrs.<\/span><\/h3>\n<p><span style=\"color: #000000;\"><a style=\"color: #000000;\" href=\"http:\/\/www.circo212.org.mx\/circo2\/wp-content\/uploads\/2015\/11\/Sed-de-sangre.jpg\"><img loading=\"lazy\" decoding=\"async\" class=\"alignnone size-medium wp-image-3787\" src=\"http:\/\/www.circo212.org.mx\/circo2\/wp-content\/uploads\/2015\/11\/Sed-de-sangre-300x200.jpg\" alt=\"Sed de sangre\" width=\"300\" height=\"200\" \/><\/a><\/span><\/p>\n<p><span style=\"color: #000000;\"><strong>Sed de sangre<\/strong>\u00a0(Bakjwi)<\/span><br \/>\n<span style=\"color: #000000;\">Dir. Park Chan-Wook \/\u00a0Korea del Sur \/\u00a02009 \/\u00a0133 min.<\/span><\/p>\n<p style=\"text-align: justify;\"><span style=\"color: #000000;\">Sang-hyun, un caritativo sacerdote vive atormentado por las dudas y la desesperaci\u00f3n que le provoca un mundo dominado por el sufrimiento y la muerte. El deseo de salvar vidas lo lleva a \u00c1frica, all\u00ed contrae una enfermedad mortal de la que se recupera casi milagrosamente pero una noche sufre una reca\u00edda y muere. A la ma\u00f1ana siguiente se siente animado por una nueva vitalidad, pero siente un gran rechazo por s\u00ed mismo.<\/span><\/p>\n<h3><span style=\"color: #000000;\">Lunes 16 de noviembre &#8211; 20:00 hrs.<\/span><\/h3>\n<h3><span style=\"color: #000000;\"><a style=\"color: #000000;\" href=\"http:\/\/www.circo212.org.mx\/circo2\/wp-content\/uploads\/2015\/11\/El-ansia_2.jpg\"><img loading=\"lazy\" decoding=\"async\" class=\"alignnone size-medium wp-image-3788\" src=\"http:\/\/www.circo212.org.mx\/circo2\/wp-content\/uploads\/2015\/11\/El-ansia_2-300x225.jpg\" alt=\"El ansia_2\" width=\"300\" height=\"225\" srcset=\"https:\/\/circo212.org.mx\/circo2\/wp-content\/uploads\/2015\/11\/El-ansia_2-300x225.jpg 300w, https:\/\/circo212.org.mx\/circo2\/wp-content\/uploads\/2015\/11\/El-ansia_2.jpg 400w\" sizes=\"auto, (max-width: 300px) 100vw, 300px\" \/><\/a><\/span><\/h3>\n<p><span style=\"color: #000000;\"><strong>El ansia<\/strong>\u00a0(The Hunger)<br \/>\n<\/span><span style=\"color: #000000;\">Dir. Tony Scott \/\u00a0Reino Unido \/\u00a01983 \/\u00a097 min.<\/span><\/p>\n<p style=\"text-align: justify;\"><span style=\"color: #000000;\">Miriam Blaylock colecciona no s\u00f3lo arte del Renacimiento y colgantes del Antiguo Egipto sino, sobre todo, amantes y almas. Moderna y elegante, Miriam es un vampiro intemporal residente en Manhattan, una mujer bendecida con la belleza y maldecida con su sed de sangre.<\/span><\/p>\n<h3><span style=\"color: #000000;\">Lunes 23 de noviembre &#8211; 20:00 hrs.<\/span><\/h3>\n<p><span style=\"color: #000000;\"><a style=\"color: #000000;\" href=\"http:\/\/www.circo212.org.mx\/circo2\/wp-content\/uploads\/2015\/11\/la-adiccion_3.png\"><img loading=\"lazy\" decoding=\"async\" class=\"alignnone size-medium wp-image-3789\" src=\"http:\/\/www.circo212.org.mx\/circo2\/wp-content\/uploads\/2015\/11\/la-adiccion_3-300x227.png\" alt=\"la adiccion_3\" width=\"300\" height=\"227\" srcset=\"https:\/\/circo212.org.mx\/circo2\/wp-content\/uploads\/2015\/11\/la-adiccion_3-300x227.png 300w, https:\/\/circo212.org.mx\/circo2\/wp-content\/uploads\/2015\/11\/la-adiccion_3.png 592w\" sizes=\"auto, (max-width: 300px) 100vw, 300px\" \/><\/a><\/span><\/p>\n<p><span style=\"color: #000000;\"><strong>La adicci\u00f3n<\/strong>\u00a0(The addiction)<br \/>\n<\/span><span style=\"color: #000000;\">Dir. Abel Ferrara \/\u00a0EUA \/\u00a01995 \/\u00a082 min.<\/span><\/p>\n<p style=\"text-align: justify;\"><span style=\"color: #000000;\">La estudiante de filosof\u00eda Kathleen Conklin es mordida por una mujer vampiro, lo que provoca cambios decisivos en su persona, convirti\u00e9ndose en una yonkie \u00e1vida de sangre para calmar la insaciable sed que la atenaza. Incapaz de rebelarse ante su nueva condici\u00f3n vital que la domina por completo, la desconcertada joven buscar\u00e1 comprender el aut\u00e9ntico alcance del fen\u00f3meno, al mismo tiempo que intervendr\u00e1 en brutales masacres vamp\u00edricas de inadvertidos amigos y conocidos.\u00a0<\/span><\/p>\n<h3><span style=\"color: #000000;\">Lunes 30 de noviembre &#8211; 20:00 hrs.<\/span><\/h3>\n<h3><span style=\"color: #000000;\"><a style=\"color: #000000;\" href=\"http:\/\/www.circo212.org.mx\/circo2\/wp-content\/uploads\/2015\/11\/Una-chica-regresa-sola-a-casa-de-noche_3.jpeg\"><img loading=\"lazy\" decoding=\"async\" class=\"alignnone size-medium wp-image-3790\" src=\"http:\/\/www.circo212.org.mx\/circo2\/wp-content\/uploads\/2015\/11\/Una-chica-regresa-sola-a-casa-de-noche_3-300x217.jpeg\" alt=\"Una chica regresa sola a casa de noche_3\" width=\"300\" height=\"217\" srcset=\"https:\/\/circo212.org.mx\/circo2\/wp-content\/uploads\/2015\/11\/Una-chica-regresa-sola-a-casa-de-noche_3-300x217.jpeg 300w, https:\/\/circo212.org.mx\/circo2\/wp-content\/uploads\/2015\/11\/Una-chica-regresa-sola-a-casa-de-noche_3.jpeg 675w\" sizes=\"auto, (max-width: 300px) 100vw, 300px\" \/><\/a><\/span><\/h3>\n<p><span style=\"color: #000000;\"><strong>Una chica regresa a casa sola de noche<\/strong>\u00a0(A Girl Walks Home Alone at Night)<br \/>\n<\/span><span style=\"color: #000000;\">Dir. Ana Lily Amirpour \/\u00a0EUA \/\u00a02014 \/\u00a0100 min.<\/span><\/p>\n<p style=\"text-align: justify;\"><span style=\"color: #000000;\">En la ciudad iran\u00ed de Bad City puede pasar cualquier cosa. En medio de un abanico de personajes marginales, un vampiro vaga en busca de sangre. Al western vamp\u00edrico se le suma un romance te\u00f1ido de sangre. A Girl Walks Home Alone at Night combina g\u00e9neros y estilos: invoca el western, la fascinaci\u00f3n propia de Lynch, el terror y las novelas gr\u00e1ficas.<\/span><\/p>\n<p>&nbsp;<\/p>\n<h1 style=\"text-align: center;\">\u00a0<span style=\"color: #000000;\">DOCTUBRE<\/span><\/h1>\n<p>&nbsp;<\/p>\n<h2 style=\"text-align: center;\"><span style=\"color: #000000;\">en\u00a0<\/span><\/h2>\n<p>&nbsp;<\/p>\n<h1 style=\"text-align: center;\"><span style=\"color: #000000;\">Cineclub Condesa<\/span><\/h1>\n<p>&nbsp;<\/p>\n<h1 style=\"text-align: center;\"><\/h1>\n<p style=\"text-align: center;\"><span style=\"color: #000000;\">El Festival Internacional de Cine Documental de la Ciudad de M\u00e9xico (DocsDF) celebra su d\u00e9cimo aniversario. Desde su inauguraci\u00f3n DocsDF se ha enfocado no s\u00f3lo en exhibir en cada una de sus ediciones cientos de los mejores trabajos realizados alrededor del mundo, sino tambi\u00e9n en promover y difundir el cine documental contempor\u00e1neo, acompa\u00f1ar la formaci\u00f3n de nuevos cineastas, as\u00ed como en fomentar la creaci\u00f3n y el desarrollo de proyectos cinematogr\u00e1ficos. Para ello, ha incorporado diversos componentes, entre ellos la RED DOCTUBRE que no s\u00f3lo se realiza en M\u00e9xico sino en Iberoam\u00e9rica y lo sit\u00faa como uno de los festivales m\u00e1s importantes del continente.<\/span><\/p>\n<p style=\"text-align: center;\"><span style=\"color: #000000;\">Ya lo saben, Octubre es el mes del documental, los esperamos todos los lunes de Doctubre en el s\u00f3tano del Hotel Condesa DF<br \/>\n<\/span><span style=\"color: #000000;\">(Av. Veracruz 102, Col. Condesa)<\/span><\/p>\n<p>&nbsp;<\/p>\n<h3><span style=\"color: #000000;\">Lunes 5 de octubre &#8211; 20:00 hrs.<\/span><\/h3>\n<p><span style=\"color: #000000;\"><a style=\"color: #000000;\" href=\"http:\/\/www.circo212.org.mx\/circo2\/wp-content\/uploads\/2015\/09\/El-poeta_2.jpg\"><img loading=\"lazy\" decoding=\"async\" class=\"alignnone size-full wp-image-3733\" src=\"http:\/\/www.circo212.org.mx\/circo2\/wp-content\/uploads\/2015\/09\/El-poeta_2.jpg\" alt=\"El poeta_2\" width=\"300\" height=\"300\" srcset=\"https:\/\/circo212.org.mx\/circo2\/wp-content\/uploads\/2015\/09\/El-poeta_2.jpg 300w, https:\/\/circo212.org.mx\/circo2\/wp-content\/uploads\/2015\/09\/El-poeta_2-150x150.jpg 150w\" sizes=\"auto, (max-width: 300px) 100vw, 300px\" \/><\/a><\/span><\/p>\n<p><span style=\"color: #000000;\"><strong>El poeta<\/strong><\/span><br \/>\n<span style=\"color: #000000;\"> Direcci\u00f3n: Kelly Duane, Katie Galloway\/\u00a0Producci\u00f3n: Kelly Duane, Katie Galloway, Nefertiti Kelley Farias\/\u00a0Fotograf\u00eda: Kelly Duane\/ 2015\/ Estados Unidos, M\u00e9xico\/\u00a050&#8242;<\/span><\/p>\n<p style=\"text-align: justify;\"><span style=\"color: #000000;\">El poeta\u00a0es un retrato \u00edntimo de Javier Sicilia, artista mexicano y uno de los activistas del \u00abMovimiento por la Paz con Justicia y Dignidad\u00bb, creado en 2011 despu\u00e9s de la muerte de su hijo a causa de la violencia desatada por la lucha contra el narcotr\u00e1fico en M\u00e9xico. El documental retrata el viaje personal del poeta y padre que se convierte en activista pol\u00edtico y s\u00edmbolo nacional de dolor y redenci\u00f3n. La voz predominante es la de Javier Sicilia y a trav\u00e9s de sus propias palabras llegamos a conocer su lucha.<\/span><\/p>\n<p><span style=\"color: #000000;\"><strong>Duda Razonable<\/strong><\/span><br \/>\n<span style=\"color: #000000;\"> Direcci\u00f3n: Daniel Ruiz\/\u00a0Producci\u00f3n: Ivo Gayt\u00e1n, Oswaldo Villalvazo\/\u00a0Fotograf\u00eda: Gilberto Bonilla, Alberto Robles\/\u00a02014\/\u00a0M\u00e9xico\/\u00a070\u2019\u00a0<\/span><\/p>\n<p style=\"text-align: justify;\"><span style=\"color: #000000;\">El caso de Florence Cassez es emblem\u00e1tico. Parad\u00f3jicamente, no es un caso diferente a otros muchos que hay en los tribunales, pero el seguimiento medi\u00e1tico y la intervenci\u00f3n del gobierno de Francia marcaron la diferencia. Es una historia que comprueba que en M\u00e9xico cualquiera puede estar en la c\u00e1rcel, acusado de cualquier delito, gracias a un expediente fabricado por una polic\u00eda apoyada por sectores sociales que piden culpables y no justicia.<\/span><\/p>\n<h3><span style=\"color: #000000;\">Lunes 12 de octubre &#8211; 20:00 hrs.<\/span><\/h3>\n<p><span style=\"color: #000000;\"><a style=\"color: #000000;\" href=\"http:\/\/www.circo212.org.mx\/circo2\/wp-content\/uploads\/2015\/09\/oso.jpg\"><img loading=\"lazy\" decoding=\"async\" class=\"alignnone size-medium wp-image-3734\" src=\"http:\/\/www.circo212.org.mx\/circo2\/wp-content\/uploads\/2015\/09\/oso-300x225.jpg\" alt=\"oso\" width=\"300\" height=\"225\" srcset=\"https:\/\/circo212.org.mx\/circo2\/wp-content\/uploads\/2015\/09\/oso-300x225.jpg 300w, https:\/\/circo212.org.mx\/circo2\/wp-content\/uploads\/2015\/09\/oso.jpg 400w\" sizes=\"auto, (max-width: 300px) 100vw, 300px\" \/><\/a><\/span><\/p>\n<p><span style=\"color: #000000;\"><strong>Selecci\u00f3n de cortometrajes<\/strong><\/span><\/p>\n<p><span style=\"color: #000000;\"><strong>B\u00e4r <\/strong>(Oso)\u00a0<\/span><br \/>\n<span style=\"color: #000000;\">Direcci\u00f3n: Pascal Fl\u00f6rks\/\u00a0Producci\u00f3n: Julia Smola\/\u00a0Fotograf\u00eda: Pascal Fl\u00f6rks\/\u00a02014\/\u00a0Alemania\/\u00a009\u2019\u00a0<\/span><\/p>\n<p style=\"text-align: justify;\"><span style=\"color: #000000;\">El pasado de mi abuelo siempre estuvo muy presente. Se atravesaba en algo que \u00e9l dec\u00eda o hac\u00eda, pero nunca hab\u00eda hablado de ello. S\u00f3lo ahora, revisando su vida y su personalidad, como yo lo conoc\u00ed, siento el peso de su herencia.<\/span><\/p>\n<p><span style=\"color: #000000;\"><strong>Born Fighter<\/strong> (Nacido para pelear)<\/span><br \/>\n<span style=\"color: #000000;\"> Direcci\u00f3n y fotograf\u00eda: Daniel Ch\u00e1vez Ontiveros\/\u00a0Producci\u00f3n: Daniel Ch\u00e1vez Ontiveros, Stanford University, East Palo Alto Boxing Club\/ 2014\/\u00a0Estados Unidos\/\u00a05\u2019\u00a0<\/span><\/p>\n<p style=\"text-align: justify;\"><span style=\"color: #000000;\">El club de boxeo de Johnnie Gray Jr. es un refugio para los ni\u00f1os y j\u00f3venes latinos y afroamericanos que viven en la peligrosa y conflictiva ciudad de East Palo Alto en California, Estados Unidos. Ciudad que ir\u00f3nicamente se encuentra a unos minutos de la c\u00faspide de tecnolog\u00eda y riqueza de Silicon Valley.<\/span><\/p>\n<p><span style=\"color: #000000;\"><strong>Figura\u00a0<\/strong><\/span><br \/>\n<span style=\"color: #000000;\"> Direcci\u00f3n: Katarzyna Gondek\/\u00a0Producci\u00f3n: Agnieszka Traczewska\/\u00a0Fotograf\u00eda: Jaros\u0142aw Piekarski\/\u00a02015\/\u00a0Polonia\/\u00a09\u2019\u00a0<\/span><\/p>\n<p style=\"text-align: justify;\"><span style=\"color: #000000;\">Es blanco y con viento alrededor. Una figura gigante emerge por detr\u00e1s de la cortina de nieve y golpea la carretera. Para aterrizar en la cima de una colina, junto a las ara\u00f1as, los santos y los carritos chocones.\u00a0Figura\u00a0es un relato surrealista sobre crear mitos, sobre cursiler\u00eda religiosa y sobre el deseo por la grandeza. Qui\u00e9n es nuestro protagonista: el parque sacro miniatura residente m\u00e1s grande del mundo. Una gigante contradicci\u00f3n.<\/span><\/p>\n<p><span style=\"color: #000000;\"><strong>The Wapiti\u00a0<\/strong>(El wapit\u00ed)<\/span><br \/>\n<span style=\"color: #000000;\"> Direcci\u00f3n, producci\u00f3n y fotograf\u00eda: Anssi Kasitonni\/\u00a02014\/\u00a0Finlandia\/\u00a003\u2019\u00a0<\/span><\/p>\n<p style=\"text-align: justify;\"><span style=\"color: #000000;\">Este documental de naturaleza falsa presenta una recreaci\u00f3n educacional sobre la vida de ciervos canadienses desviados.<\/span><\/p>\n<p><span style=\"color: #000000;\"><strong>Walls\u00a0<\/strong>(Muros)<\/span><br \/>\n<span style=\"color: #000000;\"> Direcci\u00f3n: Miguel L\u00f3pez Beraza\/\u00a0Producci\u00f3n: Silvia Venegas, Juan Antonio Moreno (Making Doc Producciones)\/\u00a0Fotograf\u00eda: Miguel L\u00f3pez Beraza, Marko Sipka\/2014\/\u00a0Espa\u00f1a\/\u00a011\u2019\u00a0<\/span><\/p>\n<p style=\"text-align: justify;\"><span style=\"color: #000000;\">Si las paredes hablasen, \u00bfqu\u00e9 dir\u00edan de sus vecinos? Un d\u00eda en la vida del Sr. Istvan y la Sra. Magdi, vecinos desde hace muchos a\u00f1os, es narrada por el edificio de Budapest en el que ambos viven. Las paredes que les rodean desvelan sus peque\u00f1as pasiones, historias y rutinas.<\/span><\/p>\n<p><span style=\"color: #000000;\"><strong>Jo\u00e3o Batista<\/strong>\u00a0(Juan el Bautista)<\/span><br \/>\n<span style=\"color: #000000;\"> Direcci\u00f3n: Rodrigo Meireles\/\u00a0Producci\u00f3n: Rodrigo Meireles (Rel\u00f3gio Quebrado)\/\u00a0Fotograf\u00eda: Rodrigo Meireles\/\u00a02015\/\u00a0Brasil\/\u00a024\u2019\u00a0<\/span><\/p>\n<p style=\"text-align: justify;\"><span style=\"color: #000000;\">Jo\u00e3o Batista\u00a0es un documental que muestra un d\u00eda de la rutina sudorosa de un trabajador brasile\u00f1o aparentemente normal.<\/span><\/p>\n<p><span style=\"color: #000000;\"><strong>Rub\u00e9n, el evangelizador<br \/>\n<\/strong>Direcci\u00f3n y producci\u00f3n: Erick Flores, Miguel Cede\u00f1o\/\u00a0Fotograf\u00eda: Erick Flores\/\u00a02015 \/\u00a0M\u00e9xico\/\u00a012\u2019 \u00a0<\/span><\/p>\n<p style=\"text-align: justify;\"><span style=\"color: #000000;\">Rub\u00e9n Garc\u00eda, un evangelizador cat\u00f3lico homosexual, comparte su testimonio en conferencias o programas de televisi\u00f3n. Y en este documental revela las transformaciones que lo convirtieron en la persona que es actualmente.<\/span><\/p>\n<p><span style=\"color: #000000;\"><strong>Ver\u00e3o da lata <\/strong>(El verano de la lata)<\/span><br \/>\n<span style=\"color: #000000;\"> Direcci\u00f3n: Tocha Alves, Han\u00e1 Vaisman\/\u00a0Producci\u00f3n: Claudia Buschel\/\u00a0Fotograf\u00eda: Ricardo Ortiz de Siqueira\/\u00a02014\/\u00a0Brasil\/\u00a059\u2019\u00a0<\/span><\/p>\n<p><span style=\"color: #000000;\">Pocos veranos son tan excepcionales como para merecer un t\u00edtulo, pero el brasile\u00f1o de 1987-1988 se convirti\u00f3 en el \u00abverano de la lata\u00bb, una vez que miles de envases que conten\u00edan 1.5 kg de marihuana tailandesa de la m\u00e1s alta calidad emergieron en las playas de R\u00edo de Janeiro y S\u00e3o Paulo, desencadenando eventos criminales, econ\u00f3micos y de comportamiento. La carga pertinencia al yate Solana Star y estaba dirigida al mercado estadounidense; sin embargo, termin\u00f3 en las costas para evitar mayores problemas con la marina brasile\u00f1a.<\/span><\/p>\n<h3><span style=\"color: #000000;\">Lunes 19 de octubre &#8211; 20:00 hrs.<\/span><\/h3>\n<p><span style=\"color: #000000;\"><a style=\"color: #000000;\" href=\"http:\/\/www.circo212.org.mx\/circo2\/wp-content\/uploads\/2015\/09\/Esp\u00edritu-en-movimiento.jpg\"><img loading=\"lazy\" decoding=\"async\" class=\"alignnone size-medium wp-image-3735\" src=\"http:\/\/www.circo212.org.mx\/circo2\/wp-content\/uploads\/2015\/09\/Esp\u00edritu-en-movimiento-300x225.jpg\" alt=\"Esp\u00edritu en movimiento\" width=\"300\" height=\"225\" srcset=\"https:\/\/circo212.org.mx\/circo2\/wp-content\/uploads\/2015\/09\/Esp\u00edritu-en-movimiento-300x225.jpg 300w, https:\/\/circo212.org.mx\/circo2\/wp-content\/uploads\/2015\/09\/Esp\u00edritu-en-movimiento.jpg 400w\" sizes=\"auto, (max-width: 300px) 100vw, 300px\" \/><\/a><\/span><\/p>\n<p><span style=\"color: #000000;\"><strong>Spirit in Motion<\/strong> (Esp\u00edritu en movimiento)<\/span><br \/>\n<span style=\"color: #000000;\"> Direcci\u00f3n: Sofia Geveyler, Julia Bivsheva, Sofia Kucher\/\u00a0Producci\u00f3n: Vladimir Malishev, Sergei Miroshnichenko, Fedor Popov\/\u00a0Fotograf\u00eda: Yan Yasinsky, Yury Ermolin, Alexander Kotenko, Alexander Filippov, Dmitry Minenkov, Vasily Grigolunas\/\u00a02015\/\u00a0Rusia\/\u00a073\u2019\u00a0<\/span><\/p>\n<p style=\"text-align: justify;\"><span style=\"color: #000000;\">Ocho de los atletas m\u00e1s fuertes, provenientes de diferentes partes del mundo, est\u00e1n luchando por una oportunidad para ir a Rusia y ganar una medalla del m\u00e1s alto nivel, pero antes cada uno de ellos deber\u00e1 vencer al oponente m\u00e1s serio: su propia discapacidad. Este documental es un retrato de los Juegos Paral\u00edmpicos de Sochi 2014.<\/span><\/p>\n<p><span style=\"color: #000000;\"><strong>Un aplauso al que vive<\/strong><br \/>\n<\/span><span style=\"color: #000000;\">Direcci\u00f3n y producci\u00f3n: Florencia In\u00e9s Gonz\u00e1lez\/\u00a0<\/span><span style=\"color: #000000;\">Fotograf\u00eda: Florencia In\u00e9s Gonz\u00e1lez, Valeria Ord\u00f3\u00f1ez\/\u00a0<\/span><span style=\"color: #000000;\">2015\/\u00a0<\/span><span style=\"color: #000000;\">Argentina\/\u00a0<\/span><span style=\"color: #000000;\">67\u2019\u00a0<\/span><\/p>\n<p style=\"text-align: justify;\"><span style=\"color: #000000;\">Esta es la historia de un hombre com\u00fan que decidi\u00f3 ser pastor a partir de un\u00a0milagro\u00a0que cur\u00f3 a su madre de un c\u00e1ncer terminal e hizo que su padre alcoh\u00f3lico y violento dejara la bebida. Tambi\u00e9n de siete personas en particular y un grupo de feligreses en general que siguen a este pastor porque sus vidas fueron\u00a0cambiadas. Hasta aqu\u00ed ser\u00eda una historia normal sobre religi\u00f3n. Pero Diego Gebel no es un pastor \u00abcom\u00fan y corriente\u00bb.<\/span><\/p>\n<h3><span style=\"color: #000000;\">Lunes 26 de octubre &#8211; 20:00 hrs.<\/span><\/h3>\n<p><a href=\"http:\/\/www.circo212.org.mx\/circo2\/wp-content\/uploads\/2015\/09\/M\u00e1s-n\u00e1ufragos-que-navegantes.jpg\"><img loading=\"lazy\" decoding=\"async\" class=\"alignnone size-medium wp-image-3736\" src=\"http:\/\/www.circo212.org.mx\/circo2\/wp-content\/uploads\/2015\/09\/M\u00e1s-n\u00e1ufragos-que-navegantes-300x143.jpg\" alt=\"M\u00e1s n\u00e1ufragos que navegantes\" width=\"300\" height=\"143\" srcset=\"https:\/\/circo212.org.mx\/circo2\/wp-content\/uploads\/2015\/09\/M\u00e1s-n\u00e1ufragos-que-navegantes-300x143.jpg 300w, https:\/\/circo212.org.mx\/circo2\/wp-content\/uploads\/2015\/09\/M\u00e1s-n\u00e1ufragos-que-navegantes.jpg 880w\" sizes=\"auto, (max-width: 300px) 100vw, 300px\" \/><\/a><\/p>\n<p><strong><span style=\"color: #000000;\">Mais n\u00e1ufragos que navegantes <\/span><\/strong><span style=\"color: #000000;\">(<\/span><span style=\"color: #000000;\">M\u00e1s n\u00e1ufragos que navegantes)<br \/>\n<\/span><span style=\"color: #000000;\">Direcci\u00f3n y producci\u00f3n: Guillermo Planel\/\u00a0<\/span><span style=\"color: #000000;\">Fotograf\u00eda: Guillermo Planel, C\u00e9sar Trindade\/\u00a0<\/span><span style=\"color: #000000;\">2012\/<\/span><span style=\"color: #000000;\">\u00a0Brasil\/\u00a0<\/span><span style=\"color: #000000;\">97\u2019\u00a0<\/span><\/p>\n<p style=\"text-align: justify;\"><span style=\"color: #000000;\">Diferentes conceptos sobre los derechos humanos en Am\u00e9rica Latina son discutidos por diversos protagonistas de la historia contempor\u00e1nea. M\u00faltiples personajes que transforman sus sociedades abordan, analizan y reflexionan respecto a temas fundamentales que est\u00e1n m\u00e1s all\u00e1 de lo que definen dichos conceptos de uso generalizado, pero que no siempre son comprendidos.<\/span><\/p>\n<p>&nbsp;<\/p>\n<h1 style=\"text-align: center;\"><\/h1>\n<h1 style=\"text-align: center;\"><span style=\"color: #000000;\">25 A\u00d1OS CMDPDH<\/span><\/h1>\n<p>&nbsp;<\/p>\n<h1 style=\"text-align: center;\"><span style=\"color: #000000;\">en\u00a0<\/span><\/h1>\n<p>&nbsp;<\/p>\n<h1 style=\"text-align: center;\"><span style=\"color: #000000;\">Cineclub Condesa<\/span><\/h1>\n<p>&nbsp;<\/p>\n<p style=\"text-align: justify;\"><span style=\"color: #000000;\">La Comisi\u00f3n Mexicana de Defensa y Promoci\u00f3n de los Derechos Humanos es una organizaci\u00f3n civil, secular, aut\u00f3noma, e independiente fundada en 1989. La CMDPDH acompa\u00f1a casos paradigm\u00e1ticos de violaciones graves a derechos humanos, los temas principales son: Acceso a la Justicia, Combate a la impunidad de violaciones graves a derechos humanos como tortura, ejecuci\u00f3n extrajudicial, y desaparici\u00f3n forzada, Desplazamiento Interno, Pol\u00edticas de drogas, Seguridad ciudadana, Violencia contra las mujeres, Acompa\u00f1amiento a personas defensoras.<\/span><\/p>\n<p style=\"text-align: justify;\"><span style=\"color: #000000;\">En el marco del 25 aniversario de la Comisi\u00f3n Mexicana, se realizar\u00e1n diferentes actividades con el objetivo de promover la defensa de los derechos humanos en M\u00e9xico. Circo 2.12 se suma a esta iniciativa con un ciclo de cine en Cineclub Condesa DF que presentar\u00e1 diferentes documentales de temas relacionados con la defensa de los derechos humanos a trav\u00e9s de diversos contextos, mostrando la importancia de la labor de las personas que alzan la voz en contra de las injusticia y defienden los derechos humanos para romper con la cadena de impunidad.<\/span><\/p>\n<p style=\"text-align: center;\"><span style=\"color: #000000;\">Los esperamos en el s\u00f3tano del Hotel Condesa DF<\/span><br \/>\n<span style=\"color: #000000;\">(Av. Veracruz 102, Col. Condesa)<\/span><\/p>\n<p>&nbsp;<\/p>\n<h3><span style=\"color: #000000;\">Lunes 7 de septiembre &#8211; 20:00 hrs.<\/span><\/h3>\n<p><span style=\"color: #000000;\"><a style=\"color: #000000;\" href=\"http:\/\/www.circo212.org.mx\/circo2\/wp-content\/uploads\/2015\/09\/tumblr_ndi2sfHecl1sz4zago3_500.jpg\"><img loading=\"lazy\" decoding=\"async\" class=\"alignnone size-medium wp-image-3589\" src=\"http:\/\/www.circo212.org.mx\/circo2\/wp-content\/uploads\/2015\/09\/tumblr_ndi2sfHecl1sz4zago3_500-300x188.jpg\" alt=\"tumblr_ndi2sfHecl1sz4zago3_500\" width=\"300\" height=\"188\" srcset=\"https:\/\/circo212.org.mx\/circo2\/wp-content\/uploads\/2015\/09\/tumblr_ndi2sfHecl1sz4zago3_500-300x188.jpg 300w, https:\/\/circo212.org.mx\/circo2\/wp-content\/uploads\/2015\/09\/tumblr_ndi2sfHecl1sz4zago3_500.jpg 500w\" sizes=\"auto, (max-width: 300px) 100vw, 300px\" \/><\/a><\/span><\/p>\n<p><span style=\"color: #000000;\"><strong>Rosario<\/strong><\/span><br \/>\n<span style=\"color: #000000;\">Dir. Shula Erenberg \/ M\u00e9xico \/ 2013 \/ 70 min.<\/span><\/p>\n<p style=\"text-align: justify;\"><span style=\"color: #000000;\">Retrato de vida de una mujer que sufri\u00f3 la desaparici\u00f3n de su hijo en el a\u00f1o 1975 en la ciudad de Monterrey y desde ese momento su vida cambi\u00f3. Se transform\u00f3 en una incansable luchadora que transita desde la b\u00fasqueda de su hijo desaparecido hasta asumir un proyecto de vida dedicado a la defensa de los derechos humanos en M\u00e9xico.<\/span><\/p>\n<h3><span style=\"color: #000000;\">Lunes 14 de septiembre &#8211; 20:00 hrs.<\/span><\/h3>\n<p><span style=\"color: #000000;\"><a style=\"color: #000000;\" href=\"http:\/\/www.circo212.org.mx\/circo2\/wp-content\/uploads\/2015\/09\/6a014e6089cbd5970c01bb07f48257970d.jpg\"><img loading=\"lazy\" decoding=\"async\" class=\"alignnone size-medium wp-image-3590\" src=\"http:\/\/www.circo212.org.mx\/circo2\/wp-content\/uploads\/2015\/09\/6a014e6089cbd5970c01bb07f48257970d-300x261.jpg\" alt=\"6a014e6089cbd5970c01bb07f48257970d\" width=\"300\" height=\"261\" srcset=\"https:\/\/circo212.org.mx\/circo2\/wp-content\/uploads\/2015\/09\/6a014e6089cbd5970c01bb07f48257970d-300x261.jpg 300w, https:\/\/circo212.org.mx\/circo2\/wp-content\/uploads\/2015\/09\/6a014e6089cbd5970c01bb07f48257970d.jpg 672w\" sizes=\"auto, (max-width: 300px) 100vw, 300px\" \/><\/a><\/span><\/p>\n<p><span style=\"color: #000000;\"><strong>Ll\u00e9vate mis amores<\/strong><\/span><br \/>\n<span style=\"color: #000000;\">Dir. Arturo Gonz\u00e1lez Villase\u00f1or \/ M\u00e9xico \/ 2014 \/ 90 min.<\/span><\/p>\n<p style=\"text-align: justify;\"><span style=\"color: #000000;\">Un acercamiento \u00edntimo a\u00a0<em>Las Patronas<\/em>, un grupo de mujeres mexicanas que desde 1995 prepara comida todos los d\u00edas y la lanzan a los migrantes que viajan sobre el tren de carga\u00a0<em>La Bestia<\/em>, que viaja rumbo a Estados Unidos. Un diario personal que traza la frontera entre la vida que toca vivir y la vida que se elige; un valiente y deslumbrante ejemplo de amor y solidaridad que contrasta con la violencia que viven las personas que viajan sobre el tren.<\/span><\/p>\n<h3><span style=\"color: #000000;\">Lunes 21 de septiembre &#8211; 20:00 hrs.<\/span><\/h3>\n<p><span style=\"color: #000000;\"><a style=\"color: #000000;\" href=\"http:\/\/www.circo212.org.mx\/circo2\/wp-content\/uploads\/2015\/09\/Mover-un-rio-poster-2.jpg\"><img loading=\"lazy\" decoding=\"async\" class=\"alignnone size-medium wp-image-3591\" src=\"http:\/\/www.circo212.org.mx\/circo2\/wp-content\/uploads\/2015\/09\/Mover-un-rio-poster-2-300x225.jpg\" alt=\"Mover-un-rio-poster-2\" width=\"300\" height=\"225\" srcset=\"https:\/\/circo212.org.mx\/circo2\/wp-content\/uploads\/2015\/09\/Mover-un-rio-poster-2-300x225.jpg 300w, https:\/\/circo212.org.mx\/circo2\/wp-content\/uploads\/2015\/09\/Mover-un-rio-poster-2.jpg 500w\" sizes=\"auto, (max-width: 300px) 100vw, 300px\" \/><\/a><\/span><\/p>\n<p><span style=\"color: #000000;\"><strong>Mover un r\u00edo: la lucha Yaqui por el agua no ha terminado<\/strong><\/span><br \/>\n<span style=\"color: #000000;\">Dir. Alba Herrera \/ M\u00e9xico \/ 2015 \/ 67 min.<\/span><\/p>\n<p style=\"text-align: justify;\"><span style=\"color: #000000;\">A trav\u00e9s de un recorrido, Mover un r\u00edo muestra los da\u00f1os ambientales provocados por el control de las aguas del r\u00edo m\u00e1s caudaloso del estado de Sonora, as\u00ed como la lucha pac\u00edfica que la Tribu Yaqui emprende para conservar su cultura a trav\u00e9s de la defensa de su agua y territorio.<\/span><\/p>\n<h3><span style=\"color: #000000;\">Lunes 28 de septiembre &#8211; 20:00 hrs.<\/span><\/h3>\n<p><span style=\"color: #000000;\"><a style=\"color: #000000;\" href=\"http:\/\/www.circo212.org.mx\/circo2\/wp-content\/uploads\/2015\/09\/los-43-que-faltan-normalistas-desaparecidos-parte-1-1416518537.jpg\"><img loading=\"lazy\" decoding=\"async\" class=\"alignnone size-medium wp-image-3592\" src=\"http:\/\/www.circo212.org.mx\/circo2\/wp-content\/uploads\/2015\/09\/los-43-que-faltan-normalistas-desaparecidos-parte-1-1416518537-300x169.jpg\" alt=\"los-43-que-faltan-normalistas-desaparecidos-parte-1-1416518537\" width=\"300\" height=\"169\" srcset=\"https:\/\/circo212.org.mx\/circo2\/wp-content\/uploads\/2015\/09\/los-43-que-faltan-normalistas-desaparecidos-parte-1-1416518537-300x169.jpg 300w, https:\/\/circo212.org.mx\/circo2\/wp-content\/uploads\/2015\/09\/los-43-que-faltan-normalistas-desaparecidos-parte-1-1416518537-1024x576.jpg 1024w, https:\/\/circo212.org.mx\/circo2\/wp-content\/uploads\/2015\/09\/los-43-que-faltan-normalistas-desaparecidos-parte-1-1416518537.jpg 1200w\" sizes=\"auto, (max-width: 300px) 100vw, 300px\" \/><\/a><\/span><\/p>\n<p><span style=\"color: #000000;\"><strong>Los 43 que faltan: normalistas desaparecidos<\/strong><\/span><br \/>\n<span style=\"color: #000000;\">Dir. VICE News \/ M\u00e9xico \/ 2014 \/ 38 min.<\/span><\/p>\n<p style=\"text-align: justify;\"><span style=\"color: #000000;\">Documental realizado por VICE\u00a0News que retrata las protestas que se dieron a partir de la desaparici\u00f3n de 43 normalistas en Ayotzinapa el 26 de septiembre del a\u00f1o 2014. Entrevistas a los pobladores de la localidad de Guerrero, estudiantes, cuerpos de seguridad y a los mismos padres de los j\u00f3venes desaparecidos dan un amplio panorama de lo ocurrido y as\u00ed, considera las causas y las consecuencias que ha tenido en nuestro pa\u00eds.\u00a0Las familias se niegan a aceptar que sus hijos ya no se encuentran con vida y continuar\u00e1n en exigencia de justicia hasta encontrarlos.<\/span><\/p>\n<h2><span style=\"color: #000000;\">\u00a1Entrada y palomitas gratis!<\/span><\/h2>\n<p>&nbsp;<\/p>\n<h1 style=\"text-align: center;\"><span style=\"color: #000000;\">REV\u00d3LVER DE 4 CUERDAS\u00a0<\/span><\/h1>\n<p>&nbsp;<\/p>\n<h1 style=\"text-align: center;\"><span style=\"color: #000000;\">en <\/span><\/h1>\n<p>&nbsp;<\/p>\n<h1 style=\"text-align: center;\"><span style=\"color: #000000;\">Cineclub Condesa<\/span><\/h1>\n<p>&nbsp;<\/p>\n<p style=\"text-align: justify;\"><span style=\"color: #000000;\">Circo 2.12 y Cultura Colectiva son plataformas de difusi\u00f3n en las que se involucran proyectos de distintas expresiones art\u00edsticas, las cuales logran un mayor alcance entre personas interesadas e involucradas con el movimiento cultural en M\u00e9xico.<\/span><\/p>\n<p style=\"text-align: justify;\"><span style=\"color: #000000;\">La m\u00fasica, como una expresi\u00f3n art\u00edstica, tiene un lugar importante en nuestros medios: Circo 2.12 RADIO y <em>Eleanor Rigby.<\/em><\/span><\/p>\n<p style=\"text-align: justify;\"><span style=\"color: #000000;\"><em>Eleanor Rigby<\/em>, adem\u00e1s de ser el nombre de la secci\u00f3n de m\u00fasica dentro del sitio de Cultura Colectiva, es el nombre de una canci\u00f3n que inspira el t\u00edtulo de \u201cRev\u00f3lver de 4 cuerdas\u201d, el nuevo ciclo en Cineclub Condesa DF.<\/span><\/p>\n<p style=\"text-align: justify;\"><span style=\"color: #000000;\">Dicho ciclo \u00a0es una selecci\u00f3n de 4 rockumentales que logran fusionar historias para una mejor percepci\u00f3n del poder de una canci\u00f3n, un \u00e1lbum, un artista, una banda, de la m\u00fasica en general; logrando as\u00ed una doble gratificaci\u00f3n sensorial.<\/span><\/p>\n<p style=\"text-align: center;\"><span style=\"color: #000000;\">Los esperamos los lunes a las 20:00 hrs. en el s\u00f3tano del Hotel Condesa DF<\/span><\/p>\n<p>&nbsp;<\/p>\n<h3><span style=\"color: #000000;\">Lunes 10 de agosto &#8211; 20:00 hrs.<\/span><\/h3>\n<p><span style=\"color: #000000;\"><a style=\"color: #000000;\" href=\"http:\/\/www.circo212.org.mx\/circo2\/wp-content\/uploads\/2015\/08\/sugarman-770x472.jpg\"><img loading=\"lazy\" decoding=\"async\" class=\"alignnone size-medium wp-image-3571\" src=\"http:\/\/www.circo212.org.mx\/circo2\/wp-content\/uploads\/2015\/08\/sugarman-770x472-300x184.jpg\" alt=\"sugarman-770x472\" width=\"300\" height=\"184\" srcset=\"https:\/\/circo212.org.mx\/circo2\/wp-content\/uploads\/2015\/08\/sugarman-770x472-300x184.jpg 300w, https:\/\/circo212.org.mx\/circo2\/wp-content\/uploads\/2015\/08\/sugarman-770x472.jpg 770w\" sizes=\"auto, (max-width: 300px) 100vw, 300px\" \/><\/a><\/span><\/p>\n<p><span style=\"color: #000000;\"><strong>SEARCHING FOR SUGAR MAN<\/strong><br \/>\n<\/span><span style=\"color: #000000;\">Dir. Malik Bendjelloul \/ Suecia- Reino Unido\u00a0\/\u00a02012 \/ 87 min.<\/span><\/p>\n<p style=\"text-align: justify;\"><span style=\"color: #000000;\">En los a\u00f1os 60, un m\u00fasico fue descubierto en un bar de Detroit por dos productores enamorados de sus melod\u00edas y sus letras conmovedoras. Grabaron un \u00e1lbum que ellos cre\u00edan que iba a situar al artista como uno de los grandes de su generaci\u00f3n. Sin embargo, el \u00e9xito nunca lleg\u00f3. De hecho, el cantante desapareci\u00f3 en medio de rumores sobre su suicidio en el escenario. Mientras la figura del artista se perd\u00eda en el olvido, una grabaci\u00f3n pirata encontrada en la Sud\u00e1frica se fue convirtiendo en un fen\u00f3meno.<\/span><\/p>\n<p style=\"text-align: justify;\"><span style=\"color: #000000;\">Dos fan\u00e1ticos sudafricanos se empe\u00f1an en averiguar qu\u00e9 pas\u00f3 realmente con su h\u00e9roe y su investigaci\u00f3n los lleva a una historia extraordinaria, hasta el mito de \u00abRodr\u00edguez\u00bb&#8230;<\/span><\/p>\n<h3><span style=\"color: #000000;\">Lunes 17 de agosto &#8211; 20:00 hrs.\u00a0<\/span><\/h3>\n<p><a href=\"http:\/\/www.circo212.org.mx\/circo2\/wp-content\/uploads\/2015\/08\/IT-MIGHT-GET-LOUD_3.jpg\"><img loading=\"lazy\" decoding=\"async\" class=\"alignnone size-medium wp-image-3572\" src=\"http:\/\/www.circo212.org.mx\/circo2\/wp-content\/uploads\/2015\/08\/IT-MIGHT-GET-LOUD_3-300x180.jpg\" alt=\"IT MIGHT GET LOUD_3\" width=\"300\" height=\"180\" srcset=\"https:\/\/circo212.org.mx\/circo2\/wp-content\/uploads\/2015\/08\/IT-MIGHT-GET-LOUD_3-300x180.jpg 300w, https:\/\/circo212.org.mx\/circo2\/wp-content\/uploads\/2015\/08\/IT-MIGHT-GET-LOUD_3.jpg 460w\" sizes=\"auto, (max-width: 300px) 100vw, 300px\" \/><\/a><\/p>\n<p><span style=\"color: #000000;\"><strong>IT MIGHT GET LOUD<\/strong><br \/>\n<\/span><span style=\"color: #000000;\">Dir. Davis Guggenheim \/ Estados Unidos \/ 2008 \/ 98 min.<\/span><\/p>\n<p style=\"text-align: justify;\"><span style=\"color: #000000;\">En raras ocasiones una pel\u00edcula puede penetrar la superficie glamorosa de leyendas del rock. It Might Get Loud cuenta las historias personales, en sus propias palabras, de tres generaciones de virtuosos de la guitarra el\u00e9ctrica: Jimmy Page (Led Zeppelin), The Edge (U2) y Jack White (The White Stripes).<\/span><\/p>\n<p style=\"text-align: justify;\"><span style=\"color: #000000;\">Revela c\u00f3mo cada uno desarroll\u00f3 su sonido y estilo \u00fanico de tocar en su instrumento favorito: la guitarra. Esta pel\u00edcula permite presenciar momentos \u00edntimos y escuchar m\u00fasica nueva de cada artista.<\/span><\/p>\n<h3><span style=\"color: #000000;\">Lunes 24 de agosto &#8211; 20:00 hrs.\u00a0<\/span><\/h3>\n<h3><a href=\"http:\/\/www.circo212.org.mx\/circo2\/wp-content\/uploads\/2015\/08\/NO-DIRECTION-HOME.bmp\"><img loading=\"lazy\" decoding=\"async\" class=\"alignnone size-full wp-image-3574\" src=\"http:\/\/www.circo212.org.mx\/circo2\/wp-content\/uploads\/2015\/08\/NO-DIRECTION-HOME.bmp\" alt=\"NO DIRECTION HOME\" width=\"320\" height=\"240\" \/><\/a><\/h3>\n<p><span style=\"color: #000000;\"><strong>NO DIRECTION HOME<\/strong><br \/>\n<\/span><span style=\"color: #000000;\">Dir. Martin Scorsese \/ Estados Unidos \/ 2005 \/ 208 min.<\/span><\/p>\n<p style=\"text-align: justify;\"><span style=\"color: #000000;\">Extraordinaria historia del viaje de Bob Dylan desde sus ra\u00edces en Minnesota hasta la \u00e9poca de sus comienzos en los caf\u00e9s del Greenwich Village, pasando por su sonada ascensi\u00f3n al estrellato del pop en 1966. Joan Baez, Allen Ginsberg y otros comparten sus pensamientos y sentimientos sobre el joven cantante que cambiar\u00eda para siempre la m\u00fasica popular. Incluye entrevistas exclusivas y, adem\u00e1s, secuencias y actuaciones in\u00e9ditas.<\/span><\/p>\n<h3><span style=\"color: #000000;\">Lunes 31 de agosto &#8211; 20:00 hrs.<\/span><\/h3>\n<p><a href=\"http:\/\/www.circo212.org.mx\/circo2\/wp-content\/uploads\/2015\/08\/PULP-A-FILM-ABOUT-LIFE-DEATH-AND-SUPERMARKETS_3.jpg\"><img loading=\"lazy\" decoding=\"async\" class=\"alignnone size-medium wp-image-3575\" src=\"http:\/\/www.circo212.org.mx\/circo2\/wp-content\/uploads\/2015\/08\/PULP-A-FILM-ABOUT-LIFE-DEATH-AND-SUPERMARKETS_3-300x169.jpg\" alt=\"PULP A FILM ABOUT LIFE, DEATH AND SUPERMARKETS_3\" width=\"300\" height=\"169\" srcset=\"https:\/\/circo212.org.mx\/circo2\/wp-content\/uploads\/2015\/08\/PULP-A-FILM-ABOUT-LIFE-DEATH-AND-SUPERMARKETS_3-300x169.jpg 300w, https:\/\/circo212.org.mx\/circo2\/wp-content\/uploads\/2015\/08\/PULP-A-FILM-ABOUT-LIFE-DEATH-AND-SUPERMARKETS_3-1024x576.jpg 1024w, https:\/\/circo212.org.mx\/circo2\/wp-content\/uploads\/2015\/08\/PULP-A-FILM-ABOUT-LIFE-DEATH-AND-SUPERMARKETS_3.jpg 1280w\" sizes=\"auto, (max-width: 300px) 100vw, 300px\" \/><\/a><\/p>\n<p><span style=\"color: #000000;\"><strong>PULP: A FILM ABOUT LIFE, DEATH AND SUPERMARKETS<\/strong><br \/>\nDir. Florian Habicht \/ Reino Unido \/ 2014 \/ 90 min<\/span><\/p>\n<p style=\"text-align: justify;\"><span style=\"color: #000000;\">PULP lleg\u00f3 a la fama en la d\u00e9cada de los noventa con himnos como \u201cCommon People\u201d y \u201cDisco 2000\u201d. Veinticinco a\u00f1os y millones de discos venidos despu\u00e9s, regresan a Sheffield para dar su \u00faltimo concierto en el Reino Unido.<\/span><\/p>\n<p style=\"text-align: justify;\"><span style=\"color: #000000;\">Una pel\u00edcula que explora las ideas y creencias de la banda en torno a la fama, el amor, la muerte; entretejidas con escenas de on\u00edrica puesta en c\u00e1mara, especialmente protagonizadas por gente com\u00fan reclutada en las calles de Sheffield.<\/span><\/p>\n<h3><span style=\"color: #000000;\">\u00a1Recuerden que la entrada y las palomitas son gratis!<\/span><\/h3>\n<h3 style=\"text-align: left;\"><span style=\"color: #000000;\">\u00a0\u00a0\u00a0\u00a0\u00a0\u00a0\u00a0\u00a0\u00a0\u00a0\u00a0\u00a0\u00a0\u00a0\u00a0\u00a0\u00a0\u00a0\u00a0\u00a0\u00a0\u00a0\u00a0\u00a0\u00a0\u00a0\u00a0\u00a0\u00a0\u00a0\u00a0\u00a0\u00a0\u00a0\u00a0\u00a0\u00a0\u00a0\u00a0\u00a0\u00a0\u00a0\u00a0\u00a0\u00a0\u00a0\u00a0\u00a0\u00a0\u00a0\u00a0\u00a0\u00a0\u00a0\u00a0\u00a0\u00a0\u00a0\u00a0\u00a0\u00a0\u00a0\u00a0\u00a0\u00a0\u00a0\u00a0\u00a0\u00a0\u00a0\u00a0\u00a0\u00a0\u00a0\u00a0\u00a0\u00a0\u00a0\u00a0\u00a0\u00a0\u00a0\u00a0\u00a0<\/span><\/h3>\n<p style=\"text-align: left;\">\u00a0<div class=\"trigger-button\"><span>Ciclos anteriores<\/span><\/div>\r\n        <div class=\"toggle-container2\"><\/div><!--END toggle-container2--> <\/p>\n<h1 style=\"text-align: center;\"><span style=\"color: #000000;\">VERANO DISTRITAL<\/span><\/h1>\n<h3 style=\"text-align: center;\"><span style=\"color: #000000;\">en\u00a0<\/span><\/h3>\n<h2 style=\"text-align: center;\"><span style=\"color: #000000;\">Cineclub Condesa<\/span><\/h2>\n<p>&nbsp;<\/p>\n<p style=\"text-align: justify;\"><span style=\"color: #000000;\">En 2015, Distrital llega a su sexta edici\u00f3n y por primera vez se divide en dos, la primer parte se llama Distrital Formaci\u00f3n y se llevar\u00e1 a cabo del 11 al 24 de julio. Es una iniciativa que busca fomentar y enriquecer la cultura cinematogr\u00e1fica del p\u00fablico a trav\u00e9s de la organizaci\u00f3n de talleres con destacados cineastas, el apoyo para el otorgamiento de becas en producci\u00f3n\/ realizaci\u00f3n cinematogr\u00e1fica y de estudios de posgrado; adem\u00e1s de programar muestras f\u00edlmicas con la presencia de cineastas due\u00f1os de un estilo propio y arriesgado.<\/span><\/p>\n<p style=\"text-align: justify;\"><span style=\"color: #000000;\">En Cineclub Condesa dedicamos la programaci\u00f3n del mes de julio y principios de agosto a pel\u00edculas que han estado involucradas con este gran festival. La selecci\u00f3n inicia con Los h\u00e1msters, pel\u00edcula ganadora del Premio Arca en 2014, seguida por Encuentros despu\u00e9s de la medianoche, pel\u00edcula francesa que inaugur\u00f3 el festival el a\u00f1o pasado.<\/span><\/p>\n<p style=\"text-align: justify;\"><span style=\"color: #000000;\">Una de las actividades principales de Distrital Formaci\u00f3n es 3 Puertos Cine, laboratorio que crea un marco de discusi\u00f3n en torno a la especificidad de 12 proyectos latinoamericanos que integran el taller. La tercer funci\u00f3n del ciclo corresponde a trabajos previos de algunos seleccionados de 3 Puertos, con la proyecci\u00f3n de Speed Paradise,<\/span><\/p>\n<p style=\"text-align: justify;\"><span style=\"color: #000000;\">No te voy a dejar sola y Exergo. Continuando con la reci\u00e9n estrenada pel\u00edcula de Mat\u00edas Pi\u00f1eiro, La Princesa de Francia, ganadora en Locarno que form\u00f3 parte de la Retrospectiva 2014.<\/span><\/p>\n<p style=\"text-align: justify;\"><span style=\"color: #000000;\">Por \u00faltimo tendremos la proyecci\u00f3n de Tapetum Lucidum, uno de los Estrenos Mexicanos en la edici\u00f3n 2013. <\/span><\/p>\n<p style=\"text-align: center;\"><span style=\"color: #000000;\">Los esperamos todos los lunes a las 20:00 hrs. en el s\u00f3tano del Hotel Condesa DF <\/span><br \/>\n<span style=\"color: #000000;\">(Av. Veracruz 102, Col. Condesa)<\/span><\/p>\n<h3><span style=\"color: #000000;\">Lunes 6 de julio &#8211; 20:00 hrs.<\/span><\/h3>\n<p><span style=\"color: #000000;\"><a style=\"color: #000000;\" href=\"http:\/\/www.circo212.org.mx\/circo2\/wp-content\/uploads\/2015\/07\/hamsters-450x350.png\"><img loading=\"lazy\" decoding=\"async\" class=\"alignnone size-medium wp-image-3532\" src=\"http:\/\/www.circo212.org.mx\/circo2\/wp-content\/uploads\/2015\/07\/hamsters-450x350-300x233.png\" alt=\"hamsters-450x350\" width=\"300\" height=\"233\" srcset=\"https:\/\/circo212.org.mx\/circo2\/wp-content\/uploads\/2015\/07\/hamsters-450x350-300x233.png 300w, https:\/\/circo212.org.mx\/circo2\/wp-content\/uploads\/2015\/07\/hamsters-450x350.png 450w\" sizes=\"auto, (max-width: 300px) 100vw, 300px\" \/><\/a><\/span><\/p>\n<p><span style=\"color: #000000;\"><strong>Los h\u00e1msters\u00a0<\/strong><\/span><br \/>\n<span style=\"color: #000000;\">Dir. Gilberto Gonz\u00e1lez Penilla \/\u00a0M\u00e9xico \/\u00a02014 \/\u00a071 min.<\/span><\/p>\n<p style=\"text-align: justify;\"><span style=\"color: #000000;\">Rodolfo y Beatriz son padres de dos j\u00f3venes, Jessica y Juan, juntos forman la perfecta familia disfuncional. Rodolfo sale todos los d\u00edas como si fuera al trabajo, pero en realidad est\u00e1 desempleado. Beatriz, quien se encuentra en medio de una crisis por la edad, es seducida en el gimnasio. Jessica juega un tri\u00e1ngulo amoroso entre su novio y su mejor amiga. Y Juan, se entera que ser\u00e1 pap\u00e1. Una familia com\u00fan tijuanense en la que cada uno esconde sus secretos a pesar de vivir bajo el mismo techo.<\/span><\/p>\n<h3><span style=\"color: #000000;\">Lunes 13 de julio &#8211; 20:00 hrs.<\/span><\/h3>\n<p><span style=\"color: #000000;\"><a style=\"color: #000000;\" href=\"http:\/\/www.circo212.org.mx\/circo2\/wp-content\/uploads\/2015\/07\/url.jpg\"><img loading=\"lazy\" decoding=\"async\" class=\"alignnone size-medium wp-image-3533\" src=\"http:\/\/www.circo212.org.mx\/circo2\/wp-content\/uploads\/2015\/07\/url-300x158.jpg\" alt=\"url\" width=\"300\" height=\"158\" srcset=\"https:\/\/circo212.org.mx\/circo2\/wp-content\/uploads\/2015\/07\/url-300x158.jpg 300w, https:\/\/circo212.org.mx\/circo2\/wp-content\/uploads\/2015\/07\/url.jpg 309w\" sizes=\"auto, (max-width: 300px) 100vw, 300px\" \/><\/a><\/span><\/p>\n<p><span style=\"color: #000000;\"><strong>Encuentros despu\u00e9s de la medianoche<\/strong><\/span><br \/>\n<span style=\"color: #000000;\">Dir. Yann Gonzalez \/\u00a0Francia \/\u00a02013 \/\u00a091 min.<\/span><\/p>\n<p style=\"text-align: justify;\"><span style=\"color: #000000;\">Una pareja organiza una org\u00eda con su sirvienta travest\u00ed.<\/span><br \/>\n<span style=\"color: #000000;\">Todo sucede en un departamento, los tres esperan la llegada de ciertos invitados, entre los que se encuentran una prostituta, un hombre, una estrella de cine y un adolescente; cada uno de los personajes desentra\u00f1an su exc\u00e9ntrica y peculiar historia, transportando al espectador a espacios artificiales que se mezclan en la fantas\u00eda y la memoria.<\/span><\/p>\n<h3><span style=\"color: #000000;\">Lunes 20 de julio &#8211; 20:00 hrs.<\/span><\/h3>\n<p><span style=\"color: #000000;\"><a style=\"color: #000000;\" href=\"http:\/\/www.circo212.org.mx\/circo2\/wp-content\/uploads\/2015\/07\/Speedparadaise2.jpg\"><img loading=\"lazy\" decoding=\"async\" class=\"alignnone size-medium wp-image-3534\" src=\"http:\/\/www.circo212.org.mx\/circo2\/wp-content\/uploads\/2015\/07\/Speedparadaise2-300x160.jpg\" alt=\"Speedparadaise2\" width=\"300\" height=\"160\" srcset=\"https:\/\/circo212.org.mx\/circo2\/wp-content\/uploads\/2015\/07\/Speedparadaise2-300x160.jpg 300w, https:\/\/circo212.org.mx\/circo2\/wp-content\/uploads\/2015\/07\/Speedparadaise2-1024x546.jpg 1024w, https:\/\/circo212.org.mx\/circo2\/wp-content\/uploads\/2015\/07\/Speedparadaise2.jpg 1500w\" sizes=\"auto, (max-width: 300px) 100vw, 300px\" \/><\/a><\/span><\/p>\n<p><span style=\"color: #000000;\"><strong>Speed Paradise<\/strong><\/span><br \/>\n<span style=\"color: #000000;\">Dir. Jos\u00e9 Mar\u00eda Avil\u00e9s \/\u00a0Chile \/\u00a02015 \/\u00a08 min.<\/span><\/p>\n<p style=\"text-align: justify;\"><span style=\"color: #000000;\">Un peque\u00f1o circuito de carreras de autos a control remoto es el para\u00edso de la velocidad para varios aficionados del hobby.<\/span><\/p>\n<p><span style=\"color: #000000;\"><a style=\"color: #000000;\" href=\"http:\/\/www.circo212.org.mx\/circo2\/wp-content\/uploads\/2015\/07\/sh_my_journey2.jpg\"><img loading=\"lazy\" decoding=\"async\" class=\"alignnone size-medium wp-image-3535\" src=\"http:\/\/www.circo212.org.mx\/circo2\/wp-content\/uploads\/2015\/07\/sh_my_journey2-300x200.jpg\" alt=\"sh_my_journey2\" width=\"300\" height=\"200\" srcset=\"https:\/\/circo212.org.mx\/circo2\/wp-content\/uploads\/2015\/07\/sh_my_journey2-300x200.jpg 300w, https:\/\/circo212.org.mx\/circo2\/wp-content\/uploads\/2015\/07\/sh_my_journey2.jpg 800w\" sizes=\"auto, (max-width: 300px) 100vw, 300px\" \/><\/a><\/span><\/p>\n<p><span style=\"color: #000000;\"><strong>No te voy a dejar sola<\/strong><\/span><br \/>\n<span style=\"color: #000000;\">Dir. Eduardo Giralt \/\u00a0Venezuela \/\u00a02014 \/\u00a015min.<\/span><\/p>\n<p style=\"text-align: justify;\"><span style=\"color: #000000;\">Lorena y Aymara disfrutan de su juventud y felicidad en la playa, pero la tragedia y un hallazgo de Lorena en el coche de Aymara, interrumpir\u00e1 su camino de vuelta a casa.<\/span><\/p>\n<p style=\"text-align: justify;\"><span style=\"color: #000000;\"><a style=\"color: #000000;\" href=\"http:\/\/www.circo212.org.mx\/circo2\/wp-content\/uploads\/2015\/07\/Exergo300.jpg\"><img loading=\"lazy\" decoding=\"async\" class=\"alignnone size-full wp-image-3536\" src=\"http:\/\/www.circo212.org.mx\/circo2\/wp-content\/uploads\/2015\/07\/Exergo300.jpg\" alt=\"Exergo300\" width=\"300\" height=\"300\" srcset=\"https:\/\/circo212.org.mx\/circo2\/wp-content\/uploads\/2015\/07\/Exergo300.jpg 300w, https:\/\/circo212.org.mx\/circo2\/wp-content\/uploads\/2015\/07\/Exergo300-150x150.jpg 150w\" sizes=\"auto, (max-width: 300px) 100vw, 300px\" \/><\/a><\/span><\/p>\n<p><span style=\"color: #000000;\"><strong>Exergo<\/strong><\/span><br \/>\n<span style=\"color: #000000;\">Dir. Diego Amando Moreno \/\u00a0M\u00e9xico \/\u00a02014 \/\u00a062 min.<\/span><\/p>\n<p style=\"text-align: justify;\"><span style=\"color: #000000;\">En el periodo entre 1988 y 1989, una reputada reportera de radio de San Crist\u00f3bal de Las Casas, Chiapas, mat\u00f3 a una ni\u00f1a de cuatro a\u00f1os causando conmoci\u00f3n en los habitantes de la ciudad. Exergo es una exploraci\u00f3n experimental de dichos eventos, basados en archivos policiales reales.<\/span><\/p>\n<h3><span style=\"color: #000000;\">Lunes 27 de julio &#8211; 20:00 hrs.<\/span><\/h3>\n<p><span style=\"color: #000000;\"><a style=\"color: #000000;\" href=\"http:\/\/www.circo212.org.mx\/circo2\/wp-content\/uploads\/2015\/07\/princesa1.jpg\"><img loading=\"lazy\" decoding=\"async\" class=\"alignnone size-medium wp-image-3537\" src=\"http:\/\/www.circo212.org.mx\/circo2\/wp-content\/uploads\/2015\/07\/princesa1-300x200.jpg\" alt=\"princesa1\" width=\"300\" height=\"200\" srcset=\"https:\/\/circo212.org.mx\/circo2\/wp-content\/uploads\/2015\/07\/princesa1-300x200.jpg 300w, https:\/\/circo212.org.mx\/circo2\/wp-content\/uploads\/2015\/07\/princesa1.jpg 675w\" sizes=\"auto, (max-width: 300px) 100vw, 300px\" \/><\/a><\/span><\/p>\n<p><span style=\"color: #000000;\"><strong>La Princesa de Francia<\/strong><\/span><br \/>\n<span style=\"color: #000000;\">Dir. Mat\u00edas Pi\u00f1eiro \/\u00a0M\u00e9xico \/\u00a02014 \/\u00a062min.<\/span><\/p>\n<p style=\"text-align: justify;\"><span style=\"color: #000000;\"> Tras la muerte de su padre en M\u00e9xico, V\u00edctor decide regresar a Buenos Aires con la intenci\u00f3n de rehacer su vida. Uno de sus proyectos es la realizaci\u00f3n de una serie de radioteatros con su antigua compa\u00f1\u00eda teatral; no obstante, este trabajo lo reunir\u00e1 con otras mujeres. Con reminiscencias al lenguaje del teatro, los recuerdos y el pasado se entrelazan para orquestar una reflexi\u00f3n sobre los amores perdidos en esta cinta de Pi\u00f1eiro, cuya inspiraci\u00f3n es una obra de William Shakespeare.<\/span><\/p>\n<h3><span style=\"color: #000000;\">Lunes 3 de agosto &#8211; 20:00 hrs.<\/span><\/h3>\n<p><span style=\"color: #000000;\"><a style=\"color: #000000;\" href=\"http:\/\/www.circo212.org.mx\/circo2\/wp-content\/uploads\/2015\/07\/tapetum-2.jpg\"><img loading=\"lazy\" decoding=\"async\" class=\"alignnone size-medium wp-image-3538\" src=\"http:\/\/www.circo212.org.mx\/circo2\/wp-content\/uploads\/2015\/07\/tapetum-2-300x169.jpg\" alt=\"tapetum (2)\" width=\"300\" height=\"169\" srcset=\"https:\/\/circo212.org.mx\/circo2\/wp-content\/uploads\/2015\/07\/tapetum-2-300x169.jpg 300w, https:\/\/circo212.org.mx\/circo2\/wp-content\/uploads\/2015\/07\/tapetum-2-1024x576.jpg 1024w, https:\/\/circo212.org.mx\/circo2\/wp-content\/uploads\/2015\/07\/tapetum-2.jpg 1920w\" sizes=\"auto, (max-width: 300px) 100vw, 300px\" \/><\/a><\/span><\/p>\n<p><span style=\"color: #000000;\"><strong>Tapetum Lucidum<\/strong><\/span><br \/>\n<span style=\"color: #000000;\">Dir. Pablo Chavarr\u00eda \/\u00a0M\u00e9xico \/\u00a02013 \/\u00a064 min.<\/span><\/p>\n<p style=\"text-align: justify;\"><span style=\"color: #000000;\">Una celebraci\u00f3n. La \u00edntima relaci\u00f3n de un hombre y sus animales. Una chica a punto de tomar una dif\u00edcil decisi\u00f3n. Unidas por sutiles y delicados tejidos, las im\u00e1genes destilan un nost\u00e1lgico universo.<\/span><\/p>\n<h2><span style=\"color: #000000;\">\u00a1Como siempre, entradas y palomitas gratis!<\/span><\/h2>\n<p>&nbsp;<\/p>\n<h1 style=\"text-align: center;\"><span style=\"color: #000000;\"><strong>AMNESTESIA<\/strong><\/span><\/h1>\n<h3 style=\"text-align: center;\"><span style=\"color: #000000;\">en<\/span><\/h3>\n<h2 style=\"text-align: center;\"><span style=\"color: #000000;\">Cineclub Condesa<\/span><\/h2>\n<p>&nbsp;<\/p>\n<p style=\"text-align: justify;\"><span style=\"color: #000000;\">La memoria es un proceso muy complejo que muchas veces sufre de trastornos, uno de ellos es la amnesia, provocada por dos tipos de causas: las org\u00e1nicas (enfermedades y uso de drogas) y las funcionales, que son de car\u00e1cter psicol\u00f3gico (surgen como mecanismos de defensa).<\/span><\/p>\n<p style=\"text-align: justify;\"><span style=\"color: #000000;\">Esta selecci\u00f3n de cuatro pel\u00edculas est\u00e1 basada en historias donde los personajes sufren de amnesia y el espectador junto con los protagonistas va descubriendo esas memorias perdidas. Comenzaremos con una pel\u00edcula abierta a la interpretaci\u00f3n como es \u201c<strong>Mulholland Drive\u201d<\/strong>, cuya misteriosa e inquietante atm\u00f3sfera mezcla lo cotidiano con lo so\u00f1ado escapando a veces a la comprensi\u00f3n. Seguida por \u201c<strong>Eterno resplandor de una mente sin recuerdos\u201d<\/strong>, una mezcla de romanticismo y ciencia ficci\u00f3n donde se explora las posibilidades de uno de los inventos que todo coraz\u00f3n roto necesita: una m\u00e1quina para borrar recuerdos. \u201c<strong>Vals con Bashir\u201d<\/strong> es la \u00fanica pel\u00edcula no estadounidense del ciclo y es narrada con una gran t\u00e9cnica, una mezcla de animaci\u00f3n y documental. Por \u00faltimo proyectaremos \u201c<strong>Memento\u201d<\/strong>, tambi\u00e9n conocida como Amnesia, una pel\u00edcula con una construcci\u00f3n de la historia semejante a un rompecabezas.<\/span><\/p>\n<p style=\"text-align: center;\"><span style=\"color: #000000;\">Los esperamos los lunes de junio en el s\u00f3tano del Hotel Condesa DF <\/span><br \/>\n<span style=\"color: #000000;\">(Av. Veracruz 102, Col. Condesa)<\/span><\/p>\n<p>&nbsp;<\/p>\n<h3><span style=\"color: #000000;\">Lunes 8 de junio &#8211; 20:00 hrs.<\/span><\/h3>\n<p><span style=\"color: #000000;\"><a style=\"color: #000000;\" href=\"http:\/\/www.circo212.org.mx\/circo2\/wp-content\/uploads\/2015\/06\/mulhollanddrive.png\"><img loading=\"lazy\" decoding=\"async\" class=\"alignnone size-medium wp-image-3473\" src=\"http:\/\/www.circo212.org.mx\/circo2\/wp-content\/uploads\/2015\/06\/mulhollanddrive-300x169.png\" alt=\"mulhollanddrive\" width=\"300\" height=\"169\" srcset=\"https:\/\/circo212.org.mx\/circo2\/wp-content\/uploads\/2015\/06\/mulhollanddrive-300x169.png 300w, https:\/\/circo212.org.mx\/circo2\/wp-content\/uploads\/2015\/06\/mulhollanddrive-1024x576.png 1024w, https:\/\/circo212.org.mx\/circo2\/wp-content\/uploads\/2015\/06\/mulhollanddrive.png 1600w\" sizes=\"auto, (max-width: 300px) 100vw, 300px\" \/><\/a><\/span><\/p>\n<p><strong><span style=\"color: #000000;\">Mulholland Drive<\/span><\/strong><br \/>\n<span style=\"color: #000000;\">Dir. David Lynch \/ EUA \/ 2001 \/ 147 min.<\/span><\/p>\n<p style=\"text-align: justify;\"><span style=\"color: #000000;\">Despu\u00e9s de un extra\u00f1o accidente de coche en la carretera\u00a0Mulholland Drive de\u00a0Los \u00c1ngeles, una mujer que queda medio inconsciente tras lo sucedido se oculta en una casa. Otra mujer que sue\u00f1a con ser actriz, reci\u00e9n llegada a\u00a0Hollywood, la encontrar\u00e1 totalmente amn\u00e9sica\u00a0y decide ayudarla.<\/span><\/p>\n<h3><span style=\"color: #000000;\">Lunes 15 de junio &#8211; 20:00 hrs.<\/span><\/h3>\n<p><span style=\"color: #000000;\"><a style=\"color: #000000;\" href=\"http:\/\/www.circo212.org.mx\/circo2\/wp-content\/uploads\/2015\/06\/eternodeunamentesinrecuerdos.jpg\"><img loading=\"lazy\" decoding=\"async\" class=\"alignnone size-medium wp-image-3474\" src=\"http:\/\/www.circo212.org.mx\/circo2\/wp-content\/uploads\/2015\/06\/eternodeunamentesinrecuerdos-300x164.jpg\" alt=\"eternodeunamentesinrecuerdos\" width=\"300\" height=\"164\" srcset=\"https:\/\/circo212.org.mx\/circo2\/wp-content\/uploads\/2015\/06\/eternodeunamentesinrecuerdos-300x164.jpg 300w, https:\/\/circo212.org.mx\/circo2\/wp-content\/uploads\/2015\/06\/eternodeunamentesinrecuerdos-1024x558.jpg 1024w, https:\/\/circo212.org.mx\/circo2\/wp-content\/uploads\/2015\/06\/eternodeunamentesinrecuerdos.jpg 1600w\" sizes=\"auto, (max-width: 300px) 100vw, 300px\" \/><\/a><\/span><\/p>\n<p><strong><span style=\"color: #000000;\">Eterno resplandor de una mente sin recuerdos<\/span><\/strong><br \/>\n<span style=\"color: #000000;\">Dir. Michel Gondry \/ 2004 \/ 108 min.<\/span><\/p>\n<p style=\"text-align: justify;\"><span style=\"color: #000000;\">Una mujer usa los servicios de una empresa para borrar de su memoria todo recuerdo de su ex pareja. Ofendido, el hombre intenta hacer lo mismo que ella, pero el proceso no sucede seg\u00fan lo esperado y el protagonista debe atravesar la gigantesca marea de recuerdos de su propio cerebro para recomponer las cosas.\u00a0<\/span><\/p>\n<h3><span style=\"color: #000000;\">Lunes 22 de junio &#8211; 20:00 hrs.<\/span><\/h3>\n<p><span style=\"color: #000000;\"><a style=\"color: #000000;\" href=\"http:\/\/www.circo212.org.mx\/circo2\/wp-content\/uploads\/2015\/06\/valsconbashir.jpg\"><img loading=\"lazy\" decoding=\"async\" class=\"alignnone size-medium wp-image-3475\" src=\"http:\/\/www.circo212.org.mx\/circo2\/wp-content\/uploads\/2015\/06\/valsconbashir-300x170.jpg\" alt=\"valsconbashir\" width=\"300\" height=\"170\" srcset=\"https:\/\/circo212.org.mx\/circo2\/wp-content\/uploads\/2015\/06\/valsconbashir-300x170.jpg 300w, https:\/\/circo212.org.mx\/circo2\/wp-content\/uploads\/2015\/06\/valsconbashir.jpg 1024w\" sizes=\"auto, (max-width: 300px) 100vw, 300px\" \/><\/a><\/span><\/p>\n<p><strong><span style=\"color: #000000;\">Vals con Bashir<\/span><\/strong><br \/>\n<span style=\"color: #000000;\">Dir. Ari Foman \/ Israel \/ 2008 \/ 90 min.<\/span><\/p>\n<p style=\"text-align: justify;\"><span style=\"color: #000000;\">Un hombre tiene una pesadilla recurrente, consecuencia de una misi\u00f3n que realiz\u00f3 para el ej\u00e9rcito israel\u00ed durante la primera guerra con el L\u00edbano a principios de los a\u00f1os ochenta. Le sorprende el hecho de no recordar nada de ese periodo de su vida. Intrigado, decide hablar con viejos amigos y antiguos compa\u00f1eros para saber la verdad acerca de esa etapa y de s\u00ed mismo. Poco a poco sus recuerdos reaparecen bajo la forma de im\u00e1genes surrealistas.<\/span><\/p>\n<h3><span style=\"color: #000000;\">Lunes 29 de junio &#8211; 20:00 hrs.<\/span><\/h3>\n<p><span style=\"color: #000000;\"><a style=\"color: #000000;\" href=\"http:\/\/www.circo212.org.mx\/circo2\/wp-content\/uploads\/2015\/06\/memento.jpg\"><img loading=\"lazy\" decoding=\"async\" class=\"alignnone size-medium wp-image-3476\" src=\"http:\/\/www.circo212.org.mx\/circo2\/wp-content\/uploads\/2015\/06\/memento-300x169.jpg\" alt=\"memento\" width=\"300\" height=\"169\" srcset=\"https:\/\/circo212.org.mx\/circo2\/wp-content\/uploads\/2015\/06\/memento-300x169.jpg 300w, https:\/\/circo212.org.mx\/circo2\/wp-content\/uploads\/2015\/06\/memento-1024x576.jpg 1024w, https:\/\/circo212.org.mx\/circo2\/wp-content\/uploads\/2015\/06\/memento.jpg 1280w\" sizes=\"auto, (max-width: 300px) 100vw, 300px\" \/><\/a><\/span><\/p>\n<p><strong><span style=\"color: #000000;\">Memento<\/span><\/strong><br \/>\n<span style=\"color: #000000;\">Dir. Christopher Nolan \/ EUA \/ 2000 \/ 113 min.<\/span><\/p>\n<p style=\"text-align: justify;\"><span style=\"color: #000000;\">Un investigador de una agencia de seguros cuya memoria est\u00e1 irreversiblemente da\u00f1ada por culpa de un golpe en la cabeza, sufrido al intentar evitar el asesinato de su mujer: \u00e9ste es el \u00faltimo hecho que recuerda del pasado. A causa del golpe, ha perdido la memoria reciente, es decir, los hechos cotidianos desaparecen de su mente en unos minutos. As\u00ed pues, para investigar y vengar el asesinato de su esposa tiene que recurrir a la ayuda de una c\u00e1mara instant\u00e1nea y a las notas tatuadas en su cuerpo.<\/span><\/p>\n<h3><span style=\"color: #000000;\">\u00a1Recuerden que la entrada y las palomitas son gratis!<\/span><\/h3>\n<p>&nbsp;<\/p>\n<h1 style=\"text-align: center;\"><span style=\"color: #000000;\"><strong>\u201cSangre de mi sangre\u201d <\/strong><\/span><\/h1>\n<p>&nbsp;<\/p>\n<h3 style=\"text-align: center;\"><span style=\"color: #000000;\"><strong>en <\/strong><\/span><\/h3>\n<p>&nbsp;<\/p>\n<h1 style=\"text-align: center;\"><span style=\"color: #000000;\"><strong>Cineclub Condesa DF <\/strong><\/span><\/h1>\n<p><span style=\"color: #000000;\">Madre s\u00f3lo hay una y sin importar si es por medio de su presencia o ausencia puede transformar o trastornar la mente de un hijo. Porque no todas las madres son la imagen de la abnegaci\u00f3n y ternura, esta es una saga dedicada a esas madres que pueden hacer de su hijo un monstruo.<\/span><\/p>\n<p style=\"text-align: center;\"><span style=\"color: #000000;\">Los esperamos en el s\u00f3tano del Hotel Condesa DF a las 20:00 horas<\/span><br \/>\n<span style=\"color: #000000;\">(Av. Veracruz 102, Col. Condesa)\u00a0<\/span><\/p>\n<h3><span style=\"color: #000000;\"><strong>Lunes 11 de mayo &#8211; 20:00 hrs.<\/strong><\/span><\/h3>\n<p><span style=\"color: #000000;\"><a style=\"color: #000000;\" href=\"http:\/\/www.circo212.org.mx\/circo2\/wp-content\/uploads\/2015\/05\/psicosis_1.png\"><img loading=\"lazy\" decoding=\"async\" class=\"alignnone size-medium wp-image-3447\" src=\"http:\/\/www.circo212.org.mx\/circo2\/wp-content\/uploads\/2015\/05\/psicosis_1-300x225.png\" alt=\"psicosis_1\" width=\"300\" height=\"225\" srcset=\"https:\/\/circo212.org.mx\/circo2\/wp-content\/uploads\/2015\/05\/psicosis_1-300x225.png 300w, https:\/\/circo212.org.mx\/circo2\/wp-content\/uploads\/2015\/05\/psicosis_1-1024x768.png 1024w, https:\/\/circo212.org.mx\/circo2\/wp-content\/uploads\/2015\/05\/psicosis_1.png 1280w\" sizes=\"auto, (max-width: 300px) 100vw, 300px\" \/><\/a><\/span><\/p>\n<p><span style=\"color: #000000;\"><strong>Psicosis<br \/>\n<\/strong>Dir. Alfred Hitchcock \/ EUA \/ 1960 \/ 109 min.<\/span><\/p>\n<p style=\"text-align: left;\"><span style=\"color: #000000;\">Una joven secretaria, tras cometer un robo en su empresa, huye de la ciudad y, despu\u00e9s de conducir durante horas, decide descansar en un peque\u00f1o motel de carretera regentado por un t\u00edmido joven llamado Norman. Todo parece normal y tranquilo tanto en el apartado motel como en la casa de al lado en la que viven Norman y su madre, pero las cosas no son lo que parecen.<\/span><\/p>\n<h3><span style=\"color: #000000;\"><strong>Lunes 18 de mayo &#8211; 20:00 hrs.<\/strong><\/span><\/h3>\n<p><span style=\"color: #000000;\"><a style=\"color: #000000;\" href=\"http:\/\/www.circo212.org.mx\/circo2\/wp-content\/uploads\/2015\/05\/Tenemos-que-hablar-de-Kevin_3.jpg\"><img loading=\"lazy\" decoding=\"async\" class=\"alignnone size-medium wp-image-3449\" src=\"http:\/\/www.circo212.org.mx\/circo2\/wp-content\/uploads\/2015\/05\/Tenemos-que-hablar-de-Kevin_3-300x150.jpg\" alt=\"Tenemos que hablar de Kevin_3\" width=\"300\" height=\"150\" srcset=\"https:\/\/circo212.org.mx\/circo2\/wp-content\/uploads\/2015\/05\/Tenemos-que-hablar-de-Kevin_3-300x150.jpg 300w, https:\/\/circo212.org.mx\/circo2\/wp-content\/uploads\/2015\/05\/Tenemos-que-hablar-de-Kevin_3.jpg 620w\" sizes=\"auto, (max-width: 300px) 100vw, 300px\" \/><\/a><\/span><\/p>\n<p><span style=\"color: #000000;\"><strong>Tenemos que hablar de Kevin<br \/>\n<\/strong>Dir. Lynne Ramsay \/ Reino Unido, EUA \/ 2011 \/ 112 min.<\/span><\/p>\n<p><span style=\"color: #000000;\">Eva pone a un lado sus ambiciones y su carrera profesional para dar a luz a Kevin. La relaci\u00f3n entre madre e hijo es complicada desde los primeros a\u00f1os. Cuando Kevin tiene 15 a\u00f1os hace algo irracional e imperdonable a los ojos de toda la comunidad. Eva lucha con sus propios sentimientos de dolor y responsabilidad. \u00bfAlguna vez lleg\u00f3 a amar realmente a su propio hijo? \u00bfDe cu\u00e1nto de lo que hizo Kevin fue culpable su madre?<\/span><\/p>\n<h3><span style=\"color: #000000;\"><strong>Lunes 25 de mayo &#8211; 20:00 hrs.<\/strong><\/span><\/h3>\n<p><span style=\"color: #000000;\"><a style=\"color: #000000;\" href=\"http:\/\/www.circo212.org.mx\/circo2\/wp-content\/uploads\/2015\/05\/Anticristo_1.jpg\"><img loading=\"lazy\" decoding=\"async\" class=\"alignnone size-medium wp-image-3448\" src=\"http:\/\/www.circo212.org.mx\/circo2\/wp-content\/uploads\/2015\/05\/Anticristo_1-300x190.jpg\" alt=\"Anticristo_1\" width=\"300\" height=\"190\" srcset=\"https:\/\/circo212.org.mx\/circo2\/wp-content\/uploads\/2015\/05\/Anticristo_1-300x190.jpg 300w, https:\/\/circo212.org.mx\/circo2\/wp-content\/uploads\/2015\/05\/Anticristo_1-1024x649.jpg 1024w\" sizes=\"auto, (max-width: 300px) 100vw, 300px\" \/><\/a><\/span><\/p>\n<p><span style=\"color: #000000;\"><strong>Anticristo<br \/>\n<\/strong>Dir. Lars von Trier \/ Dinamarca, Alemania, Francia, Suecia \/ 2009 \/ 109 min.<\/span><\/p>\n<p><span style=\"color: #000000;\">Un psic\u00f3logo, que quiere ayudar a su mujer a superar la muerte de su hijo en un accidente, decide llevarla a una caba\u00f1a perdida en medio de un bosque, donde ella hab\u00eda pasado el \u00faltimo verano con el ni\u00f1o. Sin embargo, la terapia no funciona, y tanto ella como la naturaleza empiezan a comportarse de un modo extra\u00f1o.\u00a0<\/span><\/p>\n<h3><span style=\"color: #000000;\"><strong>Lunes 1 de junio &#8211; 20:00 hrs.<\/strong><\/span><\/h3>\n<p><span style=\"color: #000000;\"><a style=\"color: #000000;\" href=\"http:\/\/www.circo212.org.mx\/circo2\/wp-content\/uploads\/2015\/05\/La-pianista_2.png\"><img loading=\"lazy\" decoding=\"async\" class=\"alignnone size-medium wp-image-3450\" src=\"http:\/\/www.circo212.org.mx\/circo2\/wp-content\/uploads\/2015\/05\/La-pianista_2-300x193.png\" alt=\"La pianista_2\" width=\"300\" height=\"193\" srcset=\"https:\/\/circo212.org.mx\/circo2\/wp-content\/uploads\/2015\/05\/La-pianista_2-300x193.png 300w, https:\/\/circo212.org.mx\/circo2\/wp-content\/uploads\/2015\/05\/La-pianista_2.png 700w\" sizes=\"auto, (max-width: 300px) 100vw, 300px\" \/><\/a><\/span><\/p>\n<p><span style=\"color: #000000;\"><strong>La pianista<br \/>\n<\/strong>Dir. Michael Haneke \/ Francia, Austria \/ 2001 \/ 130 mins.<\/span><\/p>\n<p><span style=\"color: #000000;\">Erika Kohut es profesora de piano en un prestigioso conservatorio de Viena. Vive con su madre, una mujer dominante con quien mantiene una dif\u00edcil relaci\u00f3n de amor-odio, y bajo su aspecto serio y disciplinado oculta inesperados comportamientos sexuales de tendencia masoquista. La irrupci\u00f3n en su vida de Walter, un joven pianista autodidacta que proclama su admiraci\u00f3n por la pianista y, m\u00e1s tarde, su amor por ella, desbarata los pilares en que se fundamentaba su vida.<\/span><\/p>\n<h3><span style=\"color: #000000;\">\u00a1Como siempre, entrada y palomitas gratis!<\/span><\/h3>\n<h1 style=\"text-align: center;\"><\/h1>\n<p>&nbsp;<\/p>\n<h2 style=\"text-align: center;\"><span style=\"color: #000000;\">Circo 2.12 y Time Out M\u00e9xico presentan <\/span><\/h2>\n<p>&nbsp;<\/p>\n<h1 style=\"text-align: center;\"><span style=\"color: #000000;\">Viva La Woman! <\/span><\/h1>\n<p>&nbsp;<\/p>\n<h2 style=\"text-align: center;\"><span style=\"color: #000000;\">en Cineclub Condesa D.F.<\/span><\/h2>\n<p>&nbsp;<\/p>\n<p style=\"text-align: justify;\"><span style=\"color: #000000;\">Algunos lo consideran un g\u00e9nero menor, sin embargo no es gratuito que los festivales de cine m\u00e1s importantes en el mundo actualmente dediquen una secci\u00f3n a las pel\u00edculas sobre y alrededor de la m\u00fasica (no musicales, ya que es un concepto completamente diferente). Es verdad que los documentales de m\u00fasica y las ficciones basadas en ella son una forma de sermones cinem\u00e1ticos, una extensi\u00f3n a veces del presskit o un escal\u00f3n m\u00e1s para sobar un ego, pero en muchos casos te ofrecen verdadera revelaciones sobre el arte y la creaci\u00f3n. Son filmes que te llevan al interior de un g\u00e9nero o la psique de un m\u00fasico, son pel\u00edculas construidas con la informaci\u00f3n privilegiada que solo unos pocos poseen y es entonces, cuando a\u00fan sin conocer, saber o haber escuchado mucho de un acto, recibes tus primeras razones para adorar tanto el documental y la ficci\u00f3n que surgen de la m\u00fasica. Con la idea de que se le considera un g\u00e9nero menor, mi propuesta para un ciclo de cine es condensar a\u00fan m\u00e1s la visi\u00f3n hacia un sector que a\u00fan parece m\u00e1s reducido dentro del rockumental y la ficci\u00f3n, enfocar la perspectiva en pel\u00edculas basadas e inspiradas por mujeres.<\/span><\/p>\n<p style=\"text-align: justify;\"><span style=\"color: #000000;\">Este ciclo compuesto por 4 pel\u00edculas nos mostrar\u00e1 la entrega de una voz por el concepto en \u201cLook at What the Light Did Now\u201d, la influencia de la segunda oleada del feminismo con las riot grrrls en \u201cThe Punk Singer\u201d, la inexperiencia dotada de punk en \u201c\u00a1Somos lo mejor!\u201d y nos dirigir\u00e1 de la realidad hacia el dolor curado por la m\u00fasica en \u201cMetalhead\u201d.<\/span><\/p>\n<p><span style=\"color: #000000;\">La propuesta surge de dos proyectos que realiza Karina Cabrera, ganadora de la convocatoria \u201cProgramador de cine por un mes\u201d, desde hace tiempo. El primero, \u00a0un libro titulado Level 11 que re\u00fane cr\u00edticas cinematogr\u00e1ficas de pel\u00edculas sobre m\u00fasica y el programa Slow Fizz, que realiza los martes a las 16:00 horas en www.rock101online.mx sobre m\u00fasica hecha exclusivamente por mujeres o con voces que inspiraron a otros.<\/span><\/p>\n<p style=\"text-align: center;\"><span style=\"color: #000000;\">Los esperamos los lunes de abril a las 20:00 horas en el s\u00f3tano del Hotel Condesa DF<\/span><\/p>\n<p>&nbsp;<\/p>\n<h3><span style=\"color: #000000;\">Lunes 13 de abril &#8211; 20:00 h<\/span><\/h3>\n<p><span style=\"color: #000000;\"><a style=\"color: #000000;\" href=\"http:\/\/www.circo212.org.mx\/circo2\/wp-content\/uploads\/2015\/03\/Look-at-What-the-Light-Did-Now.jpg\"><img loading=\"lazy\" decoding=\"async\" class=\"alignnone size-medium wp-image-3393\" src=\"http:\/\/www.circo212.org.mx\/circo2\/wp-content\/uploads\/2015\/03\/Look-at-What-the-Light-Did-Now-300x152.jpg\" alt=\"Look at What the Light Did Now\" width=\"300\" height=\"152\" srcset=\"https:\/\/circo212.org.mx\/circo2\/wp-content\/uploads\/2015\/03\/Look-at-What-the-Light-Did-Now-300x152.jpg 300w, https:\/\/circo212.org.mx\/circo2\/wp-content\/uploads\/2015\/03\/Look-at-What-the-Light-Did-Now.jpg 580w\" sizes=\"auto, (max-width: 300px) 100vw, 300px\" \/><\/a><\/span><\/p>\n<p><span style=\"color: #000000;\"><strong>Look at What the Light Did Now<br \/>\n<\/strong>Dir. Anthony Seck \/ Canad\u00e1 \/ 2010 \/ 77 min \/ Documental<\/span><\/p>\n<p><span style=\"color: #000000;\">Documental que retrata la vida de la cantautora canadiense Leslie Feist durante una de sus giras, revela las \u00edntimas colaboraciones que tiene con lo que ella llama\u00a0<em>\u201camplificadores\u201d<\/em>. Los amplificadores son el fot\u00f3grafo, director de v\u00eddeo y el pianista, por nombrar a algunos, que guiaron la producci\u00f3n de su tercer \u00e1lbum de estudio como solista \u201cThe Reminder\u201d.<\/span><\/p>\n<h3><span style=\"color: #000000;\">Lunes 20 de abril &#8211; 20:00 h<\/span><\/h3>\n<p><span style=\"color: #000000;\"><a style=\"color: #000000;\" href=\"http:\/\/www.circo212.org.mx\/circo2\/wp-content\/uploads\/2015\/03\/The-Punk-Singer_2.jpg\"><img loading=\"lazy\" decoding=\"async\" class=\"alignnone size-medium wp-image-3394\" src=\"http:\/\/www.circo212.org.mx\/circo2\/wp-content\/uploads\/2015\/03\/The-Punk-Singer_2-300x200.jpg\" alt=\"The Punk Singer_2\" width=\"300\" height=\"200\" srcset=\"https:\/\/circo212.org.mx\/circo2\/wp-content\/uploads\/2015\/03\/The-Punk-Singer_2-300x200.jpg 300w, https:\/\/circo212.org.mx\/circo2\/wp-content\/uploads\/2015\/03\/The-Punk-Singer_2.jpg 594w\" sizes=\"auto, (max-width: 300px) 100vw, 300px\" \/><\/a><\/span><\/p>\n<p><span style=\"color: #000000;\"><strong>The Punk Singer<br \/>\n<\/strong>Dir. Sini Anderson \/ Estados Unidos \/ 2013 \/ 81 min \/ Documental<\/span><\/p>\n<p><span style=\"color: #000000;\">Documental sobre el perfil definitivo de Kathleen Hanna, l\u00edder de Bikini Kill y Le Tigre, con el que se adentra en su intimidad: riot grrrl, familia, celebridad, Kurt Cobain (ella pint\u00f3 el m\u00edtico grafiti \u00abKurt smells like teen spirit\u00bb), enfermedad de Lyme y su retorno como Julie Ruin. Es un filme de mujer explicando a mujer realizado con la completa colaboraci\u00f3n de la artista-activista.<\/span><\/p>\n<h3><span style=\"color: #000000;\">Lunes 27 de abril &#8211; 20:00 h<\/span><\/h3>\n<p><span style=\"color: #000000;\"><a href=\"http:\/\/www.circo212.org.mx\/circo2\/wp-content\/uploads\/2015\/03\/Somos-lo-mejor.jpg\"><img loading=\"lazy\" decoding=\"async\" class=\"alignnone size-medium wp-image-3395\" src=\"http:\/\/www.circo212.org.mx\/circo2\/wp-content\/uploads\/2015\/03\/Somos-lo-mejor-300x187.jpg\" alt=\"Somos lo mejor!\" width=\"300\" height=\"187\" srcset=\"https:\/\/circo212.org.mx\/circo2\/wp-content\/uploads\/2015\/03\/Somos-lo-mejor-300x187.jpg 300w, https:\/\/circo212.org.mx\/circo2\/wp-content\/uploads\/2015\/03\/Somos-lo-mejor.jpg 666w\" sizes=\"auto, (max-width: 300px) 100vw, 300px\" \/><\/a><\/span><\/p>\n<p><span style=\"color: #000000;\"><strong>\u00a1Somos lo mejor!<\/strong><\/span><br \/>\n<span style=\"color: #000000;\">Dir. Lukas Moodysson \/ Suecia-Dinamarca \/ 2013 \/ 102 min \/ Drama<\/span><\/p>\n<p><span style=\"color: #000000;\">Bobo, Klara y Hedvig son tres jovencitas de trece a\u00f1os que vagan por las calles de Estocolmo en 1982. Su rudeza ante la vida s\u00f3lo se compara con su confusi\u00f3n existencial. Obligadas a hacerse cargo de ellas mismas, ya que a sus padres no parecen interesarles, deciden formar una banda de rock punk enfureciendo a aquellos que afirman que \u00abel punk ha muerto\u00bb. Inspirado en una novela gr\u00e1fica de su esposa, la dibujante Coco Moodysson, esta es una inmersi\u00f3n m\u00e1s de Lukas Moodysson en el retrato de universos juveniles enfrentados a un mundo hostil en el cual luchan por encontrar sentido.<\/span><\/p>\n<h3><span style=\"color: #000000;\">Lunes 4 de mayo &#8211; 20:00 h<\/span><\/h3>\n<p><span style=\"color: #000000;\"><strong><a style=\"color: #000000;\" href=\"http:\/\/www.circo212.org.mx\/circo2\/wp-content\/uploads\/2015\/03\/Metalhead_2.jpg\"><img loading=\"lazy\" decoding=\"async\" class=\"alignnone size-medium wp-image-3396\" src=\"http:\/\/www.circo212.org.mx\/circo2\/wp-content\/uploads\/2015\/03\/Metalhead_2-300x203.jpg\" alt=\"Metalhead_2\" width=\"300\" height=\"203\" srcset=\"https:\/\/circo212.org.mx\/circo2\/wp-content\/uploads\/2015\/03\/Metalhead_2-300x203.jpg 300w, https:\/\/circo212.org.mx\/circo2\/wp-content\/uploads\/2015\/03\/Metalhead_2.jpg 640w\" sizes=\"auto, (max-width: 300px) 100vw, 300px\" \/><\/a><\/strong><\/span><\/p>\n<p><span style=\"color: #000000;\"><strong>Metalhead<\/strong><br \/>\nDir. Ragnar Bragason \/ Islandia \/ 2013 \/ 97 min \/ Drama<\/span><\/p>\n<p><span style=\"color: #000000;\">Cuando era ni\u00f1a, Hera Karlsdottir observa c\u00f3mo su hermano mayor Baldur sufre lesiones mortales en un accidente de tractor en la granja familiar. En sus a\u00f1os de adolescencia, Hera adopta la m\u00fasica metal y el estilo que su hermano adoraba. En su unida comunidad, la m\u00fasica de Hera y su comportamiento destacan y sus padres se afligen. Cada vez m\u00e1s alienada, Hera prende fuego a la iglesia de la comunidad y se escapa de la casa de sus padres. Pronto, ella regresa y es perdonada por sus vecinos y amigos.\u00a0 Mientras se reconcilia con su comunidad, comienza una relaci\u00f3n con su amigo de la infancia con quien se compromete. Tres j\u00f3venes acuden a casa de los padres de Hera, busc\u00e1ndola porque son fans de una cinta de metal que hab\u00eda hecho durante su fase metalera. Confrontada con el contraste entre su pasi\u00f3n por el metal y su vida actual, Hera termina su relaci\u00f3n y comienza la reproducci\u00f3n de m\u00fasica de nuevo.<\/span><\/p>\n<h3><span style=\"color: #000000;\">\u00a1Como siempre, entrada y palomitas gratis!<\/span><\/h3>\n<h1 style=\"text-align: center;\"><\/h1>\n<h1 style=\"text-align: center;\"><span style=\"color: #000000;\">HUMAN BEHAVIOR\u00a0<\/span><\/h1>\n<h1 style=\"text-align: center;\"><span style=\"color: #000000;\">en\u00a0<\/span><\/h1>\n<h1 style=\"text-align: center;\"><span style=\"color: #000000;\">Cineclub Condesa<\/span><\/h1>\n<p>&nbsp;<\/p>\n<h3><span style=\"color: #000000;\">Lunes 2 de marzo &#8211; 20:00 h<\/span><\/h3>\n<p><span style=\"color: #000000;\"><a style=\"color: #000000;\" href=\"http:\/\/www.circo212.org.mx\/circo2\/wp-content\/uploads\/2015\/03\/persona_2.jpg\"><img loading=\"lazy\" decoding=\"async\" class=\"alignnone size-medium wp-image-3358\" src=\"http:\/\/www.circo212.org.mx\/circo2\/wp-content\/uploads\/2015\/03\/persona_2-300x225.jpg\" alt=\"persona_2\" width=\"300\" height=\"225\" srcset=\"https:\/\/circo212.org.mx\/circo2\/wp-content\/uploads\/2015\/03\/persona_2-300x225.jpg 300w, https:\/\/circo212.org.mx\/circo2\/wp-content\/uploads\/2015\/03\/persona_2-1024x769.jpg 1024w, https:\/\/circo212.org.mx\/circo2\/wp-content\/uploads\/2015\/03\/persona_2.jpg 1828w\" sizes=\"auto, (max-width: 300px) 100vw, 300px\" \/><\/a><\/span><\/p>\n<p><span style=\"color: #000000;\"><strong>PERSONA<\/strong><\/span><br \/>\n<span style=\"color: #000000;\">Dir. Ingmar Bergman \/ Suecia \/ 1966 \/ 85 min<\/span><\/p>\n<p style=\"text-align: justify;\"><span style=\"color: #000000;\">Elizabeth es una conocida actriz teatral que, durante una representaci\u00f3n se queda sin habla. Ingresada en un hospital, aunque no sufre ning\u00fan tipo de enfermedad contin\u00faa sin pronunciar sonido alguno. Para sacarla de su mutismo, se traslada junto con Alma, su enfermera, a una id\u00edlica casa de verano. All\u00ed se establecer\u00e1 una relaci\u00f3n entre ellas que se convertir\u00e1 casi en simbiosis. Alma sustituye el silencio de Elizabeth con sus propios relatos, en los que confesar\u00e1 sus m\u00e1s \u00edntimos secretos.<\/span><\/p>\n<h3><span style=\"color: #000000;\">Lunes 9 de marzo &#8211; 20:00 h<\/span><\/h3>\n<p><span style=\"color: #000000;\"><a style=\"color: #000000;\" href=\"http:\/\/www.circo212.org.mx\/circo2\/wp-content\/uploads\/2015\/03\/el-rey-esta-vivo_2.jpg\"><img loading=\"lazy\" decoding=\"async\" class=\"alignnone size-medium wp-image-3359\" src=\"http:\/\/www.circo212.org.mx\/circo2\/wp-content\/uploads\/2015\/03\/el-rey-esta-vivo_2-300x230.jpg\" alt=\"el rey esta vivo_2\" width=\"300\" height=\"230\" srcset=\"https:\/\/circo212.org.mx\/circo2\/wp-content\/uploads\/2015\/03\/el-rey-esta-vivo_2-300x230.jpg 300w, https:\/\/circo212.org.mx\/circo2\/wp-content\/uploads\/2015\/03\/el-rey-esta-vivo_2.jpg 450w\" sizes=\"auto, (max-width: 300px) 100vw, 300px\" \/><\/a><\/span><\/p>\n<p><span style=\"color: #000000;\"><strong>EL REY EST\u00c1 VIVO<\/strong> <\/span><br \/>\n<span style=\"color: #000000;\">Dir. Kristian Levring \/ Dinamarca \/ 2001 \/ 110 min<\/span><\/p>\n<p style=\"text-align: justify;\"><span style=\"color: #000000;\">Varado en un desierto africano, un autob\u00fas con once pasajeros se protege en las ruinas de un pueblo abandonado. Cuando la posibilidad de rescate va disminuyendo d\u00eda a d\u00eda y la ansiedad se hace cada vez m\u00e1s profunda, surge la idea de montar una obra de teatro. Sin embargo, la elecci\u00f3n de El rey Lear de Shakespeare s\u00f3lo les produce confusi\u00f3n, al tiempo que luchan para reprimir tanto la ira que los invade como el miedo a la muerte. En medio de esta situaci\u00f3n, surgen en ellos agudas tensiones emocionales y sexuales. Una vez eliminadas todas las inhibiciones, su \u00fanico objetivo ser\u00e1 sobrevivir.<\/span><\/p>\n<h3><span style=\"color: #000000;\">Lunes 23 de marzo &#8211; 20:00 h<\/span><\/h3>\n<p><span style=\"color: #000000;\"><a style=\"color: #000000;\" href=\"http:\/\/www.circo212.org.mx\/circo2\/wp-content\/uploads\/2015\/03\/pez-mortal_2.jpg\"><img loading=\"lazy\" decoding=\"async\" class=\"alignnone size-medium wp-image-3360\" src=\"http:\/\/www.circo212.org.mx\/circo2\/wp-content\/uploads\/2015\/03\/pez-mortal_2-300x200.jpg\" alt=\"pez mortal_2\" width=\"300\" height=\"200\" srcset=\"https:\/\/circo212.org.mx\/circo2\/wp-content\/uploads\/2015\/03\/pez-mortal_2-300x200.jpg 300w, https:\/\/circo212.org.mx\/circo2\/wp-content\/uploads\/2015\/03\/pez-mortal_2.jpg 600w\" sizes=\"auto, (max-width: 300px) 100vw, 300px\" \/><\/a><\/span><\/p>\n<p style=\"text-align: justify;\"><span style=\"color: #000000;\"><strong>PEZ MORTAL<\/strong> <\/span><br \/>\n<span style=\"color: #000000;\">Dir. Sion Sono \/ Jap\u00f3n \/ 2001 \/145 min<\/span><\/p>\n<p><span style=\"color: #000000;\">El se\u00f1or Shamoto, due\u00f1o de un peque\u00f1o acuario, vive con su joven esposa Taeko y con Mitsuko, una rebelde adolescente hija de su primer matrimonio. De car\u00e1cter pusil\u00e1nime, no puede evitar que llamen a la polic\u00eda cuando su hija es sorprendida robando en un almac\u00e9n. Su salvaci\u00f3n es Murata, due\u00f1o de un importante acuario y quien intercede por la joven y le ofrece empleo. Sin embargo, las cosas se complican para el apacible Shamoto cuando descubre que su nuevo amigo podr\u00eda estar implicado en decenas de asesinatos.<\/span><\/p>\n<h3><span style=\"color: #000000;\">Lunes 30 de marzo &#8211; 20:00 h<\/span><\/h3>\n<p style=\"text-align: justify;\"><span style=\"color: #000000;\"><a style=\"color: #000000;\" href=\"http:\/\/www.circo212.org.mx\/circo2\/wp-content\/uploads\/2015\/03\/relatos-salvajes_3.jpg\"><img loading=\"lazy\" decoding=\"async\" class=\"alignnone size-medium wp-image-3361\" src=\"http:\/\/www.circo212.org.mx\/circo2\/wp-content\/uploads\/2015\/03\/relatos-salvajes_3-300x168.jpg\" alt=\"relatos salvajes_3\" width=\"300\" height=\"168\" srcset=\"https:\/\/circo212.org.mx\/circo2\/wp-content\/uploads\/2015\/03\/relatos-salvajes_3-300x168.jpg 300w, https:\/\/circo212.org.mx\/circo2\/wp-content\/uploads\/2015\/03\/relatos-salvajes_3-1024x576.jpg 1024w, https:\/\/circo212.org.mx\/circo2\/wp-content\/uploads\/2015\/03\/relatos-salvajes_3.jpg 1280w\" sizes=\"auto, (max-width: 300px) 100vw, 300px\" \/><\/a><\/span><\/p>\n<p><span style=\"color: #000000;\"><strong>RELATOS SALVAJES<\/strong> <\/span><br \/>\n<span style=\"color: #000000;\">Dir. Dami\u00e1n Szifron \/ Argentina \/ 2014 \/ 122 min<\/span><\/p>\n<p><span style=\"color: #000000;\">La desigualdad, la injusticia y la exigencia del mundo en que vivimos producen que muchas personas se estresen o se depriman. Algunas de ellas explotan. Esta es una pel\u00edcula sobre ellos. Vulnerables ante una realidad que s\u00fabitamente se altera y se torna impredecible, los personajes de \u201cRelatos salvajes\u201d cruzan la delgada frontera que divide la civilizaci\u00f3n de la barbarie. Una traici\u00f3n amorosa, el retorno de un pasado reprimido, o la violencia contenida en un detalle cotidiano, se presentan para impulsarles al v\u00e9rtigo de perder los estribos, al innegable placer de perder el control.<\/span><\/p>\n<p style=\"text-align: justify;\"><span style=\"color: #000000;\">COMO SIEMPRE, ENTRADA Y PALOMITAS GRATIS<\/span><\/p>\n<h1 style=\"text-align: center;\">A primera y segunda vista<\/h1>\n<h2 style=\"text-align: center;\">Ciclo de remakes en Cineclub Condesa DF<\/h2>\n<p style=\"text-align: justify;\">La inspiraci\u00f3n para hacer pel\u00edculas surge de cualquier lado, muchas veces de otras pel\u00edculas. Como bien dijo el cineasta Jim Jarmusch, Nada es original.<br \/>\nRoba de cualquier lugar que resuene con la inspiraci\u00f3n o llene tu imaginaci\u00f3n. Devora pel\u00edculas viejas, pel\u00edculas nuevas, m\u00fasica, libros, pinturas, fotograf\u00edas, poemas, sue\u00f1os, conversaciones, arquitectura, puentes, se\u00f1ales en las calles, \u00e1rboles,\u00a0nubes, cuerpos de agua, luces y sombras.<br \/>\nSelecciona solo cosas para robar que le hablen directamente a tu alma. Si lo haces, esto, tu trabajo (y robo), ser\u00e1 aut\u00e9ntico.<br \/>\nLa autenticidad es invaluable. Originalmente no-existente. Y no te molestes por esconder tu robo- cel\u00e9bralo si as\u00ed lo quieres. De cualquier forma, siempre recuerda lo que dijo Jean-Luc Godard: \u201cNo importa de donde tomes las cosas- importa a d\u00f3nde las lleves.\u201d<\/p>\n<p style=\"text-align: justify;\">Existen pel\u00edculas tan buenas que algunos directores deciden no s\u00f3lo inspirarse en ellas sino hacer una nueva versi\u00f3n.<br \/>\nPara el primer ciclo del 2015 en Cineclub Condesa DF, Circo 2.12\u00a0y Time Out M\u00e9xico\u00a0traen para ti una selecci\u00f3n de 6 pel\u00edculas que incluye tres versiones originales y su refrito.<\/p>\n<p style=\"text-align: center;\">Te esperamos los lunes a las 20:00 horas en el s\u00f3tano del Hotel Condesa DF<br \/>\n(Av- Veracruz 102, Colonia Condesa)<\/p>\n<h3 style=\"text-align: left;\">Lunes 19 de enero &#8211; 20:00 h<\/h3>\n<p><a href=\"http:\/\/www.circo212.org.mx\/circo2\/wp-content\/uploads\/2012\/02\/13tzameti.jpg\"><img loading=\"lazy\" decoding=\"async\" class=\"alignnone size-medium wp-image-3230\" src=\"http:\/\/www.circo212.org.mx\/circo2\/wp-content\/uploads\/2012\/02\/13tzameti-300x159.jpg\" alt=\"13tzameti\" width=\"300\" height=\"159\" srcset=\"https:\/\/circo212.org.mx\/circo2\/wp-content\/uploads\/2012\/02\/13tzameti-300x159.jpg 300w, https:\/\/circo212.org.mx\/circo2\/wp-content\/uploads\/2012\/02\/13tzameti-1024x543.jpg 1024w, https:\/\/circo212.org.mx\/circo2\/wp-content\/uploads\/2012\/02\/13tzameti.jpg 1200w\" sizes=\"auto, (max-width: 300px) 100vw, 300px\" \/><br \/>\n<\/a><\/p>\n<p><strong>13 Tzameti<\/strong><br \/>\nDir. G\u00e9la Babluani \/ Francia \/ 2005 \/ 95 min<\/p>\n<p style=\"text-align: justify;\">S\u00e9bastien, un joven de 22 a\u00f1os, trabaja en la casa de un hombre que poco antes de morir de sobredosis recibe una carta que incluye un boleto de tren y una reserva de hotel. Por una casual serie de acontecimientos, S\u00e9bastien descubre el sobre y decide embarcarse en un viaje del que todo desconoce salvo la posibilidad de conseguir una peque\u00f1a fortuna. La oportunidad de acabar con la miseria en la que vive le arma de valor per necesitar\u00e1 mucho m\u00e1s que eso cuando se introduce a un oscuro mundo creado alrededor de un peligroso juego.<\/p>\n<h3 style=\"text-align: justify;\">Lunes 26 de enero &#8211; 20:00 h<\/h3>\n<p style=\"text-align: justify;\"><a href=\"http:\/\/www.circo212.org.mx\/circo2\/wp-content\/uploads\/2012\/02\/13.jpg\"><img loading=\"lazy\" decoding=\"async\" class=\"alignnone size-medium wp-image-3231\" src=\"http:\/\/www.circo212.org.mx\/circo2\/wp-content\/uploads\/2012\/02\/13-300x200.jpg\" alt=\"13\" width=\"300\" height=\"200\" srcset=\"https:\/\/circo212.org.mx\/circo2\/wp-content\/uploads\/2012\/02\/13-300x200.jpg 300w, https:\/\/circo212.org.mx\/circo2\/wp-content\/uploads\/2012\/02\/13.jpg 600w\" sizes=\"auto, (max-width: 300px) 100vw, 300px\" \/><\/a><\/p>\n<p><strong>13<br \/>\n<\/strong>Dir. G\u00e9la Babluani \/ EUA \/ 2010 \/ 91 min<\/p>\n<p style=\"text-align: justify;\">Adaptaci\u00f3n estadounidense de la pel\u00edcula francesa \u201c13 Tzameti\u201d, dirigida por el propio G\u00e9la Babluani en 2005. El film narra varias historias entrelazadas con un punto com\u00fan: la violencia y el poder.<\/p>\n<p style=\"text-align: justify;\">Un hombre joven llamado Vincent \u00abVince\u00bb Ferro se encuentra en una terrible situaci\u00f3n financiera, y con su padre en el hospital no le quedan muchas opciones, as\u00ed que por acciones fortuitas se ve envuelto en una competici\u00f3n clandestina, dicha competici\u00f3n est\u00e1 organizada por hombres con mucho dinero y que comparten un mismo placer: la muerte.<\/p>\n<h3 style=\"text-align: left;\">Lunes 2 de febrero &#8211; 20:00 h<\/h3>\n<p><a href=\"http:\/\/www.circo212.org.mx\/circo2\/wp-content\/uploads\/2012\/02\/D\u00e9jame-entrar.jpg\"><img loading=\"lazy\" decoding=\"async\" class=\"alignnone size-medium wp-image-3232\" src=\"http:\/\/www.circo212.org.mx\/circo2\/wp-content\/uploads\/2012\/02\/D\u00e9jame-entrar-300x151.jpg\" alt=\"D\u00e9jame entrar\" width=\"300\" height=\"151\" srcset=\"https:\/\/circo212.org.mx\/circo2\/wp-content\/uploads\/2012\/02\/D\u00e9jame-entrar-300x151.jpg 300w, https:\/\/circo212.org.mx\/circo2\/wp-content\/uploads\/2012\/02\/D\u00e9jame-entrar.jpg 1024w\" sizes=\"auto, (max-width: 300px) 100vw, 300px\" \/><\/a><\/p>\n<p><strong>D\u00e9jame entrar<br \/>\n<\/strong>Dir. Tomas Alfredson \/ Suecia \/ 2008 \/ 114 min<\/p>\n<p style=\"text-align: justify;\">Oskar, un t\u00edmido ni\u00f1o de doce a\u00f1os, que es acosado en el colegio por sus compa\u00f1eros, se hace amigo de Eli, una misteriosa vecina de su edad, cuya llegada al barrio coincide con una serie de inexplicables muertes. A pesar de que Oskar sospecha que Eli es un vampiro, intenta que su amistad est\u00e9 por encima de su miedo.<\/p>\n<h3 style=\"text-align: justify;\">Lunes 9 de febrero &#8211; 20:00 h<\/h3>\n<h3 style=\"text-align: justify;\"><a href=\"http:\/\/www.circo212.org.mx\/circo2\/wp-content\/uploads\/2012\/02\/let-me-in.jpg\"><img loading=\"lazy\" decoding=\"async\" class=\"alignnone size-medium wp-image-3233\" src=\"http:\/\/www.circo212.org.mx\/circo2\/wp-content\/uploads\/2012\/02\/let-me-in-300x200.jpg\" alt=\"let-me-in\" width=\"300\" height=\"200\" srcset=\"https:\/\/circo212.org.mx\/circo2\/wp-content\/uploads\/2012\/02\/let-me-in-300x200.jpg 300w, https:\/\/circo212.org.mx\/circo2\/wp-content\/uploads\/2012\/02\/let-me-in-1024x682.jpg 1024w\" sizes=\"auto, (max-width: 300px) 100vw, 300px\" \/><\/a><\/h3>\n<p><strong>Let me in<\/strong><br \/>\nDir. Matt Reeves \/ EUA \/ Reino Unido \/ 2010 \/ 115 min<\/p>\n<p style=\"text-align: justify;\">Remake norteamericano de la celebrada pel\u00edcula sueca \u00abD\u00e9jame entrar\u00bb en la que el protagonista es Owen, un ni\u00f1o maltratado por sus compa\u00f1eros de clase y abandonado por sus padres divorciados; sin embargo, algo cambia en su solitaria vida cuando conoce a Abby, una nueva y misteriosa vecina, que vive con su silencioso padre y con quien entablar\u00e1 una particular amistad.<\/p>\n<h3 style=\"text-align: justify;\">Lunes 16 de febrero &#8211; 20:00 h<\/h3>\n<h3 style=\"text-align: justify;\"><a href=\"http:\/\/www.circo212.org.mx\/circo2\/wp-content\/uploads\/2012\/02\/We-are-what-we-are-2.jpg\"><img loading=\"lazy\" decoding=\"async\" class=\"alignnone size-medium wp-image-3234\" src=\"http:\/\/www.circo212.org.mx\/circo2\/wp-content\/uploads\/2012\/02\/We-are-what-we-are-2-300x150.jpg\" alt=\"WE ARE WHAT WE ARE\" width=\"300\" height=\"150\" srcset=\"https:\/\/circo212.org.mx\/circo2\/wp-content\/uploads\/2012\/02\/We-are-what-we-are-2-300x150.jpg 300w, https:\/\/circo212.org.mx\/circo2\/wp-content\/uploads\/2012\/02\/We-are-what-we-are-2-1024x512.jpg 1024w, https:\/\/circo212.org.mx\/circo2\/wp-content\/uploads\/2012\/02\/We-are-what-we-are-2.jpg 1500w\" sizes=\"auto, (max-width: 300px) 100vw, 300px\" \/><\/a><\/h3>\n<p><strong>We are what we are<\/strong><br \/>\nDir. Jim Mickle \/ EUA \/ 2013 \/ 105 min<br \/>\nRemake de la pel\u00edcula mexicana \u201cSomos lo que hay\u201d<\/p>\n<p style=\"text-align: justify;\">Los Parker son una familia aparentemente estable donde el patriarca ha decidido a mantener intactas las tradiciones familiares. La tragedia golpea a los Parker cuando la madre muere y las hijas, Iris y Rose, se ven obligados a asumir responsabilidades que van m\u00e1s all\u00e1 de las de una familia t\u00edpica. Su tarea m\u00e1s importante, a partir de ahora, ser\u00e1 la de poner la carne en la mesa, pero no el tipo de carne que puede encontrarse en el supermercado local. Las autoridades locales empiezan a descubrir pistas que les acercan al secreto que los Parker han mantenido oculto durante a\u00f1os.<\/p>\n<h3 style=\"text-align: justify;\">Lunes 23 de febrero &#8211; 20:00 h<\/h3>\n<p><a href=\"http:\/\/www.circo212.org.mx\/circo2\/wp-content\/uploads\/2012\/02\/Somos-lo-que-hay.jpg\"><img loading=\"lazy\" decoding=\"async\" class=\"alignnone size-medium wp-image-3235\" src=\"http:\/\/www.circo212.org.mx\/circo2\/wp-content\/uploads\/2012\/02\/Somos-lo-que-hay-300x169.jpg\" alt=\"Somos lo que hay\" width=\"300\" height=\"169\" srcset=\"https:\/\/circo212.org.mx\/circo2\/wp-content\/uploads\/2012\/02\/Somos-lo-que-hay-300x169.jpg 300w, https:\/\/circo212.org.mx\/circo2\/wp-content\/uploads\/2012\/02\/Somos-lo-que-hay-1024x578.jpg 1024w, https:\/\/circo212.org.mx\/circo2\/wp-content\/uploads\/2012\/02\/Somos-lo-que-hay.jpg 2048w\" sizes=\"auto, (max-width: 300px) 100vw, 300px\" \/><\/a><\/p>\n<p><strong>Somos lo que hay<\/strong><br \/>\nDir. Jorge Michel Grau \/ M\u00e9xico \/ 2010 \/ 90 min<\/p>\n<p style=\"text-align: justify;\">Una familia queda desamparada al morir su padre y l\u00edder, a partir de ese momento su viuda y sus tres hijos enfrentan una tempestad; los cuatro tendr\u00e1n que darle la cara a su peor pesadilla, conseguir alimento por su propia mano. Continuar con sus ritos es vital, deben comer carne humana para sobrevivir. Ahora, por decreto, el mayor de los hermanos, un adolescente desubicado, tendr\u00e1 que guiar a los suyos para conservar su tradici\u00f3n can\u00edbal.<\/p>\n<h3 style=\"text-align: left;\"><\/h3>\n<p>&nbsp;<\/p>\n<h2 style=\"text-align: center;\">Circo 2.12 y Time Out M\u00e9xico presentan:<\/h2>\n<h1 style=\"text-align: center;\">Circus City<\/h1>\n<h2 style=\"text-align: center;\">en Cineclub Condesa DF<\/h2>\n<p>&nbsp;<\/p>\n<p>La ciudad es un circo y nos encanta<\/p>\n<p style=\"text-align: justify;\">Explosi\u00f3n demogr\u00e1fica, tr\u00e1nsito excesivo, falta de recursos no renovables, altos \u00edndices de delincuencia y violencia, son cuestiones aceptadas como condici\u00f3n de lo urbano. Si a esto le sumamos cuestiones idiosincr\u00e1ticas que aquejan a M\u00e9xico desde hace mucho tiempo, como un mal gobierno, corrupci\u00f3n, impunidad y un largo etc\u00e9tera, no dan ganas de habitar su capital, pero hay algo en el caos del DF que a muchos nos maravilla.<\/p>\n<p style=\"text-align: justify;\">El entretenimiento que ofrecen las grandes urbes es sumamente atractivo y la Ciudad de M\u00e9xico no se queda atr\u00e1s. Es una de las urbes con m\u00e1s atracciones art\u00edsticas y culturales. Time Out \u2013la exitosa revista presente en 36 de las principales ciudades del mundo\u2013 desde 2012 es una gu\u00eda dedicada a estas actividades en la capital mexicana. Por otra parte, Circo 2.12 desde hace 14 a\u00f1os se suma a estas ofertas culturales con un circuito de exhibici\u00f3n de cine alternativo.<\/p>\n<p style=\"text-align: justify;\">Ahora <a href=\"http:\/\/www.timeoutmexico.mx\/df\">Time Out M\u00e9xico<\/a> y Circo 2.12 colaboran para el \u00faltimo ciclo de 2014 en <a href=\"https:\/\/cineclubcondesadf.wordpress.com\/\">Cineclub Condesa DF<\/a>. All\u00ed presentar\u00e1n una selecci\u00f3n de cuatro pel\u00edculas que, de alguna u otra manera, mezclan la magia de las ciudades, los circos y el caos.<\/p>\n<p style=\"text-align: center;\">Los esperamos los siguientes cuatro lunes a las 20:00 horas en el s\u00f3tano del Hotel Condesa DF<br \/>\n(Avenida Veracruz 102, Col. Condesa)<\/p>\n<h3>Lunes 24 de noviembre &#8211; 20:00 h<\/h3>\n<p><a href=\"http:\/\/www.circo212.org.mx\/circo2\/wp-content\/uploads\/2012\/02\/el-mundo-imaginario-del-doctor-parnassus.jpg\"><img loading=\"lazy\" decoding=\"async\" class=\"alignnone size-medium wp-image-3213\" src=\"http:\/\/www.circo212.org.mx\/circo2\/wp-content\/uploads\/2012\/02\/el-mundo-imaginario-del-doctor-parnassus-300x208.jpg\" alt=\"el mundo imaginario del doctor parnassus\" width=\"300\" height=\"208\" srcset=\"https:\/\/circo212.org.mx\/circo2\/wp-content\/uploads\/2012\/02\/el-mundo-imaginario-del-doctor-parnassus-300x208.jpg 300w, https:\/\/circo212.org.mx\/circo2\/wp-content\/uploads\/2012\/02\/el-mundo-imaginario-del-doctor-parnassus.jpg 715w\" sizes=\"auto, (max-width: 300px) 100vw, 300px\" \/><br \/>\n<\/a><strong>El imaginario mundo del Doctor Parnassus<\/strong> (The Imaginarium of Doctor Parnassus)<br \/>\nDir. Terry Gilliam \/ Reino Unido \/ 2009 \/ 123 min<\/p>\n<p style=\"text-align: justify;\">Con una extraordinaria habilidad para guiar la imaginaci\u00f3n de los dem\u00e1s, el Doctor Parnassus oculta un oscuro secreto. Siglos atr\u00e1s hizo un trato con el Diablo para ganar inmortalidad, a cambio de entregarle a cualquier hijo que tuviese al cumplir los 16 a\u00f1os. Ahora, deambulando con su humilde teatro ambulante y con una hija a punto de llegar a esa edad, Parnassus est\u00e1 decidido a cambiar el trato.<\/p>\n<h3>Lunes 1 de diciembre &#8211; 20:00 h<\/h3>\n<p><a href=\"http:\/\/www.circo212.org.mx\/circo2\/wp-content\/uploads\/2012\/02\/Sombras-y-niebla.jpg\"><img loading=\"lazy\" decoding=\"async\" class=\"alignnone size-medium wp-image-3214\" src=\"http:\/\/www.circo212.org.mx\/circo2\/wp-content\/uploads\/2012\/02\/Sombras-y-niebla-300x196.jpg\" alt=\"Sombras y niebla\" width=\"300\" height=\"196\" srcset=\"https:\/\/circo212.org.mx\/circo2\/wp-content\/uploads\/2012\/02\/Sombras-y-niebla-300x196.jpg 300w, https:\/\/circo212.org.mx\/circo2\/wp-content\/uploads\/2012\/02\/Sombras-y-niebla.jpg 800w\" sizes=\"auto, (max-width: 300px) 100vw, 300px\" \/><br \/>\n<\/a><strong>Sombras y niebla<\/strong> (Shadows and fog)<br \/>\nDir. Woody Allen \/ EUA \/ 1992 \/ 85 min<\/p>\n<p style=\"text-align: justify;\">Un estrangulador siembra el terror en una ciudad sumida en una espesa niebla. Al insignificante Kleinman lo llaman para que participe en la captura del criminal. Sin embargo, su funci\u00f3n dentro de la operaci\u00f3n policial no termina de estar clara. Sus temerosos pasos por las calles desiertas se cruzar\u00e1n con los de una tragasables de circo que acaba de abandonar a su hombre, uno de los payasos.<\/p>\n<h3>Lunes 8 de diciembre &#8211; 20:00 h<\/h3>\n<p><a href=\"http:\/\/www.circo212.org.mx\/circo2\/wp-content\/uploads\/2012\/02\/Fen\u00f3menos.jpg\"><img loading=\"lazy\" decoding=\"async\" class=\"alignnone size-medium wp-image-3215\" src=\"http:\/\/www.circo212.org.mx\/circo2\/wp-content\/uploads\/2012\/02\/Fen\u00f3menos-300x233.jpg\" alt=\"Fen\u00f3menos\" width=\"300\" height=\"233\" srcset=\"https:\/\/circo212.org.mx\/circo2\/wp-content\/uploads\/2012\/02\/Fen\u00f3menos-300x233.jpg 300w, https:\/\/circo212.org.mx\/circo2\/wp-content\/uploads\/2012\/02\/Fen\u00f3menos-1024x797.jpg 1024w\" sizes=\"auto, (max-width: 300px) 100vw, 300px\" \/><br \/>\n<\/a><strong>Fen\u00f3menos\u00a0<\/strong>(Freaks)<br \/>\nDir. Tod Browning \/ EUA \/ 1932 \/ 64 min)<\/p>\n<p style=\"text-align: justify;\">Hans es un enano que est\u00e1 comprometido con Frida, otra enana. Pero \u00e9l est\u00e1 enamorado de la bella trapecista Cleopatra, que lo desprecia por su deformidad como al resto de fen\u00f3menos del circo itinerante en el que trabajan.<br \/>\nCuando Hans hereda una fortuna, la trapecista idea un plan para quedarse con su dinero ayudada por su amante H\u00e9rcules, el forzudo. Sin embargo, son descubiertos y una terrible venganza se cierne sobre ellos.<\/p>\n<h3>Lunes 15 de diciembre &#8211; 20:00 h<\/h3>\n<p><a href=\"http:\/\/www.circo212.org.mx\/circo2\/wp-content\/uploads\/2012\/02\/4.jpg\"><img loading=\"lazy\" decoding=\"async\" class=\"alignnone size-medium wp-image-3216\" src=\"http:\/\/www.circo212.org.mx\/circo2\/wp-content\/uploads\/2012\/02\/4-300x168.jpg\" alt=\"Holy\" width=\"300\" height=\"168\" srcset=\"https:\/\/circo212.org.mx\/circo2\/wp-content\/uploads\/2012\/02\/4-300x168.jpg 300w, https:\/\/circo212.org.mx\/circo2\/wp-content\/uploads\/2012\/02\/4-1024x576.jpg 1024w, https:\/\/circo212.org.mx\/circo2\/wp-content\/uploads\/2012\/02\/4.jpg 1200w\" sizes=\"auto, (max-width: 300px) 100vw, 300px\" \/><br \/>\n<\/a><strong>Holy motors<br \/>\n<\/strong>Dir. Leos Carax. Francia \/ 2012 \/ 115 min<\/p>\n<p style=\"text-align: justify;\">Un d\u00eda en la vida de un hombre con m\u00faltiples personalidades: asesino, mendigo, ejecutivo, monstruo y padre de familia. El protagonista encarna personajes diversos como si se tratase de una pel\u00edcula o de un espect\u00e1culo circense.<\/p>\n<p style=\"text-align: justify;\">\u00a1La entrada y las palomitas son gratis!<\/p>\n<h1 style=\"text-align: center;\">El Futuro de Ayer<\/h1>\n<h2 style=\"text-align: center;\">en<\/h2>\n<h1 style=\"text-align: center;\">Cineclub Condesa<\/h1>\n<h1 style=\"text-align: center;\"><\/h1>\n<p style=\"text-align: justify;\">La ciencia ficci\u00f3n tiene su origen en la literatura, son narraciones fant\u00e1sticas entremezcladas con hechos ficticios y visiones prof\u00e9ticas que se han representado en el cine desde su invenci\u00f3n, teniendo su auge en el siglo XX debido a los avances tecnol\u00f3gicos.<\/p>\n<p style=\"text-align: justify;\">A pesar de que los efectos especiales son una de las atracciones principales de este g\u00e9nero cinematogr\u00e1fico, esta selecci\u00f3n de 4 pel\u00edculas da preferencia a las cuestiones filos\u00f3ficas que nos plantea el futuro. El cine de ciencia ficci\u00f3n en muchas ocasiones ha servido para criticar aspectos sociales y pol\u00edticos, y en el caso de las pel\u00edculas dist\u00f3picas que generalmente se desarrollan en un futuro muy cercano, invita a reflexionar sobre el rumbo que tomar\u00e1 la humanidad.<\/p>\n<p style=\"text-align: justify;\">Deshumanizaci\u00f3n masiva, condiciones de vida miserables, gobierno totalitario, falta de libertad y la prohibici\u00f3n de sentimientos; son algunos de los temas comunes en estas pel\u00edculas basadas o fuertemente influenciadas por la novela 1984 de George Orwell.<\/p>\n<p style=\"text-align: center;\">Los esperamos los lunes a las 20:00 horas en el s\u00f3tano del Hotel Condesa DF<br \/>\n(Av. Veracruz 102, Col. Condesa)<\/p>\n<p style=\"text-align: center;\">\u00a1La entrada y las palomitas son gratis!<\/p>\n<h3>Lunes 27 de octubre &#8211; 20:00 h<br \/>\n<a href=\"http:\/\/www.circo212.org.mx\/circo2\/wp-content\/uploads\/2012\/02\/THX1138-.jpg\"><img loading=\"lazy\" decoding=\"async\" class=\"alignnone size-medium wp-image-3158\" src=\"http:\/\/www.circo212.org.mx\/circo2\/wp-content\/uploads\/2012\/02\/THX1138--300x174.jpg\" alt=\"THX1138\" width=\"300\" height=\"174\" srcset=\"https:\/\/circo212.org.mx\/circo2\/wp-content\/uploads\/2012\/02\/THX1138--300x174.jpg 300w, https:\/\/circo212.org.mx\/circo2\/wp-content\/uploads\/2012\/02\/THX1138--1024x596.jpg 1024w, https:\/\/circo212.org.mx\/circo2\/wp-content\/uploads\/2012\/02\/THX1138-.jpg 1200w\" sizes=\"auto, (max-width: 300px) 100vw, 300px\" \/><\/a><\/h3>\n<p><strong>THX 1138<\/strong><br \/>\nDir. George Lucas \/ EUA \/ 1971 \/ 88 min<\/p>\n<p style=\"text-align: justify;\">THX 1138, LUH 3417, y SEN 5241 intentan escapar de una sociedad futurista localizada debajo de la superficie de la Tierra, donde el amor es el m\u00e1ximo crimen y se ha prohibido el sexo, con el uso de drogas que controlan a la gente.<br \/>\nBrillante e incomprendida \u00f3pera prima de ciencia-ficci\u00f3n de George Lucas, que muestra la aterradora y dram\u00e1tica visi\u00f3n de un mundo futuro en el siglo XXV gobernado por un sistema computarizado e intolerante en el que la libertad es un sue\u00f1o imposible.<\/p>\n<h3 style=\"text-align: justify;\">Lunes\u00a03 de noviembre &#8211; 20:00 h<br \/>\n<a href=\"http:\/\/www.circo212.org.mx\/circo2\/wp-content\/uploads\/2012\/02\/Brazil.jpg\"><img loading=\"lazy\" decoding=\"async\" class=\"alignnone size-medium wp-image-3159\" src=\"http:\/\/www.circo212.org.mx\/circo2\/wp-content\/uploads\/2012\/02\/Brazil-241x300.jpg\" alt=\"Brazil\" width=\"241\" height=\"300\" srcset=\"https:\/\/circo212.org.mx\/circo2\/wp-content\/uploads\/2012\/02\/Brazil-241x300.jpg 241w, https:\/\/circo212.org.mx\/circo2\/wp-content\/uploads\/2012\/02\/Brazil-823x1024.jpg 823w, https:\/\/circo212.org.mx\/circo2\/wp-content\/uploads\/2012\/02\/Brazil.jpg 965w\" sizes=\"auto, (max-width: 241px) 100vw, 241px\" \/><\/a><\/h3>\n<p><strong>Brazil<\/strong><br \/>\nDir. Terry Gilliam \/ Reino Unido \/ 1985 \/ 131 min<\/p>\n<p style=\"text-align: justify;\">En un extra\u00f1o y deprimente universo futurista donde reinan las m\u00e1quinas, Sam Lowry trabaja para el Ministerio. Le disgusta bastante su trabajo y la sociedad totalitaria, burocr\u00e1tica y represiva en la cual vive, su \u00fanica manera de escapar de la realidad en que vive es a trav\u00e9s de los sue\u00f1os.<br \/>\nLuego de conocer a dos personas consideradas como terroristas por el Estado, el ingeniero de calefacci\u00f3n Harry Tutt\u00f1e y la mujer de sus sue\u00f1os Jill Layton, Sam es secuestrado por el gobierno y es en este escapa de su realidad definitiva, a trav\u00e9s de la locura.<\/p>\n<h3 style=\"text-align: justify;\">Lunes\u00a010 de noviembre &#8211; 20:00 h<br \/>\n<a href=\"http:\/\/www.circo212.org.mx\/circo2\/wp-content\/uploads\/2012\/02\/Alphaville.jpg\"><img loading=\"lazy\" decoding=\"async\" class=\"alignnone size-medium wp-image-3160\" src=\"http:\/\/www.circo212.org.mx\/circo2\/wp-content\/uploads\/2012\/02\/Alphaville-300x225.jpg\" alt=\"Alphaville\" width=\"300\" height=\"225\" srcset=\"https:\/\/circo212.org.mx\/circo2\/wp-content\/uploads\/2012\/02\/Alphaville-300x225.jpg 300w, https:\/\/circo212.org.mx\/circo2\/wp-content\/uploads\/2012\/02\/Alphaville.jpg 1023w\" sizes=\"auto, (max-width: 300px) 100vw, 300px\" \/><\/a><\/h3>\n<p><strong>Alphaville<\/strong><br \/>\nDir. Jean- Luc Godard \/ Francia \/ 1965 \/ 99 min<\/p>\n<p style=\"text-align: justify;\">A Alphaville, una ciudad futurista situada en otro planeta, llega el detective Ivan Johnson, siguiendo la pista de otros agentes que le han precedido y est\u00e1n desaparecidos. Tambi\u00e9n con la misi\u00f3n de buscar y destruir al profesor Von Braun, apodado Nosferatu, que es el creador de Alpha 60, la m\u00e1quina que comanda la vida mental de los habitantes de la ciudad.<br \/>\nPara ello se presenta como un periodista que desea entrevistarse con el Profesor, antes tendr\u00e1 que tratar con la hija de \u00e9ste, que es utilizada como intermediaria y de la cual se enamora, pero Alphaville es un lugar en el que est\u00e1n prohibidas palabras como <em>por qu\u00e9, amor o llorar.<\/em><\/p>\n<h3 style=\"text-align: justify;\">Lunes\u00a017 de noviembre &#8211; 20:00 h<br \/>\n<a href=\"http:\/\/www.circo212.org.mx\/circo2\/wp-content\/uploads\/2012\/02\/1984.png\"><img loading=\"lazy\" decoding=\"async\" class=\"alignnone size-medium wp-image-3161\" src=\"http:\/\/www.circo212.org.mx\/circo2\/wp-content\/uploads\/2012\/02\/1984-300x165.png\" alt=\"1984\" width=\"300\" height=\"165\" srcset=\"https:\/\/circo212.org.mx\/circo2\/wp-content\/uploads\/2012\/02\/1984-300x165.png 300w, https:\/\/circo212.org.mx\/circo2\/wp-content\/uploads\/2012\/02\/1984.png 980w\" sizes=\"auto, (max-width: 300px) 100vw, 300px\" \/><\/a><\/h3>\n<p><strong>1984<\/strong><br \/>\nDir. Michael Radford \/ Reino Unido \/ 1984 \/ 113 min<\/p>\n<p style=\"text-align: justify;\">El futuro, a\u00f1o 1984. Winston Smith del Partido Exterior en el Ministerio de la Verdad tiene como trabajo analizar las noticias viejas y convertirlas en nuevas, cambiando as\u00ed la verdad en mentira. Estas noticias luego son emitidas insistentemente a trav\u00e9s de una parafernalia de televisores que nunca se apagan.<br \/>\nSu vida se complica cuando comete el crimen de pensar libremente y conoce a Julia, con la que inicia una relaci\u00f3n clandestina, que mantienen fuera del alcance de las c\u00e1maras que vigilan a la poblaci\u00f3n para evitar cualquier pr\u00e1ctica de rebeli\u00f3n frente a las medidas dr\u00e1sticas que se toman en la Ocean\u00eda totalitaria.<\/p>\n<p>&nbsp;<\/p>\n<h1 style=\"text-align: center;\"><span style=\"color: #000000;\">Latinoam\u00e9rica Sin Fronteras<\/span><\/h1>\n<h1 style=\"text-align: center;\"><span style=\"color: #000000;\">un ciclo de <\/span><\/h1>\n<h1 style=\"text-align: center;\"><span style=\"color: #000000;\">Cineclub Condesa e INDIE ROCKS!<\/span><\/h1>\n<p><span style=\"color: #000000;\">\u00a0<\/span><\/p>\n<p style=\"text-align: justify;\"><span style=\"color: #000000;\">Circo 2.12 e Indie Rocks! somos proyectos que creen en el estilo de vida independiente, ambos luchamos por dicha independencia, es por eso que dedicamos nuestro siguiente ciclo de documentales, presentados en Cineclub Condesa DF, a la tem\u00e1tica de esta lucha sumando el tema central del n\u00famero de octavo aniversario de la revista: Latinoam\u00e9rica.<\/span><br style=\"color: #000000;\" \/><br style=\"color: #000000;\" \/><span style=\"color: #000000;\">En Latinoam\u00e9rica cada punto geogr\u00e1fico tiene su idiosincrasia pero hay particularidades hist\u00f3ricas, sociales y econ\u00f3micas que compartimos; lo que tienen en com\u00fan estos 4 documentales es que la m\u00fasica es una manera de resistencia a opresiones pol\u00edticas. La m\u00fasica no s\u00f3lo es m\u00fasica, en ella existe un v\u00ednculo muy fuerte que nos da un sentido de fraternidad y entendimiento, esta selecci\u00f3n lo demuestra aunque de maneras distintas: desde un m\u00fasico (Federico Moura) en el caso de IM\u00c1GENES PAGANAS de Argentina, una banda (Molotov) en GIMME THE POWER de M\u00e9xico, un movimiento cultural (Tropic\u00e1lia) en Brasil que nos muestra BEYOND IPANEMA o desde una regi\u00f3n espec\u00edfica como Concepci\u00f3n \u201cla cuna del rock\u201d de Chile en GRITOS DE FIN DE SIGLO. \u00a0<\/span><\/p>\n<p style=\"text-align: center;\"><span style=\"color: #000000;\">Los esperamos los siguientes lunes a las 20:00 horas en el s\u00f3tano del Hotel Condesa DF<\/span><br \/>\n<span style=\"color: #000000;\"> (Av. Veracruz 102, Col. Condesa)<\/span><\/p>\n<p style=\"text-align: center;\"><span style=\"color: #000000;\">\u00a1Como siempre, la entrada y las palomitas son gratis!<\/span><\/p>\n<h3><span style=\"color: #000000;\">Lunes 22 de septiembre &#8211; 20:00 h<\/span><\/h3>\n<p><span style=\"color: #000000;\"><strong>Gimme the power<br \/>\n<\/strong>Dir. Olallo Rubio \/ M\u00e9xico \/ 2012 \/ 101 min<\/span><\/p>\n<p style=\"text-align: justify;\"><span style=\"color: #000000;\">Este documental introduce al contexto hist\u00f3rico que nos ubica en la realidad que se vive actualmente en M\u00e9xico. Tomando\u00a0como pretexto y eje central la carrera del grupo Molotov, cuenta de manera r\u00e1pida, puntual y divertida la historia de la banda, y la tragicomedia de la historia mexicana, a la cual est\u00e1 \u00edntimamente ligada. Un pa\u00eds en crisis permanente, su fallido intento por alcanzar la verdadera democracia, y una banda que proporciona el soundtrack del descontento generalizado.<\/span><\/p>\n<h3><span style=\"color: #000000;\">Lunes 29 de septiembre &#8211; 20:00 h<\/span><\/h3>\n<p><span style=\"color: #000000;\"><strong>Gritos de Fin de Siglo<br \/>\n<\/strong>Dir. Karen Baher \/ Chile \/ 2013 \/ 83 min<\/span><\/p>\n<p style=\"text-align: justify;\"><span style=\"color: #000000;\">M\u00fasicos penquistas nos relatan el surgimiento del rock en su regi\u00f3n despu\u00e9s de la dictadura de Pinochet y el apogeo que comienza a mediados de los 80, que lleva al nacimiento de varias bandas reconocidas a nivel nacional. Las dificultades para darse a conocer, para grabar su m\u00fasica, y para generar un espacio en la escena nacional son algunas de las tantas inc\u00f3gnitas que responden, las cuales hoy en d\u00eda se ven reflejas den las bandas que siguen surgiendo.<\/span><\/p>\n<h3><span style=\"color: #000000;\">Lunes 6 de octubre &#8211; 20:00 h<\/span><\/h3>\n<p><span style=\"color: #000000;\"><strong>Im\u00e1genes Paganas<br \/>\n<\/strong>Dir. Sergio Constantino \/ Argentina \/ 2013 \/ 82 min<\/span><\/p>\n<p><span style=\"color: #000000;\">Documental que retrata la revoluci\u00f3n est\u00e9tica que provoc\u00f3 la banda Virus en los tempranos ochenta y la audacia de Federico Moura al frente de la banda platense que excedi\u00f3 los l\u00edmites del rock y todav\u00eda es una fuente de conocimiento art-pop en Argentina. Im\u00e1genes paganas explora la tensi\u00f3n y rechazo en tiempos de dictadura, azote que la familia Moura pag\u00f3 con la desaparici\u00f3n del hermano mayor de Federico.<\/span><br \/>\n<span style=\"color: #000000;\"> Sergio Costantino busca los rastros perdidos del cantante, que morir\u00e1 a causa de sida en diciembre de 1988. Los relatos de los protagonistas, refuerzan rasgos de estilo como ambig\u00fcedad, provocaci\u00f3n, iron\u00eda y libertad sexual.<\/span><\/p>\n<h3><span style=\"color: #000000;\">Lunes 13 de octubre &#8211; 20:00 h<\/span><\/h3>\n<p><span style=\"color: #000000;\"><strong>Beyond Ipanema<br \/>\n<\/strong>Dir. Guto Barra \/ Brasil-EUA \/ 2009 \/ 90 min<\/span><\/p>\n<p><span style=\"color: #000000;\">Documental sobre el ciclo del redescubrimiento de la m\u00fasica brasile\u00f1a en el mercado internacional. Mediante entrevistas la pel\u00edcula analiza la experiencia musical brasilera fuera del pa\u00eds.<\/span><br \/>\n<span style=\"color: #000000;\"> Artistas, productores, DJs y cr\u00edticos discuten c\u00f3mo la mezcla de estilos y la globalizaci\u00f3n ayudaron a Brasil a garantizar un lugar destacado en la cultura global.<\/span><\/p>\n<p><span style=\"color: #000000;\">\u00a0<\/span><\/p>\n<p>&nbsp;<\/p>\n<h1 style=\"text-align: center;\">Monstrosity: Body Horror<\/h1>\n<h2 style=\"text-align: center;\">en<\/h2>\n<h1 style=\"text-align: center;\">Cineclub Condesa DF<\/h1>\n<p>&nbsp;<\/p>\n<p style=\"text-align: justify;\">Mutaciones radioactivas, experimentos biotecnol\u00f3gicos, alteraciones corporales, invasiones extraterrestres o simples transformaciones aparentemente aleatorias pero con un espeluznante sentido metaf\u00f3rico\u2026 El body-horror como h\u00edbrido de la ciencia ficci\u00f3n y el horror nos ha brindado de im\u00e1genes que retan grotescamente nuestra relaci\u00f3n con nuestros propios cuerpos. Mucho del terror realmente ocurre en nuestra mente, desde a\u00f1os atr\u00e1s Kafka y Lovecraft ya sugestionaban nuestra imaginaci\u00f3n con sus textos, y tiempo despu\u00e9s, gracias a la f\u00e1brica de pesadillas del cine y sus efectos especiales, otras mentes como Cronenberg, Verhoeven, Stuart Gordon, Lloyd Kauffman y dem\u00e1s conformar\u00edan una escuela que a trav\u00e9s de nuevos realizadores contin\u00faa placenteramente envenenando nuestras cabezas.<\/p>\n<p style=\"text-align: justify;\">Las pel\u00edculas en esta nueva edici\u00f3n de Monstrosity homenajean este particular subg\u00e9nero y a la vez proponen nuevos argumentos, formas y significados en las transformaciones corporales de sus personajes: desde un nuevo enfoque del torture-porn a trav\u00e9s del body-art modification en American Mary hasta una versi\u00f3n literal del mito de la vagina dentada en Teeth; de una nueva invasi\u00f3n de bichos extraterrestres en Slither a una reformulaci\u00f3n del muerto-viviente al viviente-muerto en Thanatomorphose y la mexicana Halley. Finalmente este ciclo, programado por Luis Antonio Tovar (LATS), m\u00e1s all\u00e1 de toda pretenci\u00f3n invita a disfrutar de est\u00e9ticas grotescas y a aceptar con humor negro y extra\u00f1eza las deformaciones monstruosas de nuestra sociedad.<\/p>\n<p style=\"text-align: center;\">Los esperamos los lunes a las 20:00 horas en el s\u00f3tano del Hotel Condesa DF<\/p>\n<p style=\"text-align: center;\">(Av. Veracruz 102, Colonia Condesa)<\/p>\n<h3>Lunes 11 de agosto &#8211; 20:00 h<\/h3>\n<p><a href=\"http:\/\/www.circo212.org.mx\/circo2\/wp-content\/uploads\/2012\/02\/American-Mary.jpg\"><img loading=\"lazy\" decoding=\"async\" class=\"alignnone size-medium wp-image-3031\" src=\"http:\/\/www.circo212.org.mx\/circo2\/wp-content\/uploads\/2012\/02\/American-Mary-300x199.jpg\" alt=\"American Mary\" width=\"300\" height=\"199\" srcset=\"https:\/\/circo212.org.mx\/circo2\/wp-content\/uploads\/2012\/02\/American-Mary-300x199.jpg 300w, https:\/\/circo212.org.mx\/circo2\/wp-content\/uploads\/2012\/02\/American-Mary-1024x682.jpg 1024w, https:\/\/circo212.org.mx\/circo2\/wp-content\/uploads\/2012\/02\/American-Mary.jpg 1067w\" sizes=\"auto, (max-width: 300px) 100vw, 300px\" \/><\/a><\/p>\n<p><strong>American Mary<br \/>\n<\/strong>Dir. Jen Soska y Sylvia Soska \/ Canad\u00e1 \/ 2012 \/ 102 min<\/p>\n<p style=\"text-align: justify;\">Mary Mason es una joven y atractiva estudiante de medicina que, atra\u00edda por el dinero, se va introduciendo cada vez m\u00e1s en el oscuro mundo de la modificaci\u00f3n del cuerpo y las cirug\u00edas ilegales, donde los obsesionados artistas pagan cualquier cosa y sufrir\u00e1n cualquier dolor para conseguir sus inusuales procedimientos. Pero Mary no tardar\u00e1 en darse cuenta que su nueva profesi\u00f3n deja m\u00e1s marcas en su propia psique que en su anormal clientela.<\/p>\n<h3>Lunes 18 de agosto &#8211; 20:00 h<\/h3>\n<p><strong><a href=\"http:\/\/www.circo212.org.mx\/circo2\/wp-content\/uploads\/2012\/02\/Teeth.png\"><img loading=\"lazy\" decoding=\"async\" class=\"alignnone size-medium wp-image-3032\" src=\"http:\/\/www.circo212.org.mx\/circo2\/wp-content\/uploads\/2012\/02\/Teeth-300x187.png\" alt=\"Teeth\" width=\"300\" height=\"187\" srcset=\"https:\/\/circo212.org.mx\/circo2\/wp-content\/uploads\/2012\/02\/Teeth-300x187.png 300w, https:\/\/circo212.org.mx\/circo2\/wp-content\/uploads\/2012\/02\/Teeth.png 800w\" sizes=\"auto, (max-width: 300px) 100vw, 300px\" \/><\/a><\/strong><\/p>\n<p><strong>Teeth<\/strong><br \/>\nDir. Mitchell Lichtenstein \/ EUA \/ 2007 \/ 88 min<\/p>\n<p style=\"text-align: justify;\">A medio camino entre la comedia adolescente desenfadada y el cine gore, Teeth ofrece una curiosa visi\u00f3n sobre una chica, Dawn, con voluntad de preservar su virginidad. M\u00e1s all\u00e1 de sus convicciones, su deseo se convierte en una cuesti\u00f3n de necesidad: dentro de su vagina tiene unos dientes que son una arma implacable contra cualquier intruso. La castidad por la que aboga Dawn contrasta con la de su hermano, todo un provocador.<\/p>\n<h3>Lunes 25 de agosto &#8211; 20:00 h<\/h3>\n<p><a href=\"http:\/\/www.circo212.org.mx\/circo2\/wp-content\/uploads\/2012\/02\/Slither.jpg\"><img loading=\"lazy\" decoding=\"async\" class=\"alignnone size-medium wp-image-3033\" src=\"http:\/\/www.circo212.org.mx\/circo2\/wp-content\/uploads\/2012\/02\/Slither-300x168.jpg\" alt=\"Slither\" width=\"300\" height=\"168\" srcset=\"https:\/\/circo212.org.mx\/circo2\/wp-content\/uploads\/2012\/02\/Slither-300x168.jpg 300w, https:\/\/circo212.org.mx\/circo2\/wp-content\/uploads\/2012\/02\/Slither-1024x576.jpg 1024w, https:\/\/circo212.org.mx\/circo2\/wp-content\/uploads\/2012\/02\/Slither.jpg 1920w\" sizes=\"auto, (max-width: 300px) 100vw, 300px\" \/><\/a><\/p>\n<p><strong>Slither<\/strong><br \/>\nDir. James Gunn \/ Canad\u00e1-EUA \/ 2006 \/ 95 min<\/p>\n<p style=\"text-align: justify;\">Wheelsy es un pueblo so\u00f1oliento de Estados Unidos, pintoresco y tranquilo pero por debajo de este bonito barniz se esconde algo sin nombre, mal\u00e9volo, y ese algo crece. Nadie parece darse cuenta de que cada vez hay m\u00e1s avisos de mascotas perdidas ni que Grant Grant, uno de los ciudadanos m\u00e1s pr\u00f3speros del pueblo, empieza a comportarse de un modo muy raro. Pero cuando el ganado aparece horriblemente mutilado y una joven desaparece, el sheriff Bill Pardy y sus hombres, con la ayuda de Starla la esposa de Grant, descubren la existencia de una fuerza oscura que asedia el pueblo.<\/p>\n<h3>Lunes 1 de septiembre &#8211; 20:00 h<\/h3>\n<p><a href=\"http:\/\/www.circo212.org.mx\/circo2\/wp-content\/uploads\/2012\/02\/Thanatomorphose.jpg\"><img loading=\"lazy\" decoding=\"async\" class=\"alignnone size-medium wp-image-3034\" src=\"http:\/\/www.circo212.org.mx\/circo2\/wp-content\/uploads\/2012\/02\/Thanatomorphose-300x162.jpg\" alt=\"Thanatomorphose\" width=\"300\" height=\"162\" srcset=\"https:\/\/circo212.org.mx\/circo2\/wp-content\/uploads\/2012\/02\/Thanatomorphose-300x162.jpg 300w, https:\/\/circo212.org.mx\/circo2\/wp-content\/uploads\/2012\/02\/Thanatomorphose-1024x553.jpg 1024w, https:\/\/circo212.org.mx\/circo2\/wp-content\/uploads\/2012\/02\/Thanatomorphose.jpg 1280w\" sizes=\"auto, (max-width: 300px) 100vw, 300px\" \/><\/a><\/p>\n<p><strong>Thanatomorphose<br \/>\n<\/strong>Dir. \u00c9ric Falardeau \/ Canad\u00e1 \/ 2012 \/ 100 min<\/p>\n<p style=\"text-align: justify;\">Laura, es una joven que est\u00e1 atrapada en una\u00a0relaci\u00f3n abusiva\u00a0con su novio. Despu\u00e9s de una noche de sexo muy duro, Laura descubre varios moretones en su cuerpo, al principio no les pone atenci\u00f3n pero a medida que pasa el tiempo las heridas comienzan a extenderse.\u00a0Su cuerpo comienza a decaer a un ritmo cada vez mayor, as\u00ed que comienza a aislarse hasta que la podredumbre se propaga en todo su cuerpo y mente.<\/p>\n<h3>Lunes 8 de septiembre &#8211; 20:00 h<\/h3>\n<p><a href=\"http:\/\/www.circo212.org.mx\/circo2\/wp-content\/uploads\/2012\/02\/Halley.jpg\"><img loading=\"lazy\" decoding=\"async\" class=\"alignnone size-medium wp-image-3035\" src=\"http:\/\/www.circo212.org.mx\/circo2\/wp-content\/uploads\/2012\/02\/Halley-300x200.jpg\" alt=\"Halley\" width=\"300\" height=\"200\" srcset=\"https:\/\/circo212.org.mx\/circo2\/wp-content\/uploads\/2012\/02\/Halley-300x200.jpg 300w, https:\/\/circo212.org.mx\/circo2\/wp-content\/uploads\/2012\/02\/Halley.jpg 660w\" sizes=\"auto, (max-width: 300px) 100vw, 300px\" \/><\/a><\/p>\n<p><strong>Halley<\/strong><br \/>\nDir. Sebastian Hofmann \/ M\u00e9xico \/ 2012 \/ 84 min<\/p>\n<p style=\"text-align: justify;\">Alberto trabaja en un gimnasio como guardia de seguridad nocturno. No tiene familia. Es un hombre solitario y guarda un secreto que lo a\u00edsla a\u00fan m\u00e1s: padece una misteriosa enfermedad, que lo se est\u00e1 transformando, cada d\u00eda m\u00e1s r\u00e1pidamente, en algo parecido a un zombi. Se esfuerza, pero ya no puede ocultarlo, as\u00ed que decide renunciar a su trabajo. Sin embargo, antes de hacerlo, se abre ante la gerente del gimnasio, Luly, con quien inicia una amistad poco com\u00fan.<\/p>\n<h1 dir=\"ltr\" style=\"text-align: center;\"><strong>CINNEBIS<\/strong><\/h1>\n<p>&nbsp;<\/p>\n<p dir=\"ltr\" style=\"text-align: justify;\">Creemos firmemente que el cine puede ser una herramienta de transformaci\u00f3n pero tambi\u00e9n sabemos que muchas veces se trata de mero entretenimiento. Despu\u00e9s de un ciclo bastante azotado optamos por uno que nos saque unas buenas carcajadas y qu\u00e9 mejor manera de re\u00edr sin control que con una buena carga de THC. Esta selecci\u00f3n de stoner movies hecha por Alejandro Murillo puede que llame la atenci\u00f3n de quienes no han experimentado los efectos del consumo de cannabis pero definitivamente llamar\u00e1 la atenci\u00f3n de los que s\u00ed porque son para verlas con los ojos rojos y un monchis en la mano, lo que NO se vale es traer el porro, churro, gallo, mota, mostaza, mar\u00eda juana, or\u00e9gano o como le quieran llamar, no queremos que la polic\u00eda detecte un 4:20.<\/p>\n<p dir=\"ltr\" style=\"text-align: center;\">Los esperamos todos los lunes a las 20:00 horas en el s\u00f3tano del Hotel Condesa DF<br \/>\n<em>(Av. Veracruz 102, Col. Condesa, M\u00e9xico DF)\u00a0<\/em><\/p>\n<p dir=\"ltr\" style=\"text-align: center;\">\u00a1LA ENTRADA A LAS FUNCIONES Y LAS PALOMITAS SON GRATIS!<\/p>\n<h3 dir=\"ltr\" style=\"text-align: left;\">Lunes 16 de junio &#8211; 8:00 p.m.<\/h3>\n<p><a href=\"http:\/\/www.circo212.org.mx\/circo2\/wp-content\/uploads\/2012\/02\/SuperHighMe.jpg\"><img loading=\"lazy\" decoding=\"async\" class=\"alignnone size-medium wp-image-2916\" src=\"http:\/\/www.circo212.org.mx\/circo2\/wp-content\/uploads\/2012\/02\/SuperHighMe-300x169.jpg\" alt=\"SuperHighMe\" width=\"300\" height=\"169\" srcset=\"https:\/\/circo212.org.mx\/circo2\/wp-content\/uploads\/2012\/02\/SuperHighMe-300x169.jpg 300w, https:\/\/circo212.org.mx\/circo2\/wp-content\/uploads\/2012\/02\/SuperHighMe.jpg 624w\" sizes=\"auto, (max-width: 300px) 100vw, 300px\" \/><\/a><\/p>\n<p><strong>Super High Me<\/strong><br \/>\nDir. Michael Blieden \/ EUA \/ 2008 \/ 94 min<\/p>\n<p style=\"text-align: justify;\">El comediante Doug Benson se plantea la posibilidad de repetir la haza\u00f1a de Oscar Morgan Spurlock (comer exclusivamente productos de McDonalds durante 30 d\u00edas seguidos), pero inhalando el producto de la combusti\u00f3n de Cannabis. Para ello, su doctor le ordena primero pasar 30 d\u00edas sobrio, haciendo que la pel\u00edcula sea una doble proeza y un relato en dos partes: qu\u00e9 pasa cuando estamos totalmente sobrios y qu\u00e9 cuando el d\u00eda entero estamos intoxicados.<\/p>\n<h3>Lunes 23 de junio &#8211; 8:00 p.m.<\/h3>\n<p><a href=\"http:\/\/www.circo212.org.mx\/circo2\/wp-content\/uploads\/2012\/02\/ReeferMadness.jpg\"><img loading=\"lazy\" decoding=\"async\" class=\"alignnone size-medium wp-image-2917\" src=\"http:\/\/www.circo212.org.mx\/circo2\/wp-content\/uploads\/2012\/02\/ReeferMadness-300x199.jpg\" alt=\"Reefer Madness\" width=\"300\" height=\"199\" srcset=\"https:\/\/circo212.org.mx\/circo2\/wp-content\/uploads\/2012\/02\/ReeferMadness-300x199.jpg 300w, https:\/\/circo212.org.mx\/circo2\/wp-content\/uploads\/2012\/02\/ReeferMadness.jpg 800w\" sizes=\"auto, (max-width: 300px) 100vw, 300px\" \/><\/a><\/p>\n<p><strong>Reefer Madness<\/strong><br \/>\nDir. Andy Fickman \/ EUA, Alemania, Canad\u00e1 \/ 2005 \/ 108 min<\/p>\n<p style=\"text-align: justify;\">S\u00e1tira musical de una antigua pel\u00edcula de propaganda cristiana que obviamente satanizaba el consumo de mariguana. La pel\u00edcula original se coloca en el polo opuesto de esta igualmente exagerad\u00edsima versi\u00f3n de lo que la desinformaci\u00f3n y el no dar lugar a preguntas y dudas sobre el tema pueden acarrear. Tanto as\u00ed que no s\u00f3lo existen estas dos versiones de la misma droga: no hace mucho se restaur\u00f3 una versi\u00f3n coloreada a mano de la pel\u00edcula original, otorg\u00e1ndole distintas tonalidades a los humos que se inhalan y exhalan durante todo el relato. Meras pachequeces.<\/p>\n<h3>Lunes 30 de junio &#8211; 8:00 p.m.<\/h3>\n<p><a href=\"http:\/\/www.circo212.org.mx\/circo2\/wp-content\/uploads\/2012\/02\/HalfBaked.jpg\"><img loading=\"lazy\" decoding=\"async\" class=\"alignnone size-medium wp-image-2918\" src=\"http:\/\/www.circo212.org.mx\/circo2\/wp-content\/uploads\/2012\/02\/HalfBaked-300x202.jpg\" alt=\"HalfBaked\" width=\"300\" height=\"202\" srcset=\"https:\/\/circo212.org.mx\/circo2\/wp-content\/uploads\/2012\/02\/HalfBaked-300x202.jpg 300w, https:\/\/circo212.org.mx\/circo2\/wp-content\/uploads\/2012\/02\/HalfBaked.jpg 640w\" sizes=\"auto, (max-width: 300px) 100vw, 300px\" \/><\/a><\/p>\n<p><strong>Half Baked<\/strong><br \/>\nDir. Tamra Davis \/ EUA \/ 1998 \/ 82 min<\/p>\n<p style=\"text-align: justify;\">Considerada una de las mejores y m\u00e1s divertidas pel\u00edculas sobre y para fumar mariguana hechas en los \u00faltimos a\u00f1os, trata las absurdas aventuras en torno a un grupo de j\u00f3venes amigos dedicados al consumo recreativo de inhalar el producto de la combusti\u00f3n de la mencionada planta marchita.<\/p>\n<h3>Lunes 7 de julio &#8211; 8:00 p.m.<\/h3>\n<p><a href=\"http:\/\/www.circo212.org.mx\/circo2\/wp-content\/uploads\/2012\/02\/Newlyweeds.jpg\"><img loading=\"lazy\" decoding=\"async\" class=\"alignnone size-medium wp-image-2919\" src=\"http:\/\/www.circo212.org.mx\/circo2\/wp-content\/uploads\/2012\/02\/Newlyweeds-300x168.jpg\" alt=\"Newlyweeds\" width=\"300\" height=\"168\" srcset=\"https:\/\/circo212.org.mx\/circo2\/wp-content\/uploads\/2012\/02\/Newlyweeds-300x168.jpg 300w, https:\/\/circo212.org.mx\/circo2\/wp-content\/uploads\/2012\/02\/Newlyweeds.jpg 740w\" sizes=\"auto, (max-width: 300px) 100vw, 300px\" \/><\/a><\/p>\n<p><strong>Newlyweeds<\/strong><br \/>\nDir. Shaka King \/ EUA \/ 2013 \/ 87 min<\/p>\n<p style=\"text-align: justify;\">Peque\u00f1\u00edsimo melodrama tragic\u00f3mico amoroso sobre unos amantes habituados a fumar hasta en el trabajo, los goces, fantas\u00edas, problemas y promesas sin cumplir que eso acarrea. Ganadora del premio \u201cSomeone to Watch\u201d del esp\u00edritu independiente.<\/p>\n<h3>Lunes 14 de julio &#8211; 8:00 p.m.<\/h3>\n<p><a href=\"http:\/\/www.circo212.org.mx\/circo2\/wp-content\/uploads\/2012\/02\/SmileyFace.jpg\"><img loading=\"lazy\" decoding=\"async\" class=\"alignnone size-medium wp-image-2920\" src=\"http:\/\/www.circo212.org.mx\/circo2\/wp-content\/uploads\/2012\/02\/SmileyFace-300x162.jpg\" alt=\"SmileyFace\" width=\"300\" height=\"162\" srcset=\"https:\/\/circo212.org.mx\/circo2\/wp-content\/uploads\/2012\/02\/SmileyFace-300x162.jpg 300w, https:\/\/circo212.org.mx\/circo2\/wp-content\/uploads\/2012\/02\/SmileyFace.jpg 640w\" sizes=\"auto, (max-width: 300px) 100vw, 300px\" \/><\/a><\/p>\n<p><strong>Smiley Face<\/strong><br \/>\nDir. Gregg Araki \/ EUA \/ 2007 \/ 88 min<\/p>\n<p style=\"text-align: justify;\">Jane (Anna Faris) es una joven\u00a0actriz\u00a0poco ambiciosa que vive en Los Angeles\u00a0en un apartamento que comparte con Steve. El mal d\u00eda de Jane comienza cuando inconscientemente consume un plato entero lleno de\u00a0brownies\u00a0espaciales. Comprendiendo su error, hace una lista de tareas que debe hacer y c\u00f3mo planea que pasen. Lo que sigue, es una serie implacable de desastres causados por la intoxicaci\u00f3n de Jane.<\/p>\n<h3>Lunes 21 de julio &#8211; 8:00 p.m.<\/h3>\n<p><a href=\"http:\/\/www.circo212.org.mx\/circo2\/wp-content\/uploads\/2012\/02\/CrystalFairy.png\"><img loading=\"lazy\" decoding=\"async\" class=\"alignnone size-medium wp-image-2921\" src=\"http:\/\/www.circo212.org.mx\/circo2\/wp-content\/uploads\/2012\/02\/CrystalFairy-300x222.png\" alt=\"CrystalFairy\" width=\"300\" height=\"222\" srcset=\"https:\/\/circo212.org.mx\/circo2\/wp-content\/uploads\/2012\/02\/CrystalFairy-300x222.png 300w, https:\/\/circo212.org.mx\/circo2\/wp-content\/uploads\/2012\/02\/CrystalFairy.png 986w\" sizes=\"auto, (max-width: 300px) 100vw, 300px\" \/><\/a><\/p>\n<p><strong>Crystal Fairy &amp; the Magical Cactus<\/strong><br \/>\nDir. Sebasti\u00e1n Silva \/ Chile \/ 2013 \/ 100 min<\/p>\n<p style=\"text-align: justify;\">Jamie (Michael Cera) es un turista estadounidense de paso por Chile, su \u00fanica ambici\u00f3n es probar el alucin\u00f3geno del cactus conocido como \u00abSan Pedro\u00bb. Su deseo llevado a l\u00edmites obsesivos, se convierte en una b\u00fasqueda por el norte del pa\u00eds junto a tres hermanos y una hippie de San Francisco, que aparece de improviso. Su relajada y libre forma de ser y pensar, choca con Jamie, un tipo neur\u00f3tico y volutarioso.<\/p>\n<p>&nbsp;<\/p>\n<h2 style=\"text-align: center;\">Cineclub Condesa DF y ERRR-Magazine presentan:<\/h2>\n<p>&nbsp;<\/p>\n<h1 style=\"text-align: center;\">\u00abLos sufrimientos del inventor\u00bb<\/h1>\n<p>&nbsp;<\/p>\n<p style=\"text-align: justify;\">El t\u00edtulo de este ciclo de cine est\u00e1 tomado de la novela hom\u00f3nima de Balzac, la selecci\u00f3n de las pel\u00edculas fue hecha a partir del siguiente fragmento:<\/p>\n<p style=\"text-align: justify;\">\u00ab&#8230;debes aprender una cosa, imprimirla en tu mente todav\u00eda maleable: el hombre tiene horror a la soledad. Y de todas las especies de soledad, la soledad moral es la m\u00e1s terrible. Los primeros ermita\u00f1os viv\u00edan con Dios. Habitaban en el m\u00e1s poblado de los mundos: el mundo de los esp\u00edritus. El primer pensamiento del hombre, sea un leproso o un prisionero, un pecador o un inv\u00e1lido, es \u00e9ste: tener un compa\u00f1ero en su desgracia. Para satisfacer este impulso, que es la vida misma, emplea toda su fuerza, todo su poder, las energ\u00edas de toda su vida\u2026\u00bb<\/p>\n<p style=\"text-align: justify;\">Estas cinco realizaciones cinematogr\u00e1ficas retratan, desde distintas historias y sus personajes, el sentimiento de soledad moral al que se refiere Balzac: mucho m\u00e1s intensa que la soledad f\u00edsica, est\u00e1 la soledad en donde uno es incapaz de encontrarse con el otro. Esta soledad es sin\u00f3nimo de locura. Quien la padece quiere encontrar alg\u00fan tipo de alivio en el ejercicio creativo, en la b\u00fasqueda del conocimiento o del amor. Otros, sin embargo, contraen justamente este tipo de locura como consecuencia, tanto del \u00e9xito como del fracaso, de estas experiencias.<\/p>\n<p style=\"text-align: justify;\">La entrada a las funciones es libre pero s\u00f3lo para mayores de edad. Los esperamos en el s\u00f3tano del Hotel Condesa DF a las 20:00 horas.<\/p>\n<p style=\"text-align: center;\"><em>(Av. Veracruz 102, Col. Condesa)<\/em><\/p>\n<h3>Lunes 12 de mayo &#8211; 8:00 p.m.<\/h3>\n<p><a href=\"http:\/\/www.circo212.org.mx\/circo2\/wp-content\/uploads\/2012\/02\/El-ladr\u00f3n-de-orqu\u00eddeas.jpg\"><img loading=\"lazy\" decoding=\"async\" class=\"alignnone size-medium wp-image-2882\" src=\"http:\/\/www.circo212.org.mx\/circo2\/wp-content\/uploads\/2012\/02\/El-ladr\u00f3n-de-orqu\u00eddeas-300x200.jpg\" alt=\"El ladr\u00f3n de orqu\u00eddeas\" width=\"300\" height=\"200\" srcset=\"https:\/\/circo212.org.mx\/circo2\/wp-content\/uploads\/2012\/02\/El-ladr\u00f3n-de-orqu\u00eddeas-300x200.jpg 300w, https:\/\/circo212.org.mx\/circo2\/wp-content\/uploads\/2012\/02\/El-ladr\u00f3n-de-orqu\u00eddeas.jpg 450w\" sizes=\"auto, (max-width: 300px) 100vw, 300px\" \/><\/a><\/p>\n<p><strong>El ladr\u00f3n de orqu\u00eddeas<\/strong> (Adaptation)<br \/>\nDir. Spike Jonze \/ Gui\u00f3n: Charlie Kaufman \/ EUA \/ 2002 \/ 114 min<\/p>\n<p style=\"text-align: justify;\">Charlie Kaufman, un guionista de Los \u00c1ngeles, vive un periodo de crisis creativa, a pesar o a partir del \u00e9xito logrado con el primer gui\u00f3n que produjo. Est\u00e1 plagado de inseguridades tanto en su carrera como en su vida personal, todo lo contrario que su hermano gemelo Donald. Cuando es contratado para adaptar \u00abEl ladr\u00f3n de orqu\u00eddeas\u00bb, un libro que aparentemente trata de las aventuras de un colector furtivo de orqu\u00eddeas en la Florida, en el fondo trata del deseo que existe en todos nosotros de experimentar la pasi\u00f3n. Este deseo se ha apoderado de la vida de Susan Orlean, la autora del libro y Charlie se da cuenta de que a \u00e9l le sucede lo mismo.<\/p>\n<h3>Lunes 19 de mayo &#8211; 8:00 p.m.<\/h3>\n<p><a href=\"http:\/\/www.circo212.org.mx\/circo2\/wp-content\/uploads\/2012\/02\/New-York.jpg\"><img loading=\"lazy\" decoding=\"async\" class=\"alignnone size-medium wp-image-2885\" src=\"http:\/\/www.circo212.org.mx\/circo2\/wp-content\/uploads\/2012\/02\/New-York-300x128.jpg\" alt=\"New York\" width=\"300\" height=\"128\" srcset=\"https:\/\/circo212.org.mx\/circo2\/wp-content\/uploads\/2012\/02\/New-York-300x128.jpg 300w, https:\/\/circo212.org.mx\/circo2\/wp-content\/uploads\/2012\/02\/New-York.jpg 959w\" sizes=\"auto, (max-width: 300px) 100vw, 300px\" \/><\/a><\/p>\n<p><strong>Nueva York en escena<\/strong> (Synecdoche, New York)<br \/>\nDir. y Gui\u00f3n: Charlie Kaufman \/ EUA \/ 2008 \/ 124 min<\/p>\n<p style=\"text-align: justify;\">Caden Cotard, es un director de teatro que no encuentra sentido a su vida, su sufrimiento toca fondo debido a numerosas dolencias f\u00edsicas sumadas al abandono de su esposa e hija. Poco despu\u00e9s, Caden inesperadamente recibe una beca, d\u00e1ndole los medios econ\u00f3micos para continuar sus intereses art\u00edsticos. Es entonces cuando decide crear una pieza art\u00edstica de realismo brutal, algo en lo que pueda verter todo su ser, con el paso del tiempo se sumerge cada vez m\u00e1s en su obra magna, desdibujando la l\u00ednea entre el mundo de la obra y la realidad que pueblan el reparto y el equipo.<\/p>\n<h3>Lunes 26 de mayo &#8211; 8:00 p.m.<\/h3>\n<p><a href=\"http:\/\/www.circo212.org.mx\/circo2\/wp-content\/uploads\/2012\/02\/El-Luchador.jpg\"><img loading=\"lazy\" decoding=\"async\" class=\"alignnone size-medium wp-image-2883\" src=\"http:\/\/www.circo212.org.mx\/circo2\/wp-content\/uploads\/2012\/02\/El-Luchador-300x199.jpg\" alt=\"El Luchador\" width=\"300\" height=\"199\" srcset=\"https:\/\/circo212.org.mx\/circo2\/wp-content\/uploads\/2012\/02\/El-Luchador-300x199.jpg 300w, https:\/\/circo212.org.mx\/circo2\/wp-content\/uploads\/2012\/02\/El-Luchador.jpg 800w\" sizes=\"auto, (max-width: 300px) 100vw, 300px\" \/><\/a><\/p>\n<p><strong>El luchador<\/strong> (The Wrestler)<br \/>\nDir. Darren Aronofsky \/ Gui\u00f3n: Robert D, Siegel \/ EUA \/ 2008 \/ 109 min<\/p>\n<p style=\"text-align: justify;\">Randy \u00abThe Ram\u00bb Robinson es un luchador de wrestling profesional que, tras haber sido una estrella en la d\u00e9cada de los ochenta, 20 a\u00f1os despu\u00e9s trata de continuar su carrera en el circuito independiente y en cuadril\u00e1teros de tercera categor\u00eda. Olvidado por su hija e incapaz de mantener ninguna relaci\u00f3n, Randy s\u00f3lo vive gracias a la emoci\u00f3n del show y el apoyo de sus fans, pero un ataque al coraz\u00f3n le obliga a retirarse. Entonces, decide poner orden en su vida, intenta acercarse a la hija que abandon\u00f3, a la vez que trata de superar su soledad con el amor hacia una stripper.<\/p>\n<h3>Lunes 2 de junio &#8211; 8:00 p.m.<\/h3>\n<p><a href=\"http:\/\/www.circo212.org.mx\/circo2\/wp-content\/uploads\/2012\/02\/Pi-el-orden-del-caos.jpg\"><img loading=\"lazy\" decoding=\"async\" class=\"alignnone size-medium wp-image-2886\" src=\"http:\/\/www.circo212.org.mx\/circo2\/wp-content\/uploads\/2012\/02\/Pi-el-orden-del-caos-300x180.jpg\" alt=\"Pi, el orden del caos\" width=\"300\" height=\"180\" srcset=\"https:\/\/circo212.org.mx\/circo2\/wp-content\/uploads\/2012\/02\/Pi-el-orden-del-caos-300x180.jpg 300w, https:\/\/circo212.org.mx\/circo2\/wp-content\/uploads\/2012\/02\/Pi-el-orden-del-caos.jpg 650w\" sizes=\"auto, (max-width: 300px) 100vw, 300px\" \/><\/a><\/p>\n<p><strong>Pi, el orden del caos<\/strong> (PI)<br \/>\nDir. y Gui\u00f3n: Darren Aronofsky \/ EUA \/ 1998 \/ 84 min<\/p>\n<p style=\"text-align: justify;\">Max es un brillante matem\u00e1tico que est\u00e1 a punto de dar con el descubrimiento m\u00e1s importante de su vida: la decodificaci\u00f3n del sistema num\u00e9rico que rige el aparente caos del mercado burs\u00e1til. Pero primero ha de encontrar el valor del n\u00famero PI. Mientras se acerca a la verdad, y afectado peri\u00f3dicamente por unas brutales jaquecas, Max es acosado por una agresiva firma de Wall Street y una secta jud\u00eda que pretende descifrar los secretos ocultos tras los textos sagrados. Todos ans\u00edan apropiarse del inminente hallazgo de Max.<\/p>\n<h3>Lunes 9 de junio &#8211; 8:00 p.m.<\/h3>\n<p><a href=\"http:\/\/www.circo212.org.mx\/circo2\/wp-content\/uploads\/2012\/02\/Happiness.jpg\"><img loading=\"lazy\" decoding=\"async\" class=\"alignnone size-medium wp-image-2884\" src=\"http:\/\/www.circo212.org.mx\/circo2\/wp-content\/uploads\/2012\/02\/Happiness-300x169.jpg\" alt=\"Happiness\" width=\"300\" height=\"169\" srcset=\"https:\/\/circo212.org.mx\/circo2\/wp-content\/uploads\/2012\/02\/Happiness-300x169.jpg 300w, https:\/\/circo212.org.mx\/circo2\/wp-content\/uploads\/2012\/02\/Happiness.jpg 620w\" sizes=\"auto, (max-width: 300px) 100vw, 300px\" \/><\/a><\/p>\n<p><strong>Happiness<\/strong><br \/>\nDir. y Gui\u00f3n: Todd Solondz \/ EUA \/ 1998 \/ 134 min<\/p>\n<p style=\"text-align: justify;\">Agudo retrato de varias personas conectadas por lazos familiares o sociales, viviendo en estado de desesperaci\u00f3n o de simple depresi\u00f3n, y son forzadas a tomar actitudes delictivas o inmorales. Ir\u00f3nica, cr\u00edtica e inmisericorde comedia sobre un suburbio de New Jersey que tras una aparente normalidad oculta secretos y alguna que otra perversidad.<\/p>\n<p>&nbsp;<\/p>\n<h1 dir=\"ltr\" style=\"text-align: center;\"><strong>RROM<\/strong><\/h1>\n<p>&nbsp;<\/p>\n<h2 dir=\"ltr\" style=\"text-align: center;\"><strong>en\u00a0<\/strong><\/h2>\n<p>&nbsp;<\/p>\n<h1 dir=\"ltr\" style=\"text-align: center;\"><strong>Cineclub Condesa DF\u00a0<\/strong><\/h1>\n<h1><\/h1>\n<p>&nbsp;<\/p>\n<p dir=\"ltr\" style=\"text-align: justify;\">El pueblo rrom, tambi\u00e9n llamado gitano, ha experimentado un eterno viaje sin tierra, sin patria, y sin gobierno. A lo largo de la historia han sobrevivido a persecuciones y masacres, incluido el\u00a0Holocasuto del cual se habla poco. Hoy se contabilizan poco m\u00e1s de 12 millones distribuidos por todo el mundo. Es en Hungr\u00eda y Rumania donde mayor presencia tienen.<\/p>\n<p dir=\"ltr\" style=\"text-align: justify;\">No obstante su huella cultural se ve reflejada claramente en los Balcanes, Francia, Espa\u00f1a, el norte de \u00c1frica, y muchos otros rincones del planeta.<\/p>\n<p dir=\"ltr\" style=\"text-align: justify;\">Desde julio de 2012, el Instituto Mexicano de la Radio apost\u00f3 por un espacio que sirve de acercamiento a la m\u00fasica, la cultura y la tradici\u00f3n oral de este enigm\u00e1tico pueblo, con el programa radiof\u00f3nico llamado Caravana, el cual se transmite a trav\u00e9s de la frecuencia del 107.9 de FM Horizonte.<\/p>\n<p dir=\"ltr\" style=\"text-align: justify;\">Circo 2.12 y Caravana, ofrecen al p\u00fablico una selecci\u00f3n de pel\u00edculas que nos adentra, de una manera m\u00e1s \u00edntima, al mundo de la cultura rrom.<\/p>\n<p dir=\"ltr\" style=\"text-align: center;\">Los esperamos los lunes a las 20:00 horas en el s\u00f3tano del Hotel Condesa DF<\/p>\n<p dir=\"ltr\" style=\"text-align: center;\">(Av. Veracruz 102, Col. Condesa)<\/p>\n<h3 dir=\"ltr\">Lunes 31 de marzo &#8211; 8:00 p.m.<\/h3>\n<p><img decoding=\"async\" src=\"https:\/\/lh3.googleusercontent.com\/eMhvW-_N5EMg3370BRKD7RWIw59CaSyDRJZ5mwuX_xc3fML3keQOxwv3boD227M2vYUdet9gSkcUoBQuF9CcrRYwn5Kz7BFfIRDSpyGV3PQ11FwwlQ1D46FqPoB2UA\" alt=\"Swing.jpg\" width=\"580px;\" height=\"389px;\" \/><\/p>\n<p dir=\"ltr\"><strong>Swing<br \/>\n<\/strong>Dir. Tony Gatlif \/ Francia \/ 2001 \/ 90 min<\/p>\n<p>Max, un ni\u00f1o de unos diez a\u00f1os, ha descubierto el Jazz \u00abmanouche\u00bb oyendo tocar a Miraldo, un virtuoso de la guitarra. Esa m\u00fasica se convierte en su pasi\u00f3n y lo lleva hasta el barrio de los gitanos donde se compra una vieja guitarra. Gracias a las clases que Miraldo acepta darle, Max inicia el aprendizaje de la m\u00fasica y la cultura \u00abmanouche\u00bb. Enseguida se hace amigo de Swing, una joven gitana de su edad que lo fascina por su magnetismo, su seguridad y su sentido de la libertad.<\/p>\n<h3>Lunes 7 de abril &#8211; 8:00 p.m.<\/h3>\n<p><img decoding=\"async\" src=\"https:\/\/lh4.googleusercontent.com\/uydDUdG0kUXzvEdN8tctoKYMbZ4GJpYdu4A8JXvG2mOkxiQjegCpJ8xoZyNo4-OpdGf0ykV5jtyM048iFey3GpkjSQqDK8hjw-X4tR9egYQKQUGQRGcjeX9G7zCqlA\" alt=\"time-of-the-gypsies.jpg\" width=\"600px;\" height=\"401px;\" \/><\/p>\n<p><strong>Time of the Gypsies<br \/>\n<\/strong>Dir. Emir Kusturica \/ Yugoslavia \/ 1988 \/ 139 min<\/p>\n<p>Perhan es un gitano adolescente con poderes telequin\u00e9ticos que vive en el sur de Yugoslavia con su devota abuela Hatid\u017ea, su alocado t\u00edo Merd\u017ean y su hermana Danira.<br \/>\nPerhan est\u00e1 enamorado de Azra, pero la madre de \u00e9sta lo desprecia por su pobreza, esto lo lleva a vivir una tr\u00e1gica aventura al salir de su pobreza teniendo \u00e9xito como g\u00e1nster.<\/p>\n<h3>Lunes 21 de abril &#8211; 8:00 p.m.<\/h3>\n<p><img decoding=\"async\" src=\"https:\/\/lh3.googleusercontent.com\/5rYB3AVLFROObCgt8qObgUNNPLtOpbGYGRbnamIYg2C5QJs-RxZIktFwATHsl017ipdXcE2Cm11gyM42CNrpS2EyvrwH9EIrsx6rTzsb0Uc7NPU_QepGzaYPCgqj4g\" alt=\"PerfectCircle.jpg\" width=\"624px;\" height=\"351px;\" \/><\/p>\n<p><strong>The Perfect Circle<\/strong><br \/>\nDir. Ademir Kenovi\u0107 \/ Bosnia \/ 1997 \/ 113 min<\/p>\n<p dir=\"ltr\">Hamza, un poeta bosnio env\u00eda a su esposa e hija lejos de Sarajevo para que no sufran los tiempos dif\u00edciles de guerra. Sin embargo, encuentra a Adis y Kerim, que escaparon de una masacre en su aldea y han quedado hu\u00e9rfanos. El poeta se hace amigo de los chicos y los ayuda a buscar a su t\u00eda que vive en el barrio Bistrik.<br \/>\nJuntos luchan por la supervivencia y el asedio total en curso de la ciudad.<\/p>\n<h3>Lunes 28 de abril &#8211; 8:00 p.m.<\/h3>\n<p><img decoding=\"async\" src=\"https:\/\/lh6.googleusercontent.com\/3Qov-MVH7Q3BQxLJN8H9-z70igoJhaGFJ2-dxmvud2-owVN7aiQiBKiBpC69z5b4uvurFacvIiRGfMcM2pwqvQ_iPbb_QQGbkReayjWzMrpAdO0YEQ64zx8SFodWGA\" alt=\"GadjoDilo.jpg\" width=\"512px;\" height=\"325px;\" \/><\/p>\n<p><strong>Gadjo Dilo<\/strong><br \/>\nDir. Tony Gatlif \/ Francia \/ 1997 \/ 100 min<\/p>\n<p dir=\"ltr\">Un d\u00eda St\u00e9phane escucha la voz de Nora Luca, una cantante famosa, y siente la necesitad de conocerla en persona. A partir de este momento, el joven franc\u00e9s vivir\u00e1 un viaje apasionante que le llevar\u00e1 por lugares ins\u00f3litos, atravesando Ruman\u00eda hasta encontrarla. S\u00f3lo la m\u00fasica le permite superar las diferencias culturales, facilitar su integraci\u00f3n al grupo gitano al que pertenece Nora y encontrar el amor.<\/p>\n<h3>Lunes 5 de mayo &#8211; 8:00 p.m.<\/h3>\n<p><img decoding=\"async\" src=\"https:\/\/lh3.googleusercontent.com\/lVJN9RyfTN24mxZhR5M-14dQG1I75qaQEqPxbD6j6YzhE4apMavz9f2G_sHVpwBEtVXKEdoAsxBt-GCeG5MpcJvI3J3eUsTUaWoyIctViLN2NR3wqPxXTCr7Wqz5nQ\" alt=\"GatoNegroGatoBlanco.jpg\" width=\"624px;\" height=\"263px;\" \/><\/p>\n<p><strong>Gato negro, gato blanco<br \/>\n<\/strong>Dir. Emir Kusturica \/ Serbia, Francia, Alemania \/ 1998 \/ 139 min<\/p>\n<p dir=\"ltr\">Grga Pitic y Zarije son dos amigos de toda la vida que llevan m\u00e1s de dos d\u00e9cadas sin verse. Ahora, ya ancianos, se vuelven a reencontrar gracias a las intenciones oscuras de uno de los hijos de Zarije. El joven pretende sacar dinero a Grga alegando que su padre ha muerto.<br \/>\nTriste, Grga decide ir a ver la tumba de Zarije y se da cuenta del enga\u00f1o, pero esto sirve para que los dos antiguos compa\u00f1eros de fatigas se den cuenta de que, pese a haber llevado vidas muy diferentes, ambos han estado relacionados siempre con el mundo del crimen.<\/p>\n<p>&nbsp;<\/p>\n<p>&nbsp;<\/p>\n<h1 style=\"text-align: center;\"><strong>Del te amo al no me acuerdo<\/strong><\/h1>\n<p>&nbsp;<\/p>\n<h1 style=\"text-align: center;\"><strong>en<\/strong><\/h1>\n<p>&nbsp;<\/p>\n<h1 style=\"text-align: center;\"><strong>Cineclub Condesa<\/strong><\/h1>\n<p>&nbsp;<\/p>\n<p style=\"text-align: justify;\">Hollywood nos ha vendido la idea de que el romance en el cine debe manifestarse a trav\u00e9s de clich\u00e9s, historias rosas y finales felices.<\/p>\n<p style=\"text-align: justify;\">Por el contrario, la vida real nos golpea la cara una y otra vez cada que intentamos imitar las historias de Julia Roberts y Hugh Grant.<\/p>\n<p style=\"text-align: justify;\">Sin tanta miel, con menos grandilocuencia y sobre todo, sin tantas bodas, los seis t\u00edtulos que forman este ciclo intentan retratar de una manera m\u00e1s sensata los vericuetos de la vida rom\u00e1ntica de los terrenales logrando historias que, a trav\u00e9s de la caracter\u00edstica ligereza del g\u00e9nero, tocan tambi\u00e9n temas complejos y trascendentales.<\/p>\n<p style=\"text-align: justify;\">Y es que, \u00bfqui\u00e9n no ha padecido\/sido una Summer en alg\u00fan momento de la vida?<\/p>\n<p style=\"text-align: justify;\">Los esperamos cada lunes a las 20:00 horas en el s\u00f3tano del Hotel Condesa DF<\/p>\n<p style=\"text-align: center;\"><em>(Av. Veracruz 102, Col. Condesa)<\/em><\/p>\n<p>&nbsp;<\/p>\n<h3>Lunes 17 de febrero &#8211; 8:00 p.m.<\/h3>\n<p><a href=\"http:\/\/www.circo212.org.mx\/circo2\/wp-content\/uploads\/2012\/02\/La-ventana.jpg\"><img loading=\"lazy\" decoding=\"async\" class=\"alignnone size-medium wp-image-2587\" src=\"http:\/\/www.circo212.org.mx\/circo2\/wp-content\/uploads\/2012\/02\/La-ventana-300x195.jpg\" alt=\"La ventana\" width=\"300\" height=\"195\" srcset=\"https:\/\/circo212.org.mx\/circo2\/wp-content\/uploads\/2012\/02\/La-ventana-300x195.jpg 300w, https:\/\/circo212.org.mx\/circo2\/wp-content\/uploads\/2012\/02\/La-ventana.jpg 816w\" sizes=\"auto, (max-width: 300px) 100vw, 300px\" \/><\/a><\/p>\n<p><strong>La ventana de enfrente<\/strong> (La finestra di fronte)<br \/>\nDir. Ferzan Ozpetek \/ Italia \/ 2003 \/ 106 min.<\/p>\n<p style=\"text-align: justify;\">Giovanna trabaja en una granja de pollos, cocina pasteles para un caf\u00e9 local y cuida a sus ni\u00f1os. Todo va bien hasta que su marido, con quien lleva casada nueve a\u00f1os, lleva a casa a un hombre amn\u00e9sico que encuentra en la calle. En su intento de ayudarle, Giovanna pasa cada vez m\u00e1s tiempo con \u00e9l y poco a poco va descubriendo su misterioso pasado. Cada vez m\u00e1s irritada con la pasividad de su marido, empieza a fijarse en el vecino de enfrente, en el que pone la esperanza de algo nuevo y excitante en su vida.<\/p>\n<h3>Lunes\u00a024 de febrero &#8211; 8:00 p.m.<\/h3>\n<p><a style=\"font-size: 1.17em; line-height: 1.5em;\" href=\"http:\/\/www.circo212.org.mx\/circo2\/wp-content\/uploads\/2012\/02\/500-d\u00edas.jpg\"><img loading=\"lazy\" decoding=\"async\" class=\"alignnone size-medium wp-image-2588\" src=\"http:\/\/www.circo212.org.mx\/circo2\/wp-content\/uploads\/2012\/02\/500-d\u00edas-300x168.jpg\" alt=\"500 d\u00edas\" width=\"300\" height=\"168\" srcset=\"https:\/\/circo212.org.mx\/circo2\/wp-content\/uploads\/2012\/02\/500-d\u00edas-300x168.jpg 300w, https:\/\/circo212.org.mx\/circo2\/wp-content\/uploads\/2012\/02\/500-d\u00edas.jpg 800w\" sizes=\"auto, (max-width: 300px) 100vw, 300px\" \/><\/a><\/p>\n<p><strong>500 d\u00edas con ella <\/strong>(500 days of Summer)<br \/>\nDir. Mark Webb \/ EUA \/ 2009 \/ 95 min.<\/p>\n<p style=\"text-align: justify;\">Tom Hansen es un arquitecto que trabaja escribiendo tarjetas de felicitaci\u00f3n y que cree en el amor verdadero. Summer Finn dej\u00f3 de creer en esta concepci\u00f3n del amor en cuanto sus padres se divorciaron. Sus vidas se cruzar\u00e1n en cuanto ambos se conviertan en compa\u00f1eros de trabajo y Tom har\u00e1 todo lo posible para que ella crea en el amor del mismo modo que \u00e9l. Cuando Summer decide terminar su relaci\u00f3n, \u00e9l repasar\u00e1 los 500 d\u00edas que pasaron juntos para saber qu\u00e9 hizo mal y as\u00ed intentar recuperarla.<\/p>\n<h3>Lunes 3 de marzo &#8211; 8:00 p.m.<\/h3>\n<p><a href=\"http:\/\/www.circo212.org.mx\/circo2\/wp-content\/uploads\/2012\/02\/Plan-B.jpg\"><img loading=\"lazy\" decoding=\"async\" class=\"alignnone size-medium wp-image-2589\" src=\"http:\/\/www.circo212.org.mx\/circo2\/wp-content\/uploads\/2012\/02\/Plan-B-300x200.jpg\" alt=\"Plan B\" width=\"300\" height=\"200\" srcset=\"https:\/\/circo212.org.mx\/circo2\/wp-content\/uploads\/2012\/02\/Plan-B-300x200.jpg 300w, https:\/\/circo212.org.mx\/circo2\/wp-content\/uploads\/2012\/02\/Plan-B.jpg 800w\" sizes=\"auto, (max-width: 300px) 100vw, 300px\" \/><\/a><\/p>\n<p><strong>Plan B<\/strong><br \/>\nDir. Marco Berger \/ Argentina \/ 2009 \/ 106 min.<\/p>\n<p style=\"text-align: justify;\">Bruno se entera de que Laura, su ex novia, est\u00e1 saliendo con alguien llamado Pablo. Empe\u00f1ado en recuperarla comienza a idear un plan,\u00a0 en principio, pretende hacerse amigo de Pablo, con la idea de erosionar la pareja present\u00e1ndole a otra mujer. Gracias a una amiga en com\u00fan, Bruno se entera de que Pablo tuvo una relaci\u00f3n en el pasado con un hombre y que es muy abierto en ese tema. Es ah\u00ed cuando surge la posibilidad de un plan B: que Bruno seduzca a Pablo para que \u00e9ste se distancie de Laura. Las cosas se complican cuando Bruno comienza a sentirse cada vez m\u00e1s a gusto con Pablo.<\/p>\n<h3>Lunes 10 de marzo &#8211; 8:00 p.m.<\/h3>\n<p><a href=\"http:\/\/www.circo212.org.mx\/circo2\/wp-content\/uploads\/2012\/02\/AzulOscuro.jpg\"><img loading=\"lazy\" decoding=\"async\" class=\"alignnone size-medium wp-image-2590\" src=\"http:\/\/www.circo212.org.mx\/circo2\/wp-content\/uploads\/2012\/02\/AzulOscuro-300x200.jpg\" alt=\"AzulOscuro\" width=\"300\" height=\"200\" srcset=\"https:\/\/circo212.org.mx\/circo2\/wp-content\/uploads\/2012\/02\/AzulOscuro-300x200.jpg 300w, https:\/\/circo212.org.mx\/circo2\/wp-content\/uploads\/2012\/02\/AzulOscuro.jpg 900w\" sizes=\"auto, (max-width: 300px) 100vw, 300px\" \/><\/a><\/p>\n<p><strong>AzulOscuroCasiNegro<\/strong><br \/>\nDir. Daniel S\u00e1nchez Ar\u00e9valo \/ Espa\u00f1a \/ 2006 \/ 105 min.<\/p>\n<p style=\"text-align: justify;\">Jorge es un veintea\u00f1ero que trabaja como portero de un edificio para sostener a su padre, quien ha quedado inv\u00e1lido tras sufrir un infarto cerebral. Jorge despu\u00e9s de varios a\u00f1os y mucho esfuerzo termina una carrera y aspira a poder trabajar en un puesto acorde a sus estudios. Mientras tanto su hermano Antonio, que est\u00e1 encarcelado, le pide que deje embarazada a una reclusa de la que se enamor\u00f3 llamada Paula. Jorge y Paula entablan una extra\u00f1a relaci\u00f3n que lo impulsa a dejar de sentirse responsable de todo y a tener en cuenta sus propios deseos.<\/p>\n<h3>Lunes 17 de marzo &#8211; 8:00 p.m.<\/h3>\n<h3><a href=\"http:\/\/www.circo212.org.mx\/circo2\/wp-content\/uploads\/2012\/02\/t\u00fa-yo.jpg\"><img loading=\"lazy\" decoding=\"async\" class=\"alignnone size-medium wp-image-2591\" src=\"http:\/\/www.circo212.org.mx\/circo2\/wp-content\/uploads\/2012\/02\/t\u00fa-yo-300x163.jpg\" alt=\"t\u00fa-yo\" width=\"300\" height=\"163\" srcset=\"https:\/\/circo212.org.mx\/circo2\/wp-content\/uploads\/2012\/02\/t\u00fa-yo-300x163.jpg 300w, https:\/\/circo212.org.mx\/circo2\/wp-content\/uploads\/2012\/02\/t\u00fa-yo.jpg 704w\" sizes=\"auto, (max-width: 300px) 100vw, 300px\" \/><\/a><\/h3>\n<p><strong>T\u00fa, yo y todos los dem\u00e1s<\/strong> (Me and you and everyone we know)<br \/>\nDir. Miranda July \/ EUA \/ 2005 \/ 95 min.<\/p>\n<p style=\"text-align: justify;\">Christine Jesperson trabaja como taxista para personas mayores, aunque su verdadera pasi\u00f3n es el arte, a trav\u00e9s del cual expresa sus fantas\u00edas y sus deseos m\u00e1s ocultos. Richard Swersey tiene dos hijos y trabaja como dependiente de una zapater\u00eda, se separ\u00f3 de su mujer y cuando conoce a Christine sabe que ha vuelto a enamorarse. A pesar de su inter\u00e9s por Christine, Richard debe concentrarse en sus hijos, ya que el mayor, Peter de catorce a\u00f1os, es el rat\u00f3n de laboratorio de unas vecinas que le utilizan como preparaci\u00f3n para futuros romances, mientras que el peque\u00f1o, Robby de siete a\u00f1os, mantiene una peligrosa relaci\u00f3n por Internet.<\/p>\n<h3>Lunes\u00a024 de marzo &#8211; 8:00 p.m.<\/h3>\n<p><a href=\"http:\/\/www.circo212.org.mx\/circo2\/wp-content\/uploads\/2012\/02\/PunchDrunk.jpg\"><img loading=\"lazy\" decoding=\"async\" class=\"alignnone size-medium wp-image-2592\" src=\"http:\/\/www.circo212.org.mx\/circo2\/wp-content\/uploads\/2012\/02\/PunchDrunk-300x200.jpg\" alt=\"PunchDrunk\" width=\"300\" height=\"200\" srcset=\"https:\/\/circo212.org.mx\/circo2\/wp-content\/uploads\/2012\/02\/PunchDrunk-300x200.jpg 300w, https:\/\/circo212.org.mx\/circo2\/wp-content\/uploads\/2012\/02\/PunchDrunk.jpg 879w\" sizes=\"auto, (max-width: 300px) 100vw, 300px\" \/><\/a><\/p>\n<p><strong>Embriagado de amor<\/strong> (Punch-Drunk Love)<br \/>\nDir. Paul Thomas Anderson \/ EUA \/ 2002 \/ 95 min.<\/p>\n<p style=\"text-align: justify;\">Barry Egan es un hombre solitario y poco sociable que fue educado entre siete hermanas. La sobreprotecci\u00f3n que se le dispens\u00f3 desde ni\u00f1o le ha impedido enamorarse, hasta que conoce a una afable mujer que entra en su infeliz vida y as\u00ed comienza a tomar forma un surreal romance que s\u00f3lo culminar\u00e1 si la pareja encuentra el modo de asimilar la fr\u00e1gil condici\u00f3n mental de Barry.<\/p>\n<p>&nbsp;<\/p>\n<p>&nbsp;<\/p>\n<h1 style=\"text-align: center;\">Kourtrajm\u00e9<\/h1>\n<h1 style=\"text-align: center;\">en<\/h1>\n<h1 style=\"text-align: center;\">Cineclub Condesa<\/h1>\n<p>&nbsp;<\/p>\n<p>Con apenas 13 y 14 a\u00f1os de edad Romain Gavras (hijo del director Costa-Gavras) y Kim Chapiron (hijo del artista gr\u00e1fico Kiki Picasso) formaron en 1994 un colectivo franc\u00e9s de producci\u00f3n audiovisual en el que reunieron a m\u00e1s de 130 artistas; entre ellos una dupla de actores, Vincent Cassel y Olivier Barthelemy, con quienes fueron realizando m\u00faltiples cortometrajes, perfeccionando poco a poco un estilo propio, agresivo y ver\u00e1s.<\/p>\n<p>\u201cKourtrajm\u00e9\u201d significa \u201ccortometraje\u201d dicho en el argot franc\u00e9s utilizado originalmente en las comunidades marginales de inmigrantes en Francia. El nombre encierra el concepto bajo el cual el colectivo ha retratado con una est\u00e9tica documental el racismo y la marginaci\u00f3n sufridos por grupos \u00e9tnicos en Francia y la respuesta violenta que esto ha manifestado en disturbios sociales, y grupos anarquistas,\u00a0 venidos tambi\u00e9n con el surgimiento de nuevas subculturas y expresiones art\u00edsticas locales. La veracidad de sus im\u00e1genes ha generado controversia y al mismo tiempo una gran aceptaci\u00f3n del p\u00fablico.<\/p>\n<p>En este ciclo programado por Luis Antonio Tovar \u201cLats\u201d, veremos hasta d\u00f3nde ha llegado la evoluci\u00f3n de estos dos prometedores cineastas revisando sus m\u00e1s recientes largometrajes, no sin hacer un repaso por sus primeros v\u00eddeos y pol\u00e9micos cortometrajes.<\/p>\n<p>Los esperamos en el s\u00f3tano del Hotel Condesa DF todos los lunes a las 8:00 p.m.<\/p>\n<p style=\"text-align: center;\"><em>(Veracruz 102, Col. Condesa)<\/em><\/p>\n<h3>Lunes 20 de enero \u2013 8:00 p.m.<\/h3>\n<p><a href=\"http:\/\/i0.wp.com\/www.circo212.org.mx\/circo2\/wp-content\/uploads\/2012\/02\/Dog-Pound.jpg\"><img decoding=\"async\" src=\"http:\/\/i0.wp.com\/www.circo212.org.mx\/circo2\/wp-content\/uploads\/2012\/02\/Dog-Pound.jpg?resize=300%2C199\" alt=\"Dog-Pound\" data-recalc-dims=\"1\" \/><\/a><\/p>\n<p><strong>Dog Pound<\/strong><br \/>\nDir. Kim Chapiron \/ Francia \/ 2010 \/ 91 min.<\/p>\n<p>Crudo y sincero, el segundo largometraje en la carrera de Kim Chapiron es un brutal drama penitenciario que retrata la historia de tres j\u00f3venes delincuentes encerrados en una correccional en Montana y su reacci\u00f3n a los abusos que les infrigen los dem\u00e1s reclusos. Fuera de pretender alg\u00fan mensaje moral, la pel\u00edcula descubre el absurdo sistema penitenciario en el que la violencia resulta como la \u00fanica v\u00e1lvula de escape.<\/p>\n<h3>Lunes 27 de enero \u2013 8:00 p.m.<\/h3>\n<p><a href=\"http:\/\/i0.wp.com\/www.circo212.org.mx\/circo2\/wp-content\/uploads\/2012\/02\/Sheitan.png\"><img decoding=\"async\" src=\"http:\/\/i0.wp.com\/www.circo212.org.mx\/circo2\/wp-content\/uploads\/2012\/02\/Sheitan.png?resize=300%2C185\" alt=\"Sheitan\" data-recalc-dims=\"1\" \/><\/a><\/p>\n<p><strong>Sheitan<br \/>\n<\/strong>Dir. Kim Chapiron \/ Francia \/ 2006 \/ 94 min.<\/p>\n<p>Primer largometraje de Kim Chapiron, escrito en colaboraci\u00f3n con su padre, Kiki Chapiron, \u00a0<i>Sheitan<\/i>\u00a0incursiona en el g\u00e9nero de horror, introduciendo personajes y elementos propios de\u00a0<i>Kourtrajm\u00e9<\/i>\u00a0en una comedia oscura que satiriza la Francia de la ciudad y del campo. Tres problem\u00e1ticos j\u00f3venes de barrio conocen en un bar a una atractiva chica que los invita a su casa a las afueras de Par\u00eds. Ah\u00ed conocen a\u00a0 Joseph, Vincent Cassel en una de sus m\u00e1s exc\u00e9ntricas interpretaciones como el sirviente y cuidador de la granja, quien los hace part\u00edcipes de una s\u00f3rdida cena navide\u00f1a.<\/p>\n<h3>Lunes 3 de febrero \u2013 8:00 p.m.<\/h3>\n<p><a href=\"http:\/\/i1.wp.com\/www.circo212.org.mx\/circo2\/wp-content\/uploads\/2012\/02\/Our-day-will-come.png\"><img decoding=\"async\" src=\"http:\/\/i1.wp.com\/www.circo212.org.mx\/circo2\/wp-content\/uploads\/2012\/02\/Our-day-will-come.png?resize=300%2C178\" alt=\"Our day will come\" data-recalc-dims=\"1\" \/><\/a><\/p>\n<p><strong>Our day will come<br \/>\n<\/strong>Dir. Romain Gavras \/ Francia \/ 2010 \/ 90 min.<\/p>\n<p>La marginaci\u00f3n y el racismo racial es un tema que Romain Gavras viene trabajando en varios de sus videos y cortometrajes, y en su \u00f3pera prima demuestra nuevamente su capacidad para plasmar una respuesta violenta a estos temas, vista desde un punto de vista est\u00e9tico realista. Utilizando como t\u00edtulo el mismo slogan empleado por el Ej\u00e9rcito Republicano Irland\u00e9s (IRA) pero sin meramente profundizar en un discurso politico,\u00a0<i>Our Day Will Come\u00a0<\/i>narra la historia de dos pelirrojos que cansados de sufrir maltratos racistas deciden rebelarse contra todo y parten en un absurdo y violento camino hacia una ut\u00f3pica Irlanda.<\/p>\n<h3>Lunes 10 de febrero \u2013 8:00 p.m.<\/h3>\n<h3>Videos y cortometrajes \/ 90 min.<\/h3>\n<p><a href=\"http:\/\/i2.wp.com\/www.circo212.org.mx\/circo2\/wp-content\/uploads\/2012\/02\/Justice-Stress.png\"><img decoding=\"async\" src=\"http:\/\/i2.wp.com\/www.circo212.org.mx\/circo2\/wp-content\/uploads\/2012\/02\/Justice-Stress.png?resize=300%2C179\" alt=\"Justice - Stress\" data-recalc-dims=\"1\" \/><\/a><\/p>\n<p><strong>Dj Mehdi \u2013 Signature<\/strong><br \/>\n<strong>Justice \u2013 I believe<\/strong><br \/>\n<strong>Justice \u2013 Stress<\/strong><br \/>\n<strong>Jay Z x Kanye West \u2013 No Church in the Wild<\/strong><br \/>\n<strong>La Barchette<\/strong><br \/>\n<strong>M.I.A. \u2013 Bad Girls<\/strong><br \/>\n<strong>M.I.A. \u2013 Born Free<\/strong><\/p>\n<p>Un repaso a lo largo de la carrera de este colectivo a trav\u00e9s de varios de sus videos y cortometrajes realizados con diferentes artistas como M.I.A., Frank Ocean, Justice, Dj Mehdi, Lord Funk, Kifondat, Oxmo Puccino, entre otros. En estos veremos el desarrollo est\u00e9tico del colectivo y las constantes tem\u00e1ticas violentas que en a\u00f1os anteriores generaron pol\u00e9mica y censura en varios canales de televisi\u00f3n.<\/p>\n<p>&nbsp;<\/p>\n<h2>B- Side Music<\/h2>\n<p>\u201cDespu\u00e9s del silencio, lo que m\u00e1s se acerca a expresar lo inexpresable es la m\u00fasica.\u201d<br \/>\nAldous Huxley<\/p>\n<p>&nbsp;<\/p>\n<p style=\"text-align: justify;\">Con una selecci\u00f3n de cuatro pel\u00edculas, se muestra aquello que el cine nos dice sobre la m\u00fasica a partir de diversas historias. Este ciclo de cine expone algunas visiones sobre el tema de la m\u00fasica a partir tanto del g\u00e9nero documental como el de ficci\u00f3n.<\/p>\n<p style=\"text-align: justify;\">Sound of noise, Allegro, Super 8 Stories y RiP: A remix manifiesto! Son los cuatro filmes que\u00a0<a href=\"http:\/\/www.laboratorioav.com\/\">Laboratorio A\/V<\/a>\u00a0escogi\u00f3 para este ciclo, pues en ellas se presenta la relaci\u00f3n que siempre se establece entre los personajes y la m\u00fasica, la cual va desde recorridos y opiniones sobre temas pol\u00edticos y personales, como situaciones amorosas y c\u00f3micas expresar lo inexpresable es la m\u00fasica.\u201d<\/p>\n<h2>\u00a07 de octubre<\/h2>\n<p><a href=\"http:\/\/www.circo212.org.mx\/circo2\/wp-content\/uploads\/2013\/10\/Allegro2.jpg\"><img loading=\"lazy\" decoding=\"async\" src=\"http:\/\/www.circo212.org.mx\/circo2\/wp-content\/uploads\/2013\/10\/Allegro2.jpg\" alt=\"Allegro2\" width=\"928\" height=\"550\" \/><\/a>\u00a0<strong>ALLEGRO<br \/>\n<\/strong>Christoffer Boe \/ Dinamarca \/ 2005 \/ 88 min.<\/p>\n<p style=\"text-align: justify;\">\u00a0Zetterstr\u00f8m, c\u00e9lebre pianista, regresa a su natal Copenhague para participar en un gran concierto de gala. Al parecer, ha borrado todos los recuerdos de su vida en la capital danesa pero, en realidad, \u00e9stos se encuentran encerrados en una misteriosa \u00abZona\u00bb: un lugar al que aparentemente nadie tiene acceso.<\/p>\n<p style=\"text-align: justify;\">El protagonista descubre que hay ciertos acontecimientos en la vida \u2014en particular, los que involucran al amor\u2014, que no podemos darnos el lujo de olvidar.<\/p>\n<p>&nbsp;<\/p>\n<h2>14 de octubre<\/h2>\n<p><a href=\"http:\/\/www.circo212.org.mx\/circo2\/wp-content\/uploads\/2013\/10\/8stories.jpg\"><img loading=\"lazy\" decoding=\"async\" src=\"http:\/\/www.circo212.org.mx\/circo2\/wp-content\/uploads\/2013\/10\/8stories.jpg\" alt=\"8stories\" width=\"742\" height=\"234\" \/><\/a><\/p>\n<p><strong>SUPER 8 STORIES<\/strong><br \/>\nEmir Kusturica \/ Yugoslavia \/ 2001 \/ 101 min.<\/p>\n<p style=\"text-align: justify;\">\u00a0El director Emir Kusturica graba a la No Smoking Orchestra, de la que forman parte \u00e9l y su hijo, en una de sus giras, entrevistando a todos los miembros de la banda y pregunt\u00e1ndoles sobre el pasado y el futuro de Yugoslavia.<\/p>\n<p>&nbsp;<\/p>\n<h2>21 de octubre<\/h2>\n<p><a href=\"http:\/\/www.circo212.org.mx\/circo2\/wp-content\/uploads\/2013\/10\/RIP2.png\"><img loading=\"lazy\" decoding=\"async\" src=\"http:\/\/www.circo212.org.mx\/circo2\/wp-content\/uploads\/2013\/10\/RIP2.png\" alt=\"RIP2\" width=\"770\" height=\"376\" \/><\/a>\u00a0<strong>RIP! A REMIX MANIFIESTO<br \/>\n<\/strong>Brett Gaylor \/ Canad\u00e1 \/ 2009 \/ 80 min.<\/p>\n<p style=\"text-align: justify;\">RIP: A Remix Manifiesto es un documental que profundiza en el copyright, la industria musical, la cultura y la tecnolog\u00eda, y que adem\u00e1s est\u00e1 publicado bajo la licencia Creative Commons. Brett Gaylor, ciberactivista y cineasta, ha dedicado seis a\u00f1os a establecer relaciones entre el pasado, presente y futuro de la cultura, la creatividad, y el constante versus entre los movimientos copyright y copyleft. La pel\u00edcula gira en torno a Girl Talk, una estrella del mash-up cuyo trabajo resulta ilegal desde el punto de vista tradicional del derecho de autor. Tratando de entender c\u00f3mo esto puede ser as\u00ed, teniendo en cuenta que a lo largo de la historia la cultura siempre se bas\u00f3 en creaciones anteriores, el director entrevista a personalidades como Lawrence Lessig de Creative Commons, el ex ministro de cultura de Brasil Gilberto Gil y el escritor Cory Doctorow, entre otros. Debate con diversos invitados relacionados con el tema.<\/p>\n<p>&nbsp;<\/p>\n<h2>28 de octubre<\/h2>\n<p><a href=\"http:\/\/www.circo212.org.mx\/circo2\/wp-content\/uploads\/2013\/10\/sound1.jpg\"><img loading=\"lazy\" decoding=\"async\" src=\"http:\/\/www.circo212.org.mx\/circo2\/wp-content\/uploads\/2013\/10\/sound1.jpg\" alt=\"sound1\" width=\"880\" height=\"280\" \/><\/a><\/p>\n<p><strong>SOUND OF NOISE<\/strong><br \/>\nOla Simonsson, Johannes Stj\u00e4rne \/ Suecia \/ 2010 \/ 102 min<\/p>\n<p style=\"text-align: justify;\">El agente de polic\u00eda Amadeus Warnebring naci\u00f3 en el seno de una c\u00e9lebre familia de\u00a0m\u00fasicos, pero \u2013iron\u00edas del destino\u2013 detesta la m\u00fasica. Un d\u00eda, un extravagante grupo\u00a0de m\u00fasicos dirigido por la hermosa y traviesa Sanna decide tocar una obra musical\u00a0apocal\u00edptica empleando la ciudad como instrumento y sembrando el caos y el p\u00e1nico\u00a0entre la poblaci\u00f3n. Warnebring se entrega inmediatamente en cuerpo y alma a la caza de estos terroristas musicales.<\/p>\n<p>&nbsp;<\/p>\n<h2 style=\"text-align: center;\"><\/h2>\n<h2 style=\"text-align: center;\"><\/h2>\n<h2>Cinefrecuencias moduladas<\/h2>\n<p style=\"text-align: justify;\">En honor al nuevo espacio radiof\u00f3nico de Circo 2.12, transmitido todos los jueves de 11 a 12 horas por\u00a0<a href=\"http:\/\/www.radioclick.com.mx\/\">www.radioclick.com.mx<\/a>, Cineclub Condesa DF presenta un ciclo en el que la tem\u00e1tica es la radio. En 5 pel\u00edculas veremos la historia de diferentes locutores y como el fen\u00f3meno que modific\u00f3 la emisi\u00f3n\/recepci\u00f3n de informaci\u00f3n y a la fecha sigue siendo uno de los medios de comunicaci\u00f3n m\u00e1s importantes, cambi\u00f3 sus vidas.<\/p>\n<p>Los esperamos todos los lunes en el s\u00f3tano del Hotel Condesa DF (Av. Veracruz 102, Col. Condesa)<\/p>\n<div class=\"one-half\">\n<p><a href=\"http:\/\/www.circo212.org.mx\/circo2\/wp-content\/uploads\/2013\/08\/play-misty-for-me_592x299.jpg\"><img loading=\"lazy\" decoding=\"async\" src=\"http:\/\/www.circo212.org.mx\/circo2\/wp-content\/uploads\/2013\/08\/play-misty-for-me_592x299.jpg\" alt=\"play-misty-for-me_592x299\" width=\"592\" height=\"299\" \/><\/a><\/p>\n<p>&nbsp;<\/p>\n<\/div>\n<div class=\"one-half last\">\n<h2>26 de agosto<\/h2>\n<p><strong>ESCALOFRIO EN LA NOCHE\/\u00a0Play Misty For Me<\/strong><br \/>\nClint Eastwood\/ EUA\/ 1971\/102 mins.<\/p>\n<p style=\"text-align: justify;\">Dave Garland es un popular locutor de radio en California que recibe frecuentes llamadas de una mujer a su programa. Una noche en un bar, conoce a la propietaria de la misteriosa voz, Evelyn. Con el tiempo se da cuenta que el encuentro no fue casual y que no es la dulce mujer que parece ser, ante el rechazo de Garland, Evelyn comienza a mostrar el\u00a0trastorno l\u00edmite de personalidad\u00a0que padece y \u00e9l deber\u00e1 enfrentarse a su comportamiento obsesivo.<\/p>\n<\/div>\n<div class=\"one-half\">\n<p><a href=\"http:\/\/www.circo212.org.mx\/circo2\/wp-content\/uploads\/2013\/08\/pript_stl_5_h.jpg\"><img loading=\"lazy\" decoding=\"async\" src=\"http:\/\/www.circo212.org.mx\/circo2\/wp-content\/uploads\/2013\/08\/pript_stl_5_h.jpg\" alt=\"pript_stl_5_h\" width=\"600\" height=\"399\" \/><\/a><\/p>\n<\/div>\n<div class=\"one-half last\">\n<h2>2 de septiembre<\/h2>\n<p><strong>PARTES PRIVADAS\/\u00a0Private Parts<\/strong><br \/>\nBetty Thomas\/ EUA \/1997\/ 109 mins.<\/p>\n<p style=\"text-align: justify;\">El locutor m\u00e1s c\u00e9lebre de la radio norteamericana se interpreta a s\u00ed mismo en un filme que relata c\u00f3mo empezaron sus v\u00ednculos con la radio desde peque\u00f1o, sus d\u00edas de escuela, lo dif\u00edcil que fueron sus inicios y la historia de su ascenso a la fama. Obsesionado con el sexo, Howard Stern hace una radio viva, din\u00e1mica, irreverente y divertida que transmite a trav\u00e9s de su programa de entrevistas.<\/p>\n<p>\u00a0<\/div>\n<div class=\"one-half\">\n<p><a href=\"http:\/\/www.circo212.org.mx\/circo2\/wp-content\/uploads\/2013\/08\/talkradio2.jpg\"><img loading=\"lazy\" decoding=\"async\" src=\"http:\/\/www.circo212.org.mx\/circo2\/wp-content\/uploads\/2013\/08\/talkradio2.jpg\" alt=\"talkradio2\" width=\"840\" height=\"455\" \/><\/a><\/p>\n<\/div>\n<div class=\"one-half last\">\n<h2>9 de septiembre<\/h2>\n<p><strong>HABLANDO CON LA MUERTE\/\u00a0Talk Radio<\/strong><br \/>\nOliver Stone\/ EUA\/ 1988\/ 110mins.<\/p>\n<p style=\"text-align: justify;\">Barry Champlain es un c\u00ednico y cruel locutor de un programa de radio nocturno de gran audiencia en Dallas, es una persona muy voluble, unas veces simp\u00e1tico pero otras punzante y odioso. Por la claridad y contundencia con que expresa sus opiniones, genera una gran cantidad de enemigos, incluso recibe la llamada de un psic\u00f3pata que le hace una amenaza de muerte.<\/p>\n<\/div>\n<div class=\"one-half\">\n<p><a href=\"http:\/\/www.circo212.org.mx\/circo2\/wp-content\/uploads\/2013\/08\/BoatThatRocked.jpg\"><img loading=\"lazy\" decoding=\"async\" src=\"http:\/\/www.circo212.org.mx\/circo2\/wp-content\/uploads\/2013\/08\/BoatThatRocked.jpg\" alt=\"BoatThatRocked\" width=\"575\" height=\"317\" \/><\/a><\/p>\n<\/div>\n<div class=\"one-half last\">\n<h2>16 de septiembre<\/h2>\n<p>RADIO ENCUBIERTA\/\u00a0The Boat That Rocked<br \/>\nRichard Curtis\/ Reino Unido\/ 2009\/ 129 mins.<\/p>\n<p style=\"text-align: justify;\">En 1966, la \u00e9poca del mejor pop ingl\u00e9s, la BBC s\u00f3lo emit\u00eda dos horas de rock and roll a la semana. Radios piratas inundaban el pa\u00eds con rock y pop las 24 horas al d\u00eda, consiguiendo una audiencia de m\u00e1s de la mitad de la poblaci\u00f3n. Un joven llamado Carl acaba de ser expulsado del colegio y su madre decide que pase alg\u00fan tiempo con su padrino Quentin, da la casualidad que Quentin es el jefe de Radio Rock, una emisora pirata instalada en un barco en el mar del Norte, formada por un ecl\u00e9ctico grupo de pinchadiscos.<\/p>\n<\/div>\n<div class=\"one-half\">\n<p><a href=\"http:\/\/www.circo212.org.mx\/circo2\/wp-content\/uploads\/2013\/08\/323250-01321892_photo_fisher_king_le_roi_pecheur.jpg\"><img loading=\"lazy\" decoding=\"async\" src=\"http:\/\/www.circo212.org.mx\/circo2\/wp-content\/uploads\/2013\/08\/323250-01321892_photo_fisher_king_le_roi_pecheur-1024x684.jpg\" alt=\"Fisher King\" width=\"1024\" height=\"684\" \/><\/a><\/p>\n<\/div>\n<div class=\"one-half last\">\n<h2>23 de septiembre<\/h2>\n<p><strong>EL REY PESCADOR\/ The fisher king<br \/>\n<\/strong>Terry Gilliam\/ EUA \/ 1991\/ \u00a0137 mins.<\/p>\n<p style=\"text-align: justify;\">Jack, un famoso locutor de radio tiene un exitoso programa nocturno y vive instalado en el lujo de Nueva York. Tras una terrible experiencia con un oyente, cae en una larga depresi\u00f3n y abusa del alcohol, cuando ha tocado fondo decide ir al r\u00edo y suicidarse. Parry, un vagabundo logra rescatarlo y es a partir de ese momento que conocer\u00e1 otra forma de vivir.<\/p>\n<\/div>\n<p>&nbsp;<\/p>\n<p><strong>ENTRADA LIBRE, PALOMITAS GRATIS<\/strong>.<\/p>\n<h2>MONSTROSITY<\/h2>\n<p>Un ciclo programado por\u00a0<a href=\"http:\/\/thecitylovesyou.com\/cinerex\/\">CINEREX<\/a>\u00a0(secci\u00f3n de cine de The City Loves You) que explora las diferentes formas del horror contempor\u00e1neo. La experimentaci\u00f3n con los diversos sub-g\u00e9neros que pueden ir del horror-comedy al sci-fi-body-horror nos muestran los caminos que nuevos realizadores proponen en el g\u00e9nero. Cinco pel\u00edculas que ahondan en la monstruosidad de la mente humana y sus abismos m\u00e1s fr\u00edos y aterradores, engendrados en contextos decadentes que no por ser ficticios dejan de estar presentes en la realidad actual.<\/p>\n<h3>Los esperamos todos los lunes a las 8pm en el s\u00f3tano del Hotel Condesa DF<\/h3>\n<div class=\"one-half\">\n<h3><a href=\"http:\/\/www.circo212.org.mx\/circo2\/wp-content\/uploads\/2013\/07\/chained-3.jpg\"><img loading=\"lazy\" decoding=\"async\" src=\"http:\/\/www.circo212.org.mx\/circo2\/wp-content\/uploads\/2013\/07\/chained-3-199x300.jpg\" alt=\"chained 3\" width=\"199\" height=\"300\" \/><\/a><\/h3>\n<\/div>\n<div class=\"one-half last\">\n<h3>15 de julio<\/h3>\n<p><strong>CHAINED<\/strong><br \/>\nJennifer Lynch\/\u00a0Canad\u00e1\/\u00a02012 \/94 mins.<\/p>\n<p>Tim vive esclavizado bajo el nombre de Rabbit, secuestrado y completamente alienado desde ni\u00f1o dentro de la claustrof\u00f3bica casa de Bob, un asesino en serie que viola y asesina ferozmente a j\u00f3venes mujeres a quienes rapta haciendo uso de su taxi. Interpretado por el camale\u00f3nico Vincent D\u2019Onofrio, Bob utiliza el abuso extremo para quebrar la fr\u00e1gil cordura de Rabbit y forzarlo a convertirse en un asesino.<\/p>\n<p>Recreando atm\u00f3sferas asfixiantes en las que toda situaci\u00f3n brutal y retorcida puede acontecer -en cierto modo herederas del m\u00e1s puro cine lyncheano- Jennifer Lynch hurga en la psique de sus personajes arrastr\u00e1ndonos a uno y otro lado de la delgada l\u00ednea que separa a cualquiera de convertirse en un verdadero monstruo.<\/p>\n<\/div>\n<div class=\"one-half\">\n<p><a href=\"http:\/\/www.circo212.org.mx\/circo2\/wp-content\/uploads\/2013\/07\/antiviral-3.jpg\"><img loading=\"lazy\" decoding=\"async\" src=\"http:\/\/www.circo212.org.mx\/circo2\/wp-content\/uploads\/2013\/07\/antiviral-3-300x165.jpg\" alt=\"antiviral 3\" width=\"300\" height=\"165\" \/><\/a><\/p>\n<\/div>\n<div class=\"one-half last\">\n<h3>22 de julio<\/h3>\n<p><strong>ANTIVIRAL<br \/>\n<\/strong>Brandon Cronenberg \/\u00a0Canad\u00e1 \/\u00a02012 \/108 mins.<\/p>\n<p>En un futuro cercano dislocado, los mass-media han engendrado una enfermiza obsesi\u00f3n por las celebridades que alcanza extremos aberrantes. Escudri\u00f1ar en el interior de los cuerpos de los famosos e inyectarse sus enfermedades es la \u00faltima tendencia de una sociedad ultra decadente. Lucas Clinic es la empresa dedicada a satisfacer legalmente a los miles de adictos que acuden a diario a inyectarse las afecciones de sus artistas favoritos. Syd March es empleado en esta empresa y al mismo tiempo regenta su propio negocio en el mercado negro usando su cuerpo para transportar los \u00faltimos virus de moda. Al infectarse con una extra\u00f1a enfermedad que est\u00e1 matando a la superestrella Hanna Geist, Syd deber\u00e1 rastrear el origen de la fabricaci\u00f3n de este virus para impedir su muerte.<\/p>\n<\/div>\n<div class=\"one-half\">\n<p><a href=\"http:\/\/www.circo212.org.mx\/circo2\/wp-content\/uploads\/2013\/07\/maniac-2.jpg\"><img loading=\"lazy\" decoding=\"async\" src=\"http:\/\/www.circo212.org.mx\/circo2\/wp-content\/uploads\/2013\/07\/maniac-2-300x199.jpg\" alt=\"maniac 2\" width=\"300\" height=\"199\" \/><\/a><\/p>\n<\/div>\n<div class=\"one-half last\">\n<h3>29 de julio<\/h3>\n<p><strong>MANIAC<br \/>\n<\/strong>Franck Khalfoun \/\u00a0Estados Unidos, Francia \/\u00a0\u00a02012 \/\u00a089 mins.<\/p>\n<p>Frank Zito es un asesino en serie atormentado por su patolog\u00eda, acompa\u00f1ada de constantes migra\u00f1as, que lo empuja a acechar y asesinar mujeres para luego coleccionar sus cabelleras en las cabezas de los maniqu\u00edes que fabrica en su tienda. Cuando un d\u00eda recibe la inesperada visita de Anna, una fot\u00f3grafa aficionada a los maniqu\u00edes, Frank la ayuda en su exposici\u00f3n de arte y descubre en ella una posible salida a sus impulsos homicidas.<\/p>\n<\/div>\n<div class=\"one-half\">\n<p><a href=\"http:\/\/www.circo212.org.mx\/circo2\/wp-content\/uploads\/2013\/07\/kill-list-1.jpg\"><img loading=\"lazy\" decoding=\"async\" src=\"http:\/\/www.circo212.org.mx\/circo2\/wp-content\/uploads\/2013\/07\/kill-list-1-300x180.jpg\" alt=\"kill list 1\" width=\"300\" height=\"180\" \/><\/a><\/p>\n<\/div>\n<div class=\"one-half last\">\n<h3>5 de agosto<\/h3>\n<p><strong>KILL LIST<br \/>\n<\/strong>Ben Wheatley \/\u00a0Reino Unido \/\u00a02011\/\u00a095 mins.<\/p>\n<p>Jay, un ex-soldado convertido en mercenario, lleva meses sin trabajo despu\u00e9s de un extra\u00f1o incidente durante su \u00faltima misi\u00f3n. Viviendo bajo la frustraci\u00f3n del desempleo, presionado por su familia, acepta la invitaci\u00f3n de su amigo, Gal, para llevar a cabo una misi\u00f3n que involucra una lista de s\u00f3rdidas v\u00edctimas: un sacerdote, un bibliotecario, un pol\u00edtico\u2026 cada objetivo esconde un obscuro secreto que los empujar\u00e1 hacia una espiral de horror capaz de destruir la cordura de Jay conduci\u00e9ndolo a un macabro desenlace.<\/p>\n<\/div>\n<div class=\"one-half\">\n<p><a href=\"http:\/\/www.circo212.org.mx\/circo2\/wp-content\/uploads\/2013\/07\/Sightseers-3.jpg\"><img loading=\"lazy\" decoding=\"async\" src=\"http:\/\/www.circo212.org.mx\/circo2\/wp-content\/uploads\/2013\/07\/Sightseers-3-300x168.jpg\" alt=\"Sightseers 3\" width=\"300\" height=\"168\" \/><\/a><\/p>\n<\/div>\n<div class=\"one-half last\">\n<h3>12 de agosto<\/h3>\n<p><strong>SIGHTSEERS<br \/>\n<\/strong>Ben Wheatley \/\u00a0Reino Unido \/\u00a02012\/\u00a088 mins.<\/p>\n<p>Tina escapa de las garras de su represiva madre junto a su novio, Chris, en un recorrido por los sitios tur\u00edsticos m\u00e1s ordinarios de Inglaterra. Un viaje aparentemente tranquilo en el que Tina busca consolarse por la muerte de su perrito, Poppy, mientras Chris encuentra inspiraci\u00f3n para su primera novela. Sin embargo, en su camino van top\u00e1ndose con odiosos personajes que har\u00e1n aflorar en ambos una naturaleza psic\u00f3pata que transformar\u00e1 su viaje en un road-trip lleno de ir\u00f3nicos asesinatos.<\/p>\n<\/div>\n<p>&nbsp;<\/p>\n<h3>Circo 2.12 y Cineclub Condesa DF<\/h3>\n<p>presentan<\/p>\n<h3>Bicinema<\/h3>\n<p>Cada vez somos m\u00e1s las personas que integramos la bicicleta a nuestro estilo de vida, ya sea por cuestiones de salud, ecolog\u00eda, econom\u00eda, diversi\u00f3n o todas juntas. Bicinema es un ciclo de 4 funciones que abarca distintos g\u00e9neros cinematogr\u00e1ficos: documental, ficci\u00f3n, animaci\u00f3n y experimental.<\/p>\n<p>Cada una de las proyecciones ser\u00e1 presentada por los 4 proyectos que se unieron a esta colaboraci\u00f3n: Cine ToTo, El Instituto de Pol\u00edticas para el Transporte y el Desarrollo (ITDP por sus siglas en ingl\u00e9s), Bamboocycles\/ Revista Apolorama, y Bicycle Film Festival.<\/p>\n<p>Pretendemos que el mes de Junio, el Cineclub Condesa DF se convierta en un foro de encuentro para incentivar la concientizaci\u00f3n del uso de la bicicleta y sus beneficios, como cultura.<\/p>\n<p>Los esperamos todos los lunes a las 20:00 horas, en el s\u00f3tano del Hotel Condesa DF (Av. Veracruz 102, Colonia Condesa, M\u00e9xico D.F.)<\/p>\n<div class=\"one-half\">\n<p><a href=\"http:\/\/www.circo212.org.mx\/circo2\/wp-content\/uploads\/2013\/05\/Ginger-ninjas-la-revolucion-agradable-ST.jpg\"><img loading=\"lazy\" decoding=\"async\" src=\"http:\/\/www.circo212.org.mx\/circo2\/wp-content\/uploads\/2013\/05\/Ginger-ninjas-la-revolucion-agradable-ST.jpg\" alt=\"Ginger-ninjas-la-revolucion-agradable-ST\" width=\"408\" height=\"180\" \/><\/a><\/p>\n<\/div>\n<p><strong>3 de Junio<\/strong><\/p>\n<h3>\u201cLos Ginger Ninjas. Rodando M\u00e9xico\u201d<\/h3>\n<p>(Direcci\u00f3n: Sergio Morkin, Pa\u00eds: M\u00e9xico, A\u00f1o: 2012, Duraci\u00f3n 76\u2019, G\u00e9nero: Documental).<\/p>\n<p>Sinopsis: La \u00fanica gira en la historia de un grupo musical por M\u00e9xico desde Estados Unidos en bicicleta es emprendida por los integrantes de \u201cLos Ginger Ninjas\u201d que adem\u00e1s de cargar sus instrumentos musicales en bicicletas a lo largo de 8 mil kil\u00f3metros, las utilizan para generar su propia electricidad en los conciertos.<\/p>\n<p>Esta road movie narra el viaje interior de cada uno de sus integrantes y c\u00f3mo esta aventura, buscando cumplir un sue\u00f1o, les cambiar\u00e1 la vida.<\/p>\n<p>Visita su fanpage en Facebook aqu\u00ed :\u00a0<a href=\"https:\/\/www.facebook.com\/pages\/Los-Ginger-Ninjas-Rodando-M%C3%A9xico\/197413150360957\" target=\"_blank\">https:\/\/www.facebook.com\/pages\/Los-Ginger-Ninjas-Rodando-M%C3%A9xico\/197413150360957<\/a><\/p>\n<div class=\"one-half\">\n<p><a href=\"http:\/\/www.circo212.org.mx\/circo2\/wp-content\/uploads\/2013\/05\/Ladro_n-de-bicicletas.jpg\"><img loading=\"lazy\" decoding=\"async\" src=\"http:\/\/www.circo212.org.mx\/circo2\/wp-content\/uploads\/2013\/05\/Ladro_n-de-bicicletas.jpg\" alt=\"Ladro_n-de-bicicletas\" width=\"461\" height=\"346\" \/><\/a><\/p>\n<\/div>\n<p><strong>10 de Junio<\/strong><\/p>\n<h3>\u201cLadr\u00f3n de bicicletas\u201d<\/h3>\n<p>(Direcci\u00f3n: Vittorio De Sica, Pa\u00eds: Italia, A\u00f1o: 1948, Duraci\u00f3n: 93\u2019, G\u00e9nero: Drama).<\/p>\n<p>Sinopsis: Antonio Ricci (Lamberto Maggiorani), un esposo y padre de familia en busca de un trabajo digno, en una \u00e9poca de problemas econ\u00f3micos tras la segunda guerra mundial. Logra ser contratado para pegar carteles de publicidad por la calles de Roma, por lo que decide empe\u00f1ar unas sabanas para poder comprar una bicicleta, que le roban en su primer d\u00eda de trabajo. As\u00ed es como comienza toda la aventura de Antonio junto con su hijo Bruno (Enzo Staiola) por recuperar su bicicleta, mientras su esposa, Mar\u00eda (Lianella Carell) espera en casa junto con su otro hijo.<\/p>\n<div class=\"one-half\">\n<p><a href=\"http:\/\/www.circo212.org.mx\/circo2\/wp-content\/uploads\/2013\/05\/belleville1.jpg\"><img loading=\"lazy\" decoding=\"async\" src=\"http:\/\/www.circo212.org.mx\/circo2\/wp-content\/uploads\/2013\/05\/belleville1.jpg\" alt=\"belleville1\" width=\"400\" height=\"300\" \/><\/a><\/p>\n<\/div>\n<p><strong>17 de Junio<\/strong><\/p>\n<h3>\u201cLas trillizas de Belleville\u201d<\/h3>\n<p>(Direcci\u00f3n: Sylvain Chomet, Pa\u00eds: Francia, A\u00f1o: 2003, Duraci\u00f3n: 80\u2019, G\u00e9nero: Animaci\u00f3n).<\/p>\n<p>Sinopsis: Tras criar a su nieto y prepararlo para el Tour de France, Madame Souza y su amado perro Bruno, ver\u00e1n frustrados sus intentos de triunfo, pues este \u00faltimo es secuestrado por unos g\u00e1nsteres que lo llevan a Belleville para usarlo como materia prima de una sofisticada m\u00e1quina de apuestas. Con la ayuda de las trillizas de Belleville, antiguas artistas de variet\u00e9, el grupo emprender\u00e1 el rescate.<\/p>\n<div class=\"one-half\">\n<p><a href=\"http:\/\/www.circo212.org.mx\/circo2\/wp-content\/uploads\/2013\/05\/logoBFF.jpeg\"><img loading=\"lazy\" decoding=\"async\" src=\"http:\/\/www.circo212.org.mx\/circo2\/wp-content\/uploads\/2013\/05\/logoBFF.jpeg\" alt=\"logoBFF\" width=\"299\" height=\"169\" \/><\/a><\/p>\n<\/div>\n<p><strong>24 de Junio<\/strong><\/p>\n<h3>Funci\u00f3n especial<\/h3>\n<p>Bicycle Film Festival BFF es un festival internacional originado en Nueva York que celebra la bicicleta a trav\u00e9s del cine, el arte y la m\u00fasica. En el a\u00f1o 2012 llega a M\u00e9xico con la proyecci\u00f3n de 40 audiovisuales internacionales, en esta funci\u00f3n podremos disfrutar una selecci\u00f3n especial de cortometrajes en su mayor\u00eda del g\u00e9nero experimental.<\/p>\n<p><strong>ENTRADA LIBRE, PALOMITAS GRATIS cortes\u00eda de @GrupoHabita<\/strong><\/p>\n<h2 style=\"text-align: center;\">Cineclub Condesa DF<\/h2>\n<h3 style=\"text-align: center;\">Presenta<\/h3>\n<h2 style=\"text-align: center;\">El Cine en el Cine<\/h2>\n<h3 style=\"text-align: center;\">del 15 de abril al 20 de mayo<\/h3>\n<p style=\"text-align: center;\">Por el 50 aniversario de 8 \u00bd<\/p>\n<p style=\"text-align: justify;\" align=\"JUSTIFY\">Este ciclo est\u00e1 compuesto por 6 pel\u00edculas cuyo tema es la realizaci\u00f3n de cine. Los acontecimientos de estas historia tienen lugar en sets de filmaci\u00f3n. En casi todos los t\u00edtulos seleccionados, los protagonistas son directores. En los cr\u00e9ditos siempre falta la c\u00e1mara\/actriz. Como en todo el cine, en estas obras el rodaje tambi\u00e9n se vuelve montaje. S\u00f3lo que, en estos casos, coexisten dos (o m\u00e1s) pel\u00edculas, alternadas o simult\u00e1neamente: La que se filma que se filma y la que se proyecta.<\/p>\n<p style=\"text-align: justify;\" align=\"JUSTIFY\">La selecci\u00f3n de Alejandro Murillo (Egresado del CUEC) nos muestra diferentes formas de montajes audiovisuales que demuestran las posibilidades expresivas y las capacidades que posee para articular muchos tipos de estructuras -la m\u00e1s recurrida: la de la acci\u00f3n dram\u00e1tica.<\/p>\n<p style=\"text-align: center;\" align=\"JUSTIFY\">Descarga el programa completo\u00a0<a href=\"http:\/\/www.circo212.org.mx\/circo2\/wp-content\/uploads\/2013\/04\/elcineenelcine.png\">AQUI<\/a><\/p>\n<p style=\"text-align: center;\">\u00a0\u00a0<div class=\"one-half\">\n<p style=\"text-align: center;\"><a href=\"http:\/\/www.circo212.org.mx\/circo2\/wp-content\/uploads\/2013\/04\/woody.stardust.png\"><img loading=\"lazy\" decoding=\"async\" src=\"http:\/\/www.circo212.org.mx\/circo2\/wp-content\/uploads\/2013\/04\/woody.stardust-300x162.png\" alt=\"woody.stardust\" width=\"300\" height=\"162\" \/><\/a><\/p>\n<p style=\"text-align: center;\"><\/div><\/p>\n<p style=\"text-align: center;\"><b>15 de Abril<\/b><\/p>\n<p style=\"text-align: center;\">\u201cStardust memories\u201d<\/p>\n<p style=\"text-align: center;\">Woody Allen\/Estados Unidos\/1980\/89 mins<\/p>\n<p style=\"text-align: justify;\">La pesadilla de recibir homenajes en plena crisis existencial desborda la memoria del director Sandy Bates\/Woody Allen con im\u00e1genes que tanto uno como el otro descubren que han colocado en muchas de sus obras.<\/p>\n<p style=\"text-align: center;\"><div class=\"one-half\">\n<p style=\"text-align: center;\"><a href=\"http:\/\/www.circo212.org.mx\/circo2\/wp-content\/uploads\/2013\/04\/what-just.jpg\"><img loading=\"lazy\" decoding=\"async\" src=\"http:\/\/www.circo212.org.mx\/circo2\/wp-content\/uploads\/2013\/04\/what-just-300x180.jpg\" alt=\"what just\" width=\"300\" height=\"180\" \/><\/a><\/p>\n<p style=\"text-align: center;\"><\/div><\/p>\n<p style=\"text-align: center;\"><b>22 de Abril<\/b><\/p>\n<p style=\"text-align: center;\">\u201cWhat Just Happened\u201d<\/p>\n<p style=\"text-align: center;\">Barry Levinson\/Estados Unidos\/ 2008\/ 104 mins<\/p>\n<p style=\"text-align: justify;\">Robert De Niro interpreta a un productor de cine comprometido con entregar una pel\u00edcula para el Festival de Cannes, conseguir que una estrella de cine se rasure para un nuevo proyecto multimillonario, recoger a su hija a la escuela y llevarla a casa intentando evitar a toda costa cualquier encuentro con su hermosa, encantadora e inolvidable ex esposa. El estr\u00e9s de dirigir es mero berrinche, comparado con la historia de esta pel\u00edcula.<\/p>\n<p style=\"text-align: center;\"><div class=\"one-half\">\n<p style=\"text-align: center;\"><a href=\"http:\/\/www.circo212.org.mx\/circo2\/wp-content\/uploads\/2013\/04\/le-porno.jpg\"><img loading=\"lazy\" decoding=\"async\" src=\"http:\/\/www.circo212.org.mx\/circo2\/wp-content\/uploads\/2013\/04\/le-porno-300x200.jpg\" alt=\"le porno\" width=\"300\" height=\"200\" \/><\/a><\/p>\n<p style=\"text-align: center;\"><\/div><\/p>\n<p style=\"text-align: center;\"><b>29 de Abril<\/b><\/p>\n<p style=\"text-align: center;\">\u201cEl Porn\u00f3grafo\u201d<\/p>\n<p style=\"text-align: center;\">Bertrand Bonello\/ Francia\/ 2001\/108 mins<\/p>\n<p style=\"text-align: justify;\">Jacques es un director de cine porno retirado que triunf\u00f3 en la edad de oro del g\u00e9nero. A sus 50 a\u00f1os, por motivos econ\u00f3micos, acepta rodar una pel\u00edcula y se da cuenta de que el mundo de lo \u00aber\u00f3tico\u00bb ha cambiado y que \u00e9l no es capaz de capturar la pasi\u00f3n en la pantalla como lo hizo en el pasado.<\/p>\n<p style=\"text-align: center;\"><div class=\"one-half\">\n<p style=\"text-align: center;\"><a href=\"http:\/\/www.circo212.org.mx\/circo2\/wp-content\/uploads\/2013\/04\/tristram.jpg\"><img loading=\"lazy\" decoding=\"async\" src=\"http:\/\/www.circo212.org.mx\/circo2\/wp-content\/uploads\/2013\/04\/tristram-300x210.jpg\" alt=\"tristram\" width=\"300\" height=\"210\" \/><\/a><\/p>\n<p style=\"text-align: center;\"><\/div><\/p>\n<p style=\"text-align: center;\"><b>6 de Mayo<\/b><\/p>\n<p style=\"text-align: center;\">\u201cTristram Shandy\u201d<\/p>\n<p style=\"text-align: center;\">Michael Winterbottom\/Inglaterra\/2005\/ 94 mins<\/p>\n<p style=\"text-align: justify;\">Una de las obras literarias consideradas imposibles de adaptar al cine llega a la pantalla grande mediante este falso documental sobre el falso rodaje de esta pel\u00edcula, protagonizada por actores que tratan de interpretarse a si mismos. \u201cA cock and bull story\u201d, tal y como reza el subt\u00edtulo de la novela firmada por Lawrence Stern; pieza inaugural de la \u201cnovela moderna en Ingl\u00e9s\u201d.<\/p>\n<p style=\"text-align: center;\"><div class=\"one-half\">\n<p style=\"text-align: center;\"><a href=\"http:\/\/www.circo212.org.mx\/circo2\/wp-content\/uploads\/2013\/04\/sex-is-comedy.jpg\"><img loading=\"lazy\" decoding=\"async\" src=\"http:\/\/www.circo212.org.mx\/circo2\/wp-content\/uploads\/2013\/04\/sex-is-comedy-300x157.jpg\" alt=\"sex is comedy\" width=\"300\" height=\"157\" \/><\/a><\/p>\n<p style=\"text-align: center;\"><\/div><\/p>\n<p style=\"text-align: center;\"><b>13 de Mayo<\/b><\/p>\n<p style=\"text-align: center;\">\u201cSex is Comedy\u201d<\/p>\n<p style=\"text-align: center;\">Catherine Breillat\/ Francia\/2002\/ 92 mins.<\/p>\n<p style=\"text-align: justify;\">Catherine Breillat se homologa en el cuerpo de una directora que debe crear apasionantes y profundas escenas de amor, cargadas de erotismo y orientadas a representar expl\u00edcitamente el acto sexual, contando con un elenco de actores que compensa sus defectos de la personalidad con MUCHO talento. Sin embargo, la parte tormentosa consiste de un constante cuestionamiento acerca de qu\u00e9 es lo que se debe hacer ver cuando se filma\/monta una pel\u00edcula con estas escenas.<\/p>\n<p style=\"text-align: center;\"><div class=\"one-half\">\n<p style=\"text-align: center;\"><a href=\"http:\/\/www.circo212.org.mx\/circo2\/wp-content\/uploads\/2013\/04\/empire.jpg\"><img loading=\"lazy\" decoding=\"async\" src=\"http:\/\/www.circo212.org.mx\/circo2\/wp-content\/uploads\/2013\/04\/empire-300x199.jpg\" alt=\"empire\" width=\"300\" height=\"199\" \/><\/a><\/p>\n<p style=\"text-align: center;\"><\/div><\/p>\n<p style=\"text-align: center;\"><b>20 de Mayo<\/b><\/p>\n<p style=\"text-align: center;\">\u201cEl imperio\u201d<\/p>\n<p style=\"text-align: center;\">David Lynch\/Estados Unidos\/2006\/180 mins<\/p>\n<p style=\"text-align: justify;\">Laura Dern, delirando los delirios de David Lynch, interpreta a una mujer que no sabe cu\u00e1ndo es una actriz en un set de filmaci\u00f3n, no entiende si esta pel\u00edcula se trata de su propia b\u00fasqueda de identidad, y se siente confundida al no reconocer en qu\u00e9 momento se coloca cada una de sus m\u00e1scaras\/personalidades. Y una secuencia de cr\u00e9ditos finales estupenda.<\/p>\n<p style=\"text-align: center;\"><strong>ENTRADA Y PALOMITAS<\/strong><\/p>\n<p style=\"text-align: center;\"><strong>cortes\u00eda de @GrupoHabita<\/strong><\/p>\n<h2 style=\"text-align: center;\">_________________________________<\/h2>\n<p>&nbsp;<\/p>\n<h2 style=\"text-align: center;\">Cineclub CondesaDF<\/h2>\n<h3 style=\"text-align: center;\">presenta<\/h3>\n<h3 style=\"text-align: center;\">El Oscar que no fue<\/h3>\n<p>La entrega del Oscar es un gran espect\u00e1culo que premia a su propia industria y a sus grandes favoritos. Sin embargo en ocasiones las decisiones de la Academia se basan en intrigas, presiones pol\u00edticas y esc\u00e1ndalos cuyo resultado son grandes incongruencias. Considerando que la temporada de premiaciones nos convierte a todos en incisivos cr\u00edticos, nos atrevemos a proponer una lista de pel\u00edculas del Oscar que debi\u00f3 ser y no fue. Todo con el esp\u00edritu de seguir con el show.<\/p>\n<p>Carlos Mu\u00f1oz y Alejandro Grande programadores del ciclo<\/p>\n<p style=\"text-align: center;\"><div class=\"one-half\">\n<div>\n<p><a href=\"http:\/\/www.circo212.org.mx\/circo2\/wp-content\/uploads\/2013\/02\/El-gran-dictador.jpeg\"><img decoding=\"async\" title=\"El gran dictador\" src=\"http:\/\/www.circo212.org.mx\/circo2\/wp-content\/uploads\/2013\/02\/El-gran-dictador.jpeg\" alt=\"\" \/><\/a><\/p>\n<\/div>\n<\/div><\/p>\n<p><strong>25 de Febrero<\/strong><\/p>\n<p><strong>\u201cEl gran dictador\u201d<\/strong><\/p>\n<p>(Direcci\u00f3n: Charles Chaplin, Pa\u00eds: EUA, A\u00f1o: 1940, Duraci\u00f3n: 128 min.)<\/p>\n<p>Sinopsis: Un barbero jud\u00edo vuelve a casa despu\u00e9s de combatir en la Primera Guerra Mundial con el ej\u00e9rcito de Tomania. Amn\u00e9sico a causa de un accidente de avi\u00f3n, no recuerda pr\u00e1cticamente nada de su vida y no conoce la situaci\u00f3n pol\u00edtica de su pa\u00eds: Adenoid Hynkel, un dictador fascista y racista, ha llegado al poder y ha iniciado la persecuci\u00f3n del pueblo jud\u00edo. Resulta que estos dos personajes tienen un gran parecido f\u00edsico y son confundidos.<\/p>\n<p style=\"text-align: center;\">\u00a0<div class=\"one-half\">\n<div>\n<p><a href=\"http:\/\/www.circo212.org.mx\/circo2\/wp-content\/uploads\/2013\/02\/Ciudadano-Kane.jpeg\"><img decoding=\"async\" title=\"Ciudadano Kane\" src=\"http:\/\/www.circo212.org.mx\/circo2\/wp-content\/uploads\/2013\/02\/Ciudadano-Kane.jpeg\" alt=\"\" \/><\/a><\/p>\n<\/div><\/p>\n<\/div>\n<p><strong>4 de Marzo<\/strong><\/p>\n<p><strong>\u201cCiudadano Kane\u201d<\/strong><\/p>\n<p>(Direcci\u00f3n: Orson Welles, Pa\u00eds: EUA, A\u00f1o: 1941, Duraci\u00f3n: 119 min.)<\/p>\n<p>Sinopsis: Charles Foster Kane es due\u00f1o de una importante cadena de peri\u00f3dicos, de una red de emisoras, de dos sindicatos y de una inimaginable colecci\u00f3n de obras de arte. La \u00faltima palabra que pronuncia este importante financiero estadounidense antes de morir es \u201dRosebud\u201d, cuyo significado es un enigma, despertando as\u00ed una enorme curiosidad tanto en la prensa como entre la poblaci\u00f3n. Un grupo de periodistas emprende una investigaci\u00f3n para desentra\u00f1ar el misterio.<\/p>\n<p style=\"text-align: center;\"><div class=\"one-half\">\n<div>\n<p><a href=\"http:\/\/www.circo212.org.mx\/circo2\/wp-content\/uploads\/2013\/02\/La-ventana-indiscreta.jpeg\"><img decoding=\"async\" title=\"La ventana indiscreta\" src=\"http:\/\/www.circo212.org.mx\/circo2\/wp-content\/uploads\/2013\/02\/La-ventana-indiscreta.jpeg\" alt=\"\" \/><\/a><\/p>\n<\/div>\n<\/div><\/p>\n<p><strong>11 de Marzo<\/strong><\/p>\n<p><strong>\u201cLa ventana indiscreta\u201d<\/strong><\/p>\n<p>(Direcci\u00f3n: Alfred Hitchcock, Pa\u00eds: EUA, A\u00f1o:1954 Duraci\u00f3n: 112 min.)<\/p>\n<p>Sinopsis: Un fotoreportero recluido en su apartamento con una pierna enyesada debido a un accidente, elabora conjeturas acerca del extra\u00f1o comportamiento de uno de sus vecinos, al que esp\u00eda a trav\u00e9s de su c\u00e1mara fotogr\u00e1fica y binoculares. Las hip\u00f3tesis van confirm\u00e1ndose y utiliza a su novia y a su enfermera para entrar a la escena del crimen, poniendo en riesgo a ambas.<\/p>\n<p style=\"text-align: center;\">\u00a0<div class=\"one-half\">\n<div>\n<p><a href=\"http:\/\/www.circo212.org.mx\/circo2\/wp-content\/uploads\/2013\/02\/hannah-y-sus-hermanas.jpeg\"><img decoding=\"async\" title=\"hannah y sus hermanas\" src=\"http:\/\/www.circo212.org.mx\/circo2\/wp-content\/uploads\/2013\/02\/hannah-y-sus-hermanas.jpeg\" alt=\"\" \/><\/a><\/p>\n<\/div>\n<\/div><\/p>\n<p><strong>18 de Marzo<\/strong><\/p>\n<p><strong>\u201cHannah y sus hermanas\u201d<\/strong><\/p>\n<p>(Direcci\u00f3n: Woody Allen, Pa\u00eds: EUA, A\u00f1o: 1986, Duraci\u00f3n: 106 min.)<\/p>\n<p>Tres hermanas de caracteres muy diferentes, hijas de un maduro matrimonio de actores, mantienen entre s\u00ed una estrecha relaci\u00f3n. La mayor, Hannah, es la que tiene un car\u00e1cter m\u00e1s fuerte, est\u00e1 casada con un rico empresario y su vida parece perfecta. Actriz de \u00e9xito, esposa y madre ejemplar, se ha convertido en el centro de gravedad de toda la familia pero esta situaci\u00f3n comienza a tambalearse cuando Elliot, el marido de Hannah, se enamora de una de las hermanas de su mujer.<\/p>\n<p style=\"text-align: center;\">\u00a0<div class=\"one-half\">\n<div>\n<p><a href=\"http:\/\/www.circo212.org.mx\/circo2\/wp-content\/uploads\/2013\/02\/Tiempos-violentos.jpeg\"><img decoding=\"async\" title=\"Tiempos violentos\" src=\"http:\/\/www.circo212.org.mx\/circo2\/wp-content\/uploads\/2013\/02\/Tiempos-violentos.jpeg\" alt=\"\" \/><\/a><\/p>\n<\/div>\n<\/div><\/p>\n<p><strong><strong>25 de Marzo<\/strong><\/strong><\/p>\n<p><strong>\u201cTiempos Violentos\u201d<\/strong><\/p>\n<p>(Direcci\u00f3n: Quentin Tarantino, Pa\u00eds: EUA, A\u00f1o: 1994, Duraci\u00f3n: 154 min.)<\/p>\n<p>Sinopsis: Jules y Vincent son dos asesinos a sueldo que trabajan para Marsellus, quien encarga a Vincent que cuide de Mia, su atractiva novia. Un dif\u00edcil compromiso, ya que el anterior hombre que desempe\u00f1\u00f3 esa tarea fue liquidado por Marsellus. Vincent pretende hacer un trabajo r\u00e1pido y eficaz, pero Mia insiste en salir a cenar juntos, donde improvisan un baile. Cuando llegan a casa, la chica sufre una sobredosis de coca\u00edna. Por otra parte un boxeador llamado Butch pretende escapar de la ciudad tras no cumplir con el combate ama\u00f1ado que hab\u00eda convenido con Wallace.<\/p>\n<p style=\"text-align: center;\">\u00a0<div class=\"one-half\">\n<div>\n<p><a href=\"http:\/\/www.circo212.org.mx\/circo2\/wp-content\/uploads\/2013\/02\/Fargo.jpeg\"><img decoding=\"async\" title=\"Fargo\" src=\"http:\/\/www.circo212.org.mx\/circo2\/wp-content\/uploads\/2013\/02\/Fargo.jpeg\" alt=\"\" \/><\/a><\/p>\n<\/div>\n<\/div><\/p>\n<p><strong>8 de Abril<\/strong><\/p>\n<p><strong>\u201cFargo\u201d<\/strong><\/p>\n<p>(Direcci\u00f3n: Ethan y Joel Coen, Pa\u00eds: EUA, A\u00f1o: 1996, Duraci\u00f3n: 98 min.)<\/p>\n<p>Sinopsis: Jerry Lundegaard, un t\u00edmido vendedor de coches en una peque\u00f1a ciudad de Minnesota, se encuentra muy endeudado pero tiene un plan. Contrata a dos g\u00e1ngsters para secuestrar a su mujer y pedir por ella, a su millonario suegro, un importante rescate. Ser\u00e1 un trabajo f\u00e1cil y nadie va a salir herido hasta que por una serie de azarosas circunstancias comienza a morir gente. Es entonces cuando entra en escena la Jefe de Polic\u00eda Marge Gunderson, una mujer muy peculiar, que no se detendr\u00e1 ante nada hasta encontrar al culpable.<\/p>\n<p>Para descargar la programaci\u00f3n completa haz click\u00a0<a title=\"Cartelera El Oscar que no fue\" href=\"http:\/\/www.circo212.org.mx\/circo2\/wp-content\/uploads\/2013\/02\/carteleraoscar_blog.png\" target=\"_blank\">AQUI<\/a><\/p>\n<p>Los esperamos todos los lunes a las 20:00 hrs en el s\u00f3tano del Hotel CondesaDF<\/p>\n<p style=\"text-align: center;\"><strong>ENTRADA Y PALOMITAS GRATIS, CUPO LIMITADO.<\/strong><\/p>\n<p>&nbsp;<\/p>\n<h2 style=\"text-align: center;\">_______________________________<\/h2>\n<h2 style=\"text-align: center;\"><\/h2>\n<h2 style=\"text-align: center;\"><span style=\"font-size: 1.5em; font-weight: normal;\">Cineclub Condesa D.F.<\/span><\/h2>\n<p style=\"text-align: center;\">presenta:<\/p>\n<h3 style=\"text-align: center;\">\u201cInsurrecciones\u201d<\/h3>\n<p style=\"text-align: center;\">del 14 de enero al 18 de febrero 2013<\/p>\n<p>Ciclo programado por Ra\u00fal Fuentes (Egresado del CUEC,\u00a0director de \u201cTodo mundo tiene alguien menos yo\u201d) que integra\u00a0diversas b\u00fasquedas expresivas a prop\u00f3sito de la sublevaci\u00f3n.<\/p>\n<p>Seis obras maestras en donde la rebeli\u00f3n involucra quitarse los esbozos personales y derrocar las anquilosadas formas cinematogr\u00e1ficas m\u00e1s arcaicas. Pol\u00e9micas creaciones contempor\u00e1neas cuyo parentesco radica en el cuestionamiento del deber ser. Saltos sin red al vac\u00edo del impulso, impactos de frente contra el muro de la moral que remueven los polos en el planeta del bien y el mal.<\/p>\n<p>Los esperamos cada lunes a las 20:00 horas en el s\u00f3tano del Hotel Condesa DF (Av. Veracruz 102, Col. Condesa) para las proyecciones de filmes que van desde una c\u00f3pula naval sobre un mont\u00f3n de az\u00facar hasta un asesino homosexual enamorado, pasando por un estudiante relegado que viaja por el tiempo para salvar al mundo\u2026 \u201cUna alteridad her\u00e9tica por partida doble\u201d.<\/p>\n<div class=\"one-half\">\n<p><a href=\"http:\/\/www.circo212.org.mx\/circo2\/wp-content\/uploads\/2012\/02\/Teorema.jpeg\"><img loading=\"lazy\" decoding=\"async\" class=\"aligncenter size-full wp-image-1019\" title=\"Teorema\" src=\"http:\/\/www.circo212.org.mx\/circo2\/wp-content\/uploads\/2012\/02\/Teorema.jpeg\" alt=\"\" width=\"600\" height=\"353\" srcset=\"https:\/\/circo212.org.mx\/circo2\/wp-content\/uploads\/2012\/02\/Teorema.jpeg 600w, https:\/\/circo212.org.mx\/circo2\/wp-content\/uploads\/2012\/02\/Teorema-300x176.jpg 300w\" sizes=\"auto, (max-width: 600px) 100vw, 600px\" \/><\/a><\/p>\n<\/div>\n<div class=\"one-half last\">\n<h3 style=\"text-align: center;\">14 de Enero<\/h3>\n<h3 style=\"text-align: center;\"><span style=\"font-size: 1.17em;\">Teorema<\/span><\/h3>\n<p>Direcci\u00f3n: Pier Paolo Pasolini<br \/>\nPa\u00eds: Italia<br \/>\nA\u00f1o: 1968<br \/>\nDuraci\u00f3n: 105 min.<\/p>\n<p>Sinopsis: Tras la llegada de un misterioso y seductor\u00a0mancebo, los miembros de una familia burguesa italiana\u00a0descubren sus m\u00e1s \u00edntimos y deliciosos apetitos. Aun cuando\u00a0el joven los ha abandonado, la conciencia de lo deseado es\u00a0suficiente para que sus vidas no vuelvan jam\u00e1s a ser las\u00a0mismas.<\/p>\n<\/div>\n<div class=\"one-half\">\n<p><a href=\"http:\/\/www.circo212.org.mx\/circo2\/wp-content\/uploads\/2012\/02\/Donnie-Darko.jpeg\"><img loading=\"lazy\" decoding=\"async\" class=\"aligncenter size-full wp-image-1020\" title=\"Donnie Darko\" src=\"http:\/\/www.circo212.org.mx\/circo2\/wp-content\/uploads\/2012\/02\/Donnie-Darko.jpeg\" alt=\"\" width=\"900\" height=\"506\" srcset=\"https:\/\/circo212.org.mx\/circo2\/wp-content\/uploads\/2012\/02\/Donnie-Darko.jpeg 900w, https:\/\/circo212.org.mx\/circo2\/wp-content\/uploads\/2012\/02\/Donnie-Darko-300x168.jpg 300w\" sizes=\"auto, (max-width: 900px) 100vw, 900px\" \/><\/a><\/p>\n<\/div>\n<div class=\"one-half last\">\n<h3 style=\"text-align: center;\">21 de Enero<\/h3>\n<h3 style=\"text-align: center;\"><span style=\"font-size: 1.17em;\">Donnie Darko<\/span><\/h3>\n<p>Direcci\u00f3n: Richard Kelly<br \/>\nPa\u00eds: EUA<br \/>\nA\u00f1o: 2001<br \/>\nDuraci\u00f3n: 133 min.<\/p>\n<p>Sinopsis: Una botarga de conejo le anuncia el inminente fin\u00a0del mundo a un estudiante medicado. Donnie debe viajar en\u00a0el tiempo para evitar el cataclismo y preservar las grises\u00a0existencias de todos sus conocidos. En el camino tiene una\u00a0novia, inunda su escuela, incendia una casa y se burla de los\u00a0videos de superaci\u00f3n personal que su maestra lo obliga a ver.<\/p>\n<\/div>\n<div class=\"one-half\">\n<p><a href=\"http:\/\/www.circo212.org.mx\/circo2\/wp-content\/uploads\/2012\/02\/El-esqueleto.jpeg\"><img loading=\"lazy\" decoding=\"async\" class=\"aligncenter size-full wp-image-1021\" title=\"El esqueleto\" src=\"http:\/\/www.circo212.org.mx\/circo2\/wp-content\/uploads\/2012\/02\/El-esqueleto.jpeg\" alt=\"\" width=\"2978\" height=\"2380\" srcset=\"https:\/\/circo212.org.mx\/circo2\/wp-content\/uploads\/2012\/02\/El-esqueleto.jpeg 2978w, https:\/\/circo212.org.mx\/circo2\/wp-content\/uploads\/2012\/02\/El-esqueleto-300x239.jpg 300w, https:\/\/circo212.org.mx\/circo2\/wp-content\/uploads\/2012\/02\/El-esqueleto-1024x818.jpg 1024w\" sizes=\"auto, (max-width: 2978px) 100vw, 2978px\" \/><\/a><span style=\"font-size: 1.17em; text-align: center;\"><\/div><\/span><\/p>\n<div class=\"one-half last\">\n<h3 style=\"text-align: center;\">28 de Enero<\/h3>\n<h3 style=\"text-align: center;\">El esqueleto de la Se\u00f1ora Morales<\/h3>\n<p>Direcci\u00f3n: Rogelio A. Gonz\u00e1lez<br \/>\nPa\u00eds: M\u00e9xico<br \/>\nA\u00f1o: 1960<br \/>\nDuraci\u00f3n: 92 min.<\/p>\n<p>Sinopsis: Harto de su desastroso matrimonio, un taxidermista\u00a0planea asesinar a su insufrible y puritana esposa para\u00a0comenzar una nueva vida. El crimen perfecto incluye exhibir\u00a0el esqueleto de la v\u00edctima en el aparador de su tienda.<\/p>\n<\/div>\n<div class=\"one-half\">\n<p><a href=\"http:\/\/www.circo212.org.mx\/circo2\/wp-content\/uploads\/2012\/02\/Sweet-Movie.jpeg\"><img loading=\"lazy\" decoding=\"async\" class=\"aligncenter size-full wp-image-1018\" title=\"Sweet Movie\" src=\"http:\/\/www.circo212.org.mx\/circo2\/wp-content\/uploads\/2012\/02\/Sweet-Movie.jpeg\" alt=\"\" width=\"606\" height=\"379\" srcset=\"https:\/\/circo212.org.mx\/circo2\/wp-content\/uploads\/2012\/02\/Sweet-Movie.jpeg 606w, https:\/\/circo212.org.mx\/circo2\/wp-content\/uploads\/2012\/02\/Sweet-Movie-300x187.jpg 300w\" sizes=\"auto, (max-width: 606px) 100vw, 606px\" \/><\/a><span style=\"text-align: center;\"><\/div><\/span><\/p>\n<div class=\"one-half last\">\n<h3 style=\"text-align: center;\">4 de Febrero<\/h3>\n<h3 style=\"text-align: center;\">Sweet Movie<\/h3>\n<p>Direcci\u00f3n: Dusan Makavejev<br \/>\nPa\u00eds: Canad\u00e1, Francia, Alemania<br \/>\nA\u00f1o: 1974<br \/>\nDuraci\u00f3n: 98 min.<\/p>\n<p>Sinopsis:\u00a0Una\u00a0reina\u00a0de\u00a0belleza\u00a0huye\u00a0de\u00a0su\u00a0marido\u00a0multimillonario mientras la capitana de un barco con un\u00a0Carlos Marx de papel mach\u00e9 en la proa navega por el r\u00edo\u00a0teniendo sexo sobre un mont\u00f3n de az\u00facar. Todo lo que las\u00a0buenas costumbres exigieron no filmar nunca, en una sola\u00a0pel\u00edcula. V\u00e9ala baja su propio riesgo.<\/p>\n<\/div>\n<p><span style=\"font-size: 1.17em; text-align: center;\"><div class=\"one-half\"><\/span><\/p>\n<p><a href=\"http:\/\/www.circo212.org.mx\/circo2\/wp-content\/uploads\/2012\/02\/Soba.jpeg\"><img loading=\"lazy\" decoding=\"async\" class=\"aligncenter size-full wp-image-1017\" title=\"Soba\" src=\"http:\/\/www.circo212.org.mx\/circo2\/wp-content\/uploads\/2012\/02\/Soba.jpeg\" alt=\"\" width=\"1500\" height=\"1013\" srcset=\"https:\/\/circo212.org.mx\/circo2\/wp-content\/uploads\/2012\/02\/Soba.jpeg 1500w, https:\/\/circo212.org.mx\/circo2\/wp-content\/uploads\/2012\/02\/Soba-300x202.jpg 300w, https:\/\/circo212.org.mx\/circo2\/wp-content\/uploads\/2012\/02\/Soba-1024x691.jpg 1024w\" sizes=\"auto, (max-width: 1500px) 100vw, 1500px\" \/><\/a><span style=\"font-size: 1.17em; text-align: center;\"><\/div><\/span><\/p>\n<div class=\"one-half last\">\n<h3 style=\"text-align: center;\">11 de Febrero<\/h3>\n<h3 style=\"text-align: center;\">Soba<\/h3>\n<p>Direcci\u00f3n: Alan Coton<br \/>\nPa\u00eds: M\u00e9xico<br \/>\nA\u00f1o:2004<br \/>\nDuraci\u00f3n:84 min.<\/p>\n<p>Sinopsis: La adolescente Justina curiosea con su cuerpo hasta\u00a0desatar los celos asesinos de su madre y los infiernos de\u00a0una tribu policiaca que la esclaviza y despoja. La \u00faltima\u00a0esperanza de la joven vaga por la noche de la Ciudad de\u00a0M\u00e9xico en forma de un corrupto y torturador judicial venido a\u00a0menos que busca la redenci\u00f3n.<\/p>\n<\/div>\n<p><span style=\"font-size: 1.17em; text-align: center;\"><div class=\"one-half\"><\/span><\/p>\n<p><a href=\"http:\/\/www.circo212.org.mx\/circo2\/wp-content\/uploads\/2012\/02\/Querelle.jpg\"><img loading=\"lazy\" decoding=\"async\" class=\"aligncenter size-full wp-image-1022\" title=\"Querelle\" src=\"http:\/\/www.circo212.org.mx\/circo2\/wp-content\/uploads\/2012\/02\/Querelle.jpg\" alt=\"\" width=\"1280\" height=\"544\" srcset=\"https:\/\/circo212.org.mx\/circo2\/wp-content\/uploads\/2012\/02\/Querelle.jpg 1280w, https:\/\/circo212.org.mx\/circo2\/wp-content\/uploads\/2012\/02\/Querelle-300x127.jpg 300w, https:\/\/circo212.org.mx\/circo2\/wp-content\/uploads\/2012\/02\/Querelle-1024x435.jpg 1024w\" sizes=\"auto, (max-width: 1280px) 100vw, 1280px\" \/><\/a><span style=\"font-size: 1.17em; text-align: center;\"><\/div><\/span><\/p>\n<div class=\"one-half last\">\n<h3 style=\"text-align: center;\">18 de Febrero<\/h3>\n<h3 style=\"text-align: center;\">Querelle<\/h3>\n<p>Direcci\u00f3n: Rainer Werner Fassbinder<br \/>\nPa\u00eds: Alemania<br \/>\nA\u00f1o: 1982<br \/>\nDuraci\u00f3n: 108 min.<\/p>\n<p>Sinopsis: Un hermoso marinero que es al mismo tiempo amante y\u00a0asesino se abandona en un mundo de opio y burdeles donde el\u00a0sexo es la \u00fanica se\u00f1al de vida y la violencia la mediadora\u00a0entre el amor y la muerte. \u00daltima pel\u00edcula de Rainer Werner\u00a0Fassbinder, basada en la novela de Jean Genet.<\/p>\n<\/div>\n<p>_______________________________________________________________________<\/p>\n<h3>Ciclo Cine y Medios (programado por Alejandro Murillo)<\/h3>\n<p>Mediante una b\u00fasqueda que satisficiera el an\u00e1lisis de informaci\u00f3n y divergencia de perspectivas en medios period\u00edsticos a trav\u00e9s del cine, se eligieron 6 pel\u00edculas para conformar el ciclo \u201cCine y medios\u201d que cerrar\u00e1 el a\u00f1o en Cineclub Condesa DF. En todas ellas se narra una historia cuya trama involucra conflictos relacionados con alienaci\u00f3n, desinformaci\u00f3n y consumismo. Cada una ofrece una est\u00e9tica muy diferente de la otra, desde el melodrama pesadillezco, pasando por la comedia negra f\u00e1rsica, las historias de la vida real; hasta discursos m\u00e1s complicados, como la autoficci\u00f3n semidocumental.<\/p>\n<p>Esta selecci\u00f3n de Alejandro Murillo Mart\u00ednez, Lic. En Comunicaci\u00f3n (UNAM), egresado de la carrera de Cine (CUEC) y Becario FONCA de Gui\u00f3n Cinematogr\u00e1fico (2012); tiene el prop\u00f3sito de analizar distintas maneras de elaborar la informaci\u00f3n: Noticiarios, telenovelas, comerciales y cuentos de hadas. Las historias dan cuenta de las consecuencias de la ambig\u00fcedad y la manipulaci\u00f3n, las pel\u00edculas construyen s\u00edmbolos para constatarlas. Estos relatos manifiestan una postura ante la problem\u00e1tica que permite asociarlas, mediante interesantes mecanismos de voz narrativa y tiempo-espacio audiovisual.<\/p>\n<p>Los esperamos cada lunes a las 20:00 horas en el b\u00fanker del Hotel Condesa DF (Av.Veracruz 102, Col. Condesa, M\u00e9xico D.F) para la proyecci\u00f3n de:<\/p>\n<p>12 de Noviembre<\/p>\n<p>Visioneers<\/p>\n<p><img loading=\"lazy\" decoding=\"async\" title=\"Visioneers\" src=\"http:\/\/www.circo212.org.mx\/circo2\/wp-content\/uploads\/2012\/10\/Visioneers.jpg\" alt=\"\" width=\"1280\" height=\"800\" \/><\/p>\n<p>Director: Jared Drake, Pa\u00eds: Estados Unidos, A\u00f1o: 2008, Duraci\u00f3n: 94 minutos)<\/p>\n<p>Comedia negra acerca de la alienaci\u00f3n, cuyo protagonista trabaja en una gigantesca corporaci\u00f3n que ha tomado el control del gobierno estadounidense. El personaje, George Washington, sufre una crisis existencial cuando se da cuenta que su esposa prefiere ver televisi\u00f3n que pasar tiempo con \u00e9l, su hijo ni siquiera le contesta cuando tocan la puerta de su habitaci\u00f3n y el saludo oficial en su empresa, es alzar el dedo medio de la mano.<\/p>\n<p>&nbsp;<\/p>\n<p>19 de Noviembre<\/p>\n<p>Caro Diario<\/p>\n<p><img loading=\"lazy\" decoding=\"async\" title=\"Caro diario\" src=\"http:\/\/www.circo212.org.mx\/circo2\/wp-content\/uploads\/2012\/10\/Caro-diario.jpg\" alt=\"\" width=\"1280\" height=\"800\" \/><\/p>\n<p>Director: Nanni Moretti, Pa\u00eds: Italia, A\u00f1o: 1993, Duraci\u00f3n: 96 minutos<\/p>\n<p>El personaje principal de esta pel\u00edcula es su propio autor. M\u00e1s que contar una historia, documenta sus ideas y cr\u00edticas acerca de muchos temas: La banalidad de la cartelera veraniega en los cines de Roma, la pol\u00edtica italiana, la influencia de las telenovelas en la vida de los intelectuales y los errores m\u00e9dicos. Narr\u00e1ndose a s\u00ed mismo como personaje principal de su propia obra, el autor hace de su profesi\u00f3n una pol\u00edtica de transformaci\u00f3n medi\u00e1tica para atacar, enaltecer y satirizar su entorno, seg\u00fan sea el caso.<\/p>\n<p>&nbsp;<\/p>\n<p>26 de Noviembre<\/p>\n<p>Patty Hearst<\/p>\n<p><img loading=\"lazy\" decoding=\"async\" title=\"Patty Hearst\" src=\"http:\/\/www.circo212.org.mx\/circo2\/wp-content\/uploads\/2012\/10\/Patty-Hearst.jpg\" alt=\"\" width=\"1280\" height=\"800\" \/><\/p>\n<p>Director: Paul Schrader, Pa\u00eds: Estados Unidos, A\u00f1o: 1988, Duraci\u00f3n: 108 minutos<\/p>\n<p>Heredera de una de las familias m\u00e1s poderosas de los Estados Unidos, Patty Hearst fue secuestrada por un grupo guerrillero del cual termin\u00f3 formando parte. Eventualmente, ser\u00eda rescatada y terminar\u00eda trabajando en televisi\u00f3n y cine. Este biopic analiza las razones que llevaron a la protagonista a ser diagnosticada con s\u00edndrome de Estocolmo, focaliz\u00e1ndose de m\u00faltiples maneras en su perspectiva y analizando los mecanismos que le permitieron defenderse ante la posibilidad de morir por la bala de un gerrillero o del FBI.<\/p>\n<p>&nbsp;<\/p>\n<p>3 de Diciembre<\/p>\n<p>Camino<\/p>\n<p><img loading=\"lazy\" decoding=\"async\" title=\"Caminoo\" src=\"http:\/\/www.circo212.org.mx\/circo2\/wp-content\/uploads\/2012\/10\/Caminoo.jpg\" alt=\"\" width=\"1280\" height=\"800\" \/><\/p>\n<p>Director: Javier Fesser, Pa\u00eds: Espa\u00f1a, A\u00f1o: 2008, Duraci\u00f3n: 143 minutos<\/p>\n<p>La hija menor de una familia cat\u00f3lica perteneciente a la corriente del Opus Dei cae enferma de un c\u00e1ncer cuyo tratamiento provoca una serie de malentendidos derivados del apego a la creencia religiosa que acepta el dolor como una forma de hacer sacrificio en favor de la iglesia. Esta pel\u00edcula es un recuento de este y otros casos, basados en hechos reales, al mismo tiempo que una cr\u00edtica al conservadurismo de la cruz.<\/p>\n<p>&nbsp;<\/p>\n<p>10 de Diciembre<\/p>\n<p>The Joneses<\/p>\n<p><img loading=\"lazy\" decoding=\"async\" title=\"The Joneses\" src=\"http:\/\/www.circo212.org.mx\/circo2\/wp-content\/uploads\/2012\/10\/The-Joneses.jpg\" alt=\"\" width=\"1280\" height=\"800\" \/><\/p>\n<p>Director: Derrick Borte, Pa\u00eds: Estados Unidos, A\u00f1o: 2009, Duraci\u00f3n: 93 minutos<\/p>\n<p>Por circunstancias laborales, la familia Jones debe mudarse a una enorme casa suburbana abastecida con los productos m\u00e1s nuevos, desde muebles hasta comida. Pap\u00e1, mam\u00e1 e hijos son actores contratados para fingir entre ellos el parentesco que les permitir\u00e1 pasar desapercibidos dentro de un novedoso programa de estudios de mercado. Todo un discurso sobre el consumismo, protagonizado ir\u00f3nicamente por dos estrellas de la Mecca del consumismo cinematogr\u00e1fico.<\/p>\n<p>&nbsp;<\/p>\n<p>17 de Diciembre<\/p>\n<p>Good night and good luck<\/p>\n<p><img loading=\"lazy\" decoding=\"async\" title=\"GNGL.\" src=\"http:\/\/www.circo212.org.mx\/circo2\/wp-content\/uploads\/2012\/10\/GNGL..jpg\" alt=\"\" width=\"1280\" height=\"800\" \/><\/p>\n<p>Director: George Clooney, Pa\u00eds: Estados Unidos, A\u00f1o: 2005, Duraci\u00f3n: 93 minutos<\/p>\n<p>A partir del relato sobre el enfrentamiento entre el periodista Edward R. Murrow y el senador Joseph McCarthy, esta pel\u00edcula narra de maneras muy originales las circunstancias en las que se realizaba el periodismo audiovisual de aquella \u00e9poca. La libertad de expresi\u00f3n y la censura se construyen mediante escenas que fluyen entre la escenificaci\u00f3n de un drama que busca reconstruir los ambientes cotidianos de la American Broadcast y la integraci\u00f3n m\u00e1s veros\u00edmil de materiales de archivo. Cada encuadre transmite una clara atm\u00f3sfera de aquellos tiempos, representados en blanco y negro.<\/p>\n<p>&nbsp;<\/p>\n<div>\u00a0Ciclo Entra\u00f1able Soledad Programado por Alejandro Grande y Carlos Mu\u00f1oz<\/div>\n<div><\/div>\n<h3>Entra\u00f1able soledad.<\/h3>\n<p>Todos los lunes a las 20:00hrs del 24 de septiembre al 29 de octubre<\/p>\n<p>\u201cLa desconfianza, el disimulo, la reserva cort\u00e9s que cierra el paso al extra\u00f1o, la iron\u00eda, todas, en fin, las oscilaciones ps\u00edquicas con que al eludir la mirada ajena nos eludimos a nosotros mismos, son rasgos de gente dominada, que teme y que finge frente al se\u00f1or. Es revelador que nuestra intimidad jam\u00e1s aflore de manera natural sin el acicate de la fiesta, el alcohol o la muerte. Para salir de s\u00ed mismo el siervo necesita saltar barreras, embriagarse, olvidar su condici\u00f3n. Vivir a solas, sin testigos. Solamente en la soledad se atreve a ser.\u201d \u2028\u2015 Octavio Paz, \u201cEl laberinto de la soledad\u201d<\/p>\n<p>Ha llegado el oto\u00f1o y con \u00e9l nuestro octavo ciclo en Cineclub Condesa DF, para esta ocas\u00f3n contamos nuevamente con una programaci\u00f3n de Alejandro Grande Bonilla, director del Departamento de Programaci\u00f3n y Enlace Internacional de la Cineteca Nacional y Carlos Mu\u00f1oz Vazquez, director de Log\u00edstica en Tr\u00e1fico de Materiales Cinematogr\u00e1ficos de la Cineteca Nacional.<\/p>\n<p>Como cada lunes, los esperamos a las 20:00 horas en el Hotel Condesa DF (Av. Veracruz 102, Col. Condesa, M\u00e9xico DF) para las proyecciones de:<\/p>\n<p>&nbsp;<\/p>\n<p><strong>24 de septiembre<\/strong><\/p>\n<p><strong>A la orilla del cielo (Auf der anderen Seite, The Edge of Heaven)<\/strong><\/p>\n<p><img loading=\"lazy\" decoding=\"async\" title=\"\" src=\"http:\/\/www.circo212.org.mx\/circo2\/wp-content\/uploads\/2012\/02\/A-la-orilla-del-cielo-1.jpg\" alt=\"\" width=\"468\" height=\"300\" \/><\/p>\n<p>2007 \/ 122 min. \/ Alemania &#8211; Turqu\u00eda \/ Fatih Akin, Fatih Akin, Shantel, Rainer Klausmann<\/p>\n<p>Ambientada en Alemania y Turqu\u00eda. Una serie de encuentros, relaciones e incluso muertes ponen en contacto las fr\u00e1giles vidas de seis personas que s\u00f3lo buscan el perd\u00f3n y la reconciliaci\u00f3n. Nejat (Baki Davrak) no aprueba la relaci\u00f3n que su padre (Tuncel Kurtiz), un pensionista, mantiene con la prostituta Yeter (Nursel K\u00f6se). Pero cambia de opini\u00f3n cuando se entera de que la mujer manda dinero a Turqu\u00eda para pagar los estudios universitarios de su hija. La inesperada muerte de Yeter distancia al hijo y al padre. Nejat decide irse a Estambul a buscar a Ayten, la hija de Yeter, pero la chica es una activista pol\u00edtica que, huyendo de la polic\u00eda turca, se ha ido a Alemania.<\/p>\n<p><strong>1 de octubre<\/strong><\/p>\n<p><strong>Perdidos en Tokio \/ Lost in Translation<\/strong><\/p>\n<p><img loading=\"lazy\" decoding=\"async\" title=\"\" src=\"http:\/\/www.circo212.org.mx\/circo2\/wp-content\/uploads\/2012\/02\/Perdidos-en-Tokio1.jpg\" alt=\"\" width=\"1024\" height=\"768\" \/><\/p>\n<p>2003 \/ 105 min. \/ EUA \/ Sofia Coppola, Brian Reitzell &amp; Kevin Shields, Lance Acord \/ Drama. Comedia | Comedia dram\u00e1tica. Pel\u00edcula de culto<\/p>\n<p>Bob Harris, un actor norteamericano en decadencia, acepta una oferta para hacer un anuncio de whisky japon\u00e9s en Tokio. Est\u00e1 atravesando una aguda crisis y pasa gran parte del tiempo libre en el bar del hotel. Y, precisamente all\u00ed, conoce a Charlotte, una joven casada con un fot\u00f3grafo que ha ido a Tokio a hacer un reportaje; pero mientras \u00e9l trabaja, su mujer se aburre mortalmente. Adem\u00e1s del aturdimiento que les producen las im\u00e1genes y los sonidos de la inmensa ciudad, Bob y Charlotte comparten tambi\u00e9n el vac\u00edo de sus vidas. Poco a poco se hacen amigos y, a medida que exploran la ciudad juntos, empiezan a preguntarse si su amistad podr\u00eda transformarse en algo m\u00e1s.<\/p>\n<p>&nbsp;<\/p>\n<p><strong>8 de octubre<\/strong><\/p>\n<p><strong>Play<\/strong><\/p>\n<p><img loading=\"lazy\" decoding=\"async\" title=\"\" src=\"http:\/\/www.circo212.org.mx\/circo2\/wp-content\/uploads\/2012\/02\/Play1-1024x768.jpg\" alt=\"\" width=\"1024\" height=\"768\" \/><\/p>\n<p>2005 \/ 100 min. \/ Chile \/ Alicia Scherson, Joseph Costa, Marc Hellner, Ricardo de Angelis<\/p>\n<p>Un d\u00eda de verano, Trist\u00e1n pierde el malet\u00edn y el amor. Al d\u00eda siguiente, Cristina encuentra una aventura. Cristina y Trist\u00e1n caminan por un Santiago de Chile caluroso y contaminado. \u00c9l tratando de recobrar algo que nunca tuvo, ella siendo la testigo silenciosa de su ca\u00edda. \u00abPlay\u00bb es una una f\u00e1bula urbana, una peque\u00f1a cancion pop sobre un hombre que busca y una mujer que encuentra.<\/p>\n<p>&nbsp;<\/p>\n<p><strong>15 de octubre<\/strong><\/p>\n<p><strong>La soledad<\/strong><\/p>\n<p><img loading=\"lazy\" decoding=\"async\" title=\"\" src=\"http:\/\/www.circo212.org.mx\/circo2\/wp-content\/uploads\/2012\/02\/La-Soledad.jpg\" alt=\"\" width=\"600\" height=\"400\" \/><\/p>\n<p>2007 \/ 133 min. \/ Espa\u00f1a \/ Jaime Rosales, Enric Rufas, \u00d3scar Dur\u00e1n<\/p>\n<p>Cr\u00f3nica de la vida de dos mujeres. Adela (Sonia Almarcha) es una madre soltera que se traslada con su ni\u00f1o desde un peque\u00f1o pueblo a Madrid. All\u00ed encuentra trabajo y entabla nuevas amistades, pero, de repente, sucede algo perturbador. Antonia (Petra Mart\u00ednez) es la proprietaria de un peque\u00f1o supermercado de barrio, cuya sosegada vida se ve alterada por los problemas de sus hijas.<\/p>\n<p>&nbsp;<\/p>\n<p><strong>22 de octubre<\/strong><\/p>\n<p><strong>Un tipo serio (A Serious Man)<\/strong><\/p>\n<p><img loading=\"lazy\" decoding=\"async\" title=\"\" src=\"http:\/\/www.circo212.org.mx\/circo2\/wp-content\/uploads\/2012\/02\/Un-tipo-serio.jpg\" alt=\"\" width=\"600\" height=\"225\" \/><\/p>\n<p>2009 \/ 105 min. \/ EUA \/ Joel Coen, Ethan Coen, Carter Burwell, Roger Deakins<\/p>\n<p>Medio-oeste americano, 1967. Larry Gopnik (Michael Stuhlbarg) es un profesor de f\u00edsica que ve c\u00f3mo de la noche a la ma\u00f1ana su vida comienza a derrumbarse. Larry es un hombre bueno, un marido fiel y afectuoso, un buen padre y un profesor serio. Pero, de repente, todo en su vida empieza a ir mal. Su mujer lo abandona sin explicaciones, y el amante de ella lo convence para que deje el domicilio conyugal por el bien de los ni\u00f1os y se mude a un motel. De pronto, la carrera de Larry se ve amenazada por una serie de an\u00f3nimos en los que se le acusa, de manera vaga, de traici\u00f3n. Para colmo, cuando el amante de su mujer muere en un accidente de coche, ella le exige que pague el entierro. Y por si esto fuera poco, tambi\u00e9n tendr\u00e1 que pagar la fianza de un hermano jugador. A pesar de tantas desgracias, es imposible no re\u00edrse de la mala suerte de Larry en un mundo que quiz\u00e1 nos sea demasiado familiar.<\/p>\n<p>&nbsp;<\/p>\n<p><strong>29 de octubre<\/strong><\/p>\n<p><strong>Amorosa soledad<\/strong><\/p>\n<p><img loading=\"lazy\" decoding=\"async\" title=\"\" src=\"http:\/\/www.circo212.org.mx\/circo2\/wp-content\/uploads\/2012\/02\/Amorosa-soledad1.png\" alt=\"\" width=\"704\" height=\"384\" \/><\/p>\n<p>2008 \/ 77 min. \/ Argentina \/ Mart\u00edn Carranza, Victoria Galardi, Nico Cota, Juli\u00e1n Ledesma<\/p>\n<p>Cuando a Soledad la abandona su novio, toma la decisi\u00f3n de estar sola durante tres a\u00f1os, pero no la cumple. Esta mujer, que es una hipocondr\u00edaca que se siente siempre enferma, conoce a un hombre con el que la vida parece fluir de una manera nueva e inesperada; pero justo entonces su antiguo novio la llama con la intenci\u00f3n de volver con ella.<\/p>\n<p>&nbsp;<\/p>\n<h3 style=\"text-align: center;\">Videodromo DF, Circo 2.12 y Cineclub Condesa DF presentan:<\/h3>\n<h1 style=\"text-align: center;\">Borderline<\/h1>\n<p>El t\u00e9rmino borderline es utilizado en la Psiquiatr\u00eda para definir conductas que indican un trastorno de la personalidad caracterizado por inestabilidad emocional, irregularidades en la afectividad que tienen como consecuencia relaciones interpersonales ca\u00f3ticas, pensamiento extremadamente polarizado, comportamiento autodestructivo y alteraci\u00f3n de la identidad.<\/p>\n<p>Esta programaci\u00f3n de 6 pel\u00edculas seleccionadas por Holga S\u00e1nchez (Circo 2.12) es una muestra de varios personajes que padecen una de las \u201cenfermedades mentales\u201d m\u00e1s comunes actualmente en la sociedad. Pretende reflejar que comportamientos humanos calificados como anormales como la disforia, la ansiedad, la irritabilidad y el sentimiento de vac\u00edo, son cada vez m\u00e1s cotidianos sin necesidad de que impliquen un diagn\u00f3stico.<\/p>\n<p><strong>Del 13 de agosto al 20 de septiembre<\/strong><\/p>\n<p><strong>20:00 horas, Hotel Condesa DF\/ Av. Veracruz #102, Condesa.<\/strong><\/p>\n<p><strong>Recuerden que la entrada es gratuita y tendremos palomitas de cortes\u00eda. Para m\u00e1s informaci\u00f3n:<\/strong><\/p>\n<p><strong>Unirse al grupo: <a href=\"http:\/\/www.facebook.com\/login.php?next=http%3A%2F%2Fwww.facebook.com%2Fgroups%2F6131088458%2F\">CINECLUB CONDESA DF<\/a> o seguirnos en twitter <a href=\"https:\/\/twitter.com\/cineclubcondesa\">@CineclubCondesa<\/a><\/strong><\/p>\n<p>&nbsp;<\/p>\n<p style=\"text-align: center;\">13 de Agosto a las 20:00hrs.<\/p>\n<p style=\"text-align: center;\"><strong>Tideland<\/strong><\/p>\n<p style=\"text-align: center;\"><iframe loading=\"lazy\" src=\"http:\/\/www.youtube.com\/embed\/Zi-g_c3RUlA\" width=\"560\" height=\"315\" frameborder=\"0\"><\/iframe><\/p>\n<p style=\"text-align: center;\">Direcci\u00f3n: Terry Gilliam, Gui\u00f3n: Tony Grisoni y Terry Gilliam, A\u00f1o: 2005, Pa\u00eds: Reino Unido y Canad\u00e1, Duraci\u00f3n: 122 min.<\/p>\n<p>&nbsp;<\/p>\n<p style=\"text-align: center;\">20 de Agosto a las 20:00hrs.<\/p>\n<p style=\"text-align: center;\"><strong>Buffalo 66<\/strong><\/p>\n<p><iframe loading=\"lazy\" src=\"http:\/\/www.youtube.com\/embed\/Ha-1opnu8eo\" width=\"560\" height=\"315\" frameborder=\"0\"><\/iframe><\/p>\n<p style=\"text-align: center;\">Direcci\u00f3n: Vincent Gallo, Gui\u00f3n: Vincent Gallo, Allison Bagnali, A\u00f1o: 1998, Pa\u00eds: EUA, Duraci\u00f3n: 112 min.<\/p>\n<p style=\"text-align: center;\">27 de Agosto a las 20:00hrs.<\/p>\n<p style=\"text-align: center;\"><strong>Factory Girl<\/strong><\/p>\n<p><iframe loading=\"lazy\" src=\"http:\/\/www.youtube.com\/embed\/dofdqP8CaU0\" width=\"560\" height=\"315\" frameborder=\"0\"><\/iframe><\/p>\n<p style=\"text-align: center;\">Direcci\u00f3n: George Hickenlooper, Gui\u00f3n: Captain Mauzner, Pa\u00eds: EUA, A\u00f1o: 2006, Duraci\u00f3n: 99 minutos<\/p>\n<p style=\"text-align: center;\">3 de Septiembre a las 20:00hrs.<\/p>\n<p style=\"text-align: center;\"><strong>Party Monster<\/strong><\/p>\n<p><iframe loading=\"lazy\" src=\"http:\/\/www.youtube.com\/embed\/e4Lj4fwWZDw\" width=\"420\" height=\"315\" frameborder=\"0\"><\/iframe><\/p>\n<p style=\"text-align: center;\">Direcci\u00f3n: Fenton Bailey, Randy Barbato, Gui\u00f3n: Fenton Bauly, Randy Barbato, A\u00f1o: 2003, Pa\u00eds: USA\/Holanda, Duraci\u00f3n: 98 min.<\/p>\n<p style=\"text-align: center;\">10 de Septiembre a las 20:00hrs.<\/p>\n<p style=\"text-align: center;\"><strong>Zoo (A Zed And Two Noughts)<\/strong><\/p>\n<p><iframe loading=\"lazy\" src=\"http:\/\/www.youtube.com\/embed\/rGqL8mVBjzw\" width=\"560\" height=\"315\" frameborder=\"0\"><\/iframe><\/p>\n<p style=\"text-align: center;\">Director: Peter Greenaway, Gui\u00f3n: Peter Greenaway, Pa\u00eds: Reino Unido \/ Holanda, A\u00f1o: 1985, Duraci\u00f3n: 115 min<\/p>\n<p style=\"text-align: center;\">20 de Septiembre a las 20:00hrs.<\/p>\n<p style=\"text-align: center;\"><strong>Sunset boulevard<\/strong><\/p>\n<p><iframe loading=\"lazy\" src=\"http:\/\/www.youtube.com\/embed\/xzYqUpV_B-A\" width=\"420\" height=\"315\" frameborder=\"0\"><\/iframe><\/p>\n<p style=\"text-align: center;\">Director: Billy Wilder, Gui\u00f3n: Billy Wilder, Charles Brackett, D.M. Marshman Jr. \u2028Basado en el relato \u00abA Can of Beans\u00bb de Brackett y Wilder, A\u00f1o: 1950, Pa\u00eds: EUA, Duraci\u00f3n: 110 min., Blanco y Negro<\/p>\n<h3 style=\"text-align: center;\"><\/h3>\n<p>No olviden visitar la p\u00e1gina de\u00a0<a href=\"http:\/\/cineclubcondesadf.wordpress.com\/\" target=\"_blank\">Cineclub Condesa DF<\/a>.<\/p>\n<h3 style=\"text-align: center;\">Cineclub Condesa DF presenta:<\/h3>\n<h3 style=\"text-align: center;\">\u00a1A petici\u00f3n de nuestro p\u00fablico, el ciclo Musicales Corruptos se extiende! \u00a1Est\u00e9n pendientes de nuestra programaci\u00f3n!<\/h3>\n<p><img loading=\"lazy\" decoding=\"async\" title=\"\" src=\"http:\/\/www.circo212.org.mx\/circo2\/wp-content\/uploads\/2012\/02\/flyer_cineclub-01.jpg\" alt=\"\" width=\"625\" height=\"879\" \/><\/p>\n<p>&nbsp;<\/p>\n<p><img loading=\"lazy\" decoding=\"async\" title=\"\" src=\"http:\/\/www.circo212.org.mx\/circo2\/wp-content\/uploads\/2012\/02\/poster_cineclub_WEB.jpg\" alt=\"\" width=\"1192\" height=\"1685\" \/><\/p>\n<p>&nbsp;<\/p>\n<p style=\"text-align: center;\">Gracias al apoyo del Goethe Insitut Mexiko, el Festival de M\u00e9xico y Animasivo<\/p>\n<p style=\"text-align: center;\">Cineclub Condesa DF presenta:<\/p>\n<p style=\"text-align: center;\">Historia del Cine Alem\u00e1n Animado : Entre arte y entretenimiento, subversi\u00f3n y propaganda. Curado por Ulrich Wegenast (director del festival de cine de animaci\u00f3n Stuttgart).<\/p>\n<p style=\"text-align: center;\"><strong>Del 21 de mayo al 25 de junio<br \/>\n<\/strong><\/p>\n<p style=\"text-align: center;\"><strong>20:00 horas, Hotel Condesa DF\/ Av. Veracruz #102, Condesa.<\/strong><\/p>\n<p><em>Recuerden que la entrada es gratuita y tendremos palomitas de cortes\u00eda. Para m\u00e1s informaci\u00f3n:<\/em><\/p>\n<p><em> Unirse al grupo: <a href=\"http:\/\/www.facebook.com\/groups\/6131088458\/\">CINECLUB CONDESA DF<\/a> o seguirnos en twitter <a href=\"https:\/\/twitter.com\/#!\/CineclubCondesa\">@CineclubCondesa<\/a><\/em><\/p>\n<p style=\"text-align: justify;\">Nuestro quinto ciclo del a\u00f1o est\u00e1 dedicado a la historia del cine Alem\u00e1n animado, est\u00e1 integrado por m\u00e1s de 101 cortos y largometrajes producidos entre 1909-2002 y se divide en seis funciones.<\/p>\n<p style=\"text-align: justify;\">No se pierdan la oportunidad de ver esta retrospectiva con material desde la vanguardia de los a\u00f1os 20 del siglo pasado hasta las m\u00e1s recientes producciones de la actualidad.<\/p>\n<p style=\"text-align: justify;\">Programaci\u00f3n:<\/p>\n<p><img loading=\"lazy\" decoding=\"async\" class=\"aligncenter size-full wp-image-738\" title=\"CC Animasivo\" src=\"http:\/\/www.circo212.org.mx\/circo2\/wp-content\/uploads\/2012\/05\/CCAnimasivo1.jpg\" alt=\"\" width=\"813\" height=\"2502\" srcset=\"https:\/\/circo212.org.mx\/circo2\/wp-content\/uploads\/2012\/05\/CCAnimasivo1.jpg 813w, https:\/\/circo212.org.mx\/circo2\/wp-content\/uploads\/2012\/05\/CCAnimasivo1-97x300.jpg 97w\" sizes=\"auto, (max-width: 813px) 100vw, 813px\" \/><\/p>\n<p style=\"text-align: center;\">TCLY l CINEREX PRESENTA:<\/p>\n<p style=\"text-align: center;\"><strong>OUTSIDERS<\/strong><\/p>\n<p style=\"text-align: center;\"><strong>Del 23 de abril al 14 de mayo<\/strong><\/p>\n<p style=\"text-align: justify;\">Una sesi\u00f3n de inadaptados: cuatro anti-h\u00e9roes, incluyendo una llanta, transmitiendo a base de golpes nuevas maneras de ver la vida y el cine. Aqu\u00ed la herramienta para la ense\u00f1anza es la explosi\u00f3n de las cosas, dejando a un lado el poco sentido com\u00fan y humano. Personajes extra\u00f1os que homenajean el Lado B del cine, aunque en diferentes g\u00e9neros -slasher grindhouse, drama, experimental y ciencia ficci\u00f3n-, expuestos en cuatro pel\u00edculas que dejan vislumbrar el trabajo en largometraje de nuevos realizadores reci\u00e9n salidos del formato en video. En el 2011 se dejaron escapar estas piezas en pocos pa\u00edses del mundo, desgraciadamente sin caer en nuestras latitudes. Ahora es cu\u00e1ndo para verlas como debe ser.<\/p>\n<p>Aqu\u00ed la programaci\u00f3n:<\/p>\n<p>&nbsp;<\/p>\n<p style=\"text-align: center;\">Lunes 23 de Abril<\/p>\n<p style=\"text-align: center;\"><strong>HOBO WITH A SHOTGUN<\/strong><\/p>\n<p style=\"text-align: center;\">Jason Eisener \/ Canad\u00e1 \/ 2011 \/ Rutger Hauer, Molly Dunsworth, Brian Downey, Gregory Smith \/ 86 min.<\/p>\n<p style=\"text-align: justify;\"><img loading=\"lazy\" decoding=\"async\" class=\"alignnone size-full wp-image-652\" title=\"\" src=\"http:\/\/www.circo212.org.mx\/circo2\/wp-content\/uploads\/2012\/04\/hoboshutgun.jpg\" alt=\"\" width=\"1600\" height=\"900\" srcset=\"https:\/\/circo212.org.mx\/circo2\/wp-content\/uploads\/2012\/04\/hoboshutgun.jpg 1600w, https:\/\/circo212.org.mx\/circo2\/wp-content\/uploads\/2012\/04\/hoboshutgun-300x168.jpg 300w, https:\/\/circo212.org.mx\/circo2\/wp-content\/uploads\/2012\/04\/hoboshutgun-1024x576.jpg 1024w\" sizes=\"auto, (max-width: 1600px) 100vw, 1600px\" \/><\/p>\n<p style=\"text-align: justify;\">Un slasher que se sit\u00faa en un retro-futuro ultra decadente (no muy lejano a la realidad) donde la mayor\u00eda de la humanidad vive en las calles, drog\u00e1ndose, prostituy\u00e9ndose, sirviendo como esclavos a la \u00fanica familia due\u00f1a del dinero y los narc\u00f3ticos de la ciudad. En un mundo sin esperanza, donde el \u00faltimo entretenimiento que satisface a sus habitantes es ver la tortura de los dem\u00e1s, llega un vagabundo forastero, que llevado hasta el l\u00edmite, har\u00e1 justicia por cuenta propia. Con una escopeta.<\/p>\n<p style=\"text-align: justify;\">Dato extra: La pel\u00edcula fue hecha a partir de un falso tr\u00e1iler que se hizo para Grindhouse, el doble largometraje de Quentin Tarantino y Robert Rodr\u00edguez.<\/p>\n<p><iframe loading=\"lazy\" src=\"http:\/\/www.youtube.com\/embed\/L8uPIzKd4zg\" width=\"660\" height=\"370\" frameborder=\"0\"><\/iframe><\/p>\n<p>&nbsp;<\/p>\n<p style=\"text-align: center;\">Lunes 30 de Abril<\/p>\n<p style=\"text-align: center;\"><strong> HESHER<\/strong><\/p>\n<p style=\"text-align: center;\">Spencer Susser \/ Estados Unidos \/ 2010 \/ Joseph Gordon-Levitt, Devin Brochu, Rainn Wilson, Piper Laurie, Natalie Portman \/ 106 min.<\/p>\n<p style=\"text-align: center;\"><img loading=\"lazy\" decoding=\"async\" class=\"alignnone size-full wp-image-655\" title=\"\" src=\"http:\/\/www.circo212.org.mx\/circo2\/wp-content\/uploads\/2012\/04\/hecher.png\" alt=\"\" width=\"1280\" height=\"720\" srcset=\"https:\/\/circo212.org.mx\/circo2\/wp-content\/uploads\/2012\/04\/hecher.png 1280w, https:\/\/circo212.org.mx\/circo2\/wp-content\/uploads\/2012\/04\/hecher-300x168.png 300w, https:\/\/circo212.org.mx\/circo2\/wp-content\/uploads\/2012\/04\/hecher-1024x576.png 1024w\" sizes=\"auto, (max-width: 1280px) 100vw, 1280px\" \/><\/p>\n<p style=\"text-align: justify;\">Tras la muerte de su madre, TJ vive alienado del mundo, en casa de la abuela, teniendo que soportar la pena de su padre quien se encuentra hundido en la depresi\u00f3n. Por accidente, el luto en que se encuentran es s\u00fabitamente sacudido con la aparici\u00f3n de Hesher, un ca\u00f3tico personaje que gusta de explotar cosas, quemar autos, y pasear en su camioneta escuchando Metallica y Mot\u00f6rhead. Ense\u00f1ando a trav\u00e9s de met\u00e1foras perversas y actos desenfrenados, Hesher cambia las vidas de quienes lo rodean. Detr\u00e1s de una actitud err\u00e1tica esconde una extra\u00f1a sabidur\u00eda basada en la destrucci\u00f3n, m\u00e1s eficiente que terapias o pastillas antidepresivas.<\/p>\n<p style=\"text-align: justify;\">Dato extra: Interesante ver a Joseph Gordon-Levitt interpretando un personaje inspirado en Cliff Burton, el fallecido ex-bajista de Metallica.<\/p>\n<p><iframe loading=\"lazy\" src=\"http:\/\/www.youtube.com\/embed\/YYlE3VoewGs\" width=\"660\" height=\"370\" frameborder=\"0\"><\/iframe><\/p>\n<p>&nbsp;<\/p>\n<p style=\"text-align: center;\">Lunes 7 de Mayo<\/p>\n<p style=\"text-align: center;\"><strong>RUBBER<\/strong><\/p>\n<p style=\"text-align: center;\">Quentin Dupieux \/ Francia, Estados Unidos \/ 2010 \/ Stephen Spinella, Jack Plotnick, Wings Hauser, Devin Brochu \/ 82 min.<\/p>\n<p style=\"text-align: justify;\"><img loading=\"lazy\" decoding=\"async\" class=\"alignnone size-full wp-image-656\" title=\"\" src=\"http:\/\/www.circo212.org.mx\/circo2\/wp-content\/uploads\/2012\/04\/rubber.jpg\" alt=\"\" width=\"630\" height=\"349\" srcset=\"https:\/\/circo212.org.mx\/circo2\/wp-content\/uploads\/2012\/04\/rubber.jpg 630w, https:\/\/circo212.org.mx\/circo2\/wp-content\/uploads\/2012\/04\/rubber-300x166.jpg 300w\" sizes=\"auto, (max-width: 630px) 100vw, 630px\" \/><\/p>\n<p style=\"text-align: justify;\">Rubber es un homenaje a la \u201csinraz\u00f3n\u201d: una llanta con poderes telep\u00e1ticos que va destruyendo todo lo que se atraviesa en su camino. Una cinta experimental a manera de ensayo que arremete contra la falsedad hollywoodense, donde los verdaderos villanos son el escepticismo y la idiotez del auditorio, representados como espectadores que tambi\u00e9n observan la pel\u00edcula y van arruinando la historia a prop\u00f3sito. Todos los personajes se vuelven insoportables y perfectos para que Robert, la llanta, les vuele la cabeza.<\/p>\n<p style=\"text-align: justify;\">Dato extra: Aparte de dirigir, escribir, fotografiar y editar, Quentin Dupieux, tambi\u00e9n conocido como Mr. Oizo, estuvo a cargo de la m\u00fasica junto con Gaspard Aug\u00e9, integrante de Justice.<\/p>\n<p><iframe loading=\"lazy\" src=\"http:\/\/www.youtube.com\/embed\/6G5pyFhmAqE\" width=\"660\" height=\"370\" frameborder=\"0\"><\/iframe><\/p>\n<p>&nbsp;<\/p>\n<p style=\"text-align: center;\">Lunes 14 de Mayo<\/p>\n<p style=\"text-align: center;\"><strong>ATTACK THE BLOCK<\/strong><\/p>\n<p style=\"text-align: center;\">Joe Cornish \/ Reino Unido \/ 2011 \/ John Boyega, Jodie Whittaker, Nick Frost \/ 88 min.<\/p>\n<p style=\"text-align: justify;\"><img loading=\"lazy\" decoding=\"async\" class=\"alignnone size-full wp-image-657\" title=\"\" src=\"http:\/\/www.circo212.org.mx\/circo2\/wp-content\/uploads\/2012\/04\/attack-the-block.jpg\" alt=\"\" width=\"602\" height=\"375\" srcset=\"https:\/\/circo212.org.mx\/circo2\/wp-content\/uploads\/2012\/04\/attack-the-block.jpg 602w, https:\/\/circo212.org.mx\/circo2\/wp-content\/uploads\/2012\/04\/attack-the-block-300x186.jpg 300w\" sizes=\"auto, (max-width: 602px) 100vw, 602px\" \/><\/p>\n<p style=\"text-align: justify;\">Una invasi\u00f3n extraterrestre llega a los barrios del sur de Londres. Lo que en Hollywood ser\u00eda un tierno E.T. acogido por los encantadores ni\u00f1os del suburbio, aqu\u00ed es una peque\u00f1a hembra extraterrestre recibida a golpes por j\u00f3venes traficantes y ladrones del barrio. Esto desata un ataque alien en donde los \u00fanicos h\u00e9roes con los que cuenta la ciudad son estos rebeldes mozalbetes en sus bicicletas, quienes bien pueden ser una negra parodia de los Goonies.<\/p>\n<p style=\"text-align: justify;\">Dato extra: Refrescante ver una pel\u00edcula nueva de ciencia ficci\u00f3n con pocos efectos por computadora, utilizando disfraces y animatronics como en la vieja usanza.<\/p>\n<p><iframe loading=\"lazy\" src=\"http:\/\/www.youtube.com\/embed\/cD0gm7dHKKc\" width=\"660\" height=\"370\" frameborder=\"0\"><\/iframe><\/p>\n<p style=\"text-align: center;\"><strong>Ciclo: INFANCIA CONTRA ADVERSIDAD<\/strong><\/p>\n<p style=\"text-align: center;\"><strong>Del 12 de marzo al 16 de abril<\/strong><\/p>\n<p style=\"text-align: center;\"><strong>20:00 horas, Hotel Condesa DF\/ Av. Veracruz #102, Condesa.<\/strong><\/p>\n<p><em>Recuerden que la entrada es gratuita y tendremos palomitas de cortes\u00eda. Para m\u00e1s informaci\u00f3n:<\/em><\/p>\n<p><em> Unirse al grupo: <a href=\"http:\/\/www.facebook.com\/groups\/6131088458\/\">CINECLUB CONDESA DF<\/a> o seguirnos en twitter <a href=\"https:\/\/twitter.com\/#!\/CineclubCondesa\">@CineclubCondesa<\/a><\/em><\/p>\n<p>El nuevo ciclo del Cineclub Condesa comprende una programaci\u00f3n de 6 pel\u00edculas que muestran ni\u00f1os de distintas edades, nacionalidades y \u00e9pocas enfrentando sus monstruos y luchando por sus deseos.<\/p>\n<p>12 de marzo: El Globo Blanco<\/p>\n<p>Dir. Jafar Panahi, Ir\u00e1n, 1995, 85\u2019<br \/>\n<iframe loading=\"lazy\" src=\"http:\/\/www.youtube.com\/embed\/0BTkuqjcjpE\" width=\"420\" height=\"315\" frameborder=\"0\"><\/iframe><\/p>\n<p>&nbsp;<\/p>\n<p>19 de marzo: Juegos Prohibidos<\/p>\n<p>Dir. Ren\u00e9 Cl\u00e9ment, Francia, 1952, 86\u2019<\/p>\n<p>&nbsp;<\/p>\n<p>26 de marzo: Alice<\/p>\n<p>Dir. Jan \u0160vankmajer, Checoslovaquia, Suiza, R. Unido,, Alemania Occidental, 1988, 84\u2019<\/p>\n<p>&nbsp;<\/p>\n<p>2 de abril: Good Morning<\/p>\n<p>Dir. Yasujiro Ozu, Jap\u00f3n, 1959, 94\u2019<\/p>\n<p>&nbsp;<\/p>\n<p>9 de abril: Ratcatcher<\/p>\n<p>Dir. Lynne Ramsay, Escocia, 1999, 94\u2019<\/p>\n<p>&nbsp;<\/p>\n<p>16 de abril: La Ni\u00f1a Santa<\/p>\n<p>Dir. Lucrecia Martel, Argentina, 2004, 106\u2019<\/p>\n<\/div><!--END toggle-container2--> \n","protected":false},"excerpt":{"rendered":"<p>&nbsp; Festivales y muestras de cortometraje &nbsp; en &nbsp; Cineclub\u00a0Condesa DF &nbsp; El cortometraje es un formato audiovisual de gran importancia,\u00a0generalmente es el primer paso de muchos creadores en la industria\u00a0cinematogr\u00e1fica. Aunque no abundan circuitos de exhibici\u00f3n dedicados\u00a0estrictamente a este tipo de producci\u00f3n, cada vez tiene m\u00e1s cabida en\u00a0la programaci\u00f3n y competencias de festivales de [&hellip;]<\/p>\n","protected":false},"author":1,"featured_media":0,"parent":143,"menu_order":0,"comment_status":"open","ping_status":"open","template":"page-sidebar-right.php","meta":{"jetpack_post_was_ever_published":false,"footnotes":""},"class_list":["post-258","page","type-page","status-publish","hentry"],"aioseo_notices":[],"jetpack_sharing_enabled":true,"jetpack_shortlink":"https:\/\/wp.me\/P3e33F-4a","_links":{"self":[{"href":"https:\/\/circo212.org.mx\/circo2\/index.php?rest_route=\/wp\/v2\/pages\/258","targetHints":{"allow":["GET"]}}],"collection":[{"href":"https:\/\/circo212.org.mx\/circo2\/index.php?rest_route=\/wp\/v2\/pages"}],"about":[{"href":"https:\/\/circo212.org.mx\/circo2\/index.php?rest_route=\/wp\/v2\/types\/page"}],"author":[{"embeddable":true,"href":"https:\/\/circo212.org.mx\/circo2\/index.php?rest_route=\/wp\/v2\/users\/1"}],"replies":[{"embeddable":true,"href":"https:\/\/circo212.org.mx\/circo2\/index.php?rest_route=%2Fwp%2Fv2%2Fcomments&post=258"}],"version-history":[{"count":69,"href":"https:\/\/circo212.org.mx\/circo2\/index.php?rest_route=\/wp\/v2\/pages\/258\/revisions"}],"predecessor-version":[{"id":3985,"href":"https:\/\/circo212.org.mx\/circo2\/index.php?rest_route=\/wp\/v2\/pages\/258\/revisions\/3985"}],"up":[{"embeddable":true,"href":"https:\/\/circo212.org.mx\/circo2\/index.php?rest_route=\/wp\/v2\/pages\/143"}],"wp:attachment":[{"href":"https:\/\/circo212.org.mx\/circo2\/index.php?rest_route=%2Fwp%2Fv2%2Fmedia&parent=258"}],"curies":[{"name":"wp","href":"https:\/\/api.w.org\/{rel}","templated":true}]}}