{"id":2990,"date":"2014-07-02T12:40:27","date_gmt":"2014-07-02T17:40:27","guid":{"rendered":"http:\/\/www.circo212.org.mx\/circo2\/?page_id=2990"},"modified":"2014-11-15T11:42:16","modified_gmt":"2014-11-15T16:42:16","slug":"cineclub-futurama","status":"publish","type":"page","link":"https:\/\/circo212.org.mx\/circo2\/?page_id=2990","title":{"rendered":"Cineclub Futurama"},"content":{"rendered":"<h1 style=\"text-align: center;\">Cineclub Futurama<\/h1>\n<h2 style=\"text-align: center;\">presenta:<\/h2>\n<h1 style=\"text-align: center;\">Cine Musicalizado en Vivo<\/h1>\n<p>&nbsp;<\/p>\n<h3>Jueves 6 de noviembre &#8211; 17:00 h<br \/>\n<a href=\"http:\/\/www.circo212.org.mx\/circo2\/wp-content\/uploads\/2014\/10\/ID-entidad.png\"><img loading=\"lazy\" decoding=\"async\" class=\"alignnone size-medium wp-image-3196\" src=\"http:\/\/www.circo212.org.mx\/circo2\/wp-content\/uploads\/2014\/10\/ID-entidad-300x224.png\" alt=\"ID entidad\" width=\"300\" height=\"224\" srcset=\"https:\/\/circo212.org.mx\/circo2\/wp-content\/uploads\/2014\/10\/ID-entidad-300x224.png 300w, https:\/\/circo212.org.mx\/circo2\/wp-content\/uploads\/2014\/10\/ID-entidad.png 613w\" sizes=\"auto, (max-width: 300px) 100vw, 300px\" \/><\/a><\/h3>\n<p><strong>ID entidad<\/strong><br \/>\nDir. Varios \/ M\u00e9xico \/ 2004 \/ 50 min<\/p>\n<p style=\"text-align: justify;\">ID entidad es la mirada de ocho realizadores sobre su visi\u00f3n \u00fanica del concepto de identidad en la ca\u00f3tica ciudad de M\u00e9xico. Este proyecto fue parte de la secci\u00f3n de cine del Festival del Centro Hist\u00f3rico en el a\u00f1o 2004 y se basa en lo que los artistas surrealistas llamaron Cad\u00e1ver Exquisito con la premisa base del concepto de \u201cidentidad\u201d que llev\u00f3 a cada realizador a expresar su idea, con la \u00fanica condici\u00f3n de trabajar un cortometraje silente.<\/p>\n<p style=\"text-align: justify;\">Los ocho proyectos estuvieron a cargo de Juan Pablo Bastarrachea, Juli\u00e1n Hern\u00e1ndez, Mario Mu\u00f1oz, Paula Astorga, Michel Lipkes, Valentina Leduc, Andr\u00e9s Le\u00f3n y Arvin Avil\u00e9s; fue uno de los primeros proyectos grabados en video digital de alta definici\u00f3n, terminado en cinta de 35 mil\u00edmetros.<\/p>\n<p style=\"text-align: justify;\">MUSICALIZADO POR: MusiCinema<\/p>\n<h3>Jueves 13 de noviembre &#8211; 17:00 h<br \/>\n<a href=\"http:\/\/www.circo212.org.mx\/circo2\/wp-content\/uploads\/2014\/10\/silent-movie_2.jpg\"><img loading=\"lazy\" decoding=\"async\" class=\"alignnone size-medium wp-image-3197\" src=\"http:\/\/www.circo212.org.mx\/circo2\/wp-content\/uploads\/2014\/10\/silent-movie_2-300x168.jpg\" alt=\"silent movie_2\" width=\"300\" height=\"168\" srcset=\"https:\/\/circo212.org.mx\/circo2\/wp-content\/uploads\/2014\/10\/silent-movie_2-300x168.jpg 300w, https:\/\/circo212.org.mx\/circo2\/wp-content\/uploads\/2014\/10\/silent-movie_2.jpg 960w\" sizes=\"auto, (max-width: 300px) 100vw, 300px\" \/><\/a><\/h3>\n<p><strong>Silent Movie<\/strong> (\u00a1La \u00faltima locura de Mel Brooks!)<br \/>\nDir. Mel Brooks \/ EUA \/ 1976 \/ 87 min<\/p>\n<p style=\"text-align: justify;\">Los aspirantes a cineastas Mel Funn, Marty Eggs y Dom Bell van a un estudio de cine en bancarrota con la idea para una pel\u00edcula muda. En un esfuerzo por hacer la pel\u00edcula m\u00e1s comercial, y en su intento de contratar a much\u00edsimas grandes estrellas para aparecer en la pel\u00edcula, los acreedores del estudio intentan frustrar sus intentos. La pel\u00edcula contiene una sola palabra de di\u00e1logo, hablado por un personaje inesperado.<\/p>\n<p style=\"text-align: justify;\">MUSICALIZADO POR: David<\/p>\n<h3>Jueves 20 de noviembre &#8211; 17:00 h<br \/>\n<a href=\"http:\/\/www.circo212.org.mx\/circo2\/wp-content\/uploads\/2014\/10\/la-antena_1.jpg\"><img loading=\"lazy\" decoding=\"async\" class=\"alignnone size-full wp-image-3198\" src=\"http:\/\/www.circo212.org.mx\/circo2\/wp-content\/uploads\/2014\/10\/la-antena_1.jpg\" alt=\"la antena_1\" width=\"263\" height=\"192\" \/><\/a><\/h3>\n<p><strong>La antena<\/strong><br \/>\nDir. Esteban Sapir \/ Argentina \/ 2007 \/ 99 min<\/p>\n<p style=\"text-align: justify;\">Esta pel\u00edcula casi muda Argentina cuenta la historia de una ciudad que ha perdido su voz, robada por el Sr. TV, y los intentos de una peque\u00f1a familia para encontrar la voz de nuevo. Similar en dise\u00f1o a las primeras pel\u00edculas expresionistas alemanas.<\/p>\n<p style=\"text-align: justify;\">MUSICALIZADO POR: La Orquesta Vulgar<\/p>\n<h3>Jueves 27 de noviembre &#8211; 17:00 h<br \/>\n<a href=\"http:\/\/www.circo212.org.mx\/circo2\/wp-content\/uploads\/2014\/10\/MG_5072.jpg\"><img loading=\"lazy\" decoding=\"async\" class=\"alignnone size-medium wp-image-3199\" src=\"http:\/\/www.circo212.org.mx\/circo2\/wp-content\/uploads\/2014\/10\/MG_5072-300x200.jpg\" alt=\"_MG_5072\" width=\"300\" height=\"200\" srcset=\"https:\/\/circo212.org.mx\/circo2\/wp-content\/uploads\/2014\/10\/MG_5072-300x200.jpg 300w, https:\/\/circo212.org.mx\/circo2\/wp-content\/uploads\/2014\/10\/MG_5072-1024x682.jpg 1024w\" sizes=\"auto, (max-width: 300px) 100vw, 300px\" \/><\/a><\/h3>\n<p><strong>Blancanieves<\/strong><br \/>\nDir. Pablo Berger \/ Espa\u00f1a \/ 2012 \/ 104 min<\/p>\n<p style=\"text-align: justify;\">Blancanieves, de Pablo Berger, es una adaptaci\u00f3n muy libre del popular cuento de los hermanos Grimm, ambientada en los a\u00f1os 20 en el sur de Espa\u00f1a. Blancanieves es Carmen, una bella joven con una infancia atormentada por su terrible madrastra, Encarna. Huyendo de su pasado, Carmen emprender\u00e1 un apasionante viaje acompa\u00f1ada por sus nuevos amigos: una tropa de enanos toreros. Con un final inesperado y sorprendente, Blancanieves nos descubrir\u00e1 que la vida no es como en los cuentos, sino como en un melodrama g\u00f3tico.<\/p>\n<p style=\"text-align: justify;\">MUSICALIZADO POR: Tres Tristes Tangos<\/p>\n<p>-PROGRAMACION SUJETA A CAMBIOS.-<br \/>\nAv. Instituto Polit\u00e9cnico Nacional, esq. Octavio 7. Lindavista, Gustavo A. Madero, M\u00e9xico, D. F.<\/p>\n<p style=\"text-align: justify;\"><div class=\"toggle-wrap\">\r\n            <span class=\"trigger\"><a href=\"#\">Ciclos Anteriores<\/a><\/span>\r\n            <div class=\"toggle-container\"><\/div><!--END toggle-wrap-->\r\n        <\/div><!--END toggle-container--><\/p>\n<h2 style=\"text-align: center;\"><\/h2>\n<h2 style=\"text-align: center;\">Cineclub Futurama<\/h2>\n<h2 style=\"text-align: center;\">presenta<\/h2>\n<h1 style=\"text-align: center;\">Doctubre el Mes del Documental<\/h1>\n<p>&nbsp;<\/p>\n<h3>Jueves 2 de octubre &#8211; 17:00 h<\/h3>\n<p><a href=\"http:\/\/www.circo212.org.mx\/circo2\/wp-content\/uploads\/2014\/07\/Fervor-infantilista-baja.png\"><img loading=\"lazy\" decoding=\"async\" class=\"alignnone size-medium wp-image-3115\" src=\"http:\/\/www.circo212.org.mx\/circo2\/wp-content\/uploads\/2014\/07\/Fervor-infantilista-baja-300x168.png\" alt=\"Fervor-infantilista-baja\" width=\"300\" height=\"168\" srcset=\"https:\/\/circo212.org.mx\/circo2\/wp-content\/uploads\/2014\/07\/Fervor-infantilista-baja-300x168.png 300w, https:\/\/circo212.org.mx\/circo2\/wp-content\/uploads\/2014\/07\/Fervor-infantilista-baja.png 866w\" sizes=\"auto, (max-width: 300px) 100vw, 300px\" \/><\/a><\/p>\n<p><strong>Fervor infantilista<\/strong> (Infantilistic Fervour)<br \/>\nDir. Luis Lupone \/\u00a0M\u00e9xico \/ 2013 \/ 100 min<\/p>\n<p style=\"text-align: justify;\">Durante 20 a\u00f1os se registr\u00f3 lo que suced\u00eda frente a la tumba de Pedro Infante el d\u00eda en\u00a0el que conmemora su fallecimiento. El mito ha dado para todo: no faltar\u00e1 quien jure\u00a0haberlo visto o quien se ocupe de vivir como su doble, todos somos algo de Pedro\u00a0Infante, quien sigue filmando sobre la pantalla de nuestros ojos cr\u00e9dulos.<\/p>\n<h3 style=\"text-align: justify;\">Jueves 9 de octubre &#8211; 17:00 h<\/h3>\n<p><a href=\"http:\/\/www.circo212.org.mx\/circo2\/wp-content\/uploads\/2014\/07\/Web_0044_Jestem_wojownikiem_web1-500x281.png\"><img loading=\"lazy\" decoding=\"async\" class=\"alignnone size-medium wp-image-3116\" src=\"http:\/\/www.circo212.org.mx\/circo2\/wp-content\/uploads\/2014\/07\/Web_0044_Jestem_wojownikiem_web1-500x281-300x168.png\" alt=\"Web_0044_Jestem_wojownikiem_web1-500x281\" width=\"300\" height=\"168\" srcset=\"https:\/\/circo212.org.mx\/circo2\/wp-content\/uploads\/2014\/07\/Web_0044_Jestem_wojownikiem_web1-500x281-300x168.png 300w, https:\/\/circo212.org.mx\/circo2\/wp-content\/uploads\/2014\/07\/Web_0044_Jestem_wojownikiem_web1-500x281.png 500w\" sizes=\"auto, (max-width: 300px) 100vw, 300px\" \/><\/a><\/p>\n<p><strong>Jestem wojownikiem<\/strong> (Soy un luchador)<br \/>\nDir. Anna Wi\u0119ckowska \/\u00a0Polonia \/ 2013 \/ 46 min<\/p>\n<p>*Estreno en Latinoam\u00e9rica<\/p>\n<p style=\"text-align: justify;\">Una historia sobre un grupo de hombres, quienes llenos de pasi\u00f3n jovial por el futbol y a\u00a0pesar de no tener piernas practican \u00abamp-futbol\u00bb. En un campo se mueven con muletas\u00a0y juegan d\u00e1ndolo todo en el campo. No hay cabida para la debilidad o la sensibilidad. En\u00a0este filme podemos conocer al equipo de amp-futbol y ver sus grandes triunfos al ganar\u00a0un lugar en el podio en un torneo amistoso internacional.<\/p>\n<h3 style=\"text-align: justify;\">Jueves 16 de octubre &#8211; 17:00 h<\/h3>\n<p><a href=\"http:\/\/www.circo212.org.mx\/circo2\/wp-content\/uploads\/2014\/07\/Web_0039_Optimistene-1-500x281.png\"><img loading=\"lazy\" decoding=\"async\" class=\"alignnone size-medium wp-image-3117\" src=\"http:\/\/www.circo212.org.mx\/circo2\/wp-content\/uploads\/2014\/07\/Web_0039_Optimistene-1-500x281-300x168.png\" alt=\"Web_0039_Optimistene-1-500x281\" width=\"300\" height=\"168\" srcset=\"https:\/\/circo212.org.mx\/circo2\/wp-content\/uploads\/2014\/07\/Web_0039_Optimistene-1-500x281-300x168.png 300w, https:\/\/circo212.org.mx\/circo2\/wp-content\/uploads\/2014\/07\/Web_0039_Optimistene-1-500x281.png 500w\" sizes=\"auto, (max-width: 300px) 100vw, 300px\" \/><\/a><\/p>\n<p><strong>Optimistene<\/strong> (The Optimists)<br \/>\nDir. Gunhild Westhagen \/\u00a0Noruega \/ 2013 \/ 90 min<\/p>\n<p style=\"text-align: justify;\">A pesar de sus sesiones de entrenamiento semanal, Las Optimistas, chicas entre 66 y 98\u00a0a\u00f1os, no han jugado un partido en tres d\u00e9cadas. Ahora esta es justamente la idea. \u00bfPero\u00a0en contra de qui\u00e9n? Los rumores dicen que hay un grupo de guapos suecos al otro lado\u00a0de la frontera. Goro, de 98 a\u00f1os, es la reina del equipo con su fuerza de voluntad y sus\u00a0converse morados. La risa es su estrategia para jugar.<\/p>\n<h3 style=\"text-align: justify;\">Jueves 23 de octubre &#8211; 17:00 h<\/h3>\n<p><a href=\"http:\/\/www.circo212.org.mx\/circo2\/wp-content\/uploads\/2014\/07\/Web_0043_KINGS_OF_THE_WIND__ELECTRIC_QUEENS_3-500x281.png\"><img loading=\"lazy\" decoding=\"async\" class=\"alignnone size-medium wp-image-3118\" src=\"http:\/\/www.circo212.org.mx\/circo2\/wp-content\/uploads\/2014\/07\/Web_0043_KINGS_OF_THE_WIND__ELECTRIC_QUEENS_3-500x281-300x168.png\" alt=\"Web_0043_KINGS_OF_THE_WIND__ELECTRIC_QUEENS_3-500x281\" width=\"300\" height=\"168\" srcset=\"https:\/\/circo212.org.mx\/circo2\/wp-content\/uploads\/2014\/07\/Web_0043_KINGS_OF_THE_WIND__ELECTRIC_QUEENS_3-500x281-300x168.png 300w, https:\/\/circo212.org.mx\/circo2\/wp-content\/uploads\/2014\/07\/Web_0043_KINGS_OF_THE_WIND__ELECTRIC_QUEENS_3-500x281.png 500w\" sizes=\"auto, (max-width: 300px) 100vw, 300px\" \/><\/a><\/p>\n<p><strong>Kings of the Wind &amp; Electric Queens<\/strong> (Reyes del\u00a0viento y Reinas el\u00e9ctricas)<br \/>\nDir. Gaspard Kuentz, C\u00e9dric Dupire \/\u00a0Francia \/ 2014 \/ 56 min<\/p>\n<p>*Estreno en Latinoam\u00e9rica<\/p>\n<p style=\"text-align: justify;\">La feria Sonepur en India es una oportunidad para tener un carnaval gigante en el que\u00a0vemos representaciones para el placer de los espectadores, peregrinos en \u00e9xtasis en busca\u00a0de escalofr\u00edos y se\u00f1ales de buena fortuna. Como en una pel\u00edcula del viejo oeste, con\u00a0caballos, bigotes negros, adornados para la presentaci\u00f3n, unos andan en motocicletas\u00a0salvajes, mientras otros organizan desfiles extravagantes.<\/p>\n<h3 style=\"text-align: justify;\">Jueves 30 de octubre &#8211; 17:00 h<\/h3>\n<p><a href=\"http:\/\/www.circo212.org.mx\/circo2\/wp-content\/uploads\/2014\/07\/Web_0038_TARZAN_Video-500x281.png\"><img loading=\"lazy\" decoding=\"async\" class=\"alignnone size-medium wp-image-3119\" src=\"http:\/\/www.circo212.org.mx\/circo2\/wp-content\/uploads\/2014\/07\/Web_0038_TARZAN_Video-500x281-300x168.png\" alt=\"Web_0038_TARZAN_Video-500x281\" width=\"300\" height=\"168\" srcset=\"https:\/\/circo212.org.mx\/circo2\/wp-content\/uploads\/2014\/07\/Web_0038_TARZAN_Video-500x281-300x168.png 300w, https:\/\/circo212.org.mx\/circo2\/wp-content\/uploads\/2014\/07\/Web_0038_TARZAN_Video-500x281.png 500w\" sizes=\"auto, (max-width: 300px) 100vw, 300px\" \/><\/a><\/p>\n<p><strong>Tarzan &amp; Arab<\/strong> \u00a0(Tarzan y Arab)<br \/>\nDir. Paul Fischer \/\u00a0Reino Unido \/ 2014 \/ 37 min<\/p>\n<p style=\"text-align: justify;\"><em>Tarzan &amp; Arab<\/em> cuenta la incre\u00edble historia de los cineastas de Gaza del mismo nombre.\u00a0Dos gemelos que aman el cine y cuyo \u00fanico sue\u00f1o era poder ver una pel\u00edcula en una\u00a0sala cinematogr\u00e1fica. Sin embargo, las dif\u00edciles condiciones que diariamente enfrentaban,\u00a0encarcelados sin barrotes dentro de su propia tierra, hizo que durante d\u00e9cadas la\u00a0materializaci\u00f3n de dicho sue\u00f1o les estuviera vedada.<\/p>\n<p>*PROGRAMACION SUJETA A CAMBIOS*<br \/>\nAv. Instituto Polit\u00e9cnico Nacional, esq. Octavio 7. Lindavista, Gustavo A. Madero.<\/p>\n<h1 style=\"text-align: center;\"><\/h1>\n<h1 style=\"text-align: center;\">Cine Franc\u00e9s Contempor\u00e1neo<\/h1>\n<h1 style=\"text-align: center;\">en<\/h1>\n<h1 style=\"text-align: center;\">Cineclub Futurama<\/h1>\n<h1 style=\"text-align: center;\"><\/h1>\n<h3>Jueves 4 de septiembre &#8211; 12:00 y 17:00 h<\/h3>\n<p><a href=\"http:\/\/www.circo212.org.mx\/circo2\/wp-content\/uploads\/2014\/07\/AF860B49-215C-4CCA-9CE3-741FDF3C1E22.jpg\"><img loading=\"lazy\" decoding=\"async\" class=\"alignnone size-medium wp-image-3041\" src=\"http:\/\/www.circo212.org.mx\/circo2\/wp-content\/uploads\/2014\/07\/AF860B49-215C-4CCA-9CE3-741FDF3C1E22-300x200.jpg\" alt=\"AF860B49-215C-4CCA-9CE3-741FDF3C1E22\" width=\"300\" height=\"200\" srcset=\"https:\/\/circo212.org.mx\/circo2\/wp-content\/uploads\/2014\/07\/AF860B49-215C-4CCA-9CE3-741FDF3C1E22-300x200.jpg 300w, https:\/\/circo212.org.mx\/circo2\/wp-content\/uploads\/2014\/07\/AF860B49-215C-4CCA-9CE3-741FDF3C1E22.jpg 680w\" sizes=\"auto, (max-width: 300px) 100vw, 300px\" \/><\/a><\/p>\n<p><strong>Contra el Viento<\/strong> (Des vents contraires)<br \/>\nDir. Jalil Lespert \/ Francia-B\u00e9lgica \/ 2011 \/ 91 min<\/p>\n<p style=\"text-align: justify;\">La vida de Pascal cambia el d\u00eda en que su mujer desaparece de repente. Despu\u00e9s de a\u00f1os de b\u00fasquedas infructuosas, Paul es un hombre derrumbado, ro\u00eddo por la duda y la culpa. Su \u00faltima oportunidad puede ser empezar desde cero: se muda con sus dos hijos a Saint\u2013Malo, su ciudad natal. Sin embargo, unos encuentros inesperados van a darle a ese nuevo comienzo un giro que \u00e9l no imagina.<\/p>\n<h3>Jueves 18 de septiembre\u00a0&#8211; 12:00 y 17:00 h<\/h3>\n<p><a href=\"http:\/\/www.circo212.org.mx\/circo2\/wp-content\/uploads\/2014\/07\/l-age-atomique5.jpg\"><img loading=\"lazy\" decoding=\"async\" class=\"alignnone size-medium wp-image-3042\" src=\"http:\/\/www.circo212.org.mx\/circo2\/wp-content\/uploads\/2014\/07\/l-age-atomique5-300x168.jpg\" alt=\"l-age-atomique5\" width=\"300\" height=\"168\" srcset=\"https:\/\/circo212.org.mx\/circo2\/wp-content\/uploads\/2014\/07\/l-age-atomique5-300x168.jpg 300w, https:\/\/circo212.org.mx\/circo2\/wp-content\/uploads\/2014\/07\/l-age-atomique5.jpg 1023w\" sizes=\"auto, (max-width: 300px) 100vw, 300px\" \/><\/a><\/p>\n<p><strong>La edad At\u00f3mica<\/strong> (L \u0301age atomique)<br \/>\nDir. H\u00e9l\u00e9na Klotz \/ Francia \/ 2011 \/ 67 min<\/p>\n<p style=\"text-align: justify;\">Lo que inicia como un viaje en busca de placer hacia la vida nocturna de Par\u00eds termina al amanecer en un bosque remoto. \u00bfQu\u00e9 es lo que V\u00edctor y Rainer buscan al tomar un tren hacia el claustrof\u00f3bico centro parisino en la noche? El para\u00edso artificial de un club nocturno, diversi\u00f3n, sexo, drogas y olvido. Lleno de una profunda melancol\u00eda, \u00e9ste no es el Par\u00eds de la racionalidad y las luces, sino un sitio donde el peligro es latente y en el que la frustraci\u00f3n puede transformarse en colapso emocional.<\/p>\n<h3>Jueves 25 de septiembre &#8211; 12:00 y 17:00 h<\/h3>\n<p><a href=\"http:\/\/www.circo212.org.mx\/circo2\/wp-content\/uploads\/2014\/07\/trailer_4.png\"><img loading=\"lazy\" decoding=\"async\" class=\"alignnone size-medium wp-image-3043\" src=\"http:\/\/www.circo212.org.mx\/circo2\/wp-content\/uploads\/2014\/07\/trailer_4-300x156.png\" alt=\"trailer_4\" width=\"300\" height=\"156\" srcset=\"https:\/\/circo212.org.mx\/circo2\/wp-content\/uploads\/2014\/07\/trailer_4-300x156.png 300w, https:\/\/circo212.org.mx\/circo2\/wp-content\/uploads\/2014\/07\/trailer_4-1024x534.png 1024w, https:\/\/circo212.org.mx\/circo2\/wp-content\/uploads\/2014\/07\/trailer_4.png 1271w\" sizes=\"auto, (max-width: 300px) 100vw, 300px\" \/><\/a><\/p>\n<p><b>Poliss\u00eda <\/b>(Polisse)<br \/>\nDir. Ma\u00efwenn Besco \/ Francia \/ 2011 \/ 127 min<\/p>\n<p style=\"text-align: justify;\">La rutina diaria para los polic\u00edas de la Unidad de Protecci\u00f3n de menores del Departamento de Polic\u00eda: arrestar pederastas, perseguir carteristas menores de edad y discutir problemas de pareja a la hora de comer; interrogar a padres maltratadores, recoger declaraciones de los chicos, hacer frente a los excesos de la sexualidad adolescente, disfrutar la solidaridad con los colegas y re\u00edr descontroladamente en los momentos m\u00e1s insospechados. Sabiendo que lo peor existe y viviendo con ello, \u00bfc\u00f3mo mantienen el equilibrio entre sus vidas privadas y la realidad que afrontan cada d\u00eda de trabajo?<\/p>\n<h1 style=\"text-align: center;\"><strong>M\u00e9xico Futuro<\/strong><\/h1>\n<p>&nbsp;<\/p>\n<p style=\"text-align: justify;\">M\u00e9xico es un pa\u00eds que sirve de inspiraci\u00f3n para muchos gracias a sus personajes, paisajes, colores y escenarios dignos del lente cinematogr\u00e1fico, pero tambi\u00e9n es un territorio lleno de contrastes, con problem\u00e1ticas sociales que sobrepasan el entendimiento y es en medio de esta geograf\u00eda contradictoria que surgen nuevas propuestas est\u00e9ticas y narrativas.<br \/>\nPara programar\u00a0M\u00e9xico Futuro invitamos a notables realizadores, quienes han aportado vigorosos retratos, haci\u00e9ndonos ver que no es necesario gastar millones de d\u00f3lares para contar pel\u00edculas sinceras y profundas.Realizadores que han presentado sus pel\u00edculas en diversos festivales forman parte de esta programaci\u00f3n pero tambi\u00e9n est\u00e1n quienes inician en esta aventura llamada cine, cortometrajes y largometrajes se mezclan en este mosaico audiovisual que hemos preparado.<\/p>\n<h3>Jueves 3 de julio &#8211; 5:00 p.m.<\/h3>\n<p><a href=\"http:\/\/www.circo212.org.mx\/circo2\/wp-content\/uploads\/2014\/07\/calle1.jpg\"><img loading=\"lazy\" decoding=\"async\" class=\"alignnone size-medium wp-image-2991\" src=\"http:\/\/www.circo212.org.mx\/circo2\/wp-content\/uploads\/2014\/07\/calle1-300x168.jpg\" alt=\"calle1\" width=\"300\" height=\"168\" srcset=\"https:\/\/circo212.org.mx\/circo2\/wp-content\/uploads\/2014\/07\/calle1-300x168.jpg 300w, https:\/\/circo212.org.mx\/circo2\/wp-content\/uploads\/2014\/07\/calle1.jpg 640w\" sizes=\"auto, (max-width: 300px) 100vw, 300px\" \/><\/a><\/p>\n<p><strong>Calle L\u00f3pez<\/strong><br \/>\nDir. Gerardo Barroso y Lisa Tillinger \/ M\u00e9xico \/ 2013 \/ Blanco y negro\/ 80 min<\/p>\n<p style=\"text-align: justify;\">La peque\u00f1a familia conformada por los fot\u00f3grafos Gerardo Barroso, Lisa Tillinger y el beb\u00e9 de\u00a0ambos se mud\u00f3 a una calle ruidosa y llena de vida: la calle L\u00f3pez, en el Centro Hist\u00f3rico de la\u00a0ciudad de M\u00e9xico. La cotidianidad de la zona le pareci\u00f3 a la pareja digna de un documental; as\u00ed\u00a0comenz\u00f3 seguir con su c\u00e1mara a los personajes que la habitan o que todos los d\u00edas trabajan en\u00a0ella. El resultado es una especie de \u201csinfon\u00eda urbana\u201d en blanco y negro, por la que desfilan de\u00a0forma natural lo mismo taqueros que comerciantes ambulantes, indigentes que vendedoras de\u00a0garnachas, entre otros personajes. Un microcosmos de la sociedad mexicana.<\/p>\n<h3>Jueves 10 de julio &#8211; 5:00 p.m.<\/h3>\n<p><a href=\"http:\/\/www.circo212.org.mx\/circo2\/wp-content\/uploads\/2014\/07\/MOSCA-Still-7.jpg\"><img loading=\"lazy\" decoding=\"async\" class=\"alignnone size-medium wp-image-2992\" src=\"http:\/\/www.circo212.org.mx\/circo2\/wp-content\/uploads\/2014\/07\/MOSCA-Still-7-300x168.jpg\" alt=\"MOSCA Still 7\" width=\"300\" height=\"168\" srcset=\"https:\/\/circo212.org.mx\/circo2\/wp-content\/uploads\/2014\/07\/MOSCA-Still-7-300x168.jpg 300w, https:\/\/circo212.org.mx\/circo2\/wp-content\/uploads\/2014\/07\/MOSCA-Still-7-1024x576.jpg 1024w\" sizes=\"auto, (max-width: 300px) 100vw, 300px\" \/><\/a><\/p>\n<p><strong>Mosca<\/strong><br \/>\nDir. Bulmaro Osornio \/ M\u00e9xico \/ 2011 \/ 98 min<\/p>\n<p style=\"text-align: justify;\">\u201cEl Mosca\u201d es taxista nocturno, padre de dos hijas y viudo. Entre el trabajo cotidiano, el alcohol\u00a0y el recuerdo de su esposa, improvisa su paternidad. \u201cEl Mosca\u201d confunde el sue\u00f1o con la\u00a0vigilia para soportar la p\u00e9rdida. Di\u00e1logo con un hombre sumergido en la nostalgia, que resiste al\u00a0tiempo y se rebela contra la realidad.<\/p>\n<h3>Jueves 17 de julio &#8211; 5:00 p.m.<\/h3>\n<p><a href=\"http:\/\/www.circo212.org.mx\/circo2\/wp-content\/uploads\/2014\/07\/El_tercer_Sendero_Still09-e1404321444892.png\"><img loading=\"lazy\" decoding=\"async\" class=\"alignnone size-medium wp-image-2997\" src=\"http:\/\/www.circo212.org.mx\/circo2\/wp-content\/uploads\/2014\/07\/El_tercer_Sendero_Still09-300x168.png\" alt=\"El_tercer_S\" width=\"300\" height=\"168\" \/><\/a><\/p>\n<p><strong>El tercer sendero<\/strong><br \/>\nDir. Jimmy Cohen \/ M\u00e9xico-EUA \/ 2013 \/ 62 min<\/p>\n<p style=\"text-align: justify;\">El tercer sendero es una pel\u00edcula no narrativa que explora las fronteras entre el espect\u00e1culo y la\u00a0vida, entre la raz\u00f3n y la sin raz\u00f3n, entre la vida y la muerte, entre la realidad y el reflejo, entre el\u00a0trabajo y el ocio, entre lo cotidiano y lo m\u00edtico. Mediante diversos personajes, paisajes y\u00a0escenarios se encuentra el abandono que deja el progreso y la creaci\u00f3n que surge de ello. El\u00a0abandono se muestra a trav\u00e9s de un pueblo ex minero en el que la raz\u00f3n y el poder pasaron\u00a0hace 70 a\u00f1os, pero es ah\u00ed, en terreno de ruinas, donde comienza un sendero alterno, entre los\u00a0monstruos de racionalidad y la poes\u00eda.<\/p>\n<h3>Jueves 24 de julio &#8211; 5:00 p.m.<\/h3>\n<p><a href=\"http:\/\/www.circo212.org.mx\/circo2\/wp-content\/uploads\/2014\/07\/Malaventura-3.jpg\"><img loading=\"lazy\" decoding=\"async\" class=\"alignnone size-medium wp-image-2995\" src=\"http:\/\/www.circo212.org.mx\/circo2\/wp-content\/uploads\/2014\/07\/Malaventura-3-300x202.jpg\" alt=\"Malaventura-3\" width=\"300\" height=\"202\" srcset=\"https:\/\/circo212.org.mx\/circo2\/wp-content\/uploads\/2014\/07\/Malaventura-3-300x202.jpg 300w, https:\/\/circo212.org.mx\/circo2\/wp-content\/uploads\/2014\/07\/Malaventura-3.jpg 430w\" sizes=\"auto, (max-width: 300px) 100vw, 300px\" \/><\/a><\/p>\n<p><strong>Malaventura\u00a0<\/strong><br \/>\nDir. Michel Lipkes \/ M\u00e9xico \/ 2011 \/ 75 min<\/p>\n<p style=\"text-align: justify;\">Un d\u00eda, El viejo camina las calles de la ciudad, la vida transcurre cotidianamente. Recuerdos\u00a0aquejan al hombre, la culpabilidad lo conduce, el dolor toma forma. El viejo sigue su camino,\u00a0hasta el final, mientras la vida sigue sus extra\u00f1os rumbos.<\/p>\n<h3>Jueves 31 de julio &#8211; 5:00 p.m.<\/h3>\n<p><a href=\"http:\/\/www.circo212.org.mx\/circo2\/wp-content\/uploads\/2012\/02\/10376308_714683868574009_5946252762339008463_n.jpg\"><img loading=\"lazy\" decoding=\"async\" class=\"alignnone size-medium wp-image-2979\" src=\"http:\/\/www.circo212.org.mx\/circo2\/wp-content\/uploads\/2012\/02\/10376308_714683868574009_5946252762339008463_n-300x168.jpg\" alt=\"10376308_714683868574009_5946252762339008463_n\" width=\"300\" height=\"168\" srcset=\"https:\/\/circo212.org.mx\/circo2\/wp-content\/uploads\/2012\/02\/10376308_714683868574009_5946252762339008463_n-300x168.jpg 300w, https:\/\/circo212.org.mx\/circo2\/wp-content\/uploads\/2012\/02\/10376308_714683868574009_5946252762339008463_n.jpg 960w\" sizes=\"auto, (max-width: 300px) 100vw, 300px\" \/><\/a><\/p>\n<p><strong>Fogo<\/strong><br \/>\nDir. Yulene Olaizola \/ M\u00e9xico-Canad\u00e1 \/ 2012 \/ 61 min<\/p>\n<p style=\"text-align: justify;\">El deterioro de la peque\u00f1a comunidad de la Isla de Fogo est\u00e1 obligando a los habitantes a abandonarla y re ubicarse. Los lugares antes ocupados por los humanos ahora a forman parte del paisaje de la tundra. A pesar de que el futuro est\u00e1 condenado, algunos residentes deciden quedarse, aferr\u00e1ndose a sus recuerdos y a\u00f1orando el pasado, cuando la vida en Fogo era distinta.<\/p>\n<h3>Jueves 7 de agosto &#8211; 5:00 p.m.<\/h3>\n<p><a href=\"http:\/\/www.circo212.org.mx\/circo2\/wp-content\/uploads\/2012\/02\/la-ma\u00f1ana-no-comienza-aqu\u00ed.png\"><img loading=\"lazy\" decoding=\"async\" class=\"alignnone size-medium wp-image-2954\" src=\"http:\/\/www.circo212.org.mx\/circo2\/wp-content\/uploads\/2012\/02\/la-ma\u00f1ana-no-comienza-aqu\u00ed-300x167.png\" alt=\"la ma\u00f1ana\" width=\"300\" height=\"167\" srcset=\"https:\/\/circo212.org.mx\/circo2\/wp-content\/uploads\/2012\/02\/la-ma\u00f1ana-no-comienza-aqu\u00ed-300x167.png 300w, https:\/\/circo212.org.mx\/circo2\/wp-content\/uploads\/2012\/02\/la-ma\u00f1ana-no-comienza-aqu\u00ed.png 573w\" sizes=\"auto, (max-width: 300px) 100vw, 300px\" \/><\/a><\/p>\n<p><strong>La ma\u00f1ana no comienza aqui<\/strong><\/p>\n<p>Dir. Iv\u00e1n Avila Due\u00f1as \/ M\u00e9xico\u00a0\/\u00a02013\/ 89 min<\/p>\n<p style=\"text-align: justify;\">Denisse tiene 23 a\u00f1os, vive en la ciudad de M\u00e9xico, quiere ser DJ. Laura Esquivel tiene 19 a\u00f1os, nacida y criada en una min\u00fascula rancher\u00eda de Zacatecas, llamada El Verde. Es pastora de cabras.<br \/>\nAunque parece improbable que se conozcan, cuando Denisse toca y Laura pastorea en el campo, en el mundo de sus pensamientos la posibilidad de encontrarse es factible.<\/p>\n<h3>Jueves 14 de agosoto &#8211; 5:00 p.m.<\/h3>\n<p><img loading=\"lazy\" decoding=\"async\" class=\"alignnone size-medium wp-image-3005\" src=\"http:\/\/www.circo212.org.mx\/circo2\/wp-content\/uploads\/2014\/07\/cuando-se-enojo-moctezuma-300x169.jpg\" alt=\"cuando se enojo moctezuma\" width=\"300\" height=\"169\" srcset=\"https:\/\/circo212.org.mx\/circo2\/wp-content\/uploads\/2014\/07\/cuando-se-enojo-moctezuma-300x169.jpg 300w, https:\/\/circo212.org.mx\/circo2\/wp-content\/uploads\/2014\/07\/cuando-se-enojo-moctezuma-1024x576.jpg 1024w, https:\/\/circo212.org.mx\/circo2\/wp-content\/uploads\/2014\/07\/cuando-se-enojo-moctezuma.jpg 1681w\" sizes=\"auto, (max-width: 300px) 100vw, 300px\" \/><\/p>\n<p><strong>La piedra ausente<\/strong><br \/>\nDir. Sandra Rozental y Jesse Lerner \/ M\u00e9xico \/ 82 min<\/p>\n<p>En 1964, la piedra tallada m\u00e1s grande de Am\u00e9rica fue trasladada por medio de una impresionante maniobra de ingenier\u00eda desde el pueblo de San Miguel Coatlinchan, en el Municipio de Texcoco, hasta el Museo Nacional de Antropolog\u00eda en la Ciudad de M\u00e9xico. La extracci\u00f3n del monolito, que representa una deidad prehisp\u00e1nica del agua, deton\u00f3 una rebeli\u00f3n entre los habitantes del pueblo y, la consecuente intervenci\u00f3n del ej\u00e9rcito.<br \/>\nEn 1964, la piedra tallada m\u00e1s grande de Am\u00e9rica fue trasladada por medio de una impresionante maniobra de ingenier\u00eda desde el pueblo de San Miguel Coatlinchan, en el Municipio de Texcoco, hasta el Museo Nacional de Antropolog\u00eda en la Ciudad de M\u00e9xico. La extracci\u00f3n del monolito, que representa una deidad prehisp\u00e1nica del agua, deton\u00f3 una rebeli\u00f3n entre los habitantes del pueblo y, la consecuente intervenci\u00f3n del ej\u00e9rcito.<\/p>\n<p>Hoy en d\u00eda, la enorme mole se encuentra erguida como monumento urbano, transformado en uno de los principales iconos de la identidad nacional. En contraparte, los habitantes de Coatlinchan aseguran que desde que se llevaron la piedra dej\u00f3 de llover en su territorio. La piedra ausente se aparece por doquier en Coatlinchan: permanece en los recuerdos de sus habitantes y ronda las calles del pueblo en un sinn\u00famero de reproducciones y r\u00e9plicas. Recurriendo a animaciones, material de archivo de los a\u00f1os sesenta, y filmaciones actuales con los actores principales del traslado, este documental explora la relevancia de las ruinas del pasado en el presente.<\/p>\n","protected":false},"excerpt":{"rendered":"<p>Cineclub Futurama presenta: Cine Musicalizado en Vivo &nbsp; Jueves 6 de noviembre &#8211; 17:00 h ID entidad Dir. Varios \/ M\u00e9xico \/ 2004 \/ 50 min ID entidad es la mirada de ocho realizadores sobre su visi\u00f3n \u00fanica del concepto de identidad en la ca\u00f3tica ciudad de M\u00e9xico. Este proyecto fue parte de la secci\u00f3n [&hellip;]<\/p>\n","protected":false},"author":9,"featured_media":0,"parent":143,"menu_order":0,"comment_status":"open","ping_status":"open","template":"page-sidebar-right.php","meta":{"jetpack_post_was_ever_published":false,"footnotes":""},"class_list":["post-2990","page","type-page","status-publish","hentry"],"aioseo_notices":[],"jetpack_sharing_enabled":true,"jetpack_shortlink":"https:\/\/wp.me\/P3e33F-Me","_links":{"self":[{"href":"https:\/\/circo212.org.mx\/circo2\/index.php?rest_route=\/wp\/v2\/pages\/2990","targetHints":{"allow":["GET"]}}],"collection":[{"href":"https:\/\/circo212.org.mx\/circo2\/index.php?rest_route=\/wp\/v2\/pages"}],"about":[{"href":"https:\/\/circo212.org.mx\/circo2\/index.php?rest_route=\/wp\/v2\/types\/page"}],"author":[{"embeddable":true,"href":"https:\/\/circo212.org.mx\/circo2\/index.php?rest_route=\/wp\/v2\/users\/9"}],"replies":[{"embeddable":true,"href":"https:\/\/circo212.org.mx\/circo2\/index.php?rest_route=%2Fwp%2Fv2%2Fcomments&post=2990"}],"version-history":[{"count":13,"href":"https:\/\/circo212.org.mx\/circo2\/index.php?rest_route=\/wp\/v2\/pages\/2990\/revisions"}],"predecessor-version":[{"id":3209,"href":"https:\/\/circo212.org.mx\/circo2\/index.php?rest_route=\/wp\/v2\/pages\/2990\/revisions\/3209"}],"up":[{"embeddable":true,"href":"https:\/\/circo212.org.mx\/circo2\/index.php?rest_route=\/wp\/v2\/pages\/143"}],"wp:attachment":[{"href":"https:\/\/circo212.org.mx\/circo2\/index.php?rest_route=%2Fwp%2Fv2%2Fmedia&parent=2990"}],"curies":[{"name":"wp","href":"https:\/\/api.w.org\/{rel}","templated":true}]}}